{"id":33208,"date":"2026-04-27T17:31:16","date_gmt":"2026-04-27T15:31:16","guid":{"rendered":"https:\/\/stuttgarti-katolikusok.de\/?post_type=tribe_events&#038;p=33208"},"modified":"2026-04-27T18:56:35","modified_gmt":"2026-04-27T16:56:35","slug":"bucsus-szentmise-schwabisch-gmundben-5","status":"publish","type":"tribe_events","link":"https:\/\/stuttgarti-katolikusok.de\/index.php\/esemeny\/bucsus-szentmise-schwabisch-gmundben-5\/","title":{"rendered":"B\u00facs\u00fas szentmise Schw\u00e4bisch-Gm\u00fcndben"},"content":{"rendered":"<p style=\"text-align: center;\"><span style=\"color: #ff6600;\"><strong>*<\/strong><\/span><\/p>\n<p><strong>M\u00e1jus 3-\u00e1n<\/strong><strong>,<\/strong>\u00a0<span style=\"color: #ff6600;\"><em><strong>H\u00fasv\u00e9t 5. vas\u00e1rnapja, Any\u00e1k napja.<\/strong><\/em><\/span><\/p>\n<p><span style=\"color: #ff6600;\"><strong>Schw<\/strong><strong>\u00e4bisch<\/strong><strong>-Gm\u00fcndben<\/strong> <\/span>9.30 \u00f3rakor<em> szentmise, <\/em>ut\u00e1na <em>agap\u00e9. <\/em><\/p>\n<p>Egyben k\u00f6z\u00f6ss\u00e9g\u00fcnk v\u00e9d\u0151szentj\u00e9t, <span style=\"color: #ff6600;\"><strong><em>Boldog Bajor Gizell\u00e1t<\/em><\/strong><\/span> k\u00f6sz\u00f6ntj\u00fck, k\u00f6zs\u00e9g\u00fcnk b\u00facs\u00fa\u00fcnnep\u00e9t is \u00fclj\u00fck.<\/p>\n<p>Mindenkit szeretettel v\u00e1r a k\u00f6z\u00f6ss\u00e9g \u00e9s Tibor atya!<\/p>\n<p style=\"text-align: center;\"><span style=\"color: #ff6600;\"><strong>*<\/strong><\/span><\/p>\n<p style=\"text-align: center;\"><a href=\"https:\/\/stuttgarti-katolikusok.de\/wp-content\/uploads\/2023\/05\/boldog-bajor-gizella-honlapra-e1777300060136.jpg\"><img loading=\"lazy\" decoding=\"async\" class=\"alignnone size-full wp-image-26738\" src=\"https:\/\/stuttgarti-katolikusok.de\/wp-content\/uploads\/2023\/05\/boldog-bajor-gizella-honlapra-e1777300060136.jpg\" alt=\"\" width=\"351\" height=\"409\" srcset=\"https:\/\/stuttgarti-katolikusok.de\/wp-content\/uploads\/2023\/05\/boldog-bajor-gizella-honlapra-e1777300060136.jpg 351w, https:\/\/stuttgarti-katolikusok.de\/wp-content\/uploads\/2023\/05\/boldog-bajor-gizella-honlapra-e1777300060136-257x300.jpg 257w\" sizes=\"auto, (max-width: 351px) 100vw, 351px\" \/><\/a><\/p>\n<p style=\"text-align: center;\"><em>(Boldog Bajor Gizella &#8211; Miseruha r\u00e9szlet)<\/em><\/p>\n<p style=\"text-align: center;\"><span style=\"color: #ff6600;\"><strong>*<\/strong><\/span><\/p>\n<p><a href=\"https:\/\/stuttgarti-katolikusok.de\/wp-content\/uploads\/2025\/05\/friedrichshafen1.jpg\"><img loading=\"lazy\" decoding=\"async\" class=\"alignnone wp-image-30947 size-full\" src=\"https:\/\/stuttgarti-katolikusok.de\/wp-content\/uploads\/2025\/05\/friedrichshafen1-e1777300416712.jpg\" alt=\"\" width=\"950\" height=\"1777\" srcset=\"https:\/\/stuttgarti-katolikusok.de\/wp-content\/uploads\/2025\/05\/friedrichshafen1-e1777300416712.jpg 950w, https:\/\/stuttgarti-katolikusok.de\/wp-content\/uploads\/2025\/05\/friedrichshafen1-e1777300416712-160x300.jpg 160w, https:\/\/stuttgarti-katolikusok.de\/wp-content\/uploads\/2025\/05\/friedrichshafen1-e1777300416712-547x1024.jpg 547w, https:\/\/stuttgarti-katolikusok.de\/wp-content\/uploads\/2025\/05\/friedrichshafen1-e1777300416712-821x1536.jpg 821w\" sizes=\"auto, (max-width: 950px) 100vw, 950px\" \/><\/a><\/p>\n<p style=\"text-align: center;\"><em>(Friedrichshafen-Berg &#8211; St. Nikolaus Kirche)<\/em><\/p>\n<p style=\"text-align: center;\"><span style=\"color: #ff6600;\"><strong>*<\/strong><\/span><\/p>\n<p style=\"text-align: center;\"><span style=\"color: #ff6600;\"><em><strong>Kegyelemteljes h\u00fasv\u00e9ti napokat, tartalmas besz\u00e9lget\u00e9seket \u00e9s \u00f6r\u00f6mteli tal\u00e1lkoz\u00e1sokat k\u00edv\u00e1nunk minden Kedves H\u00edv\u00fcnknek!<\/strong><\/em><\/span><\/p>\n<p style=\"text-align: center;\"><span style=\"color: #ff6600;\"><em><strong>*<\/strong><\/em><\/span><\/p>\n<p><span style=\"color: #ff6600;\"><em><strong>\u201eIsten az\u00e9rt teremtett minket \u00e9s a vil\u00e1got, mert szeret minket.<\/strong><\/em><\/span><\/p>\n<p><span style=\"color: #ff6600;\"><em><strong>Milyen sz\u00e9p \u00e9s milyen nagyszer\u0171, hogy Istent megismerhetj\u00fck, szerethetj\u00fck \u00e9s \u0151t szolg\u00e1lhatjuk.<\/strong><\/em><\/span><\/p>\n<p><span style=\"color: #ff6600;\"><em><strong>Ez a feladatunk ebben a vil\u00e1gban.<\/strong><\/em><\/span><\/p>\n<p><span style=\"color: #ff6600;\"><em><strong>Minden m\u00e1s ezen k\u00edv\u00fcl, elt\u00e9kozolt id\u0151.\u201d\u00a0<\/strong><\/em><\/span><em>(Vianney Szent J\u00e1nos, 1786 &#8211; 1859)<\/em><\/p>\n","protected":false},"excerpt":{"rendered":"<p>* M\u00e1jus 3-\u00e1n,\u00a0H\u00fasv\u00e9t 5. vas\u00e1rnapja, Any\u00e1k napja. Schw\u00e4bisch-Gm\u00fcndben 9.30 \u00f3rakor szentmise, ut\u00e1na agap\u00e9. Egyben k\u00f6z\u00f6ss\u00e9g\u00fcnk v\u00e9d\u0151szentj\u00e9t, Boldog Bajor Gizell\u00e1t k\u00f6sz\u00f6ntj\u00fck, k\u00f6zs\u00e9g\u00fcnk b\u00facs\u00fa\u00fcnnep\u00e9t is \u00fclj\u00fck. Mindenkit szeretettel v\u00e1r a k\u00f6z\u00f6ss\u00e9g \u00e9s Tibor atya! * (Boldog Bajor Gizella &#8211; Miseruha r\u00e9szlet) * (Friedrichshafen-Berg &#8211; St. Nikolaus Kirche) * Kegyelemteljes h\u00fasv\u00e9ti napokat, tartalmas besz\u00e9lget\u00e9seket \u00e9s \u00f6r\u00f6mteli tal\u00e1lkoz\u00e1sokat k\u00edv\u00e1nunk minden Kedves H\u00edv\u00fcnknek! * \u201eIsten az\u00e9rt teremtett minket \u00e9s a vil\u00e1got, mert szeret minket. Milyen sz\u00e9p \u00e9s milyen nagyszer\u0171, hogy Istent megismerhetj\u00fck, szerethetj\u00fck \u00e9s \u0151t szolg\u00e1lhatjuk. Ez a feladatunk ebben a vil\u00e1gban. Minden m\u00e1s ezen k\u00edv\u00fcl, elt\u00e9kozolt id\u0151.\u201d\u00a0(Vianney Szent J\u00e1nos, 1786 &#8211; 1859)<\/p>\n","protected":false},"author":3,"featured_media":14089,"template":"","meta":{"_tribe_events_status":"","_tribe_events_status_reason":"","footnotes":""},"tags":[],"tribe_events_cat":[31],"class_list":["post-33208","tribe_events","type-tribe_events","status-publish","has-post-thumbnail","hentry","tribe_events_cat-szentmise","cat_szentmise"],"yoast_head":"<!-- This site is optimized with the Yoast SEO plugin v27.3 - https:\/\/yoast.com\/product\/yoast-seo-wordpress\/ -->\n<title>B\u00facs\u00fas szentmise Schw\u00e4bisch-Gm\u00fcndben - Stuttgarti Katolikusok<\/title>\n<meta name=\"robots\" content=\"index, follow, max-snippet:-1, max-image-preview:large, max-video-preview:-1\" \/>\n<link rel=\"canonical\" href=\"https:\/\/stuttgarti-katolikusok.de\/index.php\/esemeny\/bucsus-szentmise-schwabisch-gmundben-5\/\" \/>\n<meta property=\"og:locale\" content=\"hu_HU\" \/>\n<meta property=\"og:type\" content=\"article\" \/>\n<meta property=\"og:title\" content=\"B\u00facs\u00fas szentmise Schw\u00e4bisch-Gm\u00fcndben - Stuttgarti Katolikusok\" \/>\n<meta property=\"og:description\" content=\"* M\u00e1jus 3-\u00e1n,\u00a0H\u00fasv\u00e9t 5. vas\u00e1rnapja, Any\u00e1k napja. Schw\u00e4bisch-Gm\u00fcndben 9.30 \u00f3rakor szentmise, ut\u00e1na agap\u00e9. Egyben k\u00f6z\u00f6ss\u00e9g\u00fcnk v\u00e9d\u0151szentj\u00e9t, Boldog Bajor Gizell\u00e1t k\u00f6sz\u00f6ntj\u00fck, k\u00f6zs\u00e9g\u00fcnk b\u00facs\u00fa\u00fcnnep\u00e9t is \u00fclj\u00fck. Mindenkit szeretettel v\u00e1r a k\u00f6z\u00f6ss\u00e9g \u00e9s Tibor atya! * (Boldog Bajor Gizella &#8211; Miseruha r\u00e9szlet) * (Friedrichshafen-Berg &#8211; St. Nikolaus Kirche) * Kegyelemteljes h\u00fasv\u00e9ti napokat, tartalmas besz\u00e9lget\u00e9seket \u00e9s \u00f6r\u00f6mteli tal\u00e1lkoz\u00e1sokat k\u00edv\u00e1nunk minden Kedves H\u00edv\u00fcnknek! * \u201eIsten az\u00e9rt teremtett minket \u00e9s a vil\u00e1got, mert szeret minket. Milyen sz\u00e9p \u00e9s milyen nagyszer\u0171, hogy Istent megismerhetj\u00fck, szerethetj\u00fck \u00e9s \u0151t szolg\u00e1lhatjuk. Ez a feladatunk ebben a vil\u00e1gban. Minden m\u00e1s ezen k\u00edv\u00fcl, elt\u00e9kozolt id\u0151.\u201d\u00a0(Vianney Szent J\u00e1nos, 1786 &#8211; 1859)\" \/>\n<meta property=\"og:url\" content=\"https:\/\/stuttgarti-katolikusok.de\/index.php\/esemeny\/bucsus-szentmise-schwabisch-gmundben-5\/\" \/>\n<meta property=\"og:site_name\" content=\"Stuttgarti Katolikusok\" \/>\n<meta property=\"article:modified_time\" content=\"2026-04-27T16:56:35+00:00\" \/>\n<meta property=\"og:image\" content=\"https:\/\/stuttgarti-katolikusok.de\/wp-content\/uploads\/2018\/03\/st-franziskus-schw-gmund.jpg\" \/>\n\t<meta property=\"og:image:width\" content=\"620\" \/>\n\t<meta property=\"og:image:height\" content=\"517\" \/>\n\t<meta property=\"og:image:type\" content=\"image\/jpeg\" \/>\n<meta name=\"twitter:card\" content=\"summary_large_image\" \/>\n<meta name=\"twitter:label1\" content=\"Becs\u00fclt olvas\u00e1si id\u0151\" \/>\n\t<meta name=\"twitter:data1\" content=\"2 perc\" \/>\n<script type=\"application\/ld+json\" class=\"yoast-schema-graph\">{\"@context\":\"https:\\\/\\\/schema.org\",\"@graph\":[{\"@type\":\"WebPage\",\"@id\":\"https:\\\/\\\/stuttgarti-katolikusok.de\\\/index.php\\\/esemeny\\\/bucsus-szentmise-schwabisch-gmundben-5\\\/\",\"url\":\"https:\\\/\\\/stuttgarti-katolikusok.de\\\/index.php\\\/esemeny\\\/bucsus-szentmise-schwabisch-gmundben-5\\\/\",\"name\":\"B\u00facs\u00fas szentmise Schw\u00e4bisch-Gm\u00fcndben - Stuttgarti Katolikusok\",\"isPartOf\":{\"@id\":\"https:\\\/\\\/stuttgarti-katolikusok.de\\\/#website\"},\"primaryImageOfPage\":{\"@id\":\"https:\\\/\\\/stuttgarti-katolikusok.de\\\/index.php\\\/esemeny\\\/bucsus-szentmise-schwabisch-gmundben-5\\\/#primaryimage\"},\"image\":{\"@id\":\"https:\\\/\\\/stuttgarti-katolikusok.de\\\/index.php\\\/esemeny\\\/bucsus-szentmise-schwabisch-gmundben-5\\\/#primaryimage\"},\"thumbnailUrl\":\"https:\\\/\\\/stuttgarti-katolikusok.de\\\/wp-content\\\/uploads\\\/2018\\\/03\\\/st-franziskus-schw-gmund.jpg\",\"datePublished\":\"2026-04-27T15:31:16+00:00\",\"dateModified\":\"2026-04-27T16:56:35+00:00\",\"breadcrumb\":{\"@id\":\"https:\\\/\\\/stuttgarti-katolikusok.de\\\/index.php\\\/esemeny\\\/bucsus-szentmise-schwabisch-gmundben-5\\\/#breadcrumb\"},\"inLanguage\":\"hu\",\"potentialAction\":[{\"@type\":\"ReadAction\",\"target\":[\"https:\\\/\\\/stuttgarti-katolikusok.de\\\/index.php\\\/esemeny\\\/bucsus-szentmise-schwabisch-gmundben-5\\\/\"]}]},{\"@type\":\"ImageObject\",\"inLanguage\":\"hu\",\"@id\":\"https:\\\/\\\/stuttgarti-katolikusok.de\\\/index.php\\\/esemeny\\\/bucsus-szentmise-schwabisch-gmundben-5\\\/#primaryimage\",\"url\":\"https:\\\/\\\/stuttgarti-katolikusok.de\\\/wp-content\\\/uploads\\\/2018\\\/03\\\/st-franziskus-schw-gmund.jpg\",\"contentUrl\":\"https:\\\/\\\/stuttgarti-katolikusok.de\\\/wp-content\\\/uploads\\\/2018\\\/03\\\/st-franziskus-schw-gmund.jpg\",\"width\":620,\"height\":517},{\"@type\":\"BreadcrumbList\",\"@id\":\"https:\\\/\\\/stuttgarti-katolikusok.de\\\/index.php\\\/esemeny\\\/bucsus-szentmise-schwabisch-gmundben-5\\\/#breadcrumb\",\"itemListElement\":[{\"@type\":\"ListItem\",\"position\":1,\"name\":\"Kezd\u0151lap\",\"item\":\"https:\\\/\\\/stuttgarti-katolikusok.de\\\/\"},{\"@type\":\"ListItem\",\"position\":2,\"name\":\"Esem\u00e9nyek\",\"item\":\"https:\\\/\\\/stuttgarti-katolikusok.de\\\/index.php\\\/esemenyek\\\/\"},{\"@type\":\"ListItem\",\"position\":3,\"name\":\"B\u00facs\u00fas szentmise Schw\u00e4bisch-Gm\u00fcndben\"}]},{\"@type\":\"WebSite\",\"@id\":\"https:\\\/\\\/stuttgarti-katolikusok.de\\\/#website\",\"url\":\"https:\\\/\\\/stuttgarti-katolikusok.de\\\/\",\"name\":\"Stuttgarti Katolikusok\",\"description\":\"\",\"potentialAction\":[{\"@type\":\"SearchAction\",\"target\":{\"@type\":\"EntryPoint\",\"urlTemplate\":\"https:\\\/\\\/stuttgarti-katolikusok.de\\\/?s={search_term_string}\"},\"query-input\":{\"@type\":\"PropertyValueSpecification\",\"valueRequired\":true,\"valueName\":\"search_term_string\"}}],\"inLanguage\":\"hu\"}]}<\/script>\n<!-- \/ Yoast SEO plugin. -->","yoast_head_json":{"title":"B\u00facs\u00fas szentmise Schw\u00e4bisch-Gm\u00fcndben - Stuttgarti Katolikusok","robots":{"index":"index","follow":"follow","max-snippet":"max-snippet:-1","max-image-preview":"max-image-preview:large","max-video-preview":"max-video-preview:-1"},"canonical":"https:\/\/stuttgarti-katolikusok.de\/index.php\/esemeny\/bucsus-szentmise-schwabisch-gmundben-5\/","og_locale":"hu_HU","og_type":"article","og_title":"B\u00facs\u00fas szentmise Schw\u00e4bisch-Gm\u00fcndben - Stuttgarti Katolikusok","og_description":"* M\u00e1jus 3-\u00e1n,\u00a0H\u00fasv\u00e9t 5. vas\u00e1rnapja, Any\u00e1k napja. Schw\u00e4bisch-Gm\u00fcndben 9.30 \u00f3rakor szentmise, ut\u00e1na agap\u00e9. Egyben k\u00f6z\u00f6ss\u00e9g\u00fcnk v\u00e9d\u0151szentj\u00e9t, Boldog Bajor Gizell\u00e1t k\u00f6sz\u00f6ntj\u00fck, k\u00f6zs\u00e9g\u00fcnk b\u00facs\u00fa\u00fcnnep\u00e9t is \u00fclj\u00fck. Mindenkit szeretettel v\u00e1r a k\u00f6z\u00f6ss\u00e9g \u00e9s Tibor atya! * (Boldog Bajor Gizella &#8211; Miseruha r\u00e9szlet) * (Friedrichshafen-Berg &#8211; St. Nikolaus Kirche) * Kegyelemteljes h\u00fasv\u00e9ti napokat, tartalmas besz\u00e9lget\u00e9seket \u00e9s \u00f6r\u00f6mteli tal\u00e1lkoz\u00e1sokat k\u00edv\u00e1nunk minden Kedves H\u00edv\u00fcnknek! * \u201eIsten az\u00e9rt teremtett minket \u00e9s a vil\u00e1got, mert szeret minket. Milyen sz\u00e9p \u00e9s milyen nagyszer\u0171, hogy Istent megismerhetj\u00fck, szerethetj\u00fck \u00e9s \u0151t szolg\u00e1lhatjuk. Ez a feladatunk ebben a vil\u00e1gban. Minden m\u00e1s ezen k\u00edv\u00fcl, elt\u00e9kozolt id\u0151.\u201d\u00a0(Vianney Szent J\u00e1nos, 1786 &#8211; 1859)","og_url":"https:\/\/stuttgarti-katolikusok.de\/index.php\/esemeny\/bucsus-szentmise-schwabisch-gmundben-5\/","og_site_name":"Stuttgarti Katolikusok","article_modified_time":"2026-04-27T16:56:35+00:00","og_image":[{"width":620,"height":517,"url":"https:\/\/stuttgarti-katolikusok.de\/wp-content\/uploads\/2018\/03\/st-franziskus-schw-gmund.jpg","type":"image\/jpeg"}],"twitter_card":"summary_large_image","twitter_misc":{"Becs\u00fclt olvas\u00e1si id\u0151":"2 perc"},"schema":{"@context":"https:\/\/schema.org","@graph":[{"@type":"WebPage","@id":"https:\/\/stuttgarti-katolikusok.de\/index.php\/esemeny\/bucsus-szentmise-schwabisch-gmundben-5\/","url":"https:\/\/stuttgarti-katolikusok.de\/index.php\/esemeny\/bucsus-szentmise-schwabisch-gmundben-5\/","name":"B\u00facs\u00fas szentmise Schw\u00e4bisch-Gm\u00fcndben - Stuttgarti Katolikusok","isPartOf":{"@id":"https:\/\/stuttgarti-katolikusok.de\/#website"},"primaryImageOfPage":{"@id":"https:\/\/stuttgarti-katolikusok.de\/index.php\/esemeny\/bucsus-szentmise-schwabisch-gmundben-5\/#primaryimage"},"image":{"@id":"https:\/\/stuttgarti-katolikusok.de\/index.php\/esemeny\/bucsus-szentmise-schwabisch-gmundben-5\/#primaryimage"},"thumbnailUrl":"https:\/\/stuttgarti-katolikusok.de\/wp-content\/uploads\/2018\/03\/st-franziskus-schw-gmund.jpg","datePublished":"2026-04-27T15:31:16+00:00","dateModified":"2026-04-27T16:56:35+00:00","breadcrumb":{"@id":"https:\/\/stuttgarti-katolikusok.de\/index.php\/esemeny\/bucsus-szentmise-schwabisch-gmundben-5\/#breadcrumb"},"inLanguage":"hu","potentialAction":[{"@type":"ReadAction","target":["https:\/\/stuttgarti-katolikusok.de\/index.php\/esemeny\/bucsus-szentmise-schwabisch-gmundben-5\/"]}]},{"@type":"ImageObject","inLanguage":"hu","@id":"https:\/\/stuttgarti-katolikusok.de\/index.php\/esemeny\/bucsus-szentmise-schwabisch-gmundben-5\/#primaryimage","url":"https:\/\/stuttgarti-katolikusok.de\/wp-content\/uploads\/2018\/03\/st-franziskus-schw-gmund.jpg","contentUrl":"https:\/\/stuttgarti-katolikusok.de\/wp-content\/uploads\/2018\/03\/st-franziskus-schw-gmund.jpg","width":620,"height":517},{"@type":"BreadcrumbList","@id":"https:\/\/stuttgarti-katolikusok.de\/index.php\/esemeny\/bucsus-szentmise-schwabisch-gmundben-5\/#breadcrumb","itemListElement":[{"@type":"ListItem","position":1,"name":"Kezd\u0151lap","item":"https:\/\/stuttgarti-katolikusok.de\/"},{"@type":"ListItem","position":2,"name":"Esem\u00e9nyek","item":"https:\/\/stuttgarti-katolikusok.de\/index.php\/esemenyek\/"},{"@type":"ListItem","position":3,"name":"B\u00facs\u00fas szentmise Schw\u00e4bisch-Gm\u00fcndben"}]},{"@type":"WebSite","@id":"https:\/\/stuttgarti-katolikusok.de\/#website","url":"https:\/\/stuttgarti-katolikusok.de\/","name":"Stuttgarti Katolikusok","description":"","potentialAction":[{"@type":"SearchAction","target":{"@type":"EntryPoint","urlTemplate":"https:\/\/stuttgarti-katolikusok.de\/?s={search_term_string}"},"query-input":{"@type":"PropertyValueSpecification","valueRequired":true,"valueName":"search_term_string"}}],"inLanguage":"hu"}]}},"_links":{"self":[{"href":"https:\/\/stuttgarti-katolikusok.de\/index.php\/wp-json\/wp\/v2\/tribe_events\/33208","targetHints":{"allow":["GET"]}}],"collection":[{"href":"https:\/\/stuttgarti-katolikusok.de\/index.php\/wp-json\/wp\/v2\/tribe_events"}],"about":[{"href":"https:\/\/stuttgarti-katolikusok.de\/index.php\/wp-json\/wp\/v2\/types\/tribe_events"}],"author":[{"embeddable":true,"href":"https:\/\/stuttgarti-katolikusok.de\/index.php\/wp-json\/wp\/v2\/users\/3"}],"version-history":[{"count":4,"href":"https:\/\/stuttgarti-katolikusok.de\/index.php\/wp-json\/wp\/v2\/tribe_events\/33208\/revisions"}],"predecessor-version":[{"id":33214,"href":"https:\/\/stuttgarti-katolikusok.de\/index.php\/wp-json\/wp\/v2\/tribe_events\/33208\/revisions\/33214"}],"wp:featuredmedia":[{"embeddable":true,"href":"https:\/\/stuttgarti-katolikusok.de\/index.php\/wp-json\/wp\/v2\/media\/14089"}],"wp:attachment":[{"href":"https:\/\/stuttgarti-katolikusok.de\/index.php\/wp-json\/wp\/v2\/media?parent=33208"}],"wp:term":[{"taxonomy":"post_tag","embeddable":true,"href":"https:\/\/stuttgarti-katolikusok.de\/index.php\/wp-json\/wp\/v2\/tags?post=33208"},{"taxonomy":"tribe_events_cat","embeddable":true,"href":"https:\/\/stuttgarti-katolikusok.de\/index.php\/wp-json\/wp\/v2\/tribe_events_cat?post=33208"}],"curies":[{"name":"wp","href":"https:\/\/api.w.org\/{rel}","templated":true}]}}