{"id":33206,"date":"2026-04-27T17:24:51","date_gmt":"2026-04-27T15:24:51","guid":{"rendered":"https:\/\/stuttgarti-katolikusok.de\/?post_type=tribe_events&#038;p=33206"},"modified":"2026-04-27T17:24:51","modified_gmt":"2026-04-27T15:24:51","slug":"szentmise-balingenben-22","status":"publish","type":"tribe_events","link":"https:\/\/stuttgarti-katolikusok.de\/index.php\/esemeny\/szentmise-balingenben-22\/","title":{"rendered":"Szentmise Balingenben"},"content":{"rendered":"<p style=\"text-align: center;\"><span style=\"color: #ff6600;\"><strong>*<\/strong><\/span><\/p>\n<p style=\"text-align: center;\"><span style=\"color: #ff6600;\"><em><strong>H\u00fasv\u00e9t 5. vas\u00e1rnapja, Any\u00e1k napja<\/strong><\/em><\/span><\/p>\n<p><em>\u00a0<\/em><strong>M\u00e1jus 2-\u00e1n<\/strong>, szombaton,<strong>\u00a0<\/strong><span style=\"color: #ff6600;\"><strong>Balingenben<\/strong><strong>\u00a0<\/strong><\/span>16.00 \u00f3rakor<em>\u00a0szentmise<\/em>, ut\u00e1na<em> agap\u00e9.<\/em><\/p>\n<p>Mindenkit szeretettel v\u00e1r a k\u00f6z\u00f6ss\u00e9g \u00e9s Tibor atya!<\/p>\n<p style=\"text-align: center;\"><span style=\"color: #ff6600;\"><strong>*<\/strong><\/span><\/p>\n<p><a href=\"https:\/\/stuttgarti-katolikusok.de\/wp-content\/uploads\/2025\/05\/friedrichshafen1.jpg\"><img loading=\"lazy\" decoding=\"async\" class=\"alignnone wp-image-30947 size-full\" src=\"https:\/\/stuttgarti-katolikusok.de\/wp-content\/uploads\/2025\/05\/friedrichshafen1-e1777300416712.jpg\" alt=\"\" width=\"950\" height=\"1777\" srcset=\"https:\/\/stuttgarti-katolikusok.de\/wp-content\/uploads\/2025\/05\/friedrichshafen1-e1777300416712.jpg 950w, https:\/\/stuttgarti-katolikusok.de\/wp-content\/uploads\/2025\/05\/friedrichshafen1-e1777300416712-160x300.jpg 160w, https:\/\/stuttgarti-katolikusok.de\/wp-content\/uploads\/2025\/05\/friedrichshafen1-e1777300416712-547x1024.jpg 547w, https:\/\/stuttgarti-katolikusok.de\/wp-content\/uploads\/2025\/05\/friedrichshafen1-e1777300416712-821x1536.jpg 821w\" sizes=\"auto, (max-width: 950px) 100vw, 950px\" \/><\/a><\/p>\n<p style=\"text-align: center;\"><em>(Friedrichshafen-Berg &#8211; St. Nikolaus Kirche)<\/em><\/p>\n<p style=\"text-align: center;\"><span style=\"color: #ff6600;\"><strong>*<\/strong><\/span><\/p>\n<p style=\"text-align: center;\"><span style=\"color: #ff6600;\"><em><strong>Kegyelemteljes h\u00fasv\u00e9ti napokat, tartalmas besz\u00e9lget\u00e9seket \u00e9s \u00f6r\u00f6mteli tal\u00e1lkoz\u00e1sokat k\u00edv\u00e1nunk minden Kedves H\u00edv\u00fcnknek!<\/strong><\/em><\/span><\/p>\n<p style=\"text-align: center;\"><span style=\"color: #ff6600;\"><em><strong>*<\/strong><\/em><\/span><\/p>\n<p><span style=\"color: #ff6600;\"><em><strong>\u201eIsten az\u00e9rt teremtett minket \u00e9s a vil\u00e1got, mert szeret minket.<\/strong><\/em><\/span><\/p>\n<p><span style=\"color: #ff6600;\"><em><strong>Milyen sz\u00e9p \u00e9s milyen nagyszer\u0171, hogy Istent megismerhetj\u00fck, szerethetj\u00fck \u00e9s \u0151t szolg\u00e1lhatjuk.<\/strong><\/em><\/span><\/p>\n<p><span style=\"color: #ff6600;\"><em><strong>Ez a feladatunk ebben a vil\u00e1gban.<\/strong><\/em><\/span><\/p>\n<p><span style=\"color: #ff6600;\"><em><strong>Minden m\u00e1s ezen k\u00edv\u00fcl, elt\u00e9kozolt id\u0151.\u201d\u00a0<\/strong><\/em><\/span><em>(Vianney Szent J\u00e1nos, 1786 &#8211; 1859)<\/em><\/p>\n","protected":false},"excerpt":{"rendered":"<p>* H\u00fasv\u00e9t 5. vas\u00e1rnapja, Any\u00e1k napja \u00a0M\u00e1jus 2-\u00e1n, szombaton,\u00a0Balingenben\u00a016.00 \u00f3rakor\u00a0szentmise, ut\u00e1na agap\u00e9. Mindenkit szeretettel v\u00e1r a k\u00f6z\u00f6ss\u00e9g \u00e9s Tibor atya! * (Friedrichshafen-Berg &#8211; St. Nikolaus Kirche) * Kegyelemteljes h\u00fasv\u00e9ti napokat, tartalmas besz\u00e9lget\u00e9seket \u00e9s \u00f6r\u00f6mteli tal\u00e1lkoz\u00e1sokat k\u00edv\u00e1nunk minden Kedves H\u00edv\u00fcnknek! * \u201eIsten az\u00e9rt teremtett minket \u00e9s a vil\u00e1got, mert szeret minket. Milyen sz\u00e9p \u00e9s milyen nagyszer\u0171, hogy Istent megismerhetj\u00fck, szerethetj\u00fck \u00e9s \u0151t szolg\u00e1lhatjuk. Ez a feladatunk ebben a vil\u00e1gban. Minden m\u00e1s ezen k\u00edv\u00fcl, elt\u00e9kozolt id\u0151.\u201d\u00a0(Vianney Szent J\u00e1nos, 1786 &#8211; 1859)<\/p>\n","protected":false},"author":3,"featured_media":14386,"template":"","meta":{"_tribe_events_status":"","_tribe_events_status_reason":"","footnotes":""},"tags":[],"tribe_events_cat":[31],"class_list":["post-33206","tribe_events","type-tribe_events","status-publish","has-post-thumbnail","hentry","tribe_events_cat-szentmise","cat_szentmise"],"yoast_head":"<!-- This site is optimized with the Yoast SEO plugin v27.3 - https:\/\/yoast.com\/product\/yoast-seo-wordpress\/ -->\n<title>Szentmise Balingenben - Stuttgarti Katolikusok<\/title>\n<meta name=\"robots\" content=\"index, follow, max-snippet:-1, max-image-preview:large, max-video-preview:-1\" \/>\n<link rel=\"canonical\" href=\"https:\/\/stuttgarti-katolikusok.de\/index.php\/esemeny\/szentmise-balingenben-22\/\" \/>\n<meta property=\"og:locale\" content=\"hu_HU\" \/>\n<meta property=\"og:type\" content=\"article\" \/>\n<meta property=\"og:title\" content=\"Szentmise Balingenben - Stuttgarti Katolikusok\" \/>\n<meta property=\"og:description\" content=\"* H\u00fasv\u00e9t 5. vas\u00e1rnapja, Any\u00e1k napja \u00a0M\u00e1jus 2-\u00e1n, szombaton,\u00a0Balingenben\u00a016.00 \u00f3rakor\u00a0szentmise, ut\u00e1na agap\u00e9. Mindenkit szeretettel v\u00e1r a k\u00f6z\u00f6ss\u00e9g \u00e9s Tibor atya! * (Friedrichshafen-Berg &#8211; St. Nikolaus Kirche) * Kegyelemteljes h\u00fasv\u00e9ti napokat, tartalmas besz\u00e9lget\u00e9seket \u00e9s \u00f6r\u00f6mteli tal\u00e1lkoz\u00e1sokat k\u00edv\u00e1nunk minden Kedves H\u00edv\u00fcnknek! * \u201eIsten az\u00e9rt teremtett minket \u00e9s a vil\u00e1got, mert szeret minket. Milyen sz\u00e9p \u00e9s milyen nagyszer\u0171, hogy Istent megismerhetj\u00fck, szerethetj\u00fck \u00e9s \u0151t szolg\u00e1lhatjuk. Ez a feladatunk ebben a vil\u00e1gban. Minden m\u00e1s ezen k\u00edv\u00fcl, elt\u00e9kozolt id\u0151.\u201d\u00a0(Vianney Szent J\u00e1nos, 1786 &#8211; 1859)\" \/>\n<meta property=\"og:url\" content=\"https:\/\/stuttgarti-katolikusok.de\/index.php\/esemeny\/szentmise-balingenben-22\/\" \/>\n<meta property=\"og:site_name\" content=\"Stuttgarti Katolikusok\" \/>\n<meta property=\"og:image\" content=\"https:\/\/stuttgarti-katolikusok.de\/wp-content\/uploads\/2018\/04\/20180505_163840-e1764632638620.jpg\" \/>\n\t<meta property=\"og:image:width\" content=\"800\" \/>\n\t<meta property=\"og:image:height\" content=\"766\" \/>\n\t<meta property=\"og:image:type\" content=\"image\/jpeg\" \/>\n<meta name=\"twitter:card\" content=\"summary_large_image\" \/>\n<meta name=\"twitter:label1\" content=\"Becs\u00fclt olvas\u00e1si id\u0151\" \/>\n\t<meta name=\"twitter:data1\" content=\"1 perc\" \/>\n<script type=\"application\/ld+json\" class=\"yoast-schema-graph\">{\"@context\":\"https:\\\/\\\/schema.org\",\"@graph\":[{\"@type\":\"WebPage\",\"@id\":\"https:\\\/\\\/stuttgarti-katolikusok.de\\\/index.php\\\/esemeny\\\/szentmise-balingenben-22\\\/\",\"url\":\"https:\\\/\\\/stuttgarti-katolikusok.de\\\/index.php\\\/esemeny\\\/szentmise-balingenben-22\\\/\",\"name\":\"Szentmise Balingenben - Stuttgarti Katolikusok\",\"isPartOf\":{\"@id\":\"https:\\\/\\\/stuttgarti-katolikusok.de\\\/#website\"},\"primaryImageOfPage\":{\"@id\":\"https:\\\/\\\/stuttgarti-katolikusok.de\\\/index.php\\\/esemeny\\\/szentmise-balingenben-22\\\/#primaryimage\"},\"image\":{\"@id\":\"https:\\\/\\\/stuttgarti-katolikusok.de\\\/index.php\\\/esemeny\\\/szentmise-balingenben-22\\\/#primaryimage\"},\"thumbnailUrl\":\"https:\\\/\\\/stuttgarti-katolikusok.de\\\/wp-content\\\/uploads\\\/2018\\\/04\\\/20180505_163840-e1764632638620.jpg\",\"datePublished\":\"2026-04-27T15:24:51+00:00\",\"breadcrumb\":{\"@id\":\"https:\\\/\\\/stuttgarti-katolikusok.de\\\/index.php\\\/esemeny\\\/szentmise-balingenben-22\\\/#breadcrumb\"},\"inLanguage\":\"hu\",\"potentialAction\":[{\"@type\":\"ReadAction\",\"target\":[\"https:\\\/\\\/stuttgarti-katolikusok.de\\\/index.php\\\/esemeny\\\/szentmise-balingenben-22\\\/\"]}]},{\"@type\":\"ImageObject\",\"inLanguage\":\"hu\",\"@id\":\"https:\\\/\\\/stuttgarti-katolikusok.de\\\/index.php\\\/esemeny\\\/szentmise-balingenben-22\\\/#primaryimage\",\"url\":\"https:\\\/\\\/stuttgarti-katolikusok.de\\\/wp-content\\\/uploads\\\/2018\\\/04\\\/20180505_163840-e1764632638620.jpg\",\"contentUrl\":\"https:\\\/\\\/stuttgarti-katolikusok.de\\\/wp-content\\\/uploads\\\/2018\\\/04\\\/20180505_163840-e1764632638620.jpg\",\"width\":800,\"height\":766},{\"@type\":\"BreadcrumbList\",\"@id\":\"https:\\\/\\\/stuttgarti-katolikusok.de\\\/index.php\\\/esemeny\\\/szentmise-balingenben-22\\\/#breadcrumb\",\"itemListElement\":[{\"@type\":\"ListItem\",\"position\":1,\"name\":\"Kezd\u0151lap\",\"item\":\"https:\\\/\\\/stuttgarti-katolikusok.de\\\/\"},{\"@type\":\"ListItem\",\"position\":2,\"name\":\"Esem\u00e9nyek\",\"item\":\"https:\\\/\\\/stuttgarti-katolikusok.de\\\/index.php\\\/esemenyek\\\/\"},{\"@type\":\"ListItem\",\"position\":3,\"name\":\"Szentmise Balingenben\"}]},{\"@type\":\"WebSite\",\"@id\":\"https:\\\/\\\/stuttgarti-katolikusok.de\\\/#website\",\"url\":\"https:\\\/\\\/stuttgarti-katolikusok.de\\\/\",\"name\":\"Stuttgarti Katolikusok\",\"description\":\"\",\"potentialAction\":[{\"@type\":\"SearchAction\",\"target\":{\"@type\":\"EntryPoint\",\"urlTemplate\":\"https:\\\/\\\/stuttgarti-katolikusok.de\\\/?s={search_term_string}\"},\"query-input\":{\"@type\":\"PropertyValueSpecification\",\"valueRequired\":true,\"valueName\":\"search_term_string\"}}],\"inLanguage\":\"hu\"}]}<\/script>\n<!-- \/ Yoast SEO plugin. -->","yoast_head_json":{"title":"Szentmise Balingenben - Stuttgarti Katolikusok","robots":{"index":"index","follow":"follow","max-snippet":"max-snippet:-1","max-image-preview":"max-image-preview:large","max-video-preview":"max-video-preview:-1"},"canonical":"https:\/\/stuttgarti-katolikusok.de\/index.php\/esemeny\/szentmise-balingenben-22\/","og_locale":"hu_HU","og_type":"article","og_title":"Szentmise Balingenben - Stuttgarti Katolikusok","og_description":"* H\u00fasv\u00e9t 5. vas\u00e1rnapja, Any\u00e1k napja \u00a0M\u00e1jus 2-\u00e1n, szombaton,\u00a0Balingenben\u00a016.00 \u00f3rakor\u00a0szentmise, ut\u00e1na agap\u00e9. Mindenkit szeretettel v\u00e1r a k\u00f6z\u00f6ss\u00e9g \u00e9s Tibor atya! * (Friedrichshafen-Berg &#8211; St. Nikolaus Kirche) * Kegyelemteljes h\u00fasv\u00e9ti napokat, tartalmas besz\u00e9lget\u00e9seket \u00e9s \u00f6r\u00f6mteli tal\u00e1lkoz\u00e1sokat k\u00edv\u00e1nunk minden Kedves H\u00edv\u00fcnknek! * \u201eIsten az\u00e9rt teremtett minket \u00e9s a vil\u00e1got, mert szeret minket. Milyen sz\u00e9p \u00e9s milyen nagyszer\u0171, hogy Istent megismerhetj\u00fck, szerethetj\u00fck \u00e9s \u0151t szolg\u00e1lhatjuk. Ez a feladatunk ebben a vil\u00e1gban. Minden m\u00e1s ezen k\u00edv\u00fcl, elt\u00e9kozolt id\u0151.\u201d\u00a0(Vianney Szent J\u00e1nos, 1786 &#8211; 1859)","og_url":"https:\/\/stuttgarti-katolikusok.de\/index.php\/esemeny\/szentmise-balingenben-22\/","og_site_name":"Stuttgarti Katolikusok","og_image":[{"width":800,"height":766,"url":"https:\/\/stuttgarti-katolikusok.de\/wp-content\/uploads\/2018\/04\/20180505_163840-e1764632638620.jpg","type":"image\/jpeg"}],"twitter_card":"summary_large_image","twitter_misc":{"Becs\u00fclt olvas\u00e1si id\u0151":"1 perc"},"schema":{"@context":"https:\/\/schema.org","@graph":[{"@type":"WebPage","@id":"https:\/\/stuttgarti-katolikusok.de\/index.php\/esemeny\/szentmise-balingenben-22\/","url":"https:\/\/stuttgarti-katolikusok.de\/index.php\/esemeny\/szentmise-balingenben-22\/","name":"Szentmise Balingenben - Stuttgarti Katolikusok","isPartOf":{"@id":"https:\/\/stuttgarti-katolikusok.de\/#website"},"primaryImageOfPage":{"@id":"https:\/\/stuttgarti-katolikusok.de\/index.php\/esemeny\/szentmise-balingenben-22\/#primaryimage"},"image":{"@id":"https:\/\/stuttgarti-katolikusok.de\/index.php\/esemeny\/szentmise-balingenben-22\/#primaryimage"},"thumbnailUrl":"https:\/\/stuttgarti-katolikusok.de\/wp-content\/uploads\/2018\/04\/20180505_163840-e1764632638620.jpg","datePublished":"2026-04-27T15:24:51+00:00","breadcrumb":{"@id":"https:\/\/stuttgarti-katolikusok.de\/index.php\/esemeny\/szentmise-balingenben-22\/#breadcrumb"},"inLanguage":"hu","potentialAction":[{"@type":"ReadAction","target":["https:\/\/stuttgarti-katolikusok.de\/index.php\/esemeny\/szentmise-balingenben-22\/"]}]},{"@type":"ImageObject","inLanguage":"hu","@id":"https:\/\/stuttgarti-katolikusok.de\/index.php\/esemeny\/szentmise-balingenben-22\/#primaryimage","url":"https:\/\/stuttgarti-katolikusok.de\/wp-content\/uploads\/2018\/04\/20180505_163840-e1764632638620.jpg","contentUrl":"https:\/\/stuttgarti-katolikusok.de\/wp-content\/uploads\/2018\/04\/20180505_163840-e1764632638620.jpg","width":800,"height":766},{"@type":"BreadcrumbList","@id":"https:\/\/stuttgarti-katolikusok.de\/index.php\/esemeny\/szentmise-balingenben-22\/#breadcrumb","itemListElement":[{"@type":"ListItem","position":1,"name":"Kezd\u0151lap","item":"https:\/\/stuttgarti-katolikusok.de\/"},{"@type":"ListItem","position":2,"name":"Esem\u00e9nyek","item":"https:\/\/stuttgarti-katolikusok.de\/index.php\/esemenyek\/"},{"@type":"ListItem","position":3,"name":"Szentmise Balingenben"}]},{"@type":"WebSite","@id":"https:\/\/stuttgarti-katolikusok.de\/#website","url":"https:\/\/stuttgarti-katolikusok.de\/","name":"Stuttgarti Katolikusok","description":"","potentialAction":[{"@type":"SearchAction","target":{"@type":"EntryPoint","urlTemplate":"https:\/\/stuttgarti-katolikusok.de\/?s={search_term_string}"},"query-input":{"@type":"PropertyValueSpecification","valueRequired":true,"valueName":"search_term_string"}}],"inLanguage":"hu"}]}},"_links":{"self":[{"href":"https:\/\/stuttgarti-katolikusok.de\/index.php\/wp-json\/wp\/v2\/tribe_events\/33206","targetHints":{"allow":["GET"]}}],"collection":[{"href":"https:\/\/stuttgarti-katolikusok.de\/index.php\/wp-json\/wp\/v2\/tribe_events"}],"about":[{"href":"https:\/\/stuttgarti-katolikusok.de\/index.php\/wp-json\/wp\/v2\/types\/tribe_events"}],"author":[{"embeddable":true,"href":"https:\/\/stuttgarti-katolikusok.de\/index.php\/wp-json\/wp\/v2\/users\/3"}],"version-history":[{"count":1,"href":"https:\/\/stuttgarti-katolikusok.de\/index.php\/wp-json\/wp\/v2\/tribe_events\/33206\/revisions"}],"predecessor-version":[{"id":33207,"href":"https:\/\/stuttgarti-katolikusok.de\/index.php\/wp-json\/wp\/v2\/tribe_events\/33206\/revisions\/33207"}],"wp:featuredmedia":[{"embeddable":true,"href":"https:\/\/stuttgarti-katolikusok.de\/index.php\/wp-json\/wp\/v2\/media\/14386"}],"wp:attachment":[{"href":"https:\/\/stuttgarti-katolikusok.de\/index.php\/wp-json\/wp\/v2\/media?parent=33206"}],"wp:term":[{"taxonomy":"post_tag","embeddable":true,"href":"https:\/\/stuttgarti-katolikusok.de\/index.php\/wp-json\/wp\/v2\/tags?post=33206"},{"taxonomy":"tribe_events_cat","embeddable":true,"href":"https:\/\/stuttgarti-katolikusok.de\/index.php\/wp-json\/wp\/v2\/tribe_events_cat?post=33206"}],"curies":[{"name":"wp","href":"https:\/\/api.w.org\/{rel}","templated":true}]}}