{"id":32522,"date":"2026-01-26T22:14:01","date_gmt":"2026-01-26T21:14:01","guid":{"rendered":"https:\/\/stuttgarti-katolikusok.de\/?post_type=tribe_events&#038;p=32522"},"modified":"2026-01-26T22:14:50","modified_gmt":"2026-01-26T21:14:50","slug":"51-stuttgarti-magyar-katolikus-jotekonysagi-bal","status":"publish","type":"tribe_events","link":"https:\/\/stuttgarti-katolikusok.de\/index.php\/esemeny\/51-stuttgarti-magyar-katolikus-jotekonysagi-bal\/","title":{"rendered":"51. Stuttgarti Magyar Katolikus J\u00f3t\u00e9konys\u00e1gi B\u00e1l"},"content":{"rendered":"<p style=\"text-align: center;\"><span style=\"color: #008000;\"><strong>*<\/strong><\/span><\/p>\n<p style=\"text-align: center;\"><span style=\"color: #ff6600;\"><strong>51. Stuttgarti Magyar Katolikus J\u00f3t\u00e9konys\u00e1gi B\u00e1l<\/strong><\/span><\/p>\n<a href=\"https:\/\/stuttgarti-katolikusok.de\/wp-content\/uploads\/2025\/11\/Meghivo_MagyarBal.pdf\" class=\"pdfemb-viewer\" style=\"\" data-width=\"max\" data-height=\"max\" data-toolbar=\"bottom\" data-toolbar-fixed=\"off\">Meghivo_MagyarBal<\/a>\n<p style=\"text-align: center;\"><span style=\"color: #008000;\"><strong>*<\/strong><\/span><\/p>\n<p>Mindenkit szeretettel v\u00e1r a k\u00f6z\u00f6ss\u00e9g \u00e9s a b\u00e1l szervez\u0151i\/rendez\u0151i.<\/p>\n<p style=\"text-align: center;\"><span style=\"color: #008000;\"><strong>*<\/strong><\/span><\/p>\n<p><a href=\"https:\/\/stuttgarti-katolikusok.de\/wp-content\/uploads\/2026\/01\/smkjb-26-1.jpeg\"><img loading=\"lazy\" decoding=\"async\" class=\"alignnone size-full wp-image-32523\" src=\"https:\/\/stuttgarti-katolikusok.de\/wp-content\/uploads\/2026\/01\/smkjb-26-1.jpeg\" alt=\"\" width=\"1600\" height=\"651\" srcset=\"https:\/\/stuttgarti-katolikusok.de\/wp-content\/uploads\/2026\/01\/smkjb-26-1.jpeg 1600w, https:\/\/stuttgarti-katolikusok.de\/wp-content\/uploads\/2026\/01\/smkjb-26-1-300x122.jpeg 300w, https:\/\/stuttgarti-katolikusok.de\/wp-content\/uploads\/2026\/01\/smkjb-26-1-1024x417.jpeg 1024w, https:\/\/stuttgarti-katolikusok.de\/wp-content\/uploads\/2026\/01\/smkjb-26-1-1536x625.jpeg 1536w\" sizes=\"auto, (max-width: 1600px) 100vw, 1600px\" \/><\/a><\/p>\n<p>&nbsp;<\/p>\n<p style=\"text-align: center;\"><span style=\"color: #008000;\"><strong>*<\/strong><\/span><\/p>\n<p><span style=\"color: #008000;\"><strong><em>Bens\u0151s\u00e9ges \u00e9s kellemes farsangi napokat, j\u00f3 tal\u00e1lkoz\u00e1sokat \u00e9s sok \u00f6r\u00f6met k\u00edv\u00e1nok minden kedves H\u00edvemnek.<\/em><\/strong><\/span><\/p>\n<p style=\"text-align: center;\"><strong><em>*<\/em><\/strong><\/p>\n<p><strong><em>\u201eAz emberi l\u00e9ny ugyanis el tud viselni egy h\u00e9t szomjaz\u00e1st, k\u00e9t h\u00e9t \u00e9hez\u00e9st, \u00e9s ak\u00e1r \u00e9vekig elviseli, hogy nincs fed\u00e9l a feje f\u00f6l\u00f6tt, de a mag\u00e1nyt nem viseli el. Minden k\u00edn \u00e9s minden szenved\u00e9s k\u00f6z\u00fcl a mag\u00e1ny a legrosszabb.\u201d <\/em><\/strong><em>(Paulo Coelho, brazil \u00edr\u00f3, 1947 &#8211; )<\/em><\/p>\n","protected":false},"excerpt":{"rendered":"<p>* 51. Stuttgarti Magyar Katolikus J\u00f3t\u00e9konys\u00e1gi B\u00e1l * Mindenkit szeretettel v\u00e1r a k\u00f6z\u00f6ss\u00e9g \u00e9s a b\u00e1l szervez\u0151i\/rendez\u0151i. * &nbsp; * Bens\u0151s\u00e9ges \u00e9s kellemes farsangi napokat, j\u00f3 tal\u00e1lkoz\u00e1sokat \u00e9s sok \u00f6r\u00f6met k\u00edv\u00e1nok minden kedves H\u00edvemnek. * \u201eAz emberi l\u00e9ny ugyanis el tud viselni egy h\u00e9t szomjaz\u00e1st, k\u00e9t h\u00e9t \u00e9hez\u00e9st, \u00e9s ak\u00e1r \u00e9vekig elviseli, hogy nincs fed\u00e9l a feje f\u00f6l\u00f6tt, de a mag\u00e1nyt nem viseli el. Minden k\u00edn \u00e9s minden szenved\u00e9s k\u00f6z\u00fcl a mag\u00e1ny a legrosszabb.\u201d (Paulo Coelho, brazil \u00edr\u00f3, 1947 &#8211; )<\/p>\n","protected":false},"author":3,"featured_media":32001,"template":"","meta":{"_tribe_events_status":"","_tribe_events_status_reason":"","footnotes":""},"tags":[],"tribe_events_cat":[38],"class_list":["post-32522","tribe_events","type-tribe_events","status-publish","has-post-thumbnail","hentry","tribe_events_cat-stuttgarti-magyar-bal","cat_stuttgarti-magyar-bal"],"yoast_head":"<!-- This site is optimized with the Yoast SEO plugin v27.3 - https:\/\/yoast.com\/product\/yoast-seo-wordpress\/ -->\n<title>51. Stuttgarti Magyar Katolikus J\u00f3t\u00e9konys\u00e1gi B\u00e1l - Stuttgarti Katolikusok<\/title>\n<meta name=\"robots\" content=\"index, follow, max-snippet:-1, max-image-preview:large, max-video-preview:-1\" \/>\n<link rel=\"canonical\" href=\"https:\/\/stuttgarti-katolikusok.de\/index.php\/esemeny\/51-stuttgarti-magyar-katolikus-jotekonysagi-bal\/\" \/>\n<meta property=\"og:locale\" content=\"hu_HU\" \/>\n<meta property=\"og:type\" content=\"article\" \/>\n<meta property=\"og:title\" content=\"51. Stuttgarti Magyar Katolikus J\u00f3t\u00e9konys\u00e1gi B\u00e1l - Stuttgarti Katolikusok\" \/>\n<meta property=\"og:description\" content=\"* 51. Stuttgarti Magyar Katolikus J\u00f3t\u00e9konys\u00e1gi B\u00e1l * Mindenkit szeretettel v\u00e1r a k\u00f6z\u00f6ss\u00e9g \u00e9s a b\u00e1l szervez\u0151i\/rendez\u0151i. * &nbsp; * Bens\u0151s\u00e9ges \u00e9s kellemes farsangi napokat, j\u00f3 tal\u00e1lkoz\u00e1sokat \u00e9s sok \u00f6r\u00f6met k\u00edv\u00e1nok minden kedves H\u00edvemnek. * \u201eAz emberi l\u00e9ny ugyanis el tud viselni egy h\u00e9t szomjaz\u00e1st, k\u00e9t h\u00e9t \u00e9hez\u00e9st, \u00e9s ak\u00e1r \u00e9vekig elviseli, hogy nincs fed\u00e9l a feje f\u00f6l\u00f6tt, de a mag\u00e1nyt nem viseli el. Minden k\u00edn \u00e9s minden szenved\u00e9s k\u00f6z\u00fcl a mag\u00e1ny a legrosszabb.\u201d (Paulo Coelho, brazil \u00edr\u00f3, 1947 &#8211; )\" \/>\n<meta property=\"og:url\" content=\"https:\/\/stuttgarti-katolikusok.de\/index.php\/esemeny\/51-stuttgarti-magyar-katolikus-jotekonysagi-bal\/\" \/>\n<meta property=\"og:site_name\" content=\"Stuttgarti Katolikusok\" \/>\n<meta property=\"article:modified_time\" content=\"2026-01-26T21:14:50+00:00\" \/>\n<meta property=\"og:image\" content=\"https:\/\/stuttgarti-katolikusok.de\/wp-content\/uploads\/2025\/11\/kepernyokep.png\" \/>\n\t<meta property=\"og:image:width\" content=\"467\" \/>\n\t<meta property=\"og:image:height\" content=\"441\" \/>\n\t<meta property=\"og:image:type\" content=\"image\/png\" \/>\n<meta name=\"twitter:card\" content=\"summary_large_image\" \/>\n<meta name=\"twitter:label1\" content=\"Becs\u00fclt olvas\u00e1si id\u0151\" \/>\n\t<meta name=\"twitter:data1\" content=\"1 perc\" \/>\n<script type=\"application\/ld+json\" class=\"yoast-schema-graph\">{\"@context\":\"https:\\\/\\\/schema.org\",\"@graph\":[{\"@type\":\"WebPage\",\"@id\":\"https:\\\/\\\/stuttgarti-katolikusok.de\\\/index.php\\\/esemeny\\\/51-stuttgarti-magyar-katolikus-jotekonysagi-bal\\\/\",\"url\":\"https:\\\/\\\/stuttgarti-katolikusok.de\\\/index.php\\\/esemeny\\\/51-stuttgarti-magyar-katolikus-jotekonysagi-bal\\\/\",\"name\":\"51. Stuttgarti Magyar Katolikus J\u00f3t\u00e9konys\u00e1gi B\u00e1l - Stuttgarti Katolikusok\",\"isPartOf\":{\"@id\":\"https:\\\/\\\/stuttgarti-katolikusok.de\\\/#website\"},\"primaryImageOfPage\":{\"@id\":\"https:\\\/\\\/stuttgarti-katolikusok.de\\\/index.php\\\/esemeny\\\/51-stuttgarti-magyar-katolikus-jotekonysagi-bal\\\/#primaryimage\"},\"image\":{\"@id\":\"https:\\\/\\\/stuttgarti-katolikusok.de\\\/index.php\\\/esemeny\\\/51-stuttgarti-magyar-katolikus-jotekonysagi-bal\\\/#primaryimage\"},\"thumbnailUrl\":\"https:\\\/\\\/stuttgarti-katolikusok.de\\\/wp-content\\\/uploads\\\/2025\\\/11\\\/kepernyokep.png\",\"datePublished\":\"2026-01-26T21:14:01+00:00\",\"dateModified\":\"2026-01-26T21:14:50+00:00\",\"breadcrumb\":{\"@id\":\"https:\\\/\\\/stuttgarti-katolikusok.de\\\/index.php\\\/esemeny\\\/51-stuttgarti-magyar-katolikus-jotekonysagi-bal\\\/#breadcrumb\"},\"inLanguage\":\"hu\",\"potentialAction\":[{\"@type\":\"ReadAction\",\"target\":[\"https:\\\/\\\/stuttgarti-katolikusok.de\\\/index.php\\\/esemeny\\\/51-stuttgarti-magyar-katolikus-jotekonysagi-bal\\\/\"]}]},{\"@type\":\"ImageObject\",\"inLanguage\":\"hu\",\"@id\":\"https:\\\/\\\/stuttgarti-katolikusok.de\\\/index.php\\\/esemeny\\\/51-stuttgarti-magyar-katolikus-jotekonysagi-bal\\\/#primaryimage\",\"url\":\"https:\\\/\\\/stuttgarti-katolikusok.de\\\/wp-content\\\/uploads\\\/2025\\\/11\\\/kepernyokep.png\",\"contentUrl\":\"https:\\\/\\\/stuttgarti-katolikusok.de\\\/wp-content\\\/uploads\\\/2025\\\/11\\\/kepernyokep.png\",\"width\":467,\"height\":441},{\"@type\":\"BreadcrumbList\",\"@id\":\"https:\\\/\\\/stuttgarti-katolikusok.de\\\/index.php\\\/esemeny\\\/51-stuttgarti-magyar-katolikus-jotekonysagi-bal\\\/#breadcrumb\",\"itemListElement\":[{\"@type\":\"ListItem\",\"position\":1,\"name\":\"Kezd\u0151lap\",\"item\":\"https:\\\/\\\/stuttgarti-katolikusok.de\\\/\"},{\"@type\":\"ListItem\",\"position\":2,\"name\":\"Esem\u00e9nyek\",\"item\":\"https:\\\/\\\/stuttgarti-katolikusok.de\\\/index.php\\\/esemenyek\\\/\"},{\"@type\":\"ListItem\",\"position\":3,\"name\":\"51. Stuttgarti Magyar Katolikus J\u00f3t\u00e9konys\u00e1gi B\u00e1l\"}]},{\"@type\":\"WebSite\",\"@id\":\"https:\\\/\\\/stuttgarti-katolikusok.de\\\/#website\",\"url\":\"https:\\\/\\\/stuttgarti-katolikusok.de\\\/\",\"name\":\"Stuttgarti Katolikusok\",\"description\":\"\",\"potentialAction\":[{\"@type\":\"SearchAction\",\"target\":{\"@type\":\"EntryPoint\",\"urlTemplate\":\"https:\\\/\\\/stuttgarti-katolikusok.de\\\/?s={search_term_string}\"},\"query-input\":{\"@type\":\"PropertyValueSpecification\",\"valueRequired\":true,\"valueName\":\"search_term_string\"}}],\"inLanguage\":\"hu\"}]}<\/script>\n<!-- \/ Yoast SEO plugin. -->","yoast_head_json":{"title":"51. Stuttgarti Magyar Katolikus J\u00f3t\u00e9konys\u00e1gi B\u00e1l - Stuttgarti Katolikusok","robots":{"index":"index","follow":"follow","max-snippet":"max-snippet:-1","max-image-preview":"max-image-preview:large","max-video-preview":"max-video-preview:-1"},"canonical":"https:\/\/stuttgarti-katolikusok.de\/index.php\/esemeny\/51-stuttgarti-magyar-katolikus-jotekonysagi-bal\/","og_locale":"hu_HU","og_type":"article","og_title":"51. Stuttgarti Magyar Katolikus J\u00f3t\u00e9konys\u00e1gi B\u00e1l - Stuttgarti Katolikusok","og_description":"* 51. Stuttgarti Magyar Katolikus J\u00f3t\u00e9konys\u00e1gi B\u00e1l * Mindenkit szeretettel v\u00e1r a k\u00f6z\u00f6ss\u00e9g \u00e9s a b\u00e1l szervez\u0151i\/rendez\u0151i. * &nbsp; * Bens\u0151s\u00e9ges \u00e9s kellemes farsangi napokat, j\u00f3 tal\u00e1lkoz\u00e1sokat \u00e9s sok \u00f6r\u00f6met k\u00edv\u00e1nok minden kedves H\u00edvemnek. * \u201eAz emberi l\u00e9ny ugyanis el tud viselni egy h\u00e9t szomjaz\u00e1st, k\u00e9t h\u00e9t \u00e9hez\u00e9st, \u00e9s ak\u00e1r \u00e9vekig elviseli, hogy nincs fed\u00e9l a feje f\u00f6l\u00f6tt, de a mag\u00e1nyt nem viseli el. Minden k\u00edn \u00e9s minden szenved\u00e9s k\u00f6z\u00fcl a mag\u00e1ny a legrosszabb.\u201d (Paulo Coelho, brazil \u00edr\u00f3, 1947 &#8211; )","og_url":"https:\/\/stuttgarti-katolikusok.de\/index.php\/esemeny\/51-stuttgarti-magyar-katolikus-jotekonysagi-bal\/","og_site_name":"Stuttgarti Katolikusok","article_modified_time":"2026-01-26T21:14:50+00:00","og_image":[{"width":467,"height":441,"url":"https:\/\/stuttgarti-katolikusok.de\/wp-content\/uploads\/2025\/11\/kepernyokep.png","type":"image\/png"}],"twitter_card":"summary_large_image","twitter_misc":{"Becs\u00fclt olvas\u00e1si id\u0151":"1 perc"},"schema":{"@context":"https:\/\/schema.org","@graph":[{"@type":"WebPage","@id":"https:\/\/stuttgarti-katolikusok.de\/index.php\/esemeny\/51-stuttgarti-magyar-katolikus-jotekonysagi-bal\/","url":"https:\/\/stuttgarti-katolikusok.de\/index.php\/esemeny\/51-stuttgarti-magyar-katolikus-jotekonysagi-bal\/","name":"51. Stuttgarti Magyar Katolikus J\u00f3t\u00e9konys\u00e1gi B\u00e1l - Stuttgarti Katolikusok","isPartOf":{"@id":"https:\/\/stuttgarti-katolikusok.de\/#website"},"primaryImageOfPage":{"@id":"https:\/\/stuttgarti-katolikusok.de\/index.php\/esemeny\/51-stuttgarti-magyar-katolikus-jotekonysagi-bal\/#primaryimage"},"image":{"@id":"https:\/\/stuttgarti-katolikusok.de\/index.php\/esemeny\/51-stuttgarti-magyar-katolikus-jotekonysagi-bal\/#primaryimage"},"thumbnailUrl":"https:\/\/stuttgarti-katolikusok.de\/wp-content\/uploads\/2025\/11\/kepernyokep.png","datePublished":"2026-01-26T21:14:01+00:00","dateModified":"2026-01-26T21:14:50+00:00","breadcrumb":{"@id":"https:\/\/stuttgarti-katolikusok.de\/index.php\/esemeny\/51-stuttgarti-magyar-katolikus-jotekonysagi-bal\/#breadcrumb"},"inLanguage":"hu","potentialAction":[{"@type":"ReadAction","target":["https:\/\/stuttgarti-katolikusok.de\/index.php\/esemeny\/51-stuttgarti-magyar-katolikus-jotekonysagi-bal\/"]}]},{"@type":"ImageObject","inLanguage":"hu","@id":"https:\/\/stuttgarti-katolikusok.de\/index.php\/esemeny\/51-stuttgarti-magyar-katolikus-jotekonysagi-bal\/#primaryimage","url":"https:\/\/stuttgarti-katolikusok.de\/wp-content\/uploads\/2025\/11\/kepernyokep.png","contentUrl":"https:\/\/stuttgarti-katolikusok.de\/wp-content\/uploads\/2025\/11\/kepernyokep.png","width":467,"height":441},{"@type":"BreadcrumbList","@id":"https:\/\/stuttgarti-katolikusok.de\/index.php\/esemeny\/51-stuttgarti-magyar-katolikus-jotekonysagi-bal\/#breadcrumb","itemListElement":[{"@type":"ListItem","position":1,"name":"Kezd\u0151lap","item":"https:\/\/stuttgarti-katolikusok.de\/"},{"@type":"ListItem","position":2,"name":"Esem\u00e9nyek","item":"https:\/\/stuttgarti-katolikusok.de\/index.php\/esemenyek\/"},{"@type":"ListItem","position":3,"name":"51. Stuttgarti Magyar Katolikus J\u00f3t\u00e9konys\u00e1gi B\u00e1l"}]},{"@type":"WebSite","@id":"https:\/\/stuttgarti-katolikusok.de\/#website","url":"https:\/\/stuttgarti-katolikusok.de\/","name":"Stuttgarti Katolikusok","description":"","potentialAction":[{"@type":"SearchAction","target":{"@type":"EntryPoint","urlTemplate":"https:\/\/stuttgarti-katolikusok.de\/?s={search_term_string}"},"query-input":{"@type":"PropertyValueSpecification","valueRequired":true,"valueName":"search_term_string"}}],"inLanguage":"hu"}]}},"_links":{"self":[{"href":"https:\/\/stuttgarti-katolikusok.de\/index.php\/wp-json\/wp\/v2\/tribe_events\/32522","targetHints":{"allow":["GET"]}}],"collection":[{"href":"https:\/\/stuttgarti-katolikusok.de\/index.php\/wp-json\/wp\/v2\/tribe_events"}],"about":[{"href":"https:\/\/stuttgarti-katolikusok.de\/index.php\/wp-json\/wp\/v2\/types\/tribe_events"}],"author":[{"embeddable":true,"href":"https:\/\/stuttgarti-katolikusok.de\/index.php\/wp-json\/wp\/v2\/users\/3"}],"version-history":[{"count":2,"href":"https:\/\/stuttgarti-katolikusok.de\/index.php\/wp-json\/wp\/v2\/tribe_events\/32522\/revisions"}],"predecessor-version":[{"id":32525,"href":"https:\/\/stuttgarti-katolikusok.de\/index.php\/wp-json\/wp\/v2\/tribe_events\/32522\/revisions\/32525"}],"wp:featuredmedia":[{"embeddable":true,"href":"https:\/\/stuttgarti-katolikusok.de\/index.php\/wp-json\/wp\/v2\/media\/32001"}],"wp:attachment":[{"href":"https:\/\/stuttgarti-katolikusok.de\/index.php\/wp-json\/wp\/v2\/media?parent=32522"}],"wp:term":[{"taxonomy":"post_tag","embeddable":true,"href":"https:\/\/stuttgarti-katolikusok.de\/index.php\/wp-json\/wp\/v2\/tags?post=32522"},{"taxonomy":"tribe_events_cat","embeddable":true,"href":"https:\/\/stuttgarti-katolikusok.de\/index.php\/wp-json\/wp\/v2\/tribe_events_cat?post=32522"}],"curies":[{"name":"wp","href":"https:\/\/api.w.org\/{rel}","templated":true}]}}