{"id":8156,"date":"2015-12-10T21:17:50","date_gmt":"2015-12-10T21:17:50","guid":{"rendered":"https:\/\/gracious-dewdney.138-201-221-2.plesk.page\/?page_id=8156"},"modified":"2024-12-24T00:14:20","modified_gmt":"2024-12-23T23:14:20","slug":"sekrestyeseink","status":"publish","type":"page","link":"https:\/\/stuttgarti-katolikusok.de\/index.php\/sekrestyeseink\/","title":{"rendered":"Sekresty\u00e9seink"},"content":{"rendered":"<div class=\"wpb-content-wrapper\">[vc_row][vc_column][vc_column_text]<strong>\u00a0<\/strong><\/p>\n<table style=\"width: 46.4457%;\">\n<tbody>\n<tr>\n<td style=\"width: 43.1145%;\" width=\"81\">Balingen-Frommern:<\/td>\n<td style=\"width: 66.6698%;\" width=\"252\">B\u00f6hm Norbert<\/td>\n<\/tr>\n<tr>\n<td style=\"width: 43.1145%;\" width=\"81\">Biberach:<\/td>\n<td style=\"width: 66.6698%;\" width=\"252\">Schrepler Judit<\/td>\n<\/tr>\n<tr>\n<td style=\"width: 43.1145%;\" width=\"81\">B\u00f6blingen:<\/td>\n<td style=\"width: 66.6698%;\" width=\"252\">Fastanz P\u00e1l<\/td>\n<\/tr>\n<tr>\n<td style=\"width: 43.1145%;\" width=\"81\">Eislingen:<\/td>\n<td style=\"width: 66.6698%;\" width=\"252\">Pfeffer Christine<\/td>\n<\/tr>\n<tr>\n<td style=\"width: 43.1145%;\" width=\"81\">Friedrichshafen:<\/td>\n<td style=\"width: 66.6698%;\" width=\"252\">Pfeiffer Istv\u00e1n<\/td>\n<\/tr>\n<tr>\n<td style=\"width: 43.1145%;\" width=\"81\">Heidenheim:<\/td>\n<td style=\"width: 66.6698%;\" width=\"252\">Barsy-Szab\u00f3 Brigitta<\/td>\n<\/tr>\n<tr>\n<td style=\"width: 43.1145%;\" width=\"81\">Heilbronn-Horkheim:<\/td>\n<td style=\"width: 66.6698%;\" width=\"252\">Kengyel K\u00e1roly<\/td>\n<\/tr>\n<tr>\n<td style=\"width: 43.1145%;\" width=\"81\">Ludwigsburg:<\/td>\n<td style=\"width: 66.6698%;\" width=\"252\">Karmelitinnen-Kloster<\/td>\n<\/tr>\n<tr>\n<td style=\"width: 43.1145%;\" width=\"81\">Mndkingen:<\/td>\n<td style=\"width: 66.6698%;\" width=\"252\">Krutz R\u00f3bert<\/td>\n<\/tr>\n<tr>\n<td style=\"width: 43.1145%;\" width=\"81\">Reutlingen:<\/td>\n<td style=\"width: 66.6698%;\" width=\"252\">Wieser Tibor<\/td>\n<\/tr>\n<tr>\n<td style=\"width: 43.1145%;\" width=\"81\">Sch.-Gm\u00fcnd:<\/td>\n<td style=\"width: 66.6698%;\" width=\"252\">Czapka Christoph<\/td>\n<\/tr>\n<tr>\n<td style=\"width: 43.1145%;\" width=\"81\">Stuttgart:<\/td>\n<td style=\"width: 66.6698%;\" width=\"252\">V\u00e1mos L\u00e1szl\u00f3<\/td>\n<\/tr>\n<tr>\n<td style=\"width: 43.1145%;\" width=\"81\">Ulm:<\/td>\n<td style=\"width: 66.6698%;\" width=\"252\">Hermann Johann &amp; Ang\u00e9la<\/td>\n<\/tr>\n<tr>\n<td style=\"width: 43.1145%;\" width=\"81\">Weingarten:<\/td>\n<td style=\"width: 66.6698%;\" width=\"252\">Vill\u00e1nyi \u00c1gnes<\/td>\n<\/tr>\n<\/tbody>\n<\/table>\n<h3><\/h3>\n[\/vc_column_text][\/vc_column][\/vc_row][vc_row][vc_column][vc_column_text]L\u00e1ttuk az Egyh\u00e1ztan\u00e1cs \u00e9s a Leg\u00e1tusok kapcs\u00e1n, hogy ma a vil\u00e1gi h\u00edvek a lelkip\u00e1sztori munk\u00e1ban, az egyh\u00e1zk\u00f6zs\u00e9g vezet\u00e9s\u00e9ben \u00e9s szolg\u00e1lat\u00e1ban, n\u00e9lk\u00fcl\u00f6zhetetlen feladatokat l\u00e1thatnak el. Az \u00e1ltaluk v\u00e9gzett munka nagyban hozz\u00e1j\u00e1rul az egyh\u00e1zk\u00f6zs\u00e9gek harmonikus \u00e9let\u00e9hez \u00e9s a paps\u00e1g munk\u00e1j\u00e1nak eredm\u00e9nyess\u00e9g\u00e9hez.<\/p>\n<p>Arr\u00f3l is sz\u00f3t ejtett\u00fcnk, hogy az egyik legfontosabb ter\u00fclet, amelyen a vil\u00e1gi h\u00edveknek is egyre tev\u00e9kenyebb szerep jut: a szentmise. A szentmise \u00fcnnepl\u00e9se ugyanis az eg\u00e9sz kereszt\u00e9ny \u00e9let k\u00f6z\u00e9ppontja. Mivel kereszts\u00e9g\u00fckn\u00e9l fogva a vil\u00e1gi h\u00edvek is arra vannak rendelve, hogy Istent dics\u00e9rj\u00e9k, im\u00e1dkozzanak, \u00e1ldozatot mutassanak be \u00e9s tan\u00fas\u00e1got tegyenek J\u00e9zusr\u00f3l, a szentmis\u00e9n val\u00f3 r\u00e9szv\u00e9tel\u00fck sem t\u00f6rt\u00e9nhet \u00f6lbetett k\u00e9zzel, hanem annak \u201etev\u00e9kenynek\u201d kell lennie.<\/p>\n<p>A tev\u00e9keny r\u00e9szv\u00e9telhez tartozik \u2013 t\u00f6bbek k\u00f6z\u00f6tt &#8211; a templom d\u00edsz\u00edt\u00e9se illetve a szentmis\u00e9re val\u00f3 elok\u00e9sz\u00edt\u00e9s is.<\/p>\n<p>Nagy hi\u00e1nyt p\u00f3tolt az egri paps\u00e1g, amikor 1996-ban \u00f6ssze\u00e1ll\u00edtotta \u00e9s kiadta a \u201eSekresty\u00e9sek k\u00f6nyv\u00e9t\u201d. Most ebb\u0151l a k\u00f6nyvb\u0151l szeretn\u00e9k k\u00e9t id\u00e9zetet hozni.<\/p>\n<p>Az els\u0151 a bevezet\u0151, amelyet Dr. Sereg\u00e9ly Istv\u00e1n \u00e9rsek \u00far \u00edrt:<\/p>\n<p><em>\u201eA II. Vatik\u00e1ni Zsinat Liturgikus Konstit\u00faci\u00f3ja s\u00fcrgeti, hogy a h\u00edvek a szent cselekm\u00e9nyekben tudatosan, tev\u00e9kenyen \u00e9s gy\u00fcm\u00f6lcs\u00f6z\u0151en vegyenek r\u00e9szt. Mindez csak akkor val\u00f3s\u00edthat\u00f3 meg, ha a liturgikus tev\u00e9kenys\u00e9g el\u0151k\u00e9sz\u00edt\u00e9s\u00e9ben n\u00e9lk\u00fcl\u00f6zhetetlen szerepet bet\u00f6lt\u0151 sekresty\u00e9sek megfelel\u0151 liturgikus ismerettel rendelkeznek. Ez\u00e9rt h\u00e1l\u00e1san k\u00f6sz\u00f6n\u00f6m mindazok k\u00f6zrem\u0171k\u00f6d\u00e9s\u00e9t, akik ennek a k\u00f6nyvnek \u00f6ssze\u00e1ll\u00edt\u00e1s\u00e1val hozz\u00e1j\u00e1rultak istentiszteleteink szebb\u00e9 t\u00e9tel\u00e9hez, \u00e9s egyben olyan seg\u00e9deszk\u00f6zt adnak a sekresty\u00e9sek kez\u00e9be, amely hozz\u00e1seg\u00edti \u0151ket a vatik\u00e1ni zsinat c\u00e9lkit\u0171z\u00e9seinek megval\u00f3s\u00edt\u00e1s\u00e1hoz. K\u00edv\u00e1nom testv\u00e9reimnek, akik Isten h\u00e1z\u00e1nak \u00e9kess\u00e9g\u00e9\u00e9rt, istentiszteleteink \u00e1h\u00edtat\u00e1\u00e9rt f\u00e1radoznak, haszn\u00e1lj\u00e1k ezt a k\u00f6nyvet szolg\u00e1latuk jav\u00e1ra. Eger, 1996. Sarl\u00f3s Boldogasszony \u00fcnnep\u00e9n, Dr. Sereg\u00e9ly Istv\u00e1n, egri \u00e9rsek, az MKPK eln\u00f6ke.\u201d<\/em><\/p>\n<p>A m\u00e1sodik id\u00e9zet a sekresty\u00e9sek munkak\u00f6r\u00e9t \u00e9s feladatait \u00edrja k\u00f6r\u00fcl:<\/p>\n<p><em>\u201eA sekresty\u00e9si munkak\u00f6r a liturgi\u00e1hoz kapcsol\u00f3d\u00f3 fontos Isten- \u00e9s emberszolg\u00e1lat. Bet\u00f6lt\u00e9s\u00e9re olyan vil\u00e1gi f\u00e9rfi vagy n\u0151 alkalmas, aki elhivatotts\u00e1got \u00e9rez a katolikus Egyh\u00e1z szellem\u00e9ben a templom szolg\u00e1lat\u00e1ra, \u00e9s \u00f6r\u00f6m\u00e9t tal\u00e1lja saj\u00e1tos feladatainak teljes\u00edt\u00e9s\u00e9ben. Sz\u00fcks\u00e9ges teh\u00e1t, hogy hivat\u00e1sk\u00e9nt fogja fel szolg\u00e1lat\u00e1t, amely els\u0151sorban a papot seg\u00edti lelkip\u00e1sztori feladatai teljes\u00edt\u00e9s\u00e9ben: el\u0151mozd\u00edtja az istentisztelet m\u00e9lt\u00f3 v\u00e9gz\u00e9s\u00e9t \u00e9s a h\u00edvek bekapcsol\u00f3d\u00e1s\u00e1t. \u00cdgy bizonyos k\u00f6zvet\u00edt\u0151 szerepe van a pap \u00e9s a n\u00e9p k\u00f6z\u00f6tt. A n\u00e9p fel\u00e9 k\u00e9pviseli a lelkip\u00e1sztor sz\u00e1nd\u00e9kait, m\u00e1sr\u00e9szt a pap fel\u00e9 a h\u00edvek jogos ig\u00e9nyeit.<\/em><\/p>\n<p><em>Szolg\u00e1lati helye a templom, ahol \u00e9rt\u00e9kes berendez\u00e9seket, ruh\u00e1kat, perselyeket \u0151riz, kezel, gondoz. \u00c1ltal\u00e1ban szoros kapcsolata van a ministr\u00e1nsokkal. Ha a lelkip\u00e1sztor r\u00e1b\u00edzza \u0151ket, sz\u00edvesen foglalkozzon vel\u00fck. Azon legyen, hogy a ministr\u00e1nsok min\u00e9l tev\u00e9kenyebben vegyenek r\u00e9szt a szentmis\u00e9n \u00e9s egy\u00e9b szertart\u00e1sokon. A sekresty\u00e9ben fegyelmezze \u0151ket, nevelje rendre, de ezt mindig szeretettel tegye. Mivel a templom vall\u00e1si \u00e9let\u00fcnk k\u00f6zpontja, benne a sekresty\u00e9s minden k\u00f6r\u00fclm\u00e9nyek k\u00f6z\u00f6tt jelent\u0151s szerepet t\u00f6lt be.\u201d<\/em><\/p>\n<p>Mi, Baden-W\u00fcrttembergi magyar katolikusok abban a k\u00fcl\u00f6nleges helyzetben vagyunk, hogy f\u0151\u00e1ll\u00e1sban egyetlen egy sekresty\u00e9s\u00fcnk sincs. Van viszont t\u00f6bb \u201en\u00e9met-szolg\u00e1latban\u201d l\u00e9v\u0151nk, \u00e9s m\u00e9g t\u00f6bb \u00f6nk\u00e9ntes\u00fcnk, a mi soraink k\u00f6z\u00fcl.[\/vc_column_text][\/vc_column][\/vc_row]\n<\/div>","protected":false},"excerpt":{"rendered":"<p>[vc_row][vc_column][vc_column_text]\u00a0 Balingen-Frommern: B\u00f6hm Norbert Biberach: Schrepler Judit B\u00f6blingen: Fastanz P\u00e1l Eislingen: Pfeffer Christine Friedrichshafen: Pfeiffer Istv\u00e1n Heidenheim: Barsy-Szab\u00f3 Brigitta Heilbronn-Horkheim: Kengyel K\u00e1roly Ludwigsburg: Karmelitinnen-Kloster Mndkingen: Krutz R\u00f3bert Reutlingen: Wieser Tibor Sch.-Gm\u00fcnd: Czapka Christoph Stuttgart: V\u00e1mos L\u00e1szl\u00f3 Ulm: Hermann Johann &amp; Ang\u00e9la Weingarten: Vill\u00e1nyi \u00c1gnes [\/vc_column_text][\/vc_column][\/vc_row][vc_row][vc_column][vc_column_text]L\u00e1ttuk az Egyh\u00e1ztan\u00e1cs \u00e9s a Leg\u00e1tusok kapcs\u00e1n, hogy ma a vil\u00e1gi h\u00edvek a lelkip\u00e1sztori munk\u00e1ban, az egyh\u00e1zk\u00f6zs\u00e9g vezet\u00e9s\u00e9ben \u00e9s szolg\u00e1lat\u00e1ban, n\u00e9lk\u00fcl\u00f6zhetetlen feladatokat l\u00e1thatnak el. Az \u00e1ltaluk v\u00e9gzett munka nagyban hozz\u00e1j\u00e1rul az egyh\u00e1zk\u00f6zs\u00e9gek harmonikus \u00e9let\u00e9hez \u00e9s a paps\u00e1g munk\u00e1j\u00e1nak eredm\u00e9nyess\u00e9g\u00e9hez. Arr\u00f3l is sz\u00f3t ejtett\u00fcnk, hogy az egyik legfontosabb ter\u00fclet, amelyen a vil\u00e1gi h\u00edveknek is egyre tev\u00e9kenyebb szerep jut: a szentmise. A szentmise \u00fcnnepl\u00e9se ugyanis az eg\u00e9sz kereszt\u00e9ny \u00e9let k\u00f6z\u00e9ppontja. Mivel kereszts\u00e9g\u00fckn\u00e9l fogva a vil\u00e1gi h\u00edvek is arra vannak rendelve, hogy Istent dics\u00e9rj\u00e9k, im\u00e1dkozzanak, \u00e1ldozatot mutassanak be \u00e9s tan\u00fas\u00e1got tegyenek J\u00e9zusr\u00f3l, a szentmis\u00e9n val\u00f3 r\u00e9szv\u00e9tel\u00fck sem t\u00f6rt\u00e9nhet \u00f6lbetett k\u00e9zzel, hanem annak \u201etev\u00e9kenynek\u201d kell lennie. A tev\u00e9keny r\u00e9szv\u00e9telhez tartozik \u2013 t\u00f6bbek k\u00f6z\u00f6tt &#8211; a templom d\u00edsz\u00edt\u00e9se illetve a szentmis\u00e9re val\u00f3 elok\u00e9sz\u00edt\u00e9s is. Nagy hi\u00e1nyt p\u00f3tolt az egri paps\u00e1g, amikor 1996-ban \u00f6ssze\u00e1ll\u00edtotta \u00e9s kiadta a \u201eSekresty\u00e9sek k\u00f6nyv\u00e9t\u201d. Most ebb\u0151l a k\u00f6nyvb\u0151l szeretn\u00e9k k\u00e9t id\u00e9zetet hozni. Az els\u0151 a bevezet\u0151, amelyet Dr. Sereg\u00e9ly Istv\u00e1n \u00e9rsek \u00far \u00edrt: \u201eA II. Vatik\u00e1ni Zsinat Liturgikus Konstit\u00faci\u00f3ja s\u00fcrgeti, hogy a h\u00edvek a szent cselekm\u00e9nyekben tudatosan, tev\u00e9kenyen \u00e9s gy\u00fcm\u00f6lcs\u00f6z\u0151en vegyenek r\u00e9szt. Mindez csak akkor val\u00f3s\u00edthat\u00f3 meg, ha a liturgikus tev\u00e9kenys\u00e9g el\u0151k\u00e9sz\u00edt\u00e9s\u00e9ben n\u00e9lk\u00fcl\u00f6zhetetlen szerepet bet\u00f6lt\u0151 sekresty\u00e9sek megfelel\u0151 liturgikus ismerettel rendelkeznek. Ez\u00e9rt h\u00e1l\u00e1san k\u00f6sz\u00f6n\u00f6m mindazok k\u00f6zrem\u0171k\u00f6d\u00e9s\u00e9t, akik ennek a k\u00f6nyvnek \u00f6ssze\u00e1ll\u00edt\u00e1s\u00e1val hozz\u00e1j\u00e1rultak istentiszteleteink szebb\u00e9 t\u00e9tel\u00e9hez, \u00e9s egyben olyan seg\u00e9deszk\u00f6zt adnak a sekresty\u00e9sek kez\u00e9be, amely hozz\u00e1seg\u00edti \u0151ket a vatik\u00e1ni zsinat c\u00e9lkit\u0171z\u00e9seinek megval\u00f3s\u00edt\u00e1s\u00e1hoz. K\u00edv\u00e1nom testv\u00e9reimnek, akik Isten h\u00e1z\u00e1nak \u00e9kess\u00e9g\u00e9\u00e9rt, istentiszteleteink \u00e1h\u00edtat\u00e1\u00e9rt f\u00e1radoznak, haszn\u00e1lj\u00e1k ezt a k\u00f6nyvet szolg\u00e1latuk jav\u00e1ra. Eger, 1996. Sarl\u00f3s Boldogasszony \u00fcnnep\u00e9n, Dr. Sereg\u00e9ly Istv\u00e1n, egri \u00e9rsek, az MKPK eln\u00f6ke.\u201d A m\u00e1sodik id\u00e9zet a sekresty\u00e9sek munkak\u00f6r\u00e9t \u00e9s feladatait \u00edrja&#8230; <\/p>\n<p><a class=\"readmore\" href=\"https:\/\/stuttgarti-katolikusok.de\/index.php\/sekrestyeseink\/\">R\u00e9szletek<\/a><\/p>\n","protected":false},"author":7,"featured_media":0,"parent":0,"menu_order":0,"comment_status":"closed","ping_status":"closed","template":"","meta":{"footnotes":""},"class_list":["post-8156","page","type-page","status-publish","hentry"],"yoast_head":"<!-- This site is optimized with the Yoast SEO plugin v27.3 - https:\/\/yoast.com\/product\/yoast-seo-wordpress\/ -->\n<title>Sekresty\u00e9seink - Stuttgarti Katolikusok<\/title>\n<meta name=\"robots\" content=\"index, follow, max-snippet:-1, max-image-preview:large, max-video-preview:-1\" \/>\n<link rel=\"canonical\" href=\"https:\/\/stuttgarti-katolikusok.de\/index.php\/sekrestyeseink\/\" \/>\n<meta property=\"og:locale\" content=\"hu_HU\" \/>\n<meta property=\"og:type\" content=\"article\" \/>\n<meta property=\"og:title\" content=\"Sekresty\u00e9seink - Stuttgarti Katolikusok\" \/>\n<meta property=\"og:description\" content=\"[vc_row][vc_column][vc_column_text]\u00a0 Balingen-Frommern: B\u00f6hm Norbert Biberach: Schrepler Judit B\u00f6blingen: Fastanz P\u00e1l Eislingen: Pfeffer Christine Friedrichshafen: Pfeiffer Istv\u00e1n Heidenheim: Barsy-Szab\u00f3 Brigitta Heilbronn-Horkheim: Kengyel K\u00e1roly Ludwigsburg: Karmelitinnen-Kloster Mndkingen: Krutz R\u00f3bert Reutlingen: Wieser Tibor Sch.-Gm\u00fcnd: Czapka Christoph Stuttgart: V\u00e1mos L\u00e1szl\u00f3 Ulm: Hermann Johann &amp; Ang\u00e9la Weingarten: Vill\u00e1nyi \u00c1gnes [\/vc_column_text][\/vc_column][\/vc_row][vc_row][vc_column][vc_column_text]L\u00e1ttuk az Egyh\u00e1ztan\u00e1cs \u00e9s a Leg\u00e1tusok kapcs\u00e1n, hogy ma a vil\u00e1gi h\u00edvek a lelkip\u00e1sztori munk\u00e1ban, az egyh\u00e1zk\u00f6zs\u00e9g vezet\u00e9s\u00e9ben \u00e9s szolg\u00e1lat\u00e1ban, n\u00e9lk\u00fcl\u00f6zhetetlen feladatokat l\u00e1thatnak el. Az \u00e1ltaluk v\u00e9gzett munka nagyban hozz\u00e1j\u00e1rul az egyh\u00e1zk\u00f6zs\u00e9gek harmonikus \u00e9let\u00e9hez \u00e9s a paps\u00e1g munk\u00e1j\u00e1nak eredm\u00e9nyess\u00e9g\u00e9hez. Arr\u00f3l is sz\u00f3t ejtett\u00fcnk, hogy az egyik legfontosabb ter\u00fclet, amelyen a vil\u00e1gi h\u00edveknek is egyre tev\u00e9kenyebb szerep jut: a szentmise. A szentmise \u00fcnnepl\u00e9se ugyanis az eg\u00e9sz kereszt\u00e9ny \u00e9let k\u00f6z\u00e9ppontja. Mivel kereszts\u00e9g\u00fckn\u00e9l fogva a vil\u00e1gi h\u00edvek is arra vannak rendelve, hogy Istent dics\u00e9rj\u00e9k, im\u00e1dkozzanak, \u00e1ldozatot mutassanak be \u00e9s tan\u00fas\u00e1got tegyenek J\u00e9zusr\u00f3l, a szentmis\u00e9n val\u00f3 r\u00e9szv\u00e9tel\u00fck sem t\u00f6rt\u00e9nhet \u00f6lbetett k\u00e9zzel, hanem annak \u201etev\u00e9kenynek\u201d kell lennie. A tev\u00e9keny r\u00e9szv\u00e9telhez tartozik \u2013 t\u00f6bbek k\u00f6z\u00f6tt &#8211; a templom d\u00edsz\u00edt\u00e9se illetve a szentmis\u00e9re val\u00f3 elok\u00e9sz\u00edt\u00e9s is. Nagy hi\u00e1nyt p\u00f3tolt az egri paps\u00e1g, amikor 1996-ban \u00f6ssze\u00e1ll\u00edtotta \u00e9s kiadta a \u201eSekresty\u00e9sek k\u00f6nyv\u00e9t\u201d. Most ebb\u0151l a k\u00f6nyvb\u0151l szeretn\u00e9k k\u00e9t id\u00e9zetet hozni. Az els\u0151 a bevezet\u0151, amelyet Dr. Sereg\u00e9ly Istv\u00e1n \u00e9rsek \u00far \u00edrt: \u201eA II. Vatik\u00e1ni Zsinat Liturgikus Konstit\u00faci\u00f3ja s\u00fcrgeti, hogy a h\u00edvek a szent cselekm\u00e9nyekben tudatosan, tev\u00e9kenyen \u00e9s gy\u00fcm\u00f6lcs\u00f6z\u0151en vegyenek r\u00e9szt. Mindez csak akkor val\u00f3s\u00edthat\u00f3 meg, ha a liturgikus tev\u00e9kenys\u00e9g el\u0151k\u00e9sz\u00edt\u00e9s\u00e9ben n\u00e9lk\u00fcl\u00f6zhetetlen szerepet bet\u00f6lt\u0151 sekresty\u00e9sek megfelel\u0151 liturgikus ismerettel rendelkeznek. Ez\u00e9rt h\u00e1l\u00e1san k\u00f6sz\u00f6n\u00f6m mindazok k\u00f6zrem\u0171k\u00f6d\u00e9s\u00e9t, akik ennek a k\u00f6nyvnek \u00f6ssze\u00e1ll\u00edt\u00e1s\u00e1val hozz\u00e1j\u00e1rultak istentiszteleteink szebb\u00e9 t\u00e9tel\u00e9hez, \u00e9s egyben olyan seg\u00e9deszk\u00f6zt adnak a sekresty\u00e9sek kez\u00e9be, amely hozz\u00e1seg\u00edti \u0151ket a vatik\u00e1ni zsinat c\u00e9lkit\u0171z\u00e9seinek megval\u00f3s\u00edt\u00e1s\u00e1hoz. K\u00edv\u00e1nom testv\u00e9reimnek, akik Isten h\u00e1z\u00e1nak \u00e9kess\u00e9g\u00e9\u00e9rt, istentiszteleteink \u00e1h\u00edtat\u00e1\u00e9rt f\u00e1radoznak, haszn\u00e1lj\u00e1k ezt a k\u00f6nyvet szolg\u00e1latuk jav\u00e1ra. Eger, 1996. Sarl\u00f3s Boldogasszony \u00fcnnep\u00e9n, Dr. Sereg\u00e9ly Istv\u00e1n, egri \u00e9rsek, az MKPK eln\u00f6ke.\u201d A m\u00e1sodik id\u00e9zet a sekresty\u00e9sek munkak\u00f6r\u00e9t \u00e9s feladatait \u00edrja... R\u00e9szletek\" \/>\n<meta property=\"og:url\" content=\"https:\/\/stuttgarti-katolikusok.de\/index.php\/sekrestyeseink\/\" \/>\n<meta property=\"og:site_name\" content=\"Stuttgarti Katolikusok\" \/>\n<meta property=\"article:modified_time\" content=\"2024-12-23T23:14:20+00:00\" \/>\n<meta name=\"twitter:card\" content=\"summary_large_image\" \/>\n<meta name=\"twitter:label1\" content=\"Becs\u00fclt olvas\u00e1si id\u0151\" \/>\n\t<meta name=\"twitter:data1\" content=\"3 perc\" \/>\n<script type=\"application\/ld+json\" class=\"yoast-schema-graph\">{\"@context\":\"https:\\\/\\\/schema.org\",\"@graph\":[{\"@type\":\"WebPage\",\"@id\":\"https:\\\/\\\/stuttgarti-katolikusok.de\\\/index.php\\\/sekrestyeseink\\\/\",\"url\":\"https:\\\/\\\/stuttgarti-katolikusok.de\\\/index.php\\\/sekrestyeseink\\\/\",\"name\":\"Sekresty\u00e9seink - Stuttgarti Katolikusok\",\"isPartOf\":{\"@id\":\"https:\\\/\\\/stuttgarti-katolikusok.de\\\/#website\"},\"datePublished\":\"2015-12-10T21:17:50+00:00\",\"dateModified\":\"2024-12-23T23:14:20+00:00\",\"breadcrumb\":{\"@id\":\"https:\\\/\\\/stuttgarti-katolikusok.de\\\/index.php\\\/sekrestyeseink\\\/#breadcrumb\"},\"inLanguage\":\"hu\",\"potentialAction\":[{\"@type\":\"ReadAction\",\"target\":[\"https:\\\/\\\/stuttgarti-katolikusok.de\\\/index.php\\\/sekrestyeseink\\\/\"]}]},{\"@type\":\"BreadcrumbList\",\"@id\":\"https:\\\/\\\/stuttgarti-katolikusok.de\\\/index.php\\\/sekrestyeseink\\\/#breadcrumb\",\"itemListElement\":[{\"@type\":\"ListItem\",\"position\":1,\"name\":\"Kezd\u0151lap\",\"item\":\"https:\\\/\\\/stuttgarti-katolikusok.de\\\/\"},{\"@type\":\"ListItem\",\"position\":2,\"name\":\"Sekresty\u00e9seink\"}]},{\"@type\":\"WebSite\",\"@id\":\"https:\\\/\\\/stuttgarti-katolikusok.de\\\/#website\",\"url\":\"https:\\\/\\\/stuttgarti-katolikusok.de\\\/\",\"name\":\"Stuttgarti Katolikusok\",\"description\":\"\",\"potentialAction\":[{\"@type\":\"SearchAction\",\"target\":{\"@type\":\"EntryPoint\",\"urlTemplate\":\"https:\\\/\\\/stuttgarti-katolikusok.de\\\/?s={search_term_string}\"},\"query-input\":{\"@type\":\"PropertyValueSpecification\",\"valueRequired\":true,\"valueName\":\"search_term_string\"}}],\"inLanguage\":\"hu\"}]}<\/script>\n<!-- \/ Yoast SEO plugin. -->","yoast_head_json":{"title":"Sekresty\u00e9seink - Stuttgarti Katolikusok","robots":{"index":"index","follow":"follow","max-snippet":"max-snippet:-1","max-image-preview":"max-image-preview:large","max-video-preview":"max-video-preview:-1"},"canonical":"https:\/\/stuttgarti-katolikusok.de\/index.php\/sekrestyeseink\/","og_locale":"hu_HU","og_type":"article","og_title":"Sekresty\u00e9seink - Stuttgarti Katolikusok","og_description":"[vc_row][vc_column][vc_column_text]\u00a0 Balingen-Frommern: B\u00f6hm Norbert Biberach: Schrepler Judit B\u00f6blingen: Fastanz P\u00e1l Eislingen: Pfeffer Christine Friedrichshafen: Pfeiffer Istv\u00e1n Heidenheim: Barsy-Szab\u00f3 Brigitta Heilbronn-Horkheim: Kengyel K\u00e1roly Ludwigsburg: Karmelitinnen-Kloster Mndkingen: Krutz R\u00f3bert Reutlingen: Wieser Tibor Sch.-Gm\u00fcnd: Czapka Christoph Stuttgart: V\u00e1mos L\u00e1szl\u00f3 Ulm: Hermann Johann &amp; Ang\u00e9la Weingarten: Vill\u00e1nyi \u00c1gnes [\/vc_column_text][\/vc_column][\/vc_row][vc_row][vc_column][vc_column_text]L\u00e1ttuk az Egyh\u00e1ztan\u00e1cs \u00e9s a Leg\u00e1tusok kapcs\u00e1n, hogy ma a vil\u00e1gi h\u00edvek a lelkip\u00e1sztori munk\u00e1ban, az egyh\u00e1zk\u00f6zs\u00e9g vezet\u00e9s\u00e9ben \u00e9s szolg\u00e1lat\u00e1ban, n\u00e9lk\u00fcl\u00f6zhetetlen feladatokat l\u00e1thatnak el. Az \u00e1ltaluk v\u00e9gzett munka nagyban hozz\u00e1j\u00e1rul az egyh\u00e1zk\u00f6zs\u00e9gek harmonikus \u00e9let\u00e9hez \u00e9s a paps\u00e1g munk\u00e1j\u00e1nak eredm\u00e9nyess\u00e9g\u00e9hez. Arr\u00f3l is sz\u00f3t ejtett\u00fcnk, hogy az egyik legfontosabb ter\u00fclet, amelyen a vil\u00e1gi h\u00edveknek is egyre tev\u00e9kenyebb szerep jut: a szentmise. A szentmise \u00fcnnepl\u00e9se ugyanis az eg\u00e9sz kereszt\u00e9ny \u00e9let k\u00f6z\u00e9ppontja. Mivel kereszts\u00e9g\u00fckn\u00e9l fogva a vil\u00e1gi h\u00edvek is arra vannak rendelve, hogy Istent dics\u00e9rj\u00e9k, im\u00e1dkozzanak, \u00e1ldozatot mutassanak be \u00e9s tan\u00fas\u00e1got tegyenek J\u00e9zusr\u00f3l, a szentmis\u00e9n val\u00f3 r\u00e9szv\u00e9tel\u00fck sem t\u00f6rt\u00e9nhet \u00f6lbetett k\u00e9zzel, hanem annak \u201etev\u00e9kenynek\u201d kell lennie. A tev\u00e9keny r\u00e9szv\u00e9telhez tartozik \u2013 t\u00f6bbek k\u00f6z\u00f6tt &#8211; a templom d\u00edsz\u00edt\u00e9se illetve a szentmis\u00e9re val\u00f3 elok\u00e9sz\u00edt\u00e9s is. Nagy hi\u00e1nyt p\u00f3tolt az egri paps\u00e1g, amikor 1996-ban \u00f6ssze\u00e1ll\u00edtotta \u00e9s kiadta a \u201eSekresty\u00e9sek k\u00f6nyv\u00e9t\u201d. Most ebb\u0151l a k\u00f6nyvb\u0151l szeretn\u00e9k k\u00e9t id\u00e9zetet hozni. Az els\u0151 a bevezet\u0151, amelyet Dr. Sereg\u00e9ly Istv\u00e1n \u00e9rsek \u00far \u00edrt: \u201eA II. Vatik\u00e1ni Zsinat Liturgikus Konstit\u00faci\u00f3ja s\u00fcrgeti, hogy a h\u00edvek a szent cselekm\u00e9nyekben tudatosan, tev\u00e9kenyen \u00e9s gy\u00fcm\u00f6lcs\u00f6z\u0151en vegyenek r\u00e9szt. Mindez csak akkor val\u00f3s\u00edthat\u00f3 meg, ha a liturgikus tev\u00e9kenys\u00e9g el\u0151k\u00e9sz\u00edt\u00e9s\u00e9ben n\u00e9lk\u00fcl\u00f6zhetetlen szerepet bet\u00f6lt\u0151 sekresty\u00e9sek megfelel\u0151 liturgikus ismerettel rendelkeznek. Ez\u00e9rt h\u00e1l\u00e1san k\u00f6sz\u00f6n\u00f6m mindazok k\u00f6zrem\u0171k\u00f6d\u00e9s\u00e9t, akik ennek a k\u00f6nyvnek \u00f6ssze\u00e1ll\u00edt\u00e1s\u00e1val hozz\u00e1j\u00e1rultak istentiszteleteink szebb\u00e9 t\u00e9tel\u00e9hez, \u00e9s egyben olyan seg\u00e9deszk\u00f6zt adnak a sekresty\u00e9sek kez\u00e9be, amely hozz\u00e1seg\u00edti \u0151ket a vatik\u00e1ni zsinat c\u00e9lkit\u0171z\u00e9seinek megval\u00f3s\u00edt\u00e1s\u00e1hoz. K\u00edv\u00e1nom testv\u00e9reimnek, akik Isten h\u00e1z\u00e1nak \u00e9kess\u00e9g\u00e9\u00e9rt, istentiszteleteink \u00e1h\u00edtat\u00e1\u00e9rt f\u00e1radoznak, haszn\u00e1lj\u00e1k ezt a k\u00f6nyvet szolg\u00e1latuk jav\u00e1ra. Eger, 1996. Sarl\u00f3s Boldogasszony \u00fcnnep\u00e9n, Dr. Sereg\u00e9ly Istv\u00e1n, egri \u00e9rsek, az MKPK eln\u00f6ke.\u201d A m\u00e1sodik id\u00e9zet a sekresty\u00e9sek munkak\u00f6r\u00e9t \u00e9s feladatait \u00edrja... R\u00e9szletek","og_url":"https:\/\/stuttgarti-katolikusok.de\/index.php\/sekrestyeseink\/","og_site_name":"Stuttgarti Katolikusok","article_modified_time":"2024-12-23T23:14:20+00:00","twitter_card":"summary_large_image","twitter_misc":{"Becs\u00fclt olvas\u00e1si id\u0151":"3 perc"},"schema":{"@context":"https:\/\/schema.org","@graph":[{"@type":"WebPage","@id":"https:\/\/stuttgarti-katolikusok.de\/index.php\/sekrestyeseink\/","url":"https:\/\/stuttgarti-katolikusok.de\/index.php\/sekrestyeseink\/","name":"Sekresty\u00e9seink - Stuttgarti Katolikusok","isPartOf":{"@id":"https:\/\/stuttgarti-katolikusok.de\/#website"},"datePublished":"2015-12-10T21:17:50+00:00","dateModified":"2024-12-23T23:14:20+00:00","breadcrumb":{"@id":"https:\/\/stuttgarti-katolikusok.de\/index.php\/sekrestyeseink\/#breadcrumb"},"inLanguage":"hu","potentialAction":[{"@type":"ReadAction","target":["https:\/\/stuttgarti-katolikusok.de\/index.php\/sekrestyeseink\/"]}]},{"@type":"BreadcrumbList","@id":"https:\/\/stuttgarti-katolikusok.de\/index.php\/sekrestyeseink\/#breadcrumb","itemListElement":[{"@type":"ListItem","position":1,"name":"Kezd\u0151lap","item":"https:\/\/stuttgarti-katolikusok.de\/"},{"@type":"ListItem","position":2,"name":"Sekresty\u00e9seink"}]},{"@type":"WebSite","@id":"https:\/\/stuttgarti-katolikusok.de\/#website","url":"https:\/\/stuttgarti-katolikusok.de\/","name":"Stuttgarti Katolikusok","description":"","potentialAction":[{"@type":"SearchAction","target":{"@type":"EntryPoint","urlTemplate":"https:\/\/stuttgarti-katolikusok.de\/?s={search_term_string}"},"query-input":{"@type":"PropertyValueSpecification","valueRequired":true,"valueName":"search_term_string"}}],"inLanguage":"hu"}]}},"_links":{"self":[{"href":"https:\/\/stuttgarti-katolikusok.de\/index.php\/wp-json\/wp\/v2\/pages\/8156","targetHints":{"allow":["GET"]}}],"collection":[{"href":"https:\/\/stuttgarti-katolikusok.de\/index.php\/wp-json\/wp\/v2\/pages"}],"about":[{"href":"https:\/\/stuttgarti-katolikusok.de\/index.php\/wp-json\/wp\/v2\/types\/page"}],"author":[{"embeddable":true,"href":"https:\/\/stuttgarti-katolikusok.de\/index.php\/wp-json\/wp\/v2\/users\/7"}],"replies":[{"embeddable":true,"href":"https:\/\/stuttgarti-katolikusok.de\/index.php\/wp-json\/wp\/v2\/comments?post=8156"}],"version-history":[{"count":4,"href":"https:\/\/stuttgarti-katolikusok.de\/index.php\/wp-json\/wp\/v2\/pages\/8156\/revisions"}],"predecessor-version":[{"id":30020,"href":"https:\/\/stuttgarti-katolikusok.de\/index.php\/wp-json\/wp\/v2\/pages\/8156\/revisions\/30020"}],"wp:attachment":[{"href":"https:\/\/stuttgarti-katolikusok.de\/index.php\/wp-json\/wp\/v2\/media?parent=8156"}],"curies":[{"name":"wp","href":"https:\/\/api.w.org\/{rel}","templated":true}]}}