{"id":8146,"date":"2015-12-10T21:03:48","date_gmt":"2015-12-10T21:03:48","guid":{"rendered":"https:\/\/gracious-dewdney.138-201-221-2.plesk.page\/?page_id=8146"},"modified":"2015-12-10T21:03:48","modified_gmt":"2015-12-10T21:03:48","slug":"imakor","status":"publish","type":"page","link":"https:\/\/stuttgarti-katolikusok.de\/index.php\/imakor\/","title":{"rendered":"Imak\u00f6r"},"content":{"rendered":"<div class=\"wpb-content-wrapper\">[vc_row][vc_column width=&#8221;3\/4&#8243;][vc_column_text]<em>+! Kedves Tagok!<\/em><\/p>\n<p><em>J\u00faniusban az Imaapostols\u00e1g sz\u00e1nd\u00e9kai a k\u00f6vetkez\u0151k:<\/em><\/p>\n<p><strong>\u00c1ltal\u00e1nos sz\u00e1nd\u00e9k: <\/strong>Hogy a munkan\u00e9lk\u00fcliek kapjanak t\u00e1mogat\u00e1st \u00e9s tal\u00e1ljanak munk\u00e1t ahhoz, hogy emberhez m\u00e9lt\u00f3an tudjanak \u00e9lni.<\/p>\n<p><strong>Misszi\u00f3s sz\u00e1nd\u00e9k:<\/strong> Hogy Eur\u00f3pa \u00fajra felfedezze kereszt\u00e9ny gy\u00f6kereit a h\u00edv\u0151k tan\u00fas\u00e1gt\u00e9tele \u00e1ltal.<\/p>\n<p><em>Ez\u00e9rt im\u00e1dkozzatok otthon, ha lehet, naponta, egy-egy tized r\u00f3zsaf\u00fcz\u00e9rt a k\u00f6vetkez\u0151 titkokkal:<\/em><\/p>\n<p><em>(1) aki a Jord\u00e1nban viz\u00e9ben megkeresztelkedett;<br \/>\n(2) aki a k\u00e1nai menyegz\u0151n kinyilv\u00e1n\u00edtotta isteni erej\u00e9t;<br \/>\n(3) aki meghirdette Isten orsz\u00e1g\u00e1t;<br \/>\n(4) aki a T\u00e1bor hegy\u00e9n megmutatta isteni dics\u0151s\u00e9g\u00e9t;<br \/>\n(5) aki az Eukariszti\u00e1ban nek\u00fcnk adta \u00f6nmag\u00e1t.<\/em><\/p>\n<p><em>Ez a gyakorlatban \u00edgy n\u00e9z ki:<\/em><\/p>\n<p><em>Nagyszemre: Hiszekegy, Miaty\u00e1nk, Dics\u0151s\u00e9g&#8230;<\/em><\/p>\n<p><em>Kisszemekre: \u00dcdv\u00f6zl\u00e9gy M\u00e1ria&#8230; gy\u00fcm\u00f6lcse J\u00e9zus, Akit Keresztel\u0151 J\u00e1nos&#8230;<\/em><\/p>\n<p><em>Im\u00e1ds\u00e1gban mindannyi\u00f3tokkal szorosan \u00f6sszekapcsol\u00f3dva<\/em><\/p>\n<p><em>Imre atya<\/em><\/p>\n<p><em>\u00a0<\/em><\/p>\n<p><em>Stuttgart, 2014-06-02.<\/em><\/p>\n<p>&nbsp;<\/p>\n<p><strong><br \/>\nKedves Tagok!<\/strong><\/p>\n<p>A k\u00f6vetkez\u0151 t\u00f6rt\u00e9netet m\u00e1r sz\u00e1mtalan alkalommal elmondtam, mert nagyon sz\u00edven \u00fct\u00f6tt. Legut\u00f3bb akkor tettem sz\u00f3v\u00e1, amikor M\u00e1riagy\u0171d\u00f6n lelkigyakorlatot tartottam a p\u00e9csi egyh\u00e1zmegye papjainak.<\/p>\n<p>Egy falu mellett \u00e9lt egy remete, aki minden idej\u00e9t im\u00e1ds\u00e1ggal t\u00f6lt\u00f6tte. Mivel nem dolgozott, a falu lak\u00f3i hordt\u00e1k neki minden nap az \u00e9telt. A fiatalok egy id\u0151 ut\u00e1n z\u00fagol\u00f3dni kezdtek: \u201dM\u00e9rt kell egy naplop\u00f3t eltartani? Dolgozzon \u00e9s \u00fagy keresse meg betev\u0151 falatj\u00e1t!\u201d Egy napon meghalt a remete. Hal\u00e1la ut\u00e1n r\u00f6viddel egy sz\u00f6rny\u0171 gyilkoss\u00e1g t\u00f6rt\u00e9nt a faluban. Mikor a fiatalok a b\u0171ntett ok\u00e1t kutatt\u00e1k, az id\u0151sek azt mondt\u00e1k nekik: \u201cAm\u00edg \u00e9lt a remete, im\u00e1ja vigy\u00e1zott r\u00e1nk. Most, hogy meghalt, nincs ki im\u00e1dkozzon \u00e9rt\u00fcnk&#8230;\u201d<\/p>\n<p>Georges Bernanos francia katolikus \u00edr\u00f3 mondta egy alkalommal: \u201cMinden csak im\u00e1ds\u00e1g.\u201d \u00c9s igaza volt. H\u00e1nyszor haladja meg emberi er\u0151nket az \u00e9let? Ilyenkor im\u00e1dkoznunk kellene. H\u00e1nyszor l\u00e1togat meg benn\u00fcnket betegs\u00e9g, szerencs\u00e9tlens\u00e9g, hal\u00e1leset? Ilyenkor er\u0151t \u00e9s vigasztal\u00e1st csak az im\u00e1ds\u00e1gban tal\u00e1lhatunk. H\u00e1nyszor \u00e1llunk h\u00e1zast\u00e1rsunk, gyermekeink, rokonaink, bar\u00e1taink, ismer\u0151seink \u00f6sszet\u00f6rt \u00e9lete el\u0151tt. Ilyenkor leghat\u00e9konyabb seg\u00edts\u00e9g\u00fcnk sz\u00e1mukra az im\u00e1ds\u00e1g.<\/p>\n<p>Az ima: kapcsolat Istennel, besz\u00e9lget\u00e9s Vele magunkr\u00f3l, szeretteinkr\u0151l \u00e9s a vil\u00e1gr\u00f3l. Az ima: megnyugv\u00e1s Istenben. Az ima v\u00e9gess\u00e9g\u00fcnk \u00e9s teremtetts\u00e9g\u00fcnk elismer\u00e9se, de ugyanakkor abban val\u00f3 hit\u00fcnk kifejez\u00e9se is, hogy ebben a vil\u00e1gban nem vagyunk egyed\u00fcl, mert \u0150 a mi oldalunkon van. Az ima \u00e9g fel\u00e9 val\u00f3 ki\u00e1lt\u00e1s, amelyre mindig v\u00e1lasz \u00e9rkezik. Az ima az ember hit\u00e9nek a legm\u00e9lyebb \u00e9s legszebb gy\u00fcm\u00f6lcse.<\/p>\n<p>Ez\u00e9rt is im\u00e1dkoztat annyit az Egyh\u00e1z. Ez\u00e9rt van annyi T\u00e1rsulat, Kongreg\u00e1ci\u00f3, Egyes\u00fclet. Ez\u00e9rt im\u00e1dkoznak minden egyh\u00e1zk\u00f6zs\u00e9gben k\u00f6z\u00f6sen is a h\u00edvek.<\/p>\n<p>A mi Egyh\u00e1zk\u00f6zs\u00e9g\u00fcnk sz\u00e9tsz\u00f3rt egyh\u00e1zk\u00f6zs\u00e9g. Tagjai messzir\u0151l j\u00f6nnek \u00f6ssze. Gyakran nincs idej\u00fck se a szentmise el\u0151tt, se a szentmise ut\u00e1n arra, hogy k\u00fcl\u00f6n im\u00e1ra \u00f6sszegy\u0171ljenek.<\/p>\n<p>Ez\u00e9rt arra gondoltam, hogy megalak\u00edtom az IMAK\u00d6Rt. Mindenki tagja lehet, aki:<\/p>\n<ol>\n<li>Bejelenti az Egyh\u00e1zk\u00f6zs\u00e9g Irod\u00e1j\u00e1ban vagy ezen a honlapon ebbeli sz\u00e1nd\u00e9k\u00e1t.<br \/>\n2. Havonta a megadott im\u00e1kat vagy egy r\u00f3zsaf\u0171z\u00e9r-titkot elmond.<br \/>\n3. \u00c9s arra a sz\u00e1nd\u00e9kra im\u00e1dkozik, amelyet megadok\/megadunk innen, a K\u00f6zpontb\u00f3l.<\/li>\n<\/ol>\n<p>Az Imak\u00f6rh\u00f6z b\u00e1rki, b\u00e1rmikor csatlakozhat. L\u00e9nyeges viszont, hogy tudjunk egym\u00e1sr\u00f3l, \u00e9s hogy im\u00e1inkat egy sz\u00e1nd\u00e9k k\u00f6r\u00e9 fonjuk.<\/p>\n<p>Az ima olyan, mondta egyik \u2013 m\u00e1r elhunyt &#8211; Paptestv\u00e9rem, mint a felh\u0151. A benne \u00f6sszegy\u0171lt es\u0151cseppeket Isten arra hajtja a sz\u00e9llel, ahol azokra a legnagyobb sz\u00fcks\u00e9g van. A magam okoskod\u00e1s\u00e1b\u00f3l pedig arra j\u00f6ttem r\u00e1, hogy az im\u00e1ds\u00e1g olyan, mint egy mennyorsz\u00e1gban nyitott bankkont\u00f3. Isten \u00f6sszegy\u0171jti a megtakar\u00edtott kis ima-p\u00e9nz\u00fcnket, \u00e9s majd akkor \u00e9s arra k\u00f6lti, amikor \u00e9s amire legnagyobb sz\u00fcks\u00e9g\u00fcnk van&#8230;<\/p>\n<p>Befejez\u00e9s\u00fcl \u00f6rvendek minden im\u00e1dkoz\u00f3 h\u00edv\u00fcnknek. Azoknak pedig, akik t\u00f6bbet szeretn\u00e9nek im\u00e1dkozni \u2013 m\u00e1sok\u00e9rt \u2013 v\u00e1rom a jelentkez\u00e9s\u00e9t.<\/p>\n<p>Im\u00e1ds\u00e1gos megeml\u00e9kez\u00e9ssel<\/p>\n<p>Imre atya<br \/>\n<u><a href=\"mailto:mission@gracious-dewdney.138-201-221-2.plesk.page\">mission@gracious-dewdney.138-201-221-2.plesk.page<\/a><\/u><\/p>\n<p>Stuttgart, 2007-09-04[\/vc_column_text][\/vc_column][vc_column width=&#8221;1\/4&#8243;]<div class=\"alert alert-info\">Ideje: Minden h\u00f3nap els\u0151 p\u00e9ntekje, este 19.00 \u00f3ra.<br \/>\nHelye: A Bruder-Klaus-temploma.<br \/>\nVezet\u0151: Sebescen Eszter<\/div>[\/vc_column][\/vc_row]\n<\/div>","protected":false},"excerpt":{"rendered":"<p>[vc_row][vc_column width=&#8221;3\/4&#8243;][vc_column_text]+! Kedves Tagok! J\u00faniusban az Imaapostols\u00e1g sz\u00e1nd\u00e9kai a k\u00f6vetkez\u0151k: \u00c1ltal\u00e1nos sz\u00e1nd\u00e9k: Hogy a munkan\u00e9lk\u00fcliek kapjanak t\u00e1mogat\u00e1st \u00e9s tal\u00e1ljanak munk\u00e1t ahhoz, hogy emberhez m\u00e9lt\u00f3an tudjanak \u00e9lni. Misszi\u00f3s sz\u00e1nd\u00e9k: Hogy Eur\u00f3pa \u00fajra felfedezze kereszt\u00e9ny gy\u00f6kereit a h\u00edv\u0151k tan\u00fas\u00e1gt\u00e9tele \u00e1ltal. Ez\u00e9rt im\u00e1dkozzatok otthon, ha lehet, naponta, egy-egy tized r\u00f3zsaf\u00fcz\u00e9rt a k\u00f6vetkez\u0151 titkokkal: (1) aki a Jord\u00e1nban viz\u00e9ben megkeresztelkedett; (2) aki a k\u00e1nai menyegz\u0151n kinyilv\u00e1n\u00edtotta isteni erej\u00e9t; (3) aki meghirdette Isten orsz\u00e1g\u00e1t; (4) aki a T\u00e1bor hegy\u00e9n megmutatta isteni dics\u0151s\u00e9g\u00e9t; (5) aki az Eukariszti\u00e1ban nek\u00fcnk adta \u00f6nmag\u00e1t. Ez a gyakorlatban \u00edgy n\u00e9z ki: Nagyszemre: Hiszekegy, Miaty\u00e1nk, Dics\u0151s\u00e9g&#8230; Kisszemekre: \u00dcdv\u00f6zl\u00e9gy M\u00e1ria&#8230; gy\u00fcm\u00f6lcse J\u00e9zus, Akit Keresztel\u0151 J\u00e1nos&#8230; Im\u00e1ds\u00e1gban mindannyi\u00f3tokkal szorosan \u00f6sszekapcsol\u00f3dva Imre atya \u00a0 Stuttgart, 2014-06-02. &nbsp; Kedves Tagok! A k\u00f6vetkez\u0151 t\u00f6rt\u00e9netet m\u00e1r sz\u00e1mtalan alkalommal elmondtam, mert nagyon sz\u00edven \u00fct\u00f6tt. Legut\u00f3bb akkor tettem sz\u00f3v\u00e1, amikor M\u00e1riagy\u0171d\u00f6n lelkigyakorlatot tartottam a p\u00e9csi egyh\u00e1zmegye papjainak. Egy falu mellett \u00e9lt egy remete, aki minden idej\u00e9t im\u00e1ds\u00e1ggal t\u00f6lt\u00f6tte. Mivel nem dolgozott, a falu lak\u00f3i hordt\u00e1k neki minden nap az \u00e9telt. A fiatalok egy id\u0151 ut\u00e1n z\u00fagol\u00f3dni kezdtek: \u201dM\u00e9rt kell egy naplop\u00f3t eltartani? Dolgozzon \u00e9s \u00fagy keresse meg betev\u0151 falatj\u00e1t!\u201d Egy napon meghalt a remete. Hal\u00e1la ut\u00e1n r\u00f6viddel egy sz\u00f6rny\u0171 gyilkoss\u00e1g t\u00f6rt\u00e9nt a faluban. Mikor a fiatalok a b\u0171ntett ok\u00e1t kutatt\u00e1k, az id\u0151sek azt mondt\u00e1k nekik: \u201cAm\u00edg \u00e9lt a remete, im\u00e1ja vigy\u00e1zott r\u00e1nk. Most, hogy meghalt, nincs ki im\u00e1dkozzon \u00e9rt\u00fcnk&#8230;\u201d Georges Bernanos francia katolikus \u00edr\u00f3 mondta egy alkalommal: \u201cMinden csak im\u00e1ds\u00e1g.\u201d \u00c9s igaza volt. H\u00e1nyszor haladja meg emberi er\u0151nket az \u00e9let? Ilyenkor im\u00e1dkoznunk kellene. H\u00e1nyszor l\u00e1togat meg benn\u00fcnket betegs\u00e9g, szerencs\u00e9tlens\u00e9g, hal\u00e1leset? Ilyenkor er\u0151t \u00e9s vigasztal\u00e1st csak az im\u00e1ds\u00e1gban tal\u00e1lhatunk. H\u00e1nyszor \u00e1llunk h\u00e1zast\u00e1rsunk, gyermekeink, rokonaink, bar\u00e1taink, ismer\u0151seink \u00f6sszet\u00f6rt \u00e9lete el\u0151tt. Ilyenkor leghat\u00e9konyabb seg\u00edts\u00e9g\u00fcnk sz\u00e1mukra az im\u00e1ds\u00e1g. Az ima: kapcsolat Istennel, besz\u00e9lget\u00e9s Vele magunkr\u00f3l, szeretteinkr\u0151l \u00e9s a vil\u00e1gr\u00f3l. Az ima: megnyugv\u00e1s Istenben. Az ima v\u00e9gess\u00e9g\u00fcnk \u00e9s teremtetts\u00e9g\u00fcnk elismer\u00e9se, de ugyanakkor abban val\u00f3 hit\u00fcnk&#8230; <\/p>\n<p><a class=\"readmore\" href=\"https:\/\/stuttgarti-katolikusok.de\/index.php\/imakor\/\">R\u00e9szletek<\/a><\/p>\n","protected":false},"author":7,"featured_media":0,"parent":0,"menu_order":0,"comment_status":"closed","ping_status":"closed","template":"","meta":{"footnotes":""},"class_list":["post-8146","page","type-page","status-publish","hentry"],"yoast_head":"<!-- This site is optimized with the Yoast SEO plugin v27.3 - https:\/\/yoast.com\/product\/yoast-seo-wordpress\/ -->\n<title>Imak\u00f6r - Stuttgarti Katolikusok<\/title>\n<meta name=\"robots\" content=\"index, follow, max-snippet:-1, max-image-preview:large, max-video-preview:-1\" \/>\n<link rel=\"canonical\" href=\"https:\/\/stuttgarti-katolikusok.de\/index.php\/imakor\/\" \/>\n<meta property=\"og:locale\" content=\"hu_HU\" \/>\n<meta property=\"og:type\" content=\"article\" \/>\n<meta property=\"og:title\" content=\"Imak\u00f6r - Stuttgarti Katolikusok\" \/>\n<meta property=\"og:description\" content=\"[vc_row][vc_column width=&#8221;3\/4&#8243;][vc_column_text]+! Kedves Tagok! J\u00faniusban az Imaapostols\u00e1g sz\u00e1nd\u00e9kai a k\u00f6vetkez\u0151k: \u00c1ltal\u00e1nos sz\u00e1nd\u00e9k: Hogy a munkan\u00e9lk\u00fcliek kapjanak t\u00e1mogat\u00e1st \u00e9s tal\u00e1ljanak munk\u00e1t ahhoz, hogy emberhez m\u00e9lt\u00f3an tudjanak \u00e9lni. Misszi\u00f3s sz\u00e1nd\u00e9k: Hogy Eur\u00f3pa \u00fajra felfedezze kereszt\u00e9ny gy\u00f6kereit a h\u00edv\u0151k tan\u00fas\u00e1gt\u00e9tele \u00e1ltal. Ez\u00e9rt im\u00e1dkozzatok otthon, ha lehet, naponta, egy-egy tized r\u00f3zsaf\u00fcz\u00e9rt a k\u00f6vetkez\u0151 titkokkal: (1) aki a Jord\u00e1nban viz\u00e9ben megkeresztelkedett; (2) aki a k\u00e1nai menyegz\u0151n kinyilv\u00e1n\u00edtotta isteni erej\u00e9t; (3) aki meghirdette Isten orsz\u00e1g\u00e1t; (4) aki a T\u00e1bor hegy\u00e9n megmutatta isteni dics\u0151s\u00e9g\u00e9t; (5) aki az Eukariszti\u00e1ban nek\u00fcnk adta \u00f6nmag\u00e1t. Ez a gyakorlatban \u00edgy n\u00e9z ki: Nagyszemre: Hiszekegy, Miaty\u00e1nk, Dics\u0151s\u00e9g&#8230; Kisszemekre: \u00dcdv\u00f6zl\u00e9gy M\u00e1ria&#8230; gy\u00fcm\u00f6lcse J\u00e9zus, Akit Keresztel\u0151 J\u00e1nos&#8230; Im\u00e1ds\u00e1gban mindannyi\u00f3tokkal szorosan \u00f6sszekapcsol\u00f3dva Imre atya \u00a0 Stuttgart, 2014-06-02. &nbsp; Kedves Tagok! A k\u00f6vetkez\u0151 t\u00f6rt\u00e9netet m\u00e1r sz\u00e1mtalan alkalommal elmondtam, mert nagyon sz\u00edven \u00fct\u00f6tt. Legut\u00f3bb akkor tettem sz\u00f3v\u00e1, amikor M\u00e1riagy\u0171d\u00f6n lelkigyakorlatot tartottam a p\u00e9csi egyh\u00e1zmegye papjainak. Egy falu mellett \u00e9lt egy remete, aki minden idej\u00e9t im\u00e1ds\u00e1ggal t\u00f6lt\u00f6tte. Mivel nem dolgozott, a falu lak\u00f3i hordt\u00e1k neki minden nap az \u00e9telt. A fiatalok egy id\u0151 ut\u00e1n z\u00fagol\u00f3dni kezdtek: \u201dM\u00e9rt kell egy naplop\u00f3t eltartani? Dolgozzon \u00e9s \u00fagy keresse meg betev\u0151 falatj\u00e1t!\u201d Egy napon meghalt a remete. Hal\u00e1la ut\u00e1n r\u00f6viddel egy sz\u00f6rny\u0171 gyilkoss\u00e1g t\u00f6rt\u00e9nt a faluban. Mikor a fiatalok a b\u0171ntett ok\u00e1t kutatt\u00e1k, az id\u0151sek azt mondt\u00e1k nekik: \u201cAm\u00edg \u00e9lt a remete, im\u00e1ja vigy\u00e1zott r\u00e1nk. Most, hogy meghalt, nincs ki im\u00e1dkozzon \u00e9rt\u00fcnk&#8230;\u201d Georges Bernanos francia katolikus \u00edr\u00f3 mondta egy alkalommal: \u201cMinden csak im\u00e1ds\u00e1g.\u201d \u00c9s igaza volt. H\u00e1nyszor haladja meg emberi er\u0151nket az \u00e9let? Ilyenkor im\u00e1dkoznunk kellene. H\u00e1nyszor l\u00e1togat meg benn\u00fcnket betegs\u00e9g, szerencs\u00e9tlens\u00e9g, hal\u00e1leset? Ilyenkor er\u0151t \u00e9s vigasztal\u00e1st csak az im\u00e1ds\u00e1gban tal\u00e1lhatunk. H\u00e1nyszor \u00e1llunk h\u00e1zast\u00e1rsunk, gyermekeink, rokonaink, bar\u00e1taink, ismer\u0151seink \u00f6sszet\u00f6rt \u00e9lete el\u0151tt. Ilyenkor leghat\u00e9konyabb seg\u00edts\u00e9g\u00fcnk sz\u00e1mukra az im\u00e1ds\u00e1g. Az ima: kapcsolat Istennel, besz\u00e9lget\u00e9s Vele magunkr\u00f3l, szeretteinkr\u0151l \u00e9s a vil\u00e1gr\u00f3l. Az ima: megnyugv\u00e1s Istenben. Az ima v\u00e9gess\u00e9g\u00fcnk \u00e9s teremtetts\u00e9g\u00fcnk elismer\u00e9se, de ugyanakkor abban val\u00f3 hit\u00fcnk... R\u00e9szletek\" \/>\n<meta property=\"og:url\" content=\"https:\/\/stuttgarti-katolikusok.de\/index.php\/imakor\/\" \/>\n<meta property=\"og:site_name\" content=\"Stuttgarti Katolikusok\" \/>\n<meta name=\"twitter:card\" content=\"summary_large_image\" \/>\n<meta name=\"twitter:label1\" content=\"Becs\u00fclt olvas\u00e1si id\u0151\" \/>\n\t<meta name=\"twitter:data1\" content=\"4 perc\" \/>\n<script type=\"application\/ld+json\" class=\"yoast-schema-graph\">{\"@context\":\"https:\\\/\\\/schema.org\",\"@graph\":[{\"@type\":\"WebPage\",\"@id\":\"https:\\\/\\\/stuttgarti-katolikusok.de\\\/index.php\\\/imakor\\\/\",\"url\":\"https:\\\/\\\/stuttgarti-katolikusok.de\\\/index.php\\\/imakor\\\/\",\"name\":\"Imak\u00f6r - Stuttgarti Katolikusok\",\"isPartOf\":{\"@id\":\"https:\\\/\\\/stuttgarti-katolikusok.de\\\/#website\"},\"datePublished\":\"2015-12-10T21:03:48+00:00\",\"breadcrumb\":{\"@id\":\"https:\\\/\\\/stuttgarti-katolikusok.de\\\/index.php\\\/imakor\\\/#breadcrumb\"},\"inLanguage\":\"hu\",\"potentialAction\":[{\"@type\":\"ReadAction\",\"target\":[\"https:\\\/\\\/stuttgarti-katolikusok.de\\\/index.php\\\/imakor\\\/\"]}]},{\"@type\":\"BreadcrumbList\",\"@id\":\"https:\\\/\\\/stuttgarti-katolikusok.de\\\/index.php\\\/imakor\\\/#breadcrumb\",\"itemListElement\":[{\"@type\":\"ListItem\",\"position\":1,\"name\":\"Kezd\u0151lap\",\"item\":\"https:\\\/\\\/stuttgarti-katolikusok.de\\\/\"},{\"@type\":\"ListItem\",\"position\":2,\"name\":\"Imak\u00f6r\"}]},{\"@type\":\"WebSite\",\"@id\":\"https:\\\/\\\/stuttgarti-katolikusok.de\\\/#website\",\"url\":\"https:\\\/\\\/stuttgarti-katolikusok.de\\\/\",\"name\":\"Stuttgarti Katolikusok\",\"description\":\"\",\"potentialAction\":[{\"@type\":\"SearchAction\",\"target\":{\"@type\":\"EntryPoint\",\"urlTemplate\":\"https:\\\/\\\/stuttgarti-katolikusok.de\\\/?s={search_term_string}\"},\"query-input\":{\"@type\":\"PropertyValueSpecification\",\"valueRequired\":true,\"valueName\":\"search_term_string\"}}],\"inLanguage\":\"hu\"}]}<\/script>\n<!-- \/ Yoast SEO plugin. -->","yoast_head_json":{"title":"Imak\u00f6r - Stuttgarti Katolikusok","robots":{"index":"index","follow":"follow","max-snippet":"max-snippet:-1","max-image-preview":"max-image-preview:large","max-video-preview":"max-video-preview:-1"},"canonical":"https:\/\/stuttgarti-katolikusok.de\/index.php\/imakor\/","og_locale":"hu_HU","og_type":"article","og_title":"Imak\u00f6r - Stuttgarti Katolikusok","og_description":"[vc_row][vc_column width=&#8221;3\/4&#8243;][vc_column_text]+! Kedves Tagok! J\u00faniusban az Imaapostols\u00e1g sz\u00e1nd\u00e9kai a k\u00f6vetkez\u0151k: \u00c1ltal\u00e1nos sz\u00e1nd\u00e9k: Hogy a munkan\u00e9lk\u00fcliek kapjanak t\u00e1mogat\u00e1st \u00e9s tal\u00e1ljanak munk\u00e1t ahhoz, hogy emberhez m\u00e9lt\u00f3an tudjanak \u00e9lni. Misszi\u00f3s sz\u00e1nd\u00e9k: Hogy Eur\u00f3pa \u00fajra felfedezze kereszt\u00e9ny gy\u00f6kereit a h\u00edv\u0151k tan\u00fas\u00e1gt\u00e9tele \u00e1ltal. Ez\u00e9rt im\u00e1dkozzatok otthon, ha lehet, naponta, egy-egy tized r\u00f3zsaf\u00fcz\u00e9rt a k\u00f6vetkez\u0151 titkokkal: (1) aki a Jord\u00e1nban viz\u00e9ben megkeresztelkedett; (2) aki a k\u00e1nai menyegz\u0151n kinyilv\u00e1n\u00edtotta isteni erej\u00e9t; (3) aki meghirdette Isten orsz\u00e1g\u00e1t; (4) aki a T\u00e1bor hegy\u00e9n megmutatta isteni dics\u0151s\u00e9g\u00e9t; (5) aki az Eukariszti\u00e1ban nek\u00fcnk adta \u00f6nmag\u00e1t. Ez a gyakorlatban \u00edgy n\u00e9z ki: Nagyszemre: Hiszekegy, Miaty\u00e1nk, Dics\u0151s\u00e9g&#8230; Kisszemekre: \u00dcdv\u00f6zl\u00e9gy M\u00e1ria&#8230; gy\u00fcm\u00f6lcse J\u00e9zus, Akit Keresztel\u0151 J\u00e1nos&#8230; Im\u00e1ds\u00e1gban mindannyi\u00f3tokkal szorosan \u00f6sszekapcsol\u00f3dva Imre atya \u00a0 Stuttgart, 2014-06-02. &nbsp; Kedves Tagok! A k\u00f6vetkez\u0151 t\u00f6rt\u00e9netet m\u00e1r sz\u00e1mtalan alkalommal elmondtam, mert nagyon sz\u00edven \u00fct\u00f6tt. Legut\u00f3bb akkor tettem sz\u00f3v\u00e1, amikor M\u00e1riagy\u0171d\u00f6n lelkigyakorlatot tartottam a p\u00e9csi egyh\u00e1zmegye papjainak. Egy falu mellett \u00e9lt egy remete, aki minden idej\u00e9t im\u00e1ds\u00e1ggal t\u00f6lt\u00f6tte. Mivel nem dolgozott, a falu lak\u00f3i hordt\u00e1k neki minden nap az \u00e9telt. A fiatalok egy id\u0151 ut\u00e1n z\u00fagol\u00f3dni kezdtek: \u201dM\u00e9rt kell egy naplop\u00f3t eltartani? Dolgozzon \u00e9s \u00fagy keresse meg betev\u0151 falatj\u00e1t!\u201d Egy napon meghalt a remete. Hal\u00e1la ut\u00e1n r\u00f6viddel egy sz\u00f6rny\u0171 gyilkoss\u00e1g t\u00f6rt\u00e9nt a faluban. Mikor a fiatalok a b\u0171ntett ok\u00e1t kutatt\u00e1k, az id\u0151sek azt mondt\u00e1k nekik: \u201cAm\u00edg \u00e9lt a remete, im\u00e1ja vigy\u00e1zott r\u00e1nk. Most, hogy meghalt, nincs ki im\u00e1dkozzon \u00e9rt\u00fcnk&#8230;\u201d Georges Bernanos francia katolikus \u00edr\u00f3 mondta egy alkalommal: \u201cMinden csak im\u00e1ds\u00e1g.\u201d \u00c9s igaza volt. H\u00e1nyszor haladja meg emberi er\u0151nket az \u00e9let? Ilyenkor im\u00e1dkoznunk kellene. H\u00e1nyszor l\u00e1togat meg benn\u00fcnket betegs\u00e9g, szerencs\u00e9tlens\u00e9g, hal\u00e1leset? Ilyenkor er\u0151t \u00e9s vigasztal\u00e1st csak az im\u00e1ds\u00e1gban tal\u00e1lhatunk. H\u00e1nyszor \u00e1llunk h\u00e1zast\u00e1rsunk, gyermekeink, rokonaink, bar\u00e1taink, ismer\u0151seink \u00f6sszet\u00f6rt \u00e9lete el\u0151tt. Ilyenkor leghat\u00e9konyabb seg\u00edts\u00e9g\u00fcnk sz\u00e1mukra az im\u00e1ds\u00e1g. Az ima: kapcsolat Istennel, besz\u00e9lget\u00e9s Vele magunkr\u00f3l, szeretteinkr\u0151l \u00e9s a vil\u00e1gr\u00f3l. Az ima: megnyugv\u00e1s Istenben. Az ima v\u00e9gess\u00e9g\u00fcnk \u00e9s teremtetts\u00e9g\u00fcnk elismer\u00e9se, de ugyanakkor abban val\u00f3 hit\u00fcnk... R\u00e9szletek","og_url":"https:\/\/stuttgarti-katolikusok.de\/index.php\/imakor\/","og_site_name":"Stuttgarti Katolikusok","twitter_card":"summary_large_image","twitter_misc":{"Becs\u00fclt olvas\u00e1si id\u0151":"4 perc"},"schema":{"@context":"https:\/\/schema.org","@graph":[{"@type":"WebPage","@id":"https:\/\/stuttgarti-katolikusok.de\/index.php\/imakor\/","url":"https:\/\/stuttgarti-katolikusok.de\/index.php\/imakor\/","name":"Imak\u00f6r - Stuttgarti Katolikusok","isPartOf":{"@id":"https:\/\/stuttgarti-katolikusok.de\/#website"},"datePublished":"2015-12-10T21:03:48+00:00","breadcrumb":{"@id":"https:\/\/stuttgarti-katolikusok.de\/index.php\/imakor\/#breadcrumb"},"inLanguage":"hu","potentialAction":[{"@type":"ReadAction","target":["https:\/\/stuttgarti-katolikusok.de\/index.php\/imakor\/"]}]},{"@type":"BreadcrumbList","@id":"https:\/\/stuttgarti-katolikusok.de\/index.php\/imakor\/#breadcrumb","itemListElement":[{"@type":"ListItem","position":1,"name":"Kezd\u0151lap","item":"https:\/\/stuttgarti-katolikusok.de\/"},{"@type":"ListItem","position":2,"name":"Imak\u00f6r"}]},{"@type":"WebSite","@id":"https:\/\/stuttgarti-katolikusok.de\/#website","url":"https:\/\/stuttgarti-katolikusok.de\/","name":"Stuttgarti Katolikusok","description":"","potentialAction":[{"@type":"SearchAction","target":{"@type":"EntryPoint","urlTemplate":"https:\/\/stuttgarti-katolikusok.de\/?s={search_term_string}"},"query-input":{"@type":"PropertyValueSpecification","valueRequired":true,"valueName":"search_term_string"}}],"inLanguage":"hu"}]}},"_links":{"self":[{"href":"https:\/\/stuttgarti-katolikusok.de\/index.php\/wp-json\/wp\/v2\/pages\/8146","targetHints":{"allow":["GET"]}}],"collection":[{"href":"https:\/\/stuttgarti-katolikusok.de\/index.php\/wp-json\/wp\/v2\/pages"}],"about":[{"href":"https:\/\/stuttgarti-katolikusok.de\/index.php\/wp-json\/wp\/v2\/types\/page"}],"author":[{"embeddable":true,"href":"https:\/\/stuttgarti-katolikusok.de\/index.php\/wp-json\/wp\/v2\/users\/7"}],"replies":[{"embeddable":true,"href":"https:\/\/stuttgarti-katolikusok.de\/index.php\/wp-json\/wp\/v2\/comments?post=8146"}],"version-history":[{"count":1,"href":"https:\/\/stuttgarti-katolikusok.de\/index.php\/wp-json\/wp\/v2\/pages\/8146\/revisions"}],"predecessor-version":[{"id":8147,"href":"https:\/\/stuttgarti-katolikusok.de\/index.php\/wp-json\/wp\/v2\/pages\/8146\/revisions\/8147"}],"wp:attachment":[{"href":"https:\/\/stuttgarti-katolikusok.de\/index.php\/wp-json\/wp\/v2\/media?parent=8146"}],"curies":[{"name":"wp","href":"https:\/\/api.w.org\/{rel}","templated":true}]}}