{"id":5159,"date":"2015-05-26T06:43:28","date_gmt":"2015-05-26T06:43:28","guid":{"rendered":"http:\/\/webnus.biz\/themes\/churchsuite\/?page_id=5159"},"modified":"2026-04-29T11:39:46","modified_gmt":"2026-04-29T09:39:46","slug":"home-2-remittal-2-2","status":"publish","type":"page","link":"https:\/\/stuttgarti-katolikusok.de\/","title":{"rendered":"Isten hozta"},"content":{"rendered":"<div class=\"wpb-content-wrapper\">[vc_row row_type=&#8221;1&#8243; blox_class=&#8221;homeSliderWrapper&#8221; video_fullscreen=&#8221;true&#8221; video_type=&#8221;video\/youtube&#8221;][vc_column][vc_column_text css=&#8221;.vc_custom_1674127553112{margin-top: 0px !important;margin-bottom: 0px !important;padding-bottom: 0px !important;}&#8221; el_class=&#8221;table_image&#8221;]\n<table style=\"border-collapse: collapse; width: 100%;\" border=\"1\">\n<tbody>\n<tr style=\"height: 98px;\">\n<td style=\"width: 6.66%; height: 88px;\"><a href=\"https:\/\/stuttgarti-katolikusok.de\/index.php\/balingen-frommen\/\"><img loading=\"lazy\" decoding=\"async\" class=\"alignnone size-full wp-image-18789\" src=\"https:\/\/stuttgarti-katolikusok.de\/wp-content\/uploads\/2020\/02\/cropbalingen-frommern-1.jpg\" alt=\"\" width=\"195\" height=\"249\" \/><\/a><\/td>\n<td style=\"width: 6.66%; height: 88px;\"><a href=\"https:\/\/stuttgarti-katolikusok.de\/index.php\/biberach\/\"><img loading=\"lazy\" decoding=\"async\" class=\"alignnone size-full wp-image-18792\" src=\"https:\/\/stuttgarti-katolikusok.de\/wp-content\/uploads\/2020\/02\/cropbiberach-a-d-riss.jpg\" alt=\"\" width=\"195\" height=\"249\" \/><\/a><\/td>\n<td style=\"width: 6.66%; height: 88px;\"><a href=\"https:\/\/stuttgarti-katolikusok.de\/index.php\/boeblingen\/\"><img loading=\"lazy\" decoding=\"async\" class=\"alignnone size-full wp-image-18793\" src=\"https:\/\/stuttgarti-katolikusok.de\/wp-content\/uploads\/2020\/02\/cropbocc88blingen-1.jpg\" alt=\"\" width=\"195\" height=\"249\" \/><\/a><\/td>\n<td style=\"width: 6.66%; height: 88px;\"><a href=\"https:\/\/stuttgarti-katolikusok.de\/index.php\/eislingen\/\"><img loading=\"lazy\" decoding=\"async\" class=\"alignnone wp-image-18794 size-full\" src=\"https:\/\/stuttgarti-katolikusok.de\/wp-content\/uploads\/2020\/02\/cropeislingen.jpg\" alt=\"\" width=\"195\" height=\"249\" \/><\/a><\/td>\n<td style=\"width: 6.66%; height: 88px;\"><a href=\"https:\/\/stuttgarti-katolikusok.de\/index.php\/friedrichshafen\/\"><img loading=\"lazy\" decoding=\"async\" class=\"alignnone size-full wp-image-18795\" src=\"https:\/\/stuttgarti-katolikusok.de\/wp-content\/uploads\/2020\/02\/cropfriedrichshafen-berg.jpg\" alt=\"\" width=\"195\" height=\"249\" \/><\/a><\/td>\n<td style=\"width: 6.66%; height: 88px;\"><a href=\"https:\/\/stuttgarti-katolikusok.de\/index.php\/heidenheim\/\"><img loading=\"lazy\" decoding=\"async\" class=\"alignnone wp-image-18796 size-full\" src=\"https:\/\/stuttgarti-katolikusok.de\/wp-content\/uploads\/2020\/02\/cropheidenheim.jpg\" alt=\"\" width=\"195\" height=\"249\" \/><\/a><\/td>\n<td style=\"width: 6.66%; height: 88px;\"><a href=\"https:\/\/stuttgarti-katolikusok.de\/index.php\/heilbronn\/\"><img loading=\"lazy\" decoding=\"async\" class=\"alignnone size-full wp-image-18797\" src=\"https:\/\/stuttgarti-katolikusok.de\/wp-content\/uploads\/2020\/02\/cropheilbronn.jpg\" alt=\"\" width=\"195\" height=\"249\" \/><\/a><\/td>\n<td style=\"width: 6.66%; height: 88px;\"><a href=\"https:\/\/stuttgarti-katolikusok.de\/index.php\/ludwigsburg\/\"><img loading=\"lazy\" decoding=\"async\" class=\"alignnone size-full wp-image-18798\" src=\"https:\/\/stuttgarti-katolikusok.de\/wp-content\/uploads\/2020\/02\/cropludwigsburg-2.jpg\" alt=\"\" width=\"195\" height=\"249\" \/><\/a><\/td>\n<td style=\"width: 6.66%; height: 88px;\"><a href=\"https:\/\/stuttgarti-katolikusok.de\/index.php\/munderkingen\/\"><img loading=\"lazy\" decoding=\"async\" class=\"alignnone size-full wp-image-18799\" src=\"https:\/\/stuttgarti-katolikusok.de\/wp-content\/uploads\/2020\/02\/cropmunderkingen2.jpg\" alt=\"\" width=\"195\" height=\"249\" \/><\/a><\/td>\n<td style=\"width: 6.66%; height: 88px;\"><a href=\"https:\/\/stuttgarti-katolikusok.de\/index.php\/reutlingen\/\"><img loading=\"lazy\" decoding=\"async\" class=\"alignnone size-full wp-image-18800\" src=\"https:\/\/stuttgarti-katolikusok.de\/wp-content\/uploads\/2020\/02\/cropreutlingen.jpg\" alt=\"\" width=\"195\" height=\"249\" \/><\/a><\/td>\n<td style=\"width: 6.66%; height: 88px;\"><a href=\"https:\/\/stuttgarti-katolikusok.de\/index.php\/schwaebisch\/\"><img loading=\"lazy\" decoding=\"async\" class=\"alignnone size-full wp-image-18801\" src=\"https:\/\/stuttgarti-katolikusok.de\/wp-content\/uploads\/2020\/02\/cropschwacc88bisch-gmucc88nd.jpg\" alt=\"\" width=\"195\" height=\"249\" \/><\/a><\/td>\n<td style=\"width: 6.66%; height: 88px;\"><a href=\"https:\/\/stuttgarti-katolikusok.de\/index.php\/stuttgart\/\"><img loading=\"lazy\" decoding=\"async\" class=\"alignnone size-full wp-image-18802\" src=\"https:\/\/stuttgarti-katolikusok.de\/wp-content\/uploads\/2020\/02\/cropbruder-klaus-3.jpg\" alt=\"\" width=\"195\" height=\"249\" \/><\/a><\/td>\n<td style=\"width: 6.66%; height: 88px;\"><a href=\"https:\/\/stuttgarti-katolikusok.de\/index.php\/tuttlingen-2\/\"><img loading=\"lazy\" decoding=\"async\" class=\"alignnone size-full wp-image-18803\" src=\"https:\/\/stuttgarti-katolikusok.de\/wp-content\/uploads\/2020\/02\/croptuttlingen.jpg\" alt=\"\" width=\"195\" height=\"249\" \/><\/a><\/td>\n<td style=\"width: 6.66%; height: 88px;\"><a href=\"https:\/\/stuttgarti-katolikusok.de\/index.php\/ulm\/\"><img loading=\"lazy\" decoding=\"async\" class=\"alignnone size-full wp-image-18804\" src=\"https:\/\/stuttgarti-katolikusok.de\/wp-content\/uploads\/2020\/02\/cropulm.jpg\" alt=\"\" width=\"195\" height=\"245\" \/><\/a><\/td>\n<td style=\"width: 6.66%; height: 88px;\"><a href=\"https:\/\/stuttgarti-katolikusok.de\/index.php\/weingarten\/\"><img loading=\"lazy\" decoding=\"async\" class=\"alignnone size-full wp-image-18805\" src=\"https:\/\/stuttgarti-katolikusok.de\/wp-content\/uploads\/2020\/02\/cropweingarten-14-nothelfer-kapelle.jpg\" alt=\"\" width=\"195\" height=\"249\" \/><\/a><\/td>\n<\/tr>\n<\/tbody>\n<\/table>\n[\/vc_column_text][vc_column_text css=&#8221;.vc_custom_1770201136465{margin-top: 0px !important;margin-right: 0px !important;margin-bottom: 0px !important;margin-left: 0px !important;padding-top: 0px !important;padding-right: 0px !important;padding-bottom: 0px !important;padding-left: 0px !important;}&#8221;]\t\t<div class=\"wppsac-wrap wppsac-slick-slider-wrp wppsac-clearfix \" data-conf=\"{&quot;dots&quot;:&quot;true&quot;,&quot;arrows&quot;:&quot;true&quot;,&quot;autoplay&quot;:&quot;true&quot;,&quot;autoplay_interval&quot;:3000,&quot;speed&quot;:500,&quot;rtl&quot;:&quot;false&quot;,&quot;lazyload&quot;:&quot;&quot;}\">\r\n\t\t\t<div id=\"wppsac-post-slider-1\" class=\"wppsac-post-slider-init wppsac-post-slider design-3\">\r\n\t\t\t\t<div class=\"wppsac-post-slides\">\r\n\t<div class=\"wppsac-post-overlay\">\r\n\t\t<div class=\"wppsac-post-image-bg\">\r\n\t\t\t<a href=\"https:\/\/stuttgarti-katolikusok.de\/index.php\/2026-majus\/\">\r\n\t\t\t\t\t\t\t\t<img decoding=\"async\" class=\"wppsac-post-image\"  src=\"https:\/\/stuttgarti-katolikusok.de\/wp-content\/uploads\/2026\/04\/mi-mtl.jpg\" alt=\"2026 M\u00c1JUS\" \/>\r\n\t\t\t\t\t\t\t<\/a>\r\n\t\t<\/div>\r\n\r\n\t\t\t\t<div class=\"wppsac-post-categories\"><ul class=\"wppsac-post-categories-list\"><li><a href=\"https:\/\/stuttgarti-katolikusok.de\/index.php\/category\/baratom\/\">Bar\u00e1tom<\/a><\/li><\/ul><\/div>\r\n\t\t\r\n\t\t<div class=\"wppsac-post-short-content\">\r\n\t\t\t<div class=\"wppsac-item-meta bottom\">\r\n\t\t\t  \t<h2 class=\"wppsac-post-title\">\r\n\t\t\t\t\t<a href=\"https:\/\/stuttgarti-katolikusok.de\/index.php\/2026-majus\/\">2026 M\u00c1JUS<\/a>\r\n\t\t\t\t<\/h2>\r\n\r\n\t\t\t\t\t\t\t\t<div class=\"wppsac-post-content\">\r\n\t\t\t\t\t<div class=\"wppsac-sub-content\">A Bar\u00e1tom m\u00e1jusi sz\u00e1m\u00e1ban szerkeszt\u0151i csapatunk tagjaival igyekezt\u00fcnk ism\u00e9telten gazdagon ter\u00edtett asztallal kedveskedni. Rem\u00e9ny szerint mindenki mazsol\u00e1zhat majd a b\u0151s\u00e9ges...<\/div>\r\n\r\n\t\t\t\t\t\t\t\t\t\t<a class=\"wppsac-readmorebtn\" href=\"https:\/\/stuttgarti-katolikusok.de\/index.php\/2026-majus\/\">Read More<\/a>\r\n\t\t\t\t\t\t\t\t\t<\/div>\r\n\t\t\t\t\t\t\t<\/div>\r\n\t\t<\/div>\r\n\t<\/div>\r\n<\/div><div class=\"wppsac-post-slides\">\r\n\t<div class=\"wppsac-post-overlay\">\r\n\t\t<div class=\"wppsac-post-image-bg\">\r\n\t\t\t<a href=\"https:\/\/stuttgarti-katolikusok.de\/index.php\/2026-aprilis-27-es-majus-3-kozott\/\">\r\n\t\t\t\t\t\t\t\t<img decoding=\"async\" class=\"wppsac-post-image\"  src=\"https:\/\/stuttgarti-katolikusok.de\/wp-content\/uploads\/2024\/04\/bojtor-orsi.jpg\" alt=\"2026. \u00c1PRILIS 27 \u00c9S M\u00c1JUS 3 K\u00d6Z\u00d6TT\" \/>\r\n\t\t\t\t\t\t\t<\/a>\r\n\t\t<\/div>\r\n\r\n\t\t\t\t<div class=\"wppsac-post-categories\"><ul class=\"wppsac-post-categories-list\"><li><a href=\"https:\/\/stuttgarti-katolikusok.de\/index.php\/category\/progamelozetes\/\">Progamel\u0151zetes<\/a><\/li><\/ul><\/div>\r\n\t\t\r\n\t\t<div class=\"wppsac-post-short-content\">\r\n\t\t\t<div class=\"wppsac-item-meta bottom\">\r\n\t\t\t  \t<h2 class=\"wppsac-post-title\">\r\n\t\t\t\t\t<a href=\"https:\/\/stuttgarti-katolikusok.de\/index.php\/2026-aprilis-27-es-majus-3-kozott\/\">2026. \u00c1PRILIS 27 \u00c9S M\u00c1JUS 3 K\u00d6Z\u00d6TT<\/a>\r\n\t\t\t\t<\/h2>\r\n\r\n\t\t\t\t\t\t\t\t<div class=\"wppsac-post-content\">\r\n\t\t\t\t\t<div class=\"wppsac-sub-content\">Programel\u0151zetes * \u00a0M\u00e1jus 1-j\u00e9n, p\u00e9nteken, Munk\u00e1s Szent J\u00f3zsef\u00a0 \u00fcnnepe. (K\u00e9p forr\u00e1sa: Magyar Kur\u00edr) Weingartenben 10.00 \u00f3rakor \u00fcnnepi szentmise \u00e9s m\u00e1jusi...<\/div>\r\n\r\n\t\t\t\t\t\t\t\t\t\t<a class=\"wppsac-readmorebtn\" href=\"https:\/\/stuttgarti-katolikusok.de\/index.php\/2026-aprilis-27-es-majus-3-kozott\/\">Read More<\/a>\r\n\t\t\t\t\t\t\t\t\t<\/div>\r\n\t\t\t\t\t\t\t<\/div>\r\n\t\t<\/div>\r\n\t<\/div>\r\n<\/div><div class=\"wppsac-post-slides\">\r\n\t<div class=\"wppsac-post-overlay\">\r\n\t\t<div class=\"wppsac-post-image-bg\">\r\n\t\t\t<a href=\"https:\/\/stuttgarti-katolikusok.de\/index.php\/husvet-4-vasarnapja\/\">\r\n\t\t\t\t\t\t\t\t<img decoding=\"async\" class=\"wppsac-post-image\"  src=\"https:\/\/stuttgarti-katolikusok.de\/wp-content\/uploads\/2023\/04\/jo-pasztor-vasarnapja-2-egyedi.jpg\" alt=\"H\u00fasv\u00e9t 4. vas\u00e1rnapja &#8211; J\u00f3 p\u00e1sztor vas\u00e1rnapja\" \/>\r\n\t\t\t\t\t\t\t<\/a>\r\n\t\t<\/div>\r\n\r\n\t\t\t\t<div class=\"wppsac-post-categories\"><ul class=\"wppsac-post-categories-list\"><li><a href=\"https:\/\/stuttgarti-katolikusok.de\/index.php\/category\/a-liturgia-olvasmanyai\/\">A liturgia olvasm\u00e1nyai<\/a><\/li><li><a href=\"https:\/\/stuttgarti-katolikusok.de\/index.php\/category\/vasarnapi-gondolatok\/\">Vas\u00e1rnapi gondolatok<\/a><\/li><\/ul><\/div>\r\n\t\t\r\n\t\t<div class=\"wppsac-post-short-content\">\r\n\t\t\t<div class=\"wppsac-item-meta bottom\">\r\n\t\t\t  \t<h2 class=\"wppsac-post-title\">\r\n\t\t\t\t\t<a href=\"https:\/\/stuttgarti-katolikusok.de\/index.php\/husvet-4-vasarnapja\/\">H\u00fasv\u00e9t 4. vas\u00e1rnapja &#8211; J\u00f3 p\u00e1sztor vas\u00e1rnapja<\/a>\r\n\t\t\t\t<\/h2>\r\n\r\n\t\t\t\t\t\t\t\t<div class=\"wppsac-post-content\">\r\n\t\t\t\t\t<div class=\"wppsac-sub-content\">\u00dcnnepi liturgi\u00e1nkb\u00f3l a szentmise els\u0151 k\u00f6ny\u00f6rg\u00e9s\u00e9t \u00e9s annak k\u00f6zvet\u00edtett \u00fczenet\u00e9t szeretn\u00e9m idehozni. Benne azt k\u00e9rj\u00fck, hogy J\u00e9zus Krisztus, a J\u00f3...<\/div>\r\n\r\n\t\t\t\t\t\t\t\t\t\t<a class=\"wppsac-readmorebtn\" href=\"https:\/\/stuttgarti-katolikusok.de\/index.php\/husvet-4-vasarnapja\/\">Read More<\/a>\r\n\t\t\t\t\t\t\t\t\t<\/div>\r\n\t\t\t\t\t\t\t<\/div>\r\n\t\t<\/div>\r\n\t<\/div>\r\n<\/div><div class=\"wppsac-post-slides\">\r\n\t<div class=\"wppsac-post-overlay\">\r\n\t\t<div class=\"wppsac-post-image-bg\">\r\n\t\t\t<a href=\"https:\/\/stuttgarti-katolikusok.de\/index.php\/kolteszet-napja\/\">\r\n\t\t\t\t\t\t\t\t<img decoding=\"async\" class=\"wppsac-post-image\"  src=\"https:\/\/stuttgarti-katolikusok.de\/wp-content\/uploads\/2026\/04\/baratsagklub-2026-aprilis.jpg\" alt=\"K\u00f6lt\u00e9szet napja\" \/>\r\n\t\t\t\t\t\t\t<\/a>\r\n\t\t<\/div>\r\n\r\n\t\t\t\t<div class=\"wppsac-post-categories\"><ul class=\"wppsac-post-categories-list\"><li><a href=\"https:\/\/stuttgarti-katolikusok.de\/index.php\/category\/olvasoink-irjak\/\">Olvas\u00f3ink \u00edrj\u00e1k<\/a><\/li><\/ul><\/div>\r\n\t\t\r\n\t\t<div class=\"wppsac-post-short-content\">\r\n\t\t\t<div class=\"wppsac-item-meta bottom\">\r\n\t\t\t  \t<h2 class=\"wppsac-post-title\">\r\n\t\t\t\t\t<a href=\"https:\/\/stuttgarti-katolikusok.de\/index.php\/kolteszet-napja\/\">K\u00f6lt\u00e9szet napja<\/a>\r\n\t\t\t\t<\/h2>\r\n\r\n\t\t\t\t\t\t\t\t<div class=\"wppsac-post-content\">\r\n\t\t\t\t\t<div class=\"wppsac-sub-content\">A Bar\u00e1ts\u00e1gklub d\u00e9lut\u00e1nj\u00e1n a \u201eK\u00f6lt\u00e9szet\u201d napj\u00e1ra eml\u00e9kezt\u00fcnk. Erika, mint oly sokszor, megint sz\u00e9p, \u00e9rdekes meglepet\u00e9ssel v\u00e1r minket. Vass M\u00e1ria Magdoln\u00e1t,...<\/div>\r\n\r\n\t\t\t\t\t\t\t\t\t\t<a class=\"wppsac-readmorebtn\" href=\"https:\/\/stuttgarti-katolikusok.de\/index.php\/kolteszet-napja\/\">Read More<\/a>\r\n\t\t\t\t\t\t\t\t\t<\/div>\r\n\t\t\t\t\t\t\t<\/div>\r\n\t\t<\/div>\r\n\t<\/div>\r\n<\/div><div class=\"wppsac-post-slides\">\r\n\t<div class=\"wppsac-post-overlay\">\r\n\t\t<div class=\"wppsac-post-image-bg\">\r\n\t\t\t<a href=\"https:\/\/stuttgarti-katolikusok.de\/index.php\/2026-aprilis-20-es-26-kozott\/\">\r\n\t\t\t\t\t\t\t\t<img decoding=\"async\" class=\"wppsac-post-image\"  src=\"https:\/\/stuttgarti-katolikusok.de\/wp-content\/uploads\/2021\/04\/jesus-1166170-1280.jpg\" alt=\"2026. \u00c1PRILIS 20 \u00c9S 26 K\u00d6Z\u00d6TT\" \/>\r\n\t\t\t\t\t\t\t<\/a>\r\n\t\t<\/div>\r\n\r\n\t\t\t\t<div class=\"wppsac-post-categories\"><ul class=\"wppsac-post-categories-list\"><li><a href=\"https:\/\/stuttgarti-katolikusok.de\/index.php\/category\/progamelozetes\/\">Progamel\u0151zetes<\/a><\/li><\/ul><\/div>\r\n\t\t\r\n\t\t<div class=\"wppsac-post-short-content\">\r\n\t\t\t<div class=\"wppsac-item-meta bottom\">\r\n\t\t\t  \t<h2 class=\"wppsac-post-title\">\r\n\t\t\t\t\t<a href=\"https:\/\/stuttgarti-katolikusok.de\/index.php\/2026-aprilis-20-es-26-kozott\/\">2026. \u00c1PRILIS 20 \u00c9S 26 K\u00d6Z\u00d6TT<\/a>\r\n\t\t\t\t<\/h2>\r\n\r\n\t\t\t\t\t\t\t\t<div class=\"wppsac-post-content\">\r\n\t\t\t\t\t<div class=\"wppsac-sub-content\">&nbsp; Programel\u0151zetes \u00a0* \u00c1prilis 23-\u00e1n, cs\u00fct\u00f6rt\u00f6k\u00f6n, Weingarteni d\u00e9lut\u00e1n, 17.30 \u00f3rakor r\u00f3zsaf\u00fcz\u00e9rt im\u00e1dkozunk, 18.00 \u00f3rakor szentmise, keret\u00e9ben katek\u00e9zis. \u00a0* \u00c1prilis 24-\u00e9n,...<\/div>\r\n\r\n\t\t\t\t\t\t\t\t\t\t<a class=\"wppsac-readmorebtn\" href=\"https:\/\/stuttgarti-katolikusok.de\/index.php\/2026-aprilis-20-es-26-kozott\/\">Read More<\/a>\r\n\t\t\t\t\t\t\t\t\t<\/div>\r\n\t\t\t\t\t\t\t<\/div>\r\n\t\t<\/div>\r\n\t<\/div>\r\n<\/div>\t\t\t<\/div>\r\n\t\t<\/div>\r\n\t[\/vc_column_text][\/vc_column][\/vc_row][vc_row row_type=&#8221;2&#8243; blox_height=&#8221;150&#8243; blox_padding_top=&#8221;30px&#8221; blox_padding_bottom=&#8221;30px&#8221; blox_dark=&#8221;true&#8221; blox_class=&#8221;homeSubheader&#8221; blox_bgcolor=&#8221;#83b640&#8243; video_fullscreen=&#8221;true&#8221; video_type=&#8221;video\/youtube&#8221;][vc_column video_bg=&#8221;yes&#8221; video_bg_url=&#8221;https:\/\/www.youtube.com\/watch?v=FgR1f2dRDiY&amp;t=4s&#8221; css_animation=&#8221;none&#8221; width=&#8221;1\/2&#8243; el_class=&#8221;brdr-r1&#8243;]<div class=\"container sermons-minimal\">\n<article><a href=\"https:\/\/stuttgarti-katolikusok.de\/index.php\/sermon\/husvet-4-vasarnapja-reutlingen-2026-aprilis-25\/\"><i class=\"sermon-icon li_video\"><\/i><h4>H\u00fasv\u00e9t 4. vas\u00e1rnapja &#8211; Reutlingen &#8211; 2026. \u00e1prilis 25.<\/h4><\/a><div class=\"sermon-detail\"> Tibor atya<\/div><div class=\"media-links\"><a href=\"https:\/\/stuttgarti-katolikusok.de\/index.php\/sermon\/husvet-4-vasarnapja-reutlingen-2026-aprilis-25\/\" class=\"\" target=\"_self\"><i class=\"fa-book\"><\/i><span class=\"media_label\">R\u00e9szletek<\/span><\/a><\/div><\/article><\/div>[\/vc_column][vc_column width=&#8221;1\/2&#8243;]<div class=\"container events event-list\"><article class=\"event-article container\"><div class=\"col-md-9 col-sm-9\"><div class=\"event-date\">m\u00e1j.<span>01<\/span><\/div><h4 class=\"event-title\">Munk\u00e1s Szent J\u00f3zsef \u00fcnnepe Weingartenben<\/h4><div class=\"event-detail\">p\u00e9ntek, 14 Nothelfer  Kapelle<\/div><\/div><div class=\"col-md-3 col-sm-3 btn-wrapper\"><a class=\"button dark-gray medium\" href=\"https:\/\/stuttgarti-katolikusok.de\/index.php\/esemeny\/munkas-szent-jozsef-unnepe-weingartenben\/\">R\u00e9szletek<\/a><\/div><\/article><\/div>[\/vc_column][\/vc_row][vc_row equal_height=&#8221;yes&#8221; video_fullscreen=&#8221;true&#8221; video_url=&#8221;&#8221; video_type=&#8221;video\/youtube&#8221;][vc_column width=&#8221;1\/2&#8243; css=&#8221;.vc_custom_1741594761456{margin-top: 30px !important;margin-right: 10px !important;margin-bottom: 30px !important;margin-left: 10px !important;padding-top: 30px !important;padding-right: 30px !important;padding-bottom: 30px !important;padding-left: 30px !important;background-color: #81D742 !important;}&#8221;][vc_column_text css=&#8221;&#8221;]\n<p style=\"text-align: center;\"><span style=\"color: #ff6600; font-size: 18pt;\"><strong>A &#8222;Bar\u00e1tom&#8221; m\u00e1jusi sz\u00e1m\u00e1ban ism\u00e9telten sz\u00ednes \u00e9s tartalmas \u00edr\u00e1sokkal igyekezt\u00fcnk kedv\u00e9ben j\u00e1rni olvas\u00f3inknak.\u00a0<\/strong><\/span><\/p>\n<p style=\"text-align: center;\"><span style=\"color: #ff6600; font-size: 18pt;\"><strong>\u00cdr\u00e1saink els\u0151sorban H\u00fasv\u00e9t \u00e9s P\u00fcnk\u00f6sd \u00fcnnep\u00e9vel kapcsolatosak. <\/strong><\/span><\/p>\n<p style=\"text-align: center;\"><span style=\"color: #ff6600; font-size: 18pt;\"><strong>Szerkeszt\u0151 csapatunk nev\u00e9ben k\u00edv\u00e1nunk b\u00e9k\u00e9s H\u00fasv\u00e9ti \u00e9s P\u00fcnk\u00f6sd v\u00e1r\u00f3 napokat!<\/strong><\/span><\/p>\n[\/vc_column_text][\/vc_column][vc_column width=&#8221;1\/2&#8243; css=&#8221;.vc_custom_1741595087937{margin-top: 30px !important;margin-right: 10px !important;margin-bottom: 30px !important;margin-left: 10px !important;padding-top: 0px !important;padding-right: 30px !important;padding-bottom: 0px !important;padding-left: 30px !important;background-color: #81D742 !important;}&#8221;][vc_column_text css_animation=&#8221;fadeIn&#8221; css=&#8221;&#8221;]<div class=\"_df_book df-lite\" id=\"df_33221\"  _slug=\"baratom-2026-majus\" data-title=\"baratom-2026-majus\" wpoptions=\"true\" thumbtype=\"\" ><\/div><script class=\"df-shortcode-script\" nowprocket type=\"application\/javascript\">window.option_df_33221 = {\"outline\":[],\"autoEnableOutline\":\"false\",\"autoEnableThumbnail\":\"false\",\"overwritePDFOutline\":\"false\",\"direction\":\"1\",\"pageSize\":\"0\",\"source\":\"https:\\\/\\\/stuttgarti-katolikusok.de\\\/wp-content\\\/uploads\\\/2026\\\/04\\\/Baratom_Majus_WEB.pdf\",\"wpOptions\":\"true\"}; if(window.DFLIP && window.DFLIP.parseBooks){window.DFLIP.parseBooks();}<\/script>[\/vc_column_text][\/vc_column][\/vc_row][vc_row row_type=&#8221;1&#8243; video_fullscreen=&#8221;true&#8221; video_url=&#8221;&#8221; video_type=&#8221;video\/youtube&#8221;][vc_column css=&#8221;.vc_custom_1741594185676{margin-top: 30px !important;margin-right: 10px !important;margin-bottom: 30px !important;margin-left: 10px !important;padding-top: 30px !important;padding-right: 30px !important;padding-bottom: 30px !important;padding-left: 30px !important;background-color: #FFFFFF !important;}&#8221;]<div class=\"subtitle-four\"><h4>Dics\u00e9rtess\u00e9k a J\u00e9zus Krisztus!<\/h4><\/div><hr class=\"vertical-space1\">[vc_column_text]\n<p style=\"text-align: justify;\">Isten hozta a Stuttgarti Magyar Katolikus Egyh\u00e1zk\u00f6zs\u00e9g honlapj\u00e1n. Egyh\u00e1zk\u00f6zs\u00e9g\u00fcnket\u00a0 1947. m\u00e1jus 13-\u00e1n hozta l\u00e9tre Isten Szolg\u00e1ja,\u00a0Dr. Johann Baptist Sproll rottenburgi p\u00fcsp\u00f6k. Jelenleg mintegy 13 ezer h\u00edve van a t\u00f6rt\u00e9nelmi Magyarorsz\u00e1g minden t\u00e1jegys\u00e9g\u00e9r\u0151l.<br \/>\nA 15 mis\u00e9z\u0151hely mindegyik\u00e9ben minden er\u0151nkkel azon vagyunk, hogy a keres\u0151knek f\u00e1klya, az otthontalanoknak otthon \u00e9s mindenkori h\u00edveinknek \u00e1lland\u00f3 er\u0151forr\u00e1s lehess\u00fcnk.<\/p>\n[\/vc_column_text][\/vc_column][\/vc_row][vc_row video_fullscreen=&#8221;true&#8221; video_url=&#8221;&#8221; video_type=&#8221;video\/youtube&#8221;][vc_column width=&#8221;1\/2&#8243;][vc_row_inner][vc_column_inner width=&#8221;1\/3&#8243;]<div class=\"sec-divider\"><div class=\"cir fa-facebook\" style=\"\"><\/div><\/div>[vc_column_text]\n<p style=\"text-align: center;\"><a href=\"https:\/\/www.facebook.com\/stuttgarti.katolikusok\/\"><img loading=\"lazy\" decoding=\"async\" class=\"alignnone wp-image-28157 size-full\" src=\"https:\/\/stuttgarti-katolikusok.de\/wp-content\/uploads\/2024\/01\/qrcode-wwwfacebookcom.png\" alt=\"\" width=\"450\" height=\"450\" srcset=\"https:\/\/stuttgarti-katolikusok.de\/wp-content\/uploads\/2024\/01\/qrcode-wwwfacebookcom.png 450w, https:\/\/stuttgarti-katolikusok.de\/wp-content\/uploads\/2024\/01\/qrcode-wwwfacebookcom-300x300.png 300w, https:\/\/stuttgarti-katolikusok.de\/wp-content\/uploads\/2024\/01\/qrcode-wwwfacebookcom-150x150.png 150w\" sizes=\"auto, (max-width: 450px) 100vw, 450px\" \/><\/a><\/p>\n[\/vc_column_text][\/vc_column_inner][vc_column_inner width=&#8221;1\/3&#8243;]<div class=\"sec-divider\"><div class=\"cir fa-youtube-play\" style=\"\"><\/div><\/div>[vc_column_text]\n<p style=\"text-align: center;\"><a href=\"https:\/\/www.youtube.com\/channel\/UCaO0nryzADjSZotHE8Oo23A\"><img loading=\"lazy\" decoding=\"async\" class=\"alignnone wp-image-28153 size-full\" src=\"https:\/\/stuttgarti-katolikusok.de\/wp-content\/uploads\/2024\/01\/qrcode-wwwyoutubecom.png\" alt=\"\" width=\"450\" height=\"450\" srcset=\"https:\/\/stuttgarti-katolikusok.de\/wp-content\/uploads\/2024\/01\/qrcode-wwwyoutubecom.png 450w, https:\/\/stuttgarti-katolikusok.de\/wp-content\/uploads\/2024\/01\/qrcode-wwwyoutubecom-300x300.png 300w, https:\/\/stuttgarti-katolikusok.de\/wp-content\/uploads\/2024\/01\/qrcode-wwwyoutubecom-150x150.png 150w\" sizes=\"auto, (max-width: 450px) 100vw, 450px\" \/><\/a><\/p>\n[\/vc_column_text][\/vc_column_inner][vc_column_inner width=&#8221;1\/3&#8243;]<div class=\"sec-divider\"><div class=\"cir fa-tumblr\" style=\"\"><\/div><\/div>[vc_column_text]<a href=\"https:\/\/twitter.com\/mtibor1960\"><img loading=\"lazy\" decoding=\"async\" class=\"wp-image-28159 size-full aligncenter\" src=\"https:\/\/stuttgarti-katolikusok.de\/wp-content\/uploads\/2024\/01\/qrcode-twittercom.png\" alt=\"\" width=\"450\" height=\"450\" srcset=\"https:\/\/stuttgarti-katolikusok.de\/wp-content\/uploads\/2024\/01\/qrcode-twittercom.png 450w, https:\/\/stuttgarti-katolikusok.de\/wp-content\/uploads\/2024\/01\/qrcode-twittercom-300x300.png 300w, https:\/\/stuttgarti-katolikusok.de\/wp-content\/uploads\/2024\/01\/qrcode-twittercom-150x150.png 150w\" sizes=\"auto, (max-width: 450px) 100vw, 450px\" \/><\/a>[\/vc_column_text][\/vc_column_inner][\/vc_row_inner][\/vc_column][vc_column width=&#8221;1\/6&#8243;]<article class=\"icon-box6\" ><a href=\"\/index.php\/esemenyek\/month\/\"><i class=\"fa-calendar\" style=\"\"><\/i><\/a><h4>MISEREND<\/h4><p>Esem\u00e9nyeink \u00e9s programjaink<\/p><a  class=\"magicmore\" href=\"\/index.php\/esemenyek\/month\/\">R\u00e9szletek<\/a><\/article>[\/vc_column][vc_column width=&#8221;1\/6&#8243;]<article class=\"icon-box6\" ><a href=\"\/index.php\/category\/hirdetesek-\"><i class=\"li_note\" style=\"\"><\/i><\/a><h4>Hirdet\u00e9sek<\/h4><a  class=\"magicmore\" href=\"\/index.php\/category\/hirdetesek-\">R\u00e9szletek<\/a><\/article>[\/vc_column][vc_column width=&#8221;1\/6&#8243;]<article class=\"icon-box6\" ><a href=\"\/index.php\/szentmise\/\"><i class=\"fa-info-circle\" style=\"\"><\/i><\/a><h4>Szentmis\u00e9ink<\/h4><p>helye \u00e9s<br \/>\nid\u0151pontja<\/p><a  class=\"magicmore\" href=\"\/index.php\/szentmise\/\">R\u00e9szletek<\/a><\/article>[\/vc_column][\/vc_row][vc_row row_type=&#8221;3&#8243; blox_image=&#8221;23871&#8243; blox_dark=&#8221;true&#8221; row_color=&#8221;rgba(28,0,0,0.87)&#8221; video_fullscreen=&#8221;true&#8221; video_type=&#8221;video\/youtube&#8221;][vc_column width=&#8221;5\/12&#8243;]<hr class=\"vertical-space2\">[vc_column_text]\n<h4><span style=\"color: #ff6600;\"><strong>Szentmise k\u00f6zvet\u00edt\u00e9sek<\/strong><\/span><\/h4>\n[\/vc_column_text]<hr class=\"vertical-space3\"><div class=\"container sermons-minimal\">\n<article><a href=\"https:\/\/stuttgarti-katolikusok.de\/index.php\/sermon\/husvet-4-vasarnapja-reutlingen-2026-aprilis-25\/\"><i class=\"sermon-icon li_video\"><\/i><h4>H\u00fasv\u00e9t 4. vas\u00e1rnapja &#8211; Reutlingen &#8211; 2026. \u00e1prilis 25.<\/h4><\/a><div class=\"sermon-detail\"> Tibor atya<\/div><div class=\"media-links\"><a href=\"https:\/\/stuttgarti-katolikusok.de\/index.php\/sermon\/husvet-4-vasarnapja-reutlingen-2026-aprilis-25\/\" class=\"\" target=\"_self\"><i class=\"fa-book\"><\/i><span class=\"media_label\">R\u00e9szletek<\/span><\/a><\/div><\/article><article><a href=\"https:\/\/stuttgarti-katolikusok.de\/index.php\/sermon\/husvet-3-vasarnapja-heilbronn-2026-aprilis-19\/\"><i class=\"sermon-icon li_video\"><\/i><h4>H\u00fasv\u00e9t 3. vas\u00e1rnapja &#8211; Heilbronn &#8211; 2026. \u00e1prilis 19.<\/h4><\/a><div class=\"sermon-detail\"> Tibor atya<\/div><div class=\"media-links\"><a href=\"https:\/\/stuttgarti-katolikusok.de\/index.php\/sermon\/husvet-3-vasarnapja-heilbronn-2026-aprilis-19\/\" class=\"\" target=\"_self\"><i class=\"fa-book\"><\/i><span class=\"media_label\">R\u00e9szletek<\/span><\/a><\/div><\/article><\/div><hr class=\"vertical-space5\">[vc_column_text]\n<h4><strong>\u00cdr\u00e1sok<br \/>\n<\/strong><\/h4>\n[\/vc_column_text]<hr class=\"vertical-space1\"><div class=\"latestnews2\"><article class=\"ln-item\">\n\t\t<div class=\"ln-date\"><div class=\"ln-month\">\u00e1pr.<\/div><div class=\"ln-day\">25<\/div><\/div>\n\t\t<div class=\"ln-content\">\n\t\t\t<h3><a class=\"ln-title\" href=\"https:\/\/stuttgarti-katolikusok.de\/index.php\/kolteszet-napja\/\">K\u00f6lt\u00e9szet napja<\/a><\/h3>\n\t\t\t<p class=\"ln-excerpt\">A Bar\u00e1ts\u00e1gklub d\u00e9lut\u00e1nj\u00e1n a \u201eK\u00f6lt\u00e9szet\u201d napj\u00e1ra eml\u00e9kezt\u00fcnk. Erika, mint oly sokszor, megint sz\u00e9p, \u00e9rdekes meglepet\u00e9ssel...<\/p>\n\t\t\t<a href=\"https:\/\/stuttgarti-katolikusok.de\/index.php\/kolteszet-napja\/\" class=\"ln-button magicmore\">Read More<\/a>\n\t\t<\/div>\n\t\t<\/article><\/div><div class=\"latestnews2\"><article class=\"ln-item\">\n\t\t<div class=\"ln-date\"><div class=\"ln-month\">m\u00e1rc.<\/div><div class=\"ln-day\">04<\/div><\/div>\n\t\t<div class=\"ln-content\">\n\t\t\t<h3><a class=\"ln-title\" href=\"https:\/\/stuttgarti-katolikusok.de\/index.php\/stuttgarti-csendes-napok-2026\/\">Stuttgarti Csendes Napok &#8211; 2026<\/a><\/h3>\n\t\t\t<p class=\"ln-excerpt\">A Stuttgarti Csendes Napok alkalm\u00e1val ebben az esztend\u0151ben Ft. Szemenyei P\u00e9ter atya volt a lelkivezet\u0151nk....<\/p>\n\t\t\t<a href=\"https:\/\/stuttgarti-katolikusok.de\/index.php\/stuttgarti-csendes-napok-2026\/\" class=\"ln-button magicmore\">Read More<\/a>\n\t\t<\/div>\n\t\t<\/article><\/div>[\/vc_column][vc_column width=&#8221;1\/12&#8243;][\/vc_column][vc_column width=&#8221;6\/12&#8243;]<hr class=\"vertical-space2\">[vc_column_text]\n<h4><span style=\"color: #ff6600;\"><strong>Programel\u0151zetes<\/strong><\/span><\/h4>\n[\/vc_column_text]<hr class=\"vertical-space1\"><div class=\"latestnews2\"><article class=\"ln-item\">\n\t\t<div class=\"ln-date\"><div class=\"ln-month\">\u00e1pr.<\/div><div class=\"ln-day\">27<\/div><\/div>\n\t\t<div class=\"ln-content\">\n\t\t\t<h3><a class=\"ln-title\" href=\"https:\/\/stuttgarti-katolikusok.de\/index.php\/2026-aprilis-27-es-majus-3-kozott\/\">2026. \u00c1PRILIS 27 \u00c9S M\u00c1JUS 3 K\u00d6Z\u00d6TT<\/a><\/h3>\n\t\t\t<p class=\"ln-excerpt\">Programel\u0151zetes * \u00a0M\u00e1jus 1-j\u00e9n, p\u00e9nteken, Munk\u00e1s Szent J\u00f3zsef\u00a0 \u00fcnnepe. (K\u00e9p forr\u00e1sa: Magyar Kur\u00edr) Weingartenben 10.00...<\/p>\n\t\t\t<a href=\"https:\/\/stuttgarti-katolikusok.de\/index.php\/2026-aprilis-27-es-majus-3-kozott\/\" class=\"ln-button magicmore\">Read More<\/a>\n\t\t<\/div>\n\t\t<\/article><\/div><hr class=\"vertical-space1\">[vc_column_text]\n<h4><strong>Vas\u00e1rnapi gondolatok<\/strong><\/h4>\n[\/vc_column_text]<hr class=\"vertical-space1\"><div class=\"latestnews2\"><article class=\"ln-item\">\n\t\t<div class=\"ln-date\"><div class=\"ln-month\">\u00e1pr.<\/div><div class=\"ln-day\">25<\/div><\/div>\n\t\t<div class=\"ln-content\">\n\t\t\t<h3><a class=\"ln-title\" href=\"https:\/\/stuttgarti-katolikusok.de\/index.php\/husvet-4-vasarnapja\/\">H\u00fasv\u00e9t 4. vas\u00e1rnapja &#8211; J\u00f3 p\u00e1sztor vas\u00e1rnapja<\/a><\/h3>\n\t\t\t<p class=\"ln-excerpt\">\u00dcnnepi liturgi\u00e1nkb\u00f3l a szentmise els\u0151 k\u00f6ny\u00f6rg\u00e9s\u00e9t \u00e9s annak k\u00f6zvet\u00edtett \u00fczenet\u00e9t szeretn\u00e9m idehozni. Benne azt k\u00e9rj\u00fck,...<\/p>\n\t\t\t<a href=\"https:\/\/stuttgarti-katolikusok.de\/index.php\/husvet-4-vasarnapja\/\" class=\"ln-button magicmore\">Read More<\/a>\n\t\t<\/div>\n\t\t<\/article><article class=\"ln-item\">\n\t\t<div class=\"ln-date\"><div class=\"ln-month\">\u00e1pr.<\/div><div class=\"ln-day\">10<\/div><\/div>\n\t\t<div class=\"ln-content\">\n\t\t\t<h3><a class=\"ln-title\" href=\"https:\/\/stuttgarti-katolikusok.de\/index.php\/husvet-2-vasarnapja-az-isteni-irgalmassag-vasarnapja\/\">H\u00fasv\u00e9t 2. vas\u00e1rnapja, az isteni Irgalmass\u00e1g vas\u00e1rnapja<\/a><\/h3>\n\t\t\t<p class=\"ln-excerpt\">\u201eAz emberis\u00e9g mindaddig nem tal\u00e1l b\u00e9k\u00e9t, m\u00edg nem fordul bizalommal irgalmamhoz.\u201d (Szent Faustyna Kowalska:\u00a0Napl\u00f3 300)...<\/p>\n\t\t\t<a href=\"https:\/\/stuttgarti-katolikusok.de\/index.php\/husvet-2-vasarnapja-az-isteni-irgalmassag-vasarnapja\/\" class=\"ln-button magicmore\">Read More<\/a>\n\t\t<\/div>\n\t\t<\/article><\/div><hr class=\"vertical-space1\">[vc_column_text]\n<h4><strong>Gondolatok<\/strong><\/h4>\n[\/vc_column_text]<hr class=\"vertical-space1\"><div class=\"latestnews2\"><article class=\"ln-item\">\n\t\t<div class=\"ln-date\"><div class=\"ln-month\">\u00e1pr.<\/div><div class=\"ln-day\">03<\/div><\/div>\n\t\t<div class=\"ln-content\">\n\t\t\t<h3><a class=\"ln-title\" href=\"https:\/\/stuttgarti-katolikusok.de\/index.php\/nagypentek\/\">Nagyp\u00e9ntek<\/a><\/h3>\n\t\t\t<p class=\"ln-excerpt\">\u00a0 \u00a0A nagyp\u00e9nteki liturgia Urunk szenved\u00e9s\u00e9nek \u00e9s hal\u00e1l\u00e1nak a meg\u00fcnnepl\u00e9se. Ez az istentisztelet eg\u00e9szen m\u00e1s,...<\/p>\n\t\t\t<a href=\"https:\/\/stuttgarti-katolikusok.de\/index.php\/nagypentek\/\" class=\"ln-button magicmore\">Read More<\/a>\n\t\t<\/div>\n\t\t<\/article><article class=\"ln-item\">\n\t\t<div class=\"ln-date\"><div class=\"ln-month\">\u00e1pr.<\/div><div class=\"ln-day\">02<\/div><\/div>\n\t\t<div class=\"ln-content\">\n\t\t\t<h3><a class=\"ln-title\" href=\"https:\/\/stuttgarti-katolikusok.de\/index.php\/nagycsutortok-az-utolso-vacsora-miseje\/\">Nagycs\u00fct\u00f6rt\u00f6k, az utols\u00f3 vacsora mis\u00e9je<\/a><\/h3>\n\t\t\t<p class=\"ln-excerpt\">Bar\u00e1ti szeretet Nagycs\u00fct\u00f6rt\u00f6k f\u00e9ny\u00e9ben Mindig is mag\u00e1val ragadott a Szent H\u00e1romnap liturgi\u00e1ja, hiszen annyi csod\u00e1latos...<\/p>\n\t\t\t<a href=\"https:\/\/stuttgarti-katolikusok.de\/index.php\/nagycsutortok-az-utolso-vacsora-miseje\/\" class=\"ln-button magicmore\">Read More<\/a>\n\t\t<\/div>\n\t\t<\/article><\/div>[\/vc_column][\/vc_row][vc_row][vc_column]<hr class=\"vertical-space4\"><div class=\"subtitle-four\"><h4>PROGRAMOK, ESEM\u00c9NYEK<\/h4><\/div><hr class=\"vertical-space2\"><div class=\"container events event-grid\"><div class=\"row\"><div class=\"col-md-4 col-sm-4\"><article class=\"event-article container\"><div class=\"tribe-events-event-image\"><a href=\"https:\/\/stuttgarti-katolikusok.de\/index.php\/esemeny\/munkas-szent-jozsef-unnepe-weingartenben\/\" tabindex=\"-1\"><img loading=\"lazy\" decoding=\"async\" width=\"690\" height=\"460\" src=\"https:\/\/stuttgarti-katolikusok.de\/wp-content\/uploads\/2015\/12\/Weingarten_Kapelle_14_Nothelfer-690x460.jpg\" class=\"attachment-latest-cover size-latest-cover wp-post-image\" alt=\"\" srcset=\"https:\/\/stuttgarti-katolikusok.de\/wp-content\/uploads\/2015\/12\/Weingarten_Kapelle_14_Nothelfer-690x460.jpg 690w, https:\/\/stuttgarti-katolikusok.de\/wp-content\/uploads\/2015\/12\/Weingarten_Kapelle_14_Nothelfer-420x280.jpg 420w\" sizes=\"auto, (max-width: 690px) 100vw, 690px\" \/><\/a><\/div><div class=\"event-content\">\n\t\t\t\t<div class=\"event-detail\">m\u00e1j.<span> 01<\/span> \/ 14 Nothelfer  Kapelle<\/div>\n\t\t\t\t<a href=\"https:\/\/stuttgarti-katolikusok.de\/index.php\/esemeny\/munkas-szent-jozsef-unnepe-weingartenben\/\"><h4 class=\"event-title\">Munk\u00e1s Szent J\u00f3zsef \u00fcnnepe Weingartenben<\/h4><\/a>\n\t\t\t\t<p>Ravensburger Str. 39<\/p>\n\t\t\t\t<\/div>\t\t\t\t<ul class=\"event-sharing\">\n\t\t\t\t\t<li class=\"event-share\"><i class=\"event-sharing-icon fa-share-alt\"><\/i>\n\t\t\t\t\t<ul class=\"event-social\">\n\t\t\t\t\t\t<li><a class=\"facebook\" href=\"http:\/\/www.facebook.com\/sharer.php?u=https:\/\/stuttgarti-katolikusok.de\/index.php\/esemeny\/munkas-szent-jozsef-unnepe-weingartenben\/&amp;t=Nagycs\u00fct\u00f6rt\u00f6k, az utols\u00f3 vacsora mis\u00e9je\" target=\"blank\"><i class=\"fa-facebook\"><\/i><\/a><\/li>\n\t\t\t\t\t\t<li><a class=\"google\" href=\"https:\/\/plusone.google.com\/_\/+1\/confirm?hl=en-US&amp;url=https:\/\/stuttgarti-katolikusok.de\/index.php\/esemeny\/munkas-szent-jozsef-unnepe-weingartenben\/\" target=\"_blank\"><i class=\"fa-google-plus\"><\/i><\/a><\/li>\n\t\t\t\t\t\t<li><a class=\"twitter\" href=\"https:\/\/twitter.com\/intent\/tweet?original_referer=https:\/\/stuttgarti-katolikusok.de\/index.php\/esemeny\/munkas-szent-jozsef-unnepe-weingartenben\/&amp;text=Nagycs\u00fct\u00f6rt\u00f6k, az utols\u00f3 vacsora mis\u00e9je&amp;tw_p=tweetbutton&amp;url=https:\/\/stuttgarti-katolikusok.de\/index.php\/esemeny\/munkas-szent-jozsef-unnepe-weingartenben\/\" target=\"_blank\"><i class=\"fa-twitter\"><\/i><\/a><\/li>\n\t\t\t\t\t<\/ul><\/li>\n\t\t\t\t\t<li class=\"event-map\"><a class=\"fancybox-media\" href=\"https:\/\/maps.google.com\/maps?f=q&#038;source=s_q&#038;hl=en&#038;geocode=&#038;q=Ravensburger+Str.+39+Weingarten+Baden-W%C3%BCrttemberg+88250+N%C3%A9metorsz%C3%A1g\"><i class=\"fa-map-marker\"><\/i><\/a><\/li>\n\t\t\t\t\t<li><a class=\"inlinelb\" href=\"#w-contact\"><i class=\"fa-envelope-o\"><\/i><\/a><\/li>\n\t\t\t\t\t\n\t\t\t\t\t\n\t\t\t\t\t\t\t\t<\/ul>\t\t\n\t\t\t<\/article>\n\t\t\t\t<\/div><div class=\"col-md-4 col-sm-4\"><article class=\"event-article container\"><div class=\"tribe-events-event-image\"><a href=\"https:\/\/stuttgarti-katolikusok.de\/index.php\/esemeny\/munkas-szent-jozsef-unnepe-stuttgartban\/\" tabindex=\"-1\"><img loading=\"lazy\" decoding=\"async\" width=\"690\" height=\"460\" src=\"https:\/\/stuttgarti-katolikusok.de\/wp-content\/uploads\/2015\/12\/013__2_klaus-690x460.jpg\" class=\"attachment-latest-cover size-latest-cover wp-post-image\" alt=\"\" srcset=\"https:\/\/stuttgarti-katolikusok.de\/wp-content\/uploads\/2015\/12\/013__2_klaus-690x460.jpg 690w, https:\/\/stuttgarti-katolikusok.de\/wp-content\/uploads\/2015\/12\/013__2_klaus-420x280.jpg 420w\" sizes=\"auto, (max-width: 690px) 100vw, 690px\" \/><\/a><\/div><div class=\"event-content\">\n\t\t\t\t<div class=\"event-detail\">m\u00e1j.<span> 01<\/span> \/ Bruder Klaus Kirche<\/div>\n\t\t\t\t<a href=\"https:\/\/stuttgarti-katolikusok.de\/index.php\/esemeny\/munkas-szent-jozsef-unnepe-stuttgartban\/\"><h4 class=\"event-title\">Munk\u00e1s Szent J\u00f3zsef \u00fcnnepe Stuttgartban<\/h4><\/a>\n\t\t\t\t<p>Albert-Sch\u00e4ffle-Stra\u00dfe 30<\/p>\n\t\t\t\t<\/div>\t\t\t\t<ul class=\"event-sharing\">\n\t\t\t\t\t<li class=\"event-share\"><i class=\"event-sharing-icon fa-share-alt\"><\/i>\n\t\t\t\t\t<ul class=\"event-social\">\n\t\t\t\t\t\t<li><a class=\"facebook\" href=\"http:\/\/www.facebook.com\/sharer.php?u=https:\/\/stuttgarti-katolikusok.de\/index.php\/esemeny\/munkas-szent-jozsef-unnepe-stuttgartban\/&amp;t=Nagycs\u00fct\u00f6rt\u00f6k, az utols\u00f3 vacsora mis\u00e9je\" target=\"blank\"><i class=\"fa-facebook\"><\/i><\/a><\/li>\n\t\t\t\t\t\t<li><a class=\"google\" href=\"https:\/\/plusone.google.com\/_\/+1\/confirm?hl=en-US&amp;url=https:\/\/stuttgarti-katolikusok.de\/index.php\/esemeny\/munkas-szent-jozsef-unnepe-stuttgartban\/\" target=\"_blank\"><i class=\"fa-google-plus\"><\/i><\/a><\/li>\n\t\t\t\t\t\t<li><a class=\"twitter\" href=\"https:\/\/twitter.com\/intent\/tweet?original_referer=https:\/\/stuttgarti-katolikusok.de\/index.php\/esemeny\/munkas-szent-jozsef-unnepe-stuttgartban\/&amp;text=Nagycs\u00fct\u00f6rt\u00f6k, az utols\u00f3 vacsora mis\u00e9je&amp;tw_p=tweetbutton&amp;url=https:\/\/stuttgarti-katolikusok.de\/index.php\/esemeny\/munkas-szent-jozsef-unnepe-stuttgartban\/\" target=\"_blank\"><i class=\"fa-twitter\"><\/i><\/a><\/li>\n\t\t\t\t\t<\/ul><\/li>\n\t\t\t\t\t<li class=\"event-map\"><a class=\"fancybox-media\" href=\"https:\/\/maps.google.com\/maps?f=q&#038;source=s_q&#038;hl=en&#038;geocode=&#038;q=Albert-Sch%C3%A4ffle-Stra%C3%9Fe+30+Stuttgart+Baden-W%C3%BCrttemberg+70186+N%C3%A9metorsz%C3%A1g\"><i class=\"fa-map-marker\"><\/i><\/a><\/li>\n\t\t\t\t\t<li><a class=\"inlinelb\" href=\"#w-contact\"><i class=\"fa-envelope-o\"><\/i><\/a><\/li>\n\t\t\t\t\t\n\t\t\t\t\t\n\t\t\t\t\t\t\t\t<\/ul>\t\t\n\t\t\t<\/article>\n\t\t\t\t<\/div><div class=\"col-md-4 col-sm-4\"><article class=\"event-article container\"><div class=\"tribe-events-event-image\"><a href=\"https:\/\/stuttgarti-katolikusok.de\/index.php\/esemeny\/szentmise-balingenben-22\/\" tabindex=\"-1\"><img loading=\"lazy\" decoding=\"async\" width=\"480\" height=\"460\" src=\"https:\/\/stuttgarti-katolikusok.de\/wp-content\/uploads\/2018\/04\/20180505_163840-e1764632638620.jpg\" class=\"attachment-latest-cover size-latest-cover wp-post-image\" alt=\"\" \/><\/a><\/div><div class=\"event-content\">\n\t\t\t\t<div class=\"event-detail\">m\u00e1j.<span> 02<\/span> \/ Sankt Paulus Kirche<\/div>\n\t\t\t\t<a href=\"https:\/\/stuttgarti-katolikusok.de\/index.php\/esemeny\/szentmise-balingenben-22\/\"><h4 class=\"event-title\">Szentmise Balingenben<\/h4><\/a>\n\t\t\t\t<p>St. Paulus Str. 2<\/p>\n\t\t\t\t<\/div>\t\t\t\t<ul class=\"event-sharing\">\n\t\t\t\t\t<li class=\"event-share\"><i class=\"event-sharing-icon fa-share-alt\"><\/i>\n\t\t\t\t\t<ul class=\"event-social\">\n\t\t\t\t\t\t<li><a class=\"facebook\" href=\"http:\/\/www.facebook.com\/sharer.php?u=https:\/\/stuttgarti-katolikusok.de\/index.php\/esemeny\/szentmise-balingenben-22\/&amp;t=Nagycs\u00fct\u00f6rt\u00f6k, az utols\u00f3 vacsora mis\u00e9je\" target=\"blank\"><i class=\"fa-facebook\"><\/i><\/a><\/li>\n\t\t\t\t\t\t<li><a class=\"google\" href=\"https:\/\/plusone.google.com\/_\/+1\/confirm?hl=en-US&amp;url=https:\/\/stuttgarti-katolikusok.de\/index.php\/esemeny\/szentmise-balingenben-22\/\" target=\"_blank\"><i class=\"fa-google-plus\"><\/i><\/a><\/li>\n\t\t\t\t\t\t<li><a class=\"twitter\" href=\"https:\/\/twitter.com\/intent\/tweet?original_referer=https:\/\/stuttgarti-katolikusok.de\/index.php\/esemeny\/szentmise-balingenben-22\/&amp;text=Nagycs\u00fct\u00f6rt\u00f6k, az utols\u00f3 vacsora mis\u00e9je&amp;tw_p=tweetbutton&amp;url=https:\/\/stuttgarti-katolikusok.de\/index.php\/esemeny\/szentmise-balingenben-22\/\" target=\"_blank\"><i class=\"fa-twitter\"><\/i><\/a><\/li>\n\t\t\t\t\t<\/ul><\/li>\n\t\t\t\t\t<li class=\"event-map\"><a class=\"fancybox-media\" href=\"https:\/\/maps.google.com\/maps?f=q&#038;source=s_q&#038;hl=en&#038;geocode=&#038;q=St.+Paulus+Str.+2+Balingen-Frommern+Baden-W%C3%BCrttemberg+72336+N%C3%A9metorsz%C3%A1g\"><i class=\"fa-map-marker\"><\/i><\/a><\/li>\n\t\t\t\t\t<li><a class=\"inlinelb\" href=\"#w-contact\"><i class=\"fa-envelope-o\"><\/i><\/a><\/li>\n\t\t\t\t\t\n\t\t\t\t\t\n\t\t\t\t\t\t\t\t<\/ul>\t\t\n\t\t\t<\/article>\n\t\t\t\t<\/div><\/div><\/div><hr class=\"vertical-space1\"><div class=\"subtitle-four\"><h4>Mi \u00fajs\u00e1g<\/h4><\/div><div class=\"container latestposts-three\">\n\t<div class=\"col-md-4\"><article class=\"latest-b2\"><figure class=\"latest-b2-img\"><a href=\"https:\/\/stuttgarti-katolikusok.de\/index.php\/2026-majus\/\" title=\"2026 M\u00c1JUS\"><img loading=\"lazy\" decoding=\"async\" src=\"https:\/\/stuttgarti-katolikusok.de\/wp-content\/uploads\/2026\/04\/mi-mtl-720x388.jpg\" alt=\"2026 M\u00c1JUS\" class=\"landscape thumbnail latestfromblog\" width=\"720\" height=\"388\" itemprop=\"image\" \/><\/a><\/figure><div class=\"latest-b2-cont\"><h6 class=\"latest-b2-cat\"><a href=\"https:\/\/stuttgarti-katolikusok.de\/index.php\/category\/baratom\/\" rel=\"category tag\">Bar\u00e1tom<\/a><\/h6><h3 class=\"latest-b2-title\"><a href=\"https:\/\/stuttgarti-katolikusok.de\/index.php\/2026-majus\/\">2026 M\u00c1JUS<\/a><\/h3><p>A Bar\u00e1tom m\u00e1jusi sz\u00e1m\u00e1ban szerkeszt\u0151i csapatunk tagjaival igyekezt\u00fcnk ism\u00e9telten gazdagon ter\u00edtett asztallal kedveskedni. Rem\u00e9ny szerint mindenki mazsol\u00e1zhat majd a b\u0151s\u00e9ges k\u00edn\u00e1latb\u00f3l, s tal\u00e1l majd maga sz\u00e1m\u00e1ra \u00edzletes falatokat.<\/p><div class=\"latest-b2-metad2\"><i class=\"fa-comment-o\"><\/i><span>0<\/span> \/ <span class=\"latest-b2-date\"><a href=\"https:\/\/stuttgarti-katolikusok.de\/index.php\/author\/tibor-atya\/\" title=\"Tibor atya bejegyz\u00e9se\" rel=\"author\">Tibor atya<\/a> \/ 2026. \u00e1prilis 29<\/span><\/div><\/div><\/article><\/div>\n\t<div class=\"col-md-4\"><article class=\"latest-b2\"><figure class=\"latest-b2-img\"><a href=\"https:\/\/stuttgarti-katolikusok.de\/index.php\/2026-aprilis-27-es-majus-3-kozott\/\" title=\"2026. \u00c1PRILIS 27 \u00c9S M\u00c1JUS 3 K\u00d6Z\u00d6TT\"><img loading=\"lazy\" decoding=\"async\" src=\"https:\/\/stuttgarti-katolikusok.de\/wp-content\/uploads\/2024\/04\/bojtor-orsi-720x388.jpg\" alt=\"2026. \u00c1PRILIS 27 \u00c9S M\u00c1JUS 3 K\u00d6Z\u00d6TT\" class=\"landscape thumbnail latestfromblog\" width=\"720\" height=\"388\" itemprop=\"image\" \/><\/a><\/figure><div class=\"latest-b2-cont\"><h6 class=\"latest-b2-cat\"><a href=\"https:\/\/stuttgarti-katolikusok.de\/index.php\/category\/progamelozetes\/\" rel=\"category tag\">Progamel\u0151zetes<\/a><\/h6><h3 class=\"latest-b2-title\"><a href=\"https:\/\/stuttgarti-katolikusok.de\/index.php\/2026-aprilis-27-es-majus-3-kozott\/\">2026. \u00c1PRILIS 27 \u00c9S M\u00c1JUS 3 K\u00d6Z\u00d6TT<\/a><\/h3><p>Programel\u0151zetes * \u00a0M\u00e1jus 1-j\u00e9n, p\u00e9nteken, Munk\u00e1s Szent J\u00f3zsef\u00a0 \u00fcnnepe. (K\u00e9p forr\u00e1sa: Magyar Kur\u00edr) Weingartenben 10.00 \u00f3rakor \u00fcnnepi szentmise \u00e9s m\u00e1jusi \u00e1jtatoss\u00e1g a 14 Nothelfer Kapelle-ben. Stuttgartban 18.00 \u00f3rakor \u00fcnnepi szentmise \u00e9s m\u00e1jusi \u00e1jtatoss\u00e1g. \u00a0* M\u00e1jus...<\/p><div class=\"latest-b2-metad2\"><i class=\"fa-comment-o\"><\/i><span>0<\/span> \/ <span class=\"latest-b2-date\"><a href=\"https:\/\/stuttgarti-katolikusok.de\/index.php\/author\/tibor-atya\/\" title=\"Tibor atya bejegyz\u00e9se\" rel=\"author\">Tibor atya<\/a> \/ 2026. \u00e1prilis 27<\/span><\/div><\/div><\/article><\/div>\n\t<div class=\"col-md-4\"><article class=\"latest-b2\"><figure class=\"latest-b2-img\"><a href=\"https:\/\/stuttgarti-katolikusok.de\/index.php\/husvet-4-vasarnapja\/\" title=\"H\u00fasv\u00e9t 4. vas\u00e1rnapja - J\u00f3 p\u00e1sztor vas\u00e1rnapja\"><img loading=\"lazy\" decoding=\"async\" src=\"https:\/\/stuttgarti-katolikusok.de\/wp-content\/uploads\/2023\/04\/jo-pasztor-vasarnapja-2-egyedi-720x388.jpg\" alt=\"H\u00fasv\u00e9t 4. vas\u00e1rnapja - J\u00f3 p\u00e1sztor vas\u00e1rnapja\" class=\"landscape thumbnail latestfromblog\" width=\"720\" height=\"388\" itemprop=\"image\" \/><\/a><\/figure><div class=\"latest-b2-cont\"><h6 class=\"latest-b2-cat\"><a href=\"https:\/\/stuttgarti-katolikusok.de\/index.php\/category\/a-liturgia-olvasmanyai\/\" rel=\"category tag\">A liturgia olvasm\u00e1nyai<\/a>, <a href=\"https:\/\/stuttgarti-katolikusok.de\/index.php\/category\/vasarnapi-gondolatok\/\" rel=\"category tag\">Vas\u00e1rnapi gondolatok<\/a><\/h6><h3 class=\"latest-b2-title\"><a href=\"https:\/\/stuttgarti-katolikusok.de\/index.php\/husvet-4-vasarnapja\/\">H\u00fasv\u00e9t 4. vas\u00e1rnapja &#8211; J\u00f3 p\u00e1sztor vas\u00e1rnapja<\/a><\/h3><p>\u00dcnnepi liturgi\u00e1nkb\u00f3l a szentmise els\u0151 k\u00f6ny\u00f6rg\u00e9s\u00e9t \u00e9s annak k\u00f6zvet\u00edtett \u00fczenet\u00e9t szeretn\u00e9m idehozni. Benne azt k\u00e9rj\u00fck, hogy J\u00e9zus Krisztus, a J\u00f3 P\u00e1sztor, benn\u00fcnket, a gy\u00f6nge ny\u00e1jnak juhait elvezessen a mennyei \u00f6r\u00f6kk\u00e9val\u00f3s\u00e1gba. Egy nagyon fontos igazs\u00e1gra ir\u00e1ny\u00edtja...<\/p><div class=\"latest-b2-metad2\"><i class=\"fa-comment-o\"><\/i><span>0<\/span> \/ <span class=\"latest-b2-date\"><a href=\"https:\/\/stuttgarti-katolikusok.de\/index.php\/author\/tibor-atya\/\" title=\"Tibor atya bejegyz\u00e9se\" rel=\"author\">Tibor atya<\/a> \/ 2026. \u00e1prilis 25<\/span><\/div><\/div><\/article><\/div>\n<\/div>\n[\/vc_column][\/vc_row]\n<\/div>","protected":false},"excerpt":{"rendered":"<p>[vc_row row_type=&#8221;1&#8243; blox_class=&#8221;homeSliderWrapper&#8221; video_fullscreen=&#8221;true&#8221; video_type=&#8221;video\/youtube&#8221;][vc_column][vc_column_text css=&#8221;.vc_custom_1674127553112{margin-top: 0px !important;margin-bottom: 0px !important;padding-bottom: 0px !important;}&#8221; el_class=&#8221;table_image&#8221;] [\/vc_column_text][vc_column_text css=&#8221;.vc_custom_1770201136465{margin-top: 0px !important;margin-right: 0px !important;margin-bottom: 0px !important;margin-left: 0px !important;padding-top: 0px !important;padding-right: 0px !important;padding-bottom: 0px !important;padding-left: 0px !important;}&#8221;][\/vc_column_text][\/vc_column][\/vc_row][vc_row row_type=&#8221;2&#8243; blox_height=&#8221;150&#8243; blox_padding_top=&#8221;30px&#8221; blox_padding_bottom=&#8221;30px&#8221; blox_dark=&#8221;true&#8221; blox_class=&#8221;homeSubheader&#8221; blox_bgcolor=&#8221;#83b640&#8243; video_fullscreen=&#8221;true&#8221; video_type=&#8221;video\/youtube&#8221;][vc_column video_bg=&#8221;yes&#8221; video_bg_url=&#8221;https:\/\/www.youtube.com\/watch?v=FgR1f2dRDiY&amp;t=4s&#8221; css_animation=&#8221;none&#8221; width=&#8221;1\/2&#8243; el_class=&#8221;brdr-r1&#8243;][\/vc_column][vc_column width=&#8221;1\/2&#8243;][\/vc_column][\/vc_row][vc_row equal_height=&#8221;yes&#8221; video_fullscreen=&#8221;true&#8221; video_url=&#8221;&#8221; video_type=&#8221;video\/youtube&#8221;][vc_column width=&#8221;1\/2&#8243; css=&#8221;.vc_custom_1741594761456{margin-top: 30px !important;margin-right: 10px !important;margin-bottom: 30px !important;margin-left: 10px !important;padding-top: 30px !important;padding-right: 30px !important;padding-bottom: 30px !important;padding-left: 30px !important;background-color: #81D742 !important;}&#8221;][vc_column_text css=&#8221;&#8221;] A &#8222;Bar\u00e1tom&#8221; m\u00e1jusi sz\u00e1m\u00e1ban ism\u00e9telten sz\u00ednes \u00e9s tartalmas \u00edr\u00e1sokkal igyekezt\u00fcnk kedv\u00e9ben j\u00e1rni olvas\u00f3inknak.\u00a0 \u00cdr\u00e1saink els\u0151sorban H\u00fasv\u00e9t \u00e9s P\u00fcnk\u00f6sd \u00fcnnep\u00e9vel kapcsolatosak. Szerkeszt\u0151 csapatunk nev\u00e9ben k\u00edv\u00e1nunk b\u00e9k\u00e9s H\u00fasv\u00e9ti \u00e9s P\u00fcnk\u00f6sd v\u00e1r\u00f3 napokat! [\/vc_column_text][\/vc_column][vc_column width=&#8221;1\/2&#8243; css=&#8221;.vc_custom_1741595087937{margin-top: 30px !important;margin-right: 10px !important;margin-bottom: 30px !important;margin-left: 10px !important;padding-top: 0px !important;padding-right: 30px !important;padding-bottom: 0px !important;padding-left: 30px !important;background-color: #81D742 !important;}&#8221;][vc_column_text css_animation=&#8221;fadeIn&#8221; css=&#8221;&#8221;][\/vc_column_text][\/vc_column][\/vc_row][vc_row row_type=&#8221;1&#8243; video_fullscreen=&#8221;true&#8221; video_url=&#8221;&#8221; video_type=&#8221;video\/youtube&#8221;][vc_column css=&#8221;.vc_custom_1741594185676{margin-top: 30px !important;margin-right: 10px !important;margin-bottom: 30px !important;margin-left: 10px !important;padding-top: 30px !important;padding-right: 30px !important;padding-bottom: 30px !important;padding-left: 30px !important;background-color: #FFFFFF !important;}&#8221;][vc_column_text] Isten hozta a Stuttgarti Magyar Katolikus Egyh\u00e1zk\u00f6zs\u00e9g honlapj\u00e1n. Egyh\u00e1zk\u00f6zs\u00e9g\u00fcnket\u00a0 1947. m\u00e1jus 13-\u00e1n hozta l\u00e9tre Isten Szolg\u00e1ja,\u00a0Dr. Johann Baptist Sproll rottenburgi p\u00fcsp\u00f6k. Jelenleg mintegy 13 ezer h\u00edve van a t\u00f6rt\u00e9nelmi Magyarorsz\u00e1g minden t\u00e1jegys\u00e9g\u00e9r\u0151l. A 15 mis\u00e9z\u0151hely mindegyik\u00e9ben minden er\u0151nkkel azon vagyunk, hogy a keres\u0151knek f\u00e1klya, az otthontalanoknak otthon \u00e9s mindenkori h\u00edveinknek \u00e1lland\u00f3 er\u0151forr\u00e1s lehess\u00fcnk. [\/vc_column_text][\/vc_column][\/vc_row][vc_row video_fullscreen=&#8221;true&#8221; video_url=&#8221;&#8221; video_type=&#8221;video\/youtube&#8221;][vc_column width=&#8221;1\/2&#8243;][vc_row_inner][vc_column_inner width=&#8221;1\/3&#8243;][vc_column_text] [\/vc_column_text][\/vc_column_inner][vc_column_inner width=&#8221;1\/3&#8243;][vc_column_text] [\/vc_column_text][\/vc_column_inner][vc_column_inner width=&#8221;1\/3&#8243;][vc_column_text][\/vc_column_text][\/vc_column_inner][\/vc_row_inner][\/vc_column][vc_column width=&#8221;1\/6&#8243;][\/vc_column][vc_column width=&#8221;1\/6&#8243;][\/vc_column][vc_column width=&#8221;1\/6&#8243;][\/vc_column][\/vc_row][vc_row row_type=&#8221;3&#8243; blox_image=&#8221;23871&#8243; blox_dark=&#8221;true&#8221; row_color=&#8221;rgba(28,0,0,0.87)&#8221; video_fullscreen=&#8221;true&#8221; video_type=&#8221;video\/youtube&#8221;][vc_column width=&#8221;5\/12&#8243;][vc_column_text] Szentmise k\u00f6zvet\u00edt\u00e9sek [\/vc_column_text][vc_column_text] \u00cdr\u00e1sok [\/vc_column_text][\/vc_column][vc_column width=&#8221;1\/12&#8243;][\/vc_column][vc_column width=&#8221;6\/12&#8243;][vc_column_text] Programel\u0151zetes [\/vc_column_text][vc_column_text] Vas\u00e1rnapi gondolatok [\/vc_column_text][vc_column_text] Gondolatok [\/vc_column_text][\/vc_column][\/vc_row][vc_row][vc_column][\/vc_column][\/vc_row]<\/p>\n","protected":false},"author":7,"featured_media":0,"parent":0,"menu_order":0,"comment_status":"closed","ping_status":"closed","template":"","meta":{"footnotes":""},"class_list":["post-5159","page","type-page","status-publish","hentry"],"yoast_head":"<!-- This site is optimized with the Yoast SEO plugin v27.3 - https:\/\/yoast.com\/product\/yoast-seo-wordpress\/ -->\n<title>Isten hozta - Stuttgarti Katolikusok<\/title>\n<meta name=\"description\" content=\"Isten hozta a Stuttgarti Magyar Katolikus Egyh\u00e1zk\u00f6zs\u00e9g honlapj\u00e1n. A 15 mis\u00e9z\u0151hely mindegyik\u00e9ben minden er\u0151nkkel azon vagyunk, hogy a keres\u0151knek f\u00e1klya, az otthontalanoknak otthon \u00e9s mindenkori h\u00edveinknek \u00e1lland\u00f3 er\u0151forr\u00e1s lehess\u00fcnk.\" \/>\n<meta name=\"robots\" content=\"index, follow, max-snippet:-1, max-image-preview:large, max-video-preview:-1\" \/>\n<link rel=\"canonical\" href=\"https:\/\/stuttgarti-katolikusok.de\/\" \/>\n<meta property=\"og:locale\" content=\"hu_HU\" \/>\n<meta property=\"og:type\" content=\"article\" \/>\n<meta property=\"og:title\" content=\"Isten hozta - Stuttgarti Katolikusok\" \/>\n<meta property=\"og:description\" content=\"Isten hozta a Stuttgarti Magyar Katolikus Egyh\u00e1zk\u00f6zs\u00e9g honlapj\u00e1n. A 15 mis\u00e9z\u0151hely mindegyik\u00e9ben minden er\u0151nkkel azon vagyunk, hogy a keres\u0151knek f\u00e1klya, az otthontalanoknak otthon \u00e9s mindenkori h\u00edveinknek \u00e1lland\u00f3 er\u0151forr\u00e1s lehess\u00fcnk.\" \/>\n<meta property=\"og:url\" content=\"https:\/\/stuttgarti-katolikusok.de\/\" \/>\n<meta property=\"og:site_name\" content=\"Stuttgarti Katolikusok\" \/>\n<meta property=\"article:modified_time\" content=\"2026-04-29T09:39:46+00:00\" \/>\n<meta property=\"og:image\" content=\"https:\/\/stuttgarti-katolikusok.de\/wp-content\/uploads\/2020\/02\/cropbalingen-frommern-1.jpg\" \/>\n\t<meta property=\"og:image:width\" content=\"195\" \/>\n\t<meta property=\"og:image:height\" content=\"249\" \/>\n\t<meta property=\"og:image:type\" content=\"image\/jpeg\" \/>\n<meta name=\"twitter:card\" content=\"summary_large_image\" \/>\n<meta name=\"twitter:label1\" content=\"Becs\u00fclt olvas\u00e1si id\u0151\" \/>\n\t<meta name=\"twitter:data1\" content=\"6 perc\" \/>\n<script type=\"application\/ld+json\" class=\"yoast-schema-graph\">{\"@context\":\"https:\\\/\\\/schema.org\",\"@graph\":[{\"@type\":\"WebPage\",\"@id\":\"https:\\\/\\\/stuttgarti-katolikusok.de\\\/\",\"url\":\"https:\\\/\\\/stuttgarti-katolikusok.de\\\/\",\"name\":\"Isten hozta - Stuttgarti Katolikusok\",\"isPartOf\":{\"@id\":\"https:\\\/\\\/stuttgarti-katolikusok.de\\\/#website\"},\"primaryImageOfPage\":{\"@id\":\"https:\\\/\\\/stuttgarti-katolikusok.de\\\/#primaryimage\"},\"image\":{\"@id\":\"https:\\\/\\\/stuttgarti-katolikusok.de\\\/#primaryimage\"},\"thumbnailUrl\":\"https:\\\/\\\/stuttgarti-katolikusok.de\\\/wp-content\\\/uploads\\\/2020\\\/02\\\/cropbalingen-frommern-1.jpg\",\"datePublished\":\"2015-05-26T06:43:28+00:00\",\"dateModified\":\"2026-04-29T09:39:46+00:00\",\"description\":\"Isten hozta a Stuttgarti Magyar Katolikus Egyh\u00e1zk\u00f6zs\u00e9g honlapj\u00e1n. A 15 mis\u00e9z\u0151hely mindegyik\u00e9ben minden er\u0151nkkel azon vagyunk, hogy a keres\u0151knek f\u00e1klya, az otthontalanoknak otthon \u00e9s mindenkori h\u00edveinknek \u00e1lland\u00f3 er\u0151forr\u00e1s lehess\u00fcnk.\",\"breadcrumb\":{\"@id\":\"https:\\\/\\\/stuttgarti-katolikusok.de\\\/#breadcrumb\"},\"inLanguage\":\"hu\",\"potentialAction\":[{\"@type\":\"ReadAction\",\"target\":[\"https:\\\/\\\/stuttgarti-katolikusok.de\\\/\"]}]},{\"@type\":\"ImageObject\",\"inLanguage\":\"hu\",\"@id\":\"https:\\\/\\\/stuttgarti-katolikusok.de\\\/#primaryimage\",\"url\":\"https:\\\/\\\/stuttgarti-katolikusok.de\\\/wp-content\\\/uploads\\\/2020\\\/02\\\/cropbalingen-frommern-1.jpg\",\"contentUrl\":\"https:\\\/\\\/stuttgarti-katolikusok.de\\\/wp-content\\\/uploads\\\/2020\\\/02\\\/cropbalingen-frommern-1.jpg\",\"width\":195,\"height\":249},{\"@type\":\"BreadcrumbList\",\"@id\":\"https:\\\/\\\/stuttgarti-katolikusok.de\\\/#breadcrumb\",\"itemListElement\":[{\"@type\":\"ListItem\",\"position\":1,\"name\":\"Kezd\u0151lap\",\"item\":\"https:\\\/\\\/stuttgarti-katolikusok.de\\\/\"},{\"@type\":\"ListItem\",\"position\":2,\"name\":\"Isten hozta\"}]},{\"@type\":\"WebSite\",\"@id\":\"https:\\\/\\\/stuttgarti-katolikusok.de\\\/#website\",\"url\":\"https:\\\/\\\/stuttgarti-katolikusok.de\\\/\",\"name\":\"Stuttgarti Katolikusok\",\"description\":\"\",\"potentialAction\":[{\"@type\":\"SearchAction\",\"target\":{\"@type\":\"EntryPoint\",\"urlTemplate\":\"https:\\\/\\\/stuttgarti-katolikusok.de\\\/?s={search_term_string}\"},\"query-input\":{\"@type\":\"PropertyValueSpecification\",\"valueRequired\":true,\"valueName\":\"search_term_string\"}}],\"inLanguage\":\"hu\"}]}<\/script>\n<!-- \/ Yoast SEO plugin. -->","yoast_head_json":{"title":"Isten hozta - Stuttgarti Katolikusok","description":"Isten hozta a Stuttgarti Magyar Katolikus Egyh\u00e1zk\u00f6zs\u00e9g honlapj\u00e1n. A 15 mis\u00e9z\u0151hely mindegyik\u00e9ben minden er\u0151nkkel azon vagyunk, hogy a keres\u0151knek f\u00e1klya, az otthontalanoknak otthon \u00e9s mindenkori h\u00edveinknek \u00e1lland\u00f3 er\u0151forr\u00e1s lehess\u00fcnk.","robots":{"index":"index","follow":"follow","max-snippet":"max-snippet:-1","max-image-preview":"max-image-preview:large","max-video-preview":"max-video-preview:-1"},"canonical":"https:\/\/stuttgarti-katolikusok.de\/","og_locale":"hu_HU","og_type":"article","og_title":"Isten hozta - Stuttgarti Katolikusok","og_description":"Isten hozta a Stuttgarti Magyar Katolikus Egyh\u00e1zk\u00f6zs\u00e9g honlapj\u00e1n. A 15 mis\u00e9z\u0151hely mindegyik\u00e9ben minden er\u0151nkkel azon vagyunk, hogy a keres\u0151knek f\u00e1klya, az otthontalanoknak otthon \u00e9s mindenkori h\u00edveinknek \u00e1lland\u00f3 er\u0151forr\u00e1s lehess\u00fcnk.","og_url":"https:\/\/stuttgarti-katolikusok.de\/","og_site_name":"Stuttgarti Katolikusok","article_modified_time":"2026-04-29T09:39:46+00:00","og_image":[{"width":195,"height":249,"url":"https:\/\/stuttgarti-katolikusok.de\/wp-content\/uploads\/2020\/02\/cropbalingen-frommern-1.jpg","type":"image\/jpeg"}],"twitter_card":"summary_large_image","twitter_misc":{"Becs\u00fclt olvas\u00e1si id\u0151":"6 perc"},"schema":{"@context":"https:\/\/schema.org","@graph":[{"@type":"WebPage","@id":"https:\/\/stuttgarti-katolikusok.de\/","url":"https:\/\/stuttgarti-katolikusok.de\/","name":"Isten hozta - Stuttgarti Katolikusok","isPartOf":{"@id":"https:\/\/stuttgarti-katolikusok.de\/#website"},"primaryImageOfPage":{"@id":"https:\/\/stuttgarti-katolikusok.de\/#primaryimage"},"image":{"@id":"https:\/\/stuttgarti-katolikusok.de\/#primaryimage"},"thumbnailUrl":"https:\/\/stuttgarti-katolikusok.de\/wp-content\/uploads\/2020\/02\/cropbalingen-frommern-1.jpg","datePublished":"2015-05-26T06:43:28+00:00","dateModified":"2026-04-29T09:39:46+00:00","description":"Isten hozta a Stuttgarti Magyar Katolikus Egyh\u00e1zk\u00f6zs\u00e9g honlapj\u00e1n. A 15 mis\u00e9z\u0151hely mindegyik\u00e9ben minden er\u0151nkkel azon vagyunk, hogy a keres\u0151knek f\u00e1klya, az otthontalanoknak otthon \u00e9s mindenkori h\u00edveinknek \u00e1lland\u00f3 er\u0151forr\u00e1s lehess\u00fcnk.","breadcrumb":{"@id":"https:\/\/stuttgarti-katolikusok.de\/#breadcrumb"},"inLanguage":"hu","potentialAction":[{"@type":"ReadAction","target":["https:\/\/stuttgarti-katolikusok.de\/"]}]},{"@type":"ImageObject","inLanguage":"hu","@id":"https:\/\/stuttgarti-katolikusok.de\/#primaryimage","url":"https:\/\/stuttgarti-katolikusok.de\/wp-content\/uploads\/2020\/02\/cropbalingen-frommern-1.jpg","contentUrl":"https:\/\/stuttgarti-katolikusok.de\/wp-content\/uploads\/2020\/02\/cropbalingen-frommern-1.jpg","width":195,"height":249},{"@type":"BreadcrumbList","@id":"https:\/\/stuttgarti-katolikusok.de\/#breadcrumb","itemListElement":[{"@type":"ListItem","position":1,"name":"Kezd\u0151lap","item":"https:\/\/stuttgarti-katolikusok.de\/"},{"@type":"ListItem","position":2,"name":"Isten hozta"}]},{"@type":"WebSite","@id":"https:\/\/stuttgarti-katolikusok.de\/#website","url":"https:\/\/stuttgarti-katolikusok.de\/","name":"Stuttgarti Katolikusok","description":"","potentialAction":[{"@type":"SearchAction","target":{"@type":"EntryPoint","urlTemplate":"https:\/\/stuttgarti-katolikusok.de\/?s={search_term_string}"},"query-input":{"@type":"PropertyValueSpecification","valueRequired":true,"valueName":"search_term_string"}}],"inLanguage":"hu"}]}},"_links":{"self":[{"href":"https:\/\/stuttgarti-katolikusok.de\/index.php\/wp-json\/wp\/v2\/pages\/5159","targetHints":{"allow":["GET"]}}],"collection":[{"href":"https:\/\/stuttgarti-katolikusok.de\/index.php\/wp-json\/wp\/v2\/pages"}],"about":[{"href":"https:\/\/stuttgarti-katolikusok.de\/index.php\/wp-json\/wp\/v2\/types\/page"}],"author":[{"embeddable":true,"href":"https:\/\/stuttgarti-katolikusok.de\/index.php\/wp-json\/wp\/v2\/users\/7"}],"replies":[{"embeddable":true,"href":"https:\/\/stuttgarti-katolikusok.de\/index.php\/wp-json\/wp\/v2\/comments?post=5159"}],"version-history":[{"count":265,"href":"https:\/\/stuttgarti-katolikusok.de\/index.php\/wp-json\/wp\/v2\/pages\/5159\/revisions"}],"predecessor-version":[{"id":33225,"href":"https:\/\/stuttgarti-katolikusok.de\/index.php\/wp-json\/wp\/v2\/pages\/5159\/revisions\/33225"}],"wp:attachment":[{"href":"https:\/\/stuttgarti-katolikusok.de\/index.php\/wp-json\/wp\/v2\/media?parent=5159"}],"curies":[{"name":"wp","href":"https:\/\/api.w.org\/{rel}","templated":true}]}}