{"version":"1.0","provider_name":"Stuttgarti Katolikusok","provider_url":"https:\/\/stuttgarti-katolikusok.de","title":"Zeitler Barbara: \"Kik \u00e9rted haltak, szent vil\u00e1gszabads\u00e1g...\" - Stuttgarti Katolikusok","type":"rich","width":600,"height":338,"html":"<blockquote class=\"wp-embedded-content\" data-secret=\"n5bGDbhO8H\"><a href=\"https:\/\/stuttgarti-katolikusok.de\/index.php\/zeitler-barbara-kik-erted-haltak-szent-vilagszabadsag\/\">Zeitler Barbara: &#8222;Kik \u00e9rted haltak, szent vil\u00e1gszabads\u00e1g&#8230;&#8221;<\/a><\/blockquote><iframe sandbox=\"allow-scripts\" security=\"restricted\" src=\"https:\/\/stuttgarti-katolikusok.de\/index.php\/zeitler-barbara-kik-erted-haltak-szent-vilagszabadsag\/embed\/#?secret=n5bGDbhO8H\" width=\"600\" height=\"338\" title=\"&#8220;Zeitler Barbara: &#8222;Kik \u00e9rted haltak, szent vil\u00e1gszabads\u00e1g&#8230;&#8221;&#8221; &#8212; Stuttgarti Katolikusok\" data-secret=\"n5bGDbhO8H\" frameborder=\"0\" marginwidth=\"0\" marginheight=\"0\" scrolling=\"no\" class=\"wp-embedded-content\"><\/iframe><script type=\"text\/javascript\">\n\/* <![CDATA[ *\/\n\/*! This file is auto-generated *\/\n!function(d,l){\"use strict\";l.querySelector&&d.addEventListener&&\"undefined\"!=typeof URL&&(d.wp=d.wp||{},d.wp.receiveEmbedMessage||(d.wp.receiveEmbedMessage=function(e){var t=e.data;if((t||t.secret||t.message||t.value)&&!\/[^a-zA-Z0-9]\/.test(t.secret)){for(var s,r,n,a=l.querySelectorAll('iframe[data-secret=\"'+t.secret+'\"]'),o=l.querySelectorAll('blockquote[data-secret=\"'+t.secret+'\"]'),c=new RegExp(\"^https?:$\",\"i\"),i=0;i<o.length;i++)o[i].style.display=\"none\";for(i=0;i<a.length;i++)s=a[i],e.source===s.contentWindow&&(s.removeAttribute(\"style\"),\"height\"===t.message?(1e3<(r=parseInt(t.value,10))?r=1e3:~~r<200&&(r=200),s.height=r):\"link\"===t.message&&(r=new URL(s.getAttribute(\"src\")),n=new URL(t.value),c.test(n.protocol))&&n.host===r.host&&l.activeElement===s&&(d.top.location.href=t.value))}},d.addEventListener(\"message\",d.wp.receiveEmbedMessage,!1),l.addEventListener(\"DOMContentLoaded\",function(){for(var e,t,s=l.querySelectorAll(\"iframe.wp-embedded-content\"),r=0;r<s.length;r++)(t=(e=s[r]).getAttribute(\"data-secret\"))||(t=Math.random().toString(36).substring(2,12),e.src+=\"#?secret=\"+t,e.setAttribute(\"data-secret\",t)),e.contentWindow.postMessage({message:\"ready\",secret:t},\"*\")},!1)))}(window,document);\n\/\/# sourceURL=https:\/\/stuttgarti-katolikusok.de\/wp-includes\/js\/wp-embed.min.js\n\/* ]]> *\/\n<\/script>\n","description":"\u201cKik \u00e9rted haltak szent vil\u00e1gszabads\u00e1g\u201d T\u00f6bb \u00e9vtizedes hagyom\u00e1nya van annak, hogy a stuttgarti magyar h\u00edvek az \u201956-os okt\u00f3beri forradalmunk v\u00edvm\u00e1nyaira eml\u00e9kezve \u00f6kumenikus szentmis\u00e9t \u00e9s istentiszteletet mutatnak be, \u2013 \u00e9s mint ahogy azt pl\u00e9b\u00e1nosunk bevezet\u0151j\u00e9ben kifejtette, \u2013 a szentmise \u00e1ldozat\u00e1t szabads\u00e1gunk\u00e9rt v\u00e9r\u00fcket ont\u00f3 h\u0151s\u00f6k lelki \u00fcdv\u00e9\u00e9rt aj\u00e1nljuk f\u00f6l. Okt\u00f3ber 23-\u00e1n Dr. Tempfli Imre, a Stuttgarti Szent Gell\u00e9rt Egyh\u00e1zk\u00f6zs\u00e9g pl\u00e9b\u00e1nosa, \u00e9s papt\u00e1rsa Merl\u00e1s Tibor atya koncelebr\u00e1lta a szentmis\u00e9t, amelyen az Ig\u00e9t Nt G\u00e9mes P\u00e1l hirdette, seg\u00edt\u0151t\u00e1rsa az \u00farvacsora kioszt\u00e1s\u00e1ban Nt. G\u00e9mes Istv\u00e1n volt. Bevonul\u00e1sra egy sz\u00e9p du\u00f3t hallhattunk: Jean Xavier Lef\u00e8vre (1763-1829): Sonata Nr.1 \u2013 Allegro moderato, amelynek sz\u00f3l\u00f3j\u00e1t Horv\u00e1th Ott\u00f3 tolm\u00e1csolta klarinetten, s orgon\u00e1n Kocsis Judit k\u00eds\u00e9rt, majd zsolt\u00e1rk\u00e9nt ugyancsak t\u0151l\u00fck csend\u00fclt f\u00f6l Jean Xavier Lef\u00e8vre a Sonata Nr.1 \u2013 Adagio-ja. A napi Olvasm\u00e1ny szavait Sir\u00e1k fia k\u00f6nyv\u00e9b\u0151l hallottuk az \u00darr\u00f3l, az igaz B\u00edr\u00f3r\u00f3l, akinek mindig f\u00fcle van arra, hogy az \u00e1rv\u00e1k k\u00f6ny\u00f6rg\u00e9s\u00e9t, \u00e9s \u00f6zvegyek panasz\u00e1t meghallgassa. Ez a sz\u00f6vegr\u00e9sz engem arra eml\u00e9keztetett, hogy 1956. november\u00e9ben, sok hallgatni val\u00f3ja lehetett a j\u00f3 Istennek. Mert a t\u00faler\u0151vel szemben v\u00edvott harc n\u00e9p\u00fcnkt\u0151l nagy v\u00e9r\u00e1ldozatot k\u00f6vetelt, s majd ezt k\u00f6vet\u0151en is, a megtorl\u00e1sokat k\u00f6vet\u0151 \u00e9vekben, mikor is \u201cLev\u00e1gva n\u00e9p\u00fcnk ezrei, Halomba, mint kereszt, Hogy s\u00edrva tall\u00f3z, aki \u00e9l\u201d. [K\u00e1d\u00e1r] \u201ckir\u00e1ly te tetted ezt! Magyarorsz\u00e1g ezen tragikus \u00e9veiben \u00f6zvegyasszonyok sz\u00e1zainak jajai, \u00e9s az \u00e1rv\u00e1k zokog\u00f3 panaszai, az \u00e9gbe, az igaz B\u00edr\u00f3hoz ki\u00e1ltottak. Hullt az \u00e9desany\u00e1k k\u00f6nnyz\u00e1pora, mik\u00f6zben utols\u00f3 \u00fatjukra k\u00eds\u00e9rt\u00e9k fiatal \u00e9let\u00fckben kett\u00e9t\u00f6rt fiaikat, \u00e9s szer\u00e9t-sz\u00e1m\u00e1t nem tudjuk azoknak a fiatal n\u0151knek, akiknek oly kor\u00e1n ker\u00fclt fej\u00fckre az \u00f6zvegyi f\u00e1tyol, \u00e9s ami tal\u00e1n sz\u00e1mukra a legszomor\u00fabb volt, hogy gyakran m\u00e9g b\u00facs\u00fat sem tudtak venni fiaikt\u00f3l vagy f\u00e9rjeikt\u0151l, mert j\u00f3l tudjuk a K\u00e1d\u00e1r-rendszer sok embert kiv\u00e9geztetett, akiket akkor jeltelen\u00fcl hantoltak el, s \u00edgy m\u00e9g egy kis\u00a0s\u00edrhant sem adatott meg nekik, amely f\u00f6l\u00e9 borulva, b\u00e1natukat elzokogj\u00e1k. Zas L\u00f3r\u00e1nt: Novemberben.. Novemberben s\u00edrnak az utc\u00e1k Novemberben s\u00edrnak az emberek.... R\u00e9szletek"}