{"version":"1.0","provider_name":"Stuttgarti Katolikusok","provider_url":"https:\/\/stuttgarti-katolikusok.de","title":"Zar\u00e1ndok\u00fat Franciaorsz\u00e1gban: \u201e K\u0151be v\u00e9sett Sz\u0171z M\u00e1ri\u00e1k\u201c - Stuttgarti Katolikusok","type":"rich","width":600,"height":338,"html":"<blockquote class=\"wp-embedded-content\" data-secret=\"NXE4krNF64\"><a href=\"https:\/\/stuttgarti-katolikusok.de\/index.php\/zarandokut-franciaorszagban-kobe-vesett-szuz-mariak\/\">Zar\u00e1ndok\u00fat Franciaorsz\u00e1gban: \u201e K\u0151be v\u00e9sett Sz\u0171z M\u00e1ri\u00e1k\u201c<\/a><\/blockquote><iframe sandbox=\"allow-scripts\" security=\"restricted\" src=\"https:\/\/stuttgarti-katolikusok.de\/index.php\/zarandokut-franciaorszagban-kobe-vesett-szuz-mariak\/embed\/#?secret=NXE4krNF64\" width=\"600\" height=\"338\" title=\"&#8220;Zar\u00e1ndok\u00fat Franciaorsz\u00e1gban: \u201e K\u0151be v\u00e9sett Sz\u0171z M\u00e1ri\u00e1k\u201c&#8221; &#8212; Stuttgarti Katolikusok\" data-secret=\"NXE4krNF64\" frameborder=\"0\" marginwidth=\"0\" marginheight=\"0\" scrolling=\"no\" class=\"wp-embedded-content\"><\/iframe><script type=\"text\/javascript\">\n\/* <![CDATA[ *\/\n\/*! This file is auto-generated *\/\n!function(d,l){\"use strict\";l.querySelector&&d.addEventListener&&\"undefined\"!=typeof URL&&(d.wp=d.wp||{},d.wp.receiveEmbedMessage||(d.wp.receiveEmbedMessage=function(e){var t=e.data;if((t||t.secret||t.message||t.value)&&!\/[^a-zA-Z0-9]\/.test(t.secret)){for(var s,r,n,a=l.querySelectorAll('iframe[data-secret=\"'+t.secret+'\"]'),o=l.querySelectorAll('blockquote[data-secret=\"'+t.secret+'\"]'),c=new RegExp(\"^https?:$\",\"i\"),i=0;i<o.length;i++)o[i].style.display=\"none\";for(i=0;i<a.length;i++)s=a[i],e.source===s.contentWindow&&(s.removeAttribute(\"style\"),\"height\"===t.message?(1e3<(r=parseInt(t.value,10))?r=1e3:~~r<200&&(r=200),s.height=r):\"link\"===t.message&&(r=new URL(s.getAttribute(\"src\")),n=new URL(t.value),c.test(n.protocol))&&n.host===r.host&&l.activeElement===s&&(d.top.location.href=t.value))}},d.addEventListener(\"message\",d.wp.receiveEmbedMessage,!1),l.addEventListener(\"DOMContentLoaded\",function(){for(var e,t,s=l.querySelectorAll(\"iframe.wp-embedded-content\"),r=0;r<s.length;r++)(t=(e=s[r]).getAttribute(\"data-secret\"))||(t=Math.random().toString(36).substring(2,12),e.src+=\"#?secret=\"+t,e.setAttribute(\"data-secret\",t)),e.contentWindow.postMessage({message:\"ready\",secret:t},\"*\")},!1)))}(window,document);\n\/\/# sourceURL=https:\/\/stuttgarti-katolikusok.de\/wp-includes\/js\/wp-embed.min.js\n\/* ]]> *\/\n<\/script>\n","thumbnail_url":"https:\/\/stuttgarti-katolikusok.de\/wp-content\/uploads\/2016\/07\/aniko12.jpg","thumbnail_width":800,"thumbnail_height":533,"description":"2016. m\u00e1jus 23 \u00e9s 30 k\u00f6z\u00f6tt a Stuttgarti Magyar Katolikus Egyh\u00e1zk\u00f6zs\u00e9g \u00fajra megszervezte hagyom\u00e1nyos \u00e9ves zar\u00e1ndok\u00fatj\u00e1t. A helyek nagyon hamar beteltek, emiatt a szervez\u0151knek nem volt mi\u00e9rt agg\u00f3dniuk. Zar\u00e1ndoklatunkra mindannyiunk k\u00fcl\u00f6nb\u00f6z\u0151k\u00e9ppen k\u00e9sz\u00fclt fel, nekem az egyik ilyen pillanat az volt amikor kigondoltam a gyerty\u00e1kra a mint\u00e1t \u00e9s azut\u00e1n pedig teljes odaad\u00e1ssal ki is d\u00edsz\u00edtettem. Egy r\u00f6vid bemutatkoz\u00e1s ut\u00e1n kider\u00fclt, hogy mindannyiunk c\u00e9lja: lelkileg felt\u00f6lt\u0151dni, \u00faj bar\u00e1ts\u00e1gokat kialak\u00edtani \u00e9s a r\u00e9gieket fel\u00faj\u00edtani, mindezeket t\u00f6bbek k\u00f6zt k\u00f6z\u00f6s im\u00e1k \u00e9s \u00e9nekek \u00e1ltal, \u00e9s persze \u00faj dolgokat felfedezni \u00e9s ez\u00e1ltal tud\u00e1sunkat gyarap\u00edtani. Imre atya \u00e9s Tibor atya zar\u00e1ndokutunk sor\u00e1n nem csak lelkileg t\u00e1mogattak, hanem tud\u00e1sunkra is pozit\u00edv hat\u00e1ssal voltak. Halhattunk t\u0151l\u00fck t\u00f6bbek k\u00f6z\u00f6tt a zar\u00e1ndoklat t\u00f6rt\u00e9net\u00e9r\u0151l, Franciaorsz\u00e1g t\u00f6rt\u00e9nelm\u00e9r\u0151l, k\u00fcl\u00f6nb\u00f6z\u0151 francia szentek \u00e9let\u00e9r\u0151l, a g\u00f3tik\u00e1r\u00f3l&#8230; Mivel mindenr\u0151l nem lehet besz\u00e1molni, egy p\u00e1r \u00e9lm\u00e9nyt \u00e9s \u00e9rdekess\u00e9get szeretn\u00e9k megosztani. A zar\u00e1ndoklatot minden vall\u00e1sban megtal\u00e1lhatjuk. Az muszlimnak Mekka, a hinduknak Gangesz, a kereszt\u00e9nyeknek Jeruzs\u00e1lem zar\u00e1ndok\u00fatjuk c\u00e9lja. A l\u00e9nyege az, hogy egy kegyhelyet vagy szenthelyet felkeress\u00fcnk. Egy fontos r\u00e9sze, hogy kimozdulunk a megszokott h\u00e9tk\u00f6znapjainkb\u00f3l, nem csak testileg hanem lelkileg is. Ilyenkor l\u00e9tfontoss\u00e1g\u00fa az is, hogy elcsendes\u00fcl\u00fcnk, magunkba sz\u00e1llunk, Istennel besz\u00e9lget\u00fcnk, nek\u00fcnk katolikusoknak pedig az is, hogy elv\u00e9gezz\u00fck a szentgy\u00f3n\u00e1sunkat. A zar\u00e1ndoklat gyakorl\u00e1sa az id\u0151k sor\u00e1n sokat v\u00e1ltozott. Kezdetben p\u00e9ld\u00e1ul nem voltak b\u00f6rt\u00f6n\u00f6k, \u00edgy a \u201cb\u0171n\u00f6st\u201d elk\u00fcldt\u00e9k zar\u00e1ndok\u00fatra. A \u201cneh\u00e9z \u00fat\u201d ut\u00e1n megv\u00e1ltozva, jobbnak t\u00e9rt vissza. Persze a legt\u00f6bb zar\u00e1ndokot az er\u0151s hit vezette, a megv\u00e1lt\u00e1s elnyer\u00e9s\u00e9hez vezet\u0151 \u00fat. Az els\u0151 kereszt\u00e9nyek el\u0151sz\u00f6r J\u00e9zus s\u00edrj\u00e1t kerest\u00e9k fel \u00e9s azokat a helyeket ahol \u0150 j\u00e1rt. K\u00e9s\u0151bb pedig a szentek sz\u00fcl\u0151- vagy m\u00e1rt\u00edrv\u00e1ros\u00e1ban j\u00f6ttek l\u00e9tre kegyhelyek vagy zar\u00e1ndokhelyek. A k\u00f6z\u00e9pkorban k\u00fcl\u00f6nb\u00f6z\u0151 tiszteleti szok\u00e1sok alakulnak ki, mind p\u00e9ld\u00e1ul M\u00e1ria tisztelete, harcos kereszt\u00e9ny szentek tisztelete \u00e9s b\u00facs\u00fahelyei (Santiago de Compostella), az Olt\u00e1riszents\u00e9g csod\u00e1i \u00e9s b\u00facs\u00fahelyei (\u00darnapja \u2013 Lancianoi eucharisztiai csoda). A reform\u00e1ci\u00f3 kor\u00e1ban a b\u00facs\u00faj\u00e1r\u00e1s sok helyen megsz\u0171nik, sajnos sok k\u00f6z\u00e9pkori kegyk\u00e9p, szobor, ereklye... R\u00e9szletek"}