{"version":"1.0","provider_name":"Stuttgarti Katolikusok","provider_url":"https:\/\/stuttgarti-katolikusok.de","title":"Sz\u00e9kely Enik\u0151: \"Zar\u00e1ndokolni \u00e9s egy\u00fctt lenni\" - Stuttgarti Katolikusok","type":"rich","width":600,"height":338,"html":"<blockquote class=\"wp-embedded-content\" data-secret=\"WsgZ9DVvQc\"><a href=\"https:\/\/stuttgarti-katolikusok.de\/index.php\/zarandokolni-es-egyutt-lenni\/\">Sz\u00e9kely Enik\u0151: &#8222;Zar\u00e1ndokolni \u00e9s egy\u00fctt lenni&#8221;<\/a><\/blockquote><iframe sandbox=\"allow-scripts\" security=\"restricted\" src=\"https:\/\/stuttgarti-katolikusok.de\/index.php\/zarandokolni-es-egyutt-lenni\/embed\/#?secret=WsgZ9DVvQc\" width=\"600\" height=\"338\" title=\"&#8220;Sz\u00e9kely Enik\u0151: &#8222;Zar\u00e1ndokolni \u00e9s egy\u00fctt lenni&#8221;&#8221; &#8212; Stuttgarti Katolikusok\" data-secret=\"WsgZ9DVvQc\" frameborder=\"0\" marginwidth=\"0\" marginheight=\"0\" scrolling=\"no\" class=\"wp-embedded-content\"><\/iframe><script type=\"text\/javascript\">\n\/* <![CDATA[ *\/\n\/*! This file is auto-generated *\/\n!function(d,l){\"use strict\";l.querySelector&&d.addEventListener&&\"undefined\"!=typeof URL&&(d.wp=d.wp||{},d.wp.receiveEmbedMessage||(d.wp.receiveEmbedMessage=function(e){var t=e.data;if((t||t.secret||t.message||t.value)&&!\/[^a-zA-Z0-9]\/.test(t.secret)){for(var s,r,n,a=l.querySelectorAll('iframe[data-secret=\"'+t.secret+'\"]'),o=l.querySelectorAll('blockquote[data-secret=\"'+t.secret+'\"]'),c=new RegExp(\"^https?:$\",\"i\"),i=0;i<o.length;i++)o[i].style.display=\"none\";for(i=0;i<a.length;i++)s=a[i],e.source===s.contentWindow&&(s.removeAttribute(\"style\"),\"height\"===t.message?(1e3<(r=parseInt(t.value,10))?r=1e3:~~r<200&&(r=200),s.height=r):\"link\"===t.message&&(r=new URL(s.getAttribute(\"src\")),n=new URL(t.value),c.test(n.protocol))&&n.host===r.host&&l.activeElement===s&&(d.top.location.href=t.value))}},d.addEventListener(\"message\",d.wp.receiveEmbedMessage,!1),l.addEventListener(\"DOMContentLoaded\",function(){for(var e,t,s=l.querySelectorAll(\"iframe.wp-embedded-content\"),r=0;r<s.length;r++)(t=(e=s[r]).getAttribute(\"data-secret\"))||(t=Math.random().toString(36).substring(2,12),e.src+=\"#?secret=\"+t,e.setAttribute(\"data-secret\",t)),e.contentWindow.postMessage({message:\"ready\",secret:t},\"*\")},!1)))}(window,document);\n\/\/# sourceURL=https:\/\/stuttgarti-katolikusok.de\/wp-includes\/js\/wp-embed.min.js\n\/* ]]> *\/\n<\/script>\n","thumbnail_url":"https:\/\/stuttgarti-katolikusok.de\/wp-content\/uploads\/2020\/06\/sztjakabut.jpg","thumbnail_width":1500,"thumbnail_height":1000,"description":"\u201eZar\u00e1ndokolni \u00e9s egy\u00fctt lenni\u201d V\u00e1rakoz\u00e1ssal, zaklatott lelki\u00e1llapotban k\u00e9sz\u00fclt\u00fcnk az idei P\u00fcnk\u00f6sdre, tudva, hogy nem mehet\u00fcnk a cs\u00edksomly\u00f3i b\u00facs\u00fara. \u201eSz\u00edv\u00fcnkben zar\u00e1ndokoljunk!\u201d \u2013 sz\u00f3lt a felh\u00edv\u00e1s, mik\u00f6zben menni kellene, oly nagy a v\u00e1gyakoz\u00e1s. F\u00e1radjon a l\u00e1b, izzadjon az ember, im\u00e1dkozzon \u00e9s \u00e9nekeljen, s v\u00e9g\u00fcl meg\u00e9rkezzen. Haza \u00e9rkezzen! A l\u00e9lek v\u00e1gyait \u2013 sajnos \u2013 fel\u00fcl\u00edrta a t\u00f6rv\u00e9ny, \u00edgy csak az \u00e9l\u0151 k\u00f6zvet\u00edt\u00e9sen vehett\u00fcnk r\u00e9szt. Az \u00fcnnepi szentmis\u00e9n Gergely \u00e9rsek atya minden k\u00e9rd\u00e9sre megadta a v\u00e1laszt: \u201eHonnan tudj\u00e1tok, hogy ez rossz? &#8230; A J\u00f3 Isten soha nem akar rosszat n\u00e9p\u00e9nek! \u201d Ez a meghat\u00f3 pr\u00e9dik\u00e1ci\u00f3 hull\u00e1mokban nyugtatta meg a sz\u00edvem, csendesedtek el k\u00e9rd\u00e9seim. S hogy hogyan m\u0171k\u00f6dik a Gondvisel\u00e9s? Sz\u00e1munkra l\u00e1thatatlan sz\u00e1lakat mozgat meg, fon \u00f6ssze, s vezeti egym\u00e1shoz az embereket. A szentmise v\u00e9g\u00e9n \u00fczenetet kaptam Stuttgartb\u00f3l: \u201eTi nem j\u00f6szt\u00f6k h\u00e9tf\u0151n a zar\u00e1ndoklatra?\u201d Nem voltam napirenden, \u00edgy semmilyen r\u00e9szletet nem tudtam a zar\u00e1ndoklatr\u00f3l, k\u00e9rtem az inform\u00e1ci\u00f3kat. Mivel a Santiago de Compostel\u00e1ba tervezett idei zar\u00e1ndok\u00fat sajnos elmaradt, ez\u00e9rt helyette a Szent Jakab \u00fat egyik n\u00e9metorsz\u00e1gi szakasz\u00e1t v\u00e1lasztott\u00e1k ki a szervez\u0151k. Winnendenb\u0151l indulva Endersbach, Stetten \u00e9rint\u00e9s\u00e9vel Esslingen volt a c\u00e9l, 23 km gyalogos \u00fat megt\u00e9tele. Megkapva minden inform\u00e1ci\u00f3t, hirtelen el\u0151vettek a k\u00e9telyek, hogy mi ezt nem tudjuk v\u00e1llalni, mert elutazunk, mert nem tudunk r\u00e1 felk\u00e9sz\u00fclni, mert nem \u00e9r\u00fcnk oda, mert nem lesz kenyer\u00fcnk a szendvicsekhez&#8230;, megannyi ok, amit \u00fagy l\u00e1ttam, hogy nem lehet lek\u00fczdeni. Nem vettem \u00e9szre a t\u00e1lc\u00e1n felk\u00edn\u00e1lt lehet\u0151s\u00e9get: Cs\u00edksomly\u00f3 helyett Szent Jakab zar\u00e1ndoklat! De a j\u00f3 sz\u00e1nd\u00e9k\u00fa embereket sem olyan f\u00e1b\u00f3l faragt\u00e1k, hogy k\u00f6nnyen feladj\u00e1k, \u00edgy minden akad\u00e1lyt el lehetett h\u00e1r\u00edtani. A legjobban az \u00e9rintett meg, hogy a J\u00f3 Isten a mindennapi kenyer\u00fcnkr\u0151l is gondoskodott, Annik\u00f3 s\u00fct\u00f6tte a kenyeret nek\u00fcnk&#8230; Korai indul\u00e1sunk egy gy\u00f6ny\u00f6r\u0171 napfelkelt\u00e9vel aj\u00e1nd\u00e9kozott meg, eszembe juttatva a somly\u00f3i hagyom\u00e1nyos napban\u00e9z\u00e9st, s b\u00e1r t\u00e1vols\u00e1gban t\u00f6bb sz\u00e1z kilom\u00e9ter v\u00e1lasztott el otthonr\u00f3l, itt is ugyanaz a Nap ragyogott a l\u00e1that\u00e1ron. Els\u0151 zar\u00e1ndoklatunk volt... R\u00e9szletek"}