{"version":"1.0","provider_name":"Stuttgarti Katolikusok","provider_url":"https:\/\/stuttgarti-katolikusok.de","title":"Zar\u00e1ndoklat Konstanzba - Stuttgarti Katolikusok","type":"rich","width":600,"height":338,"html":"<blockquote class=\"wp-embedded-content\" data-secret=\"NsIekzTsUe\"><a href=\"https:\/\/stuttgarti-katolikusok.de\/index.php\/zarandoklat-konstanzba\/\">Zar\u00e1ndoklat Konstanzba<\/a><\/blockquote><iframe sandbox=\"allow-scripts\" security=\"restricted\" src=\"https:\/\/stuttgarti-katolikusok.de\/index.php\/zarandoklat-konstanzba\/embed\/#?secret=NsIekzTsUe\" width=\"600\" height=\"338\" title=\"&#8220;Zar\u00e1ndoklat Konstanzba&#8221; &#8212; Stuttgarti Katolikusok\" data-secret=\"NsIekzTsUe\" frameborder=\"0\" marginwidth=\"0\" marginheight=\"0\" scrolling=\"no\" class=\"wp-embedded-content\"><\/iframe><script type=\"text\/javascript\">\n\/* <![CDATA[ *\/\n\/*! This file is auto-generated *\/\n!function(d,l){\"use strict\";l.querySelector&&d.addEventListener&&\"undefined\"!=typeof URL&&(d.wp=d.wp||{},d.wp.receiveEmbedMessage||(d.wp.receiveEmbedMessage=function(e){var t=e.data;if((t||t.secret||t.message||t.value)&&!\/[^a-zA-Z0-9]\/.test(t.secret)){for(var s,r,n,a=l.querySelectorAll('iframe[data-secret=\"'+t.secret+'\"]'),o=l.querySelectorAll('blockquote[data-secret=\"'+t.secret+'\"]'),c=new RegExp(\"^https?:$\",\"i\"),i=0;i<o.length;i++)o[i].style.display=\"none\";for(i=0;i<a.length;i++)s=a[i],e.source===s.contentWindow&&(s.removeAttribute(\"style\"),\"height\"===t.message?(1e3<(r=parseInt(t.value,10))?r=1e3:~~r<200&&(r=200),s.height=r):\"link\"===t.message&&(r=new URL(s.getAttribute(\"src\")),n=new URL(t.value),c.test(n.protocol))&&n.host===r.host&&l.activeElement===s&&(d.top.location.href=t.value))}},d.addEventListener(\"message\",d.wp.receiveEmbedMessage,!1),l.addEventListener(\"DOMContentLoaded\",function(){for(var e,t,s=l.querySelectorAll(\"iframe.wp-embedded-content\"),r=0;r<s.length;r++)(t=(e=s[r]).getAttribute(\"data-secret\"))||(t=Math.random().toString(36).substring(2,12),e.src+=\"#?secret=\"+t,e.setAttribute(\"data-secret\",t)),e.contentWindow.postMessage({message:\"ready\",secret:t},\"*\")},!1)))}(window,document);\n\/\/# sourceURL=https:\/\/stuttgarti-katolikusok.de\/wp-includes\/js\/wp-embed.min.js\n\/* ]]> *\/\n<\/script>\n","thumbnail_url":"https:\/\/stuttgarti-katolikusok.de\/wp-content\/uploads\/2021\/07\/konstanz.jpeg","thumbnail_width":1024,"thumbnail_height":768,"description":"Egyh\u00e1zk\u00f6zs\u00e9g\u00fcnk \u201eGloria Cantus \u201ck\u00f3rusa m\u00falt szombaton a Boden-t\u00f3 partj\u00e1n \u00e9p\u00fclt Konstanzba zar\u00e1ndokolt. Miut\u00e1n k\u00e9tszer Brigi\u00e9kn\u00e9l grillezt\u00fcnk \u00e9s nagyon j\u00f3l telt, \u00fagy hat\u00e1roztunk, hogy egy egynapos zar\u00e1ndoklatra indulunk Baden-W\u00fcrttemberg tartom\u00e1ny ter\u00fclet\u00e9n. Vonattal tett\u00fck meg a k\u00e9t\u00f3r\u00e1s utat, \u00edgy nem kellett parkol\u00e1si gondokkal k\u00fczdeni \u00e9s a h\u00e9tv\u00e9g\u00e9re \u00e9rv\u00e9nyes jut\u00e1nyos \u00e1ron utaztunk. K\u00f3rusvezet\u0151nk, Brigi, szervezte meg az utat, \u00e9rtes\u00edtett benn\u00fcnket a napi programr\u00f3l \u00e9s meglepet\u00e9sk\u00e9nt \u00f6nk\u00e9ntes idegenvezet\u0151nk is volt, Thomas, aki Konstanzban sz\u00fcletett \u00e9s Brigi irodai munkat\u00e1rsa. A stuttgarti vas\u00fat\u00e1llom\u00e1son tal\u00e1lkozott a h\u00e9ttag\u00fa csapat, amely Konstanzban kilencre b\u0151v\u00fclt, mert Marika \u00e9s Bandi ott csatlakozott hozz\u00e1nk \u00e9s m\u00e1r v\u00e1rtak r\u00e1nk a vas\u00fat\u00e1llom\u00e1son. \u00datban Konstanz fel\u00e9 \u00fczenetet kaptunk Marik\u00e1t\u00f3l, hogy n\u00e1luk jelenleg esik, d\u00f6r\u00f6g \u00e9s vill\u00e1mlik, ami egy kicsit elkedvetlen\u00edtett benn\u00fcnket, de a J\u00f3istenben b\u00edzva mire oda\u00e9rt\u00fcnk se h\u00edre se hamva nem volt az es\u0151nek, \u00edgy kiss\u00e9 bor\u00fas, de kellemes id\u0151ben kezdt\u00fck meg zar\u00e1ndoklatunkat. A v\u00e1ros b\u00e1tor lakosainak k\u00f6sz\u00f6nhet\u0151en maradtak meg \u00e9pen a m\u00e1sodik vil\u00e1gh\u00e1bor\u00fa idej\u00e9n az \u00f3v\u00e1ros, a k\u00f6z\u00e9pkori gy\u00f6ny\u00f6r\u0171 templomok, m\u0171eml\u00e9kek \u00e9s \u00e9p\u00fcletek, mivel \u00e9jnek idej\u00e9n minden f\u00e9nyt felkapcsolva hagytak, \u00edgy a pil\u00f3t\u00e1k nem bomb\u00e1zt\u00e1k le, mert azt hitt\u00e9k, hogy Sv\u00e1jc felett j\u00e1rnak. Els\u0151 utunk a Szenth\u00e1roms\u00e1g (Dreifaltigkeitskirche) templomba vezetett, amelyet a 13. sz\u00e1zadban \u00e9p\u00edtettek. Itt foh\u00e1szkodtunk a J\u00f3istenhez csal\u00e1dunk\u00e9rt, egyh\u00e1zk\u00f6zs\u00e9g\u00fcnk\u00e9rt \u00e9s megcsod\u00e1ltuk a gy\u00f6ny\u00f6r\u0171 k\u00e9sei-g\u00f3tikus fresk\u00f3kat, valamint a barokk m\u0171alkot\u00e1sokat. Az \u00f3v\u00e1rosban megl\u00e1togattuk a 11. sz\u00e1zadi M\u00fcnstert, (M\u00fcnster unserer lieben Frau) sz\u00e9kesegyh\u00e1zat, a v\u00e1ros legnagyobb templom\u00e1t, amelyet m\u00e1r a 600-as \u00e9vekben megeml\u00edtenek a t\u00f6rt\u00e9n\u00e9szek. Megcsod\u00e1ltuk a 16. sz\u00e1zadban renesz\u00e1nsz st\u00edlusban \u00e9p\u00fclt v\u00e1rosh\u00e1za gy\u00f6ny\u00f6r\u0171 falfestm\u00e9nyeit. Thomast\u00f3l megtudtuk, hogy 1414-1418 k\u00f6z\u00f6tt itt \u00fcl\u00e9sezett a Konstanzi Zsinat. Az \u00fcl\u00e9s eredm\u00e9nye volt, hogy felsz\u00e1molt\u00e1k az egyh\u00e1zszakad\u00e1st. A 69 km hossz\u00fa Boden-t\u00f3 K\u00f6z\u00e9p-Eur\u00f3pa harmadik legnagyobb tava, a Balaton \u00e9s a Genfi-t\u00f3 ut\u00e1n. N\u00e9metorsz\u00e1g, Ausztria \u00e9s Sv\u00e1jc hat\u00e1rolja. A t\u00f3 partj\u00e1n, egy vend\u00e9gl\u0151 szabadt\u00e9ri r\u00e9sz\u00e9ben eb\u00e9delt\u00fcnk, \u00f6r\u00fclt\u00fcnk egym\u00e1s t\u00e1rsas\u00e1g\u00e1nak \u00e9s h\u00e1l\u00e1t adtunk a J\u00f3istennek, hogy a hossz\u00fa bez\u00e1rts\u00e1g... R\u00e9szletek"}