{"version":"1.0","provider_name":"Stuttgarti Katolikusok","provider_url":"https:\/\/stuttgarti-katolikusok.de","title":"Zar\u00e1ndoklat Compostela-ba - Stuttgarti Katolikusok","type":"rich","width":600,"height":338,"html":"<blockquote class=\"wp-embedded-content\" data-secret=\"MnhgKUDk73\"><a href=\"https:\/\/stuttgarti-katolikusok.de\/index.php\/zarandoklat-compostela-ba\/\">Zar\u00e1ndoklat Compostela-ba<\/a><\/blockquote><iframe sandbox=\"allow-scripts\" security=\"restricted\" src=\"https:\/\/stuttgarti-katolikusok.de\/index.php\/zarandoklat-compostela-ba\/embed\/#?secret=MnhgKUDk73\" width=\"600\" height=\"338\" title=\"&#8220;Zar\u00e1ndoklat Compostela-ba&#8221; &#8212; Stuttgarti Katolikusok\" data-secret=\"MnhgKUDk73\" frameborder=\"0\" marginwidth=\"0\" marginheight=\"0\" scrolling=\"no\" class=\"wp-embedded-content\"><\/iframe><script type=\"text\/javascript\">\n\/* <![CDATA[ *\/\n\/*! This file is auto-generated *\/\n!function(d,l){\"use strict\";l.querySelector&&d.addEventListener&&\"undefined\"!=typeof URL&&(d.wp=d.wp||{},d.wp.receiveEmbedMessage||(d.wp.receiveEmbedMessage=function(e){var t=e.data;if((t||t.secret||t.message||t.value)&&!\/[^a-zA-Z0-9]\/.test(t.secret)){for(var s,r,n,a=l.querySelectorAll('iframe[data-secret=\"'+t.secret+'\"]'),o=l.querySelectorAll('blockquote[data-secret=\"'+t.secret+'\"]'),c=new RegExp(\"^https?:$\",\"i\"),i=0;i<o.length;i++)o[i].style.display=\"none\";for(i=0;i<a.length;i++)s=a[i],e.source===s.contentWindow&&(s.removeAttribute(\"style\"),\"height\"===t.message?(1e3<(r=parseInt(t.value,10))?r=1e3:~~r<200&&(r=200),s.height=r):\"link\"===t.message&&(r=new URL(s.getAttribute(\"src\")),n=new URL(t.value),c.test(n.protocol))&&n.host===r.host&&l.activeElement===s&&(d.top.location.href=t.value))}},d.addEventListener(\"message\",d.wp.receiveEmbedMessage,!1),l.addEventListener(\"DOMContentLoaded\",function(){for(var e,t,s=l.querySelectorAll(\"iframe.wp-embedded-content\"),r=0;r<s.length;r++)(t=(e=s[r]).getAttribute(\"data-secret\"))||(t=Math.random().toString(36).substring(2,12),e.src+=\"#?secret=\"+t,e.setAttribute(\"data-secret\",t)),e.contentWindow.postMessage({message:\"ready\",secret:t},\"*\")},!1)))}(window,document);\n\/\/# sourceURL=https:\/\/stuttgarti-katolikusok.de\/wp-includes\/js\/wp-embed.min.js\n\/* ]]> *\/\n<\/script>\n","description":"+! Kedves H\u00edveim, kedves Bar\u00e1taim 2020. j\u00fanius 1 \u00e9s 14 k\u00f6z\u00f6tt gyalogos zar\u00e1ndoklatot hirdettem Compostela-ba. Eleddig 26-an jelentkeztek. Viszont sz\u00e1mtalan olyan k\u00e9r\u00e9s is volt, amely szerint t\u00f6bben j\u00f6nn\u00e9nek olyanok, akik csak bizonyos r\u00e9szeket tudn\u00e1nak gyalog megtenni. Mi\u00e9rt z\u00e1rom h\u00e1t ki \u0151ket? Hosszas t\u00f6preng\u00e9s ut\u00e1n \u00fagy d\u00f6nt\u00f6ttem, hogy a gyalogos zar\u00e1ndoklattal p\u00e1rhuzamosan egy aut\u00f3buszos zar\u00e1ndoklatot is szervezek, amelyre teh\u00e1t azok is jelentkezhetnek, akik nem tudnak gyalogolni. Ez a zar\u00e1ndoklat j\u00fanius 7-\u00e9n kezd\u0151dne \u00e9s j\u00fanius 13-\u00e1n \u00e9rne v\u00e9get. Al\u00e1bb hozom a k\u00e9t csoport sz\u00e1m\u00e1ra az el\u0151rel\u00e1that\u00f3 programot. November 15-ig pedig v\u00e1rom teh\u00e1t azok jelentkez\u00e9s\u00e9t is, akik aut\u00f3busszal j\u00f6nn\u00e9nek Compostel\u00e1ba! Csak ennek tudat\u00e1ban tudok t\u00e1rgyalni majd a Bayerisches Pilgerb\u00fcro nev\u0171 utaz\u00e1si Irod\u00e1val. Lelkip\u00e1sztori \u00e9s bar\u00e1ti szeretettel, Imre atya november 4. \u00a0 COMPOSTELA \u2013 ZAR\u00c1NDOKLAT (2020. j\u00fanius 1-14.) \u00a0 I. CSOPORT (v\u00e9gig gyalog) szervez\u0151: a Katolikus Egyh\u00e1zk\u00f6zs\u00e9g Irod\u00e1ja, illetve a r\u00e9sztvev\u0151k &nbsp; Program &nbsp; Helys\u00e9gek\u00a0\u00a0\u00a0\u00a0\u00a0\u00a0\u00a0\u00a0\u00a0\u00a0\u00a0\u00a0\u00a0\u00a0\u00a0\u00a0\u00a0\u00a0\u00a0\u00a0\u00a0\u00a0\u00a0\u00a0\u00a0\u00a0\u00a0\u00a0\u00a0\u00a0\u00a0\u00a0\u00a0\u00a0\u00a0\u00a0\u00a0\u00a0\u00a0\u00a0\u00a0\u00a0\u00a0\u00a0\u00a0\u00a0\u00a0\u00a0\u00a0\u00a0 \u00a0\u00a0\u00a0\u00a0\u00a0\u00a0\u00a0\u00a0\u00a0\u00a0\u00a0 \u00a0\u00a0\u00a0\u00a0\u00a0\u00a0\u00a0\u00a0\u00a0\u00a0\u00a0\u00a0\u00a0\u00a0\u00a0\u00a0\u00a0\u00a0\u00a0\u00a0\u00a0\u00a0\u00a0\u00a0\u00a0\u00a0\u00a0\u00a0\u00a0\u00a0\u00a0\u00a0\u00a0\u00a0\u00a0\u00a0\u00a0\u00a0\u00a0\u00a0\u00a0\u00a0\u00a0\u00a0\u00a0\u00a0\u00a0\u00a0\u00a0\u00a0\u00a0\u00a0 T\u00e1vols\u00e1g\u00a0\u00a0\u00a0\u00a0\u00a0\u00a0\u00a0\u00a0\u00a0\u00a0\u00a0\u00a0\u00a0\u00a0\u00a0\u00a0\u00a0\u00a0 Id\u0151\u00a0\u00a0\u00a0\u00a0 \u00a0\u00a0\u00a0 \u00a0\u00a0\u00a0\u00a0 &nbsp; \u00a0 \u00a0 \u00a0 \u00a01. nap, j\u00fanius 1., h\u00e9tf\u0151: Stuttgart (M\u00fcnchen \/ Frankfurt) \u2013 Madrid rep\u00fcl\u0151vel \u00a0\u00a0\u00a0\u00a0\u00a0 El\u0151rel\u00e1that\u00f3lag: M\u00fcnchen 10.40 h \u2013 13.25h\u00a0\u00a0\u00a0\u00a0\u00a0\u00a0\u00a0 Frankfurt 10.50 h \u2013 13.35 h \u00a0\u00a0\u00a0\u00a0\u00a0\u00a0\u00a0\u00a0\u00a0\u00a0\u00a0 Madridb\u00f3l aut\u00f3busszal vagy vonattal Astorg\u00e1-ba \u00a0\u00a0\u00a0\u00a0\u00a0\u00a0\u00a0\u00a0\u00a0\u00a0\u00a0 el\u0151rel\u00e1that\u00f3lag: Madrid \u2013 Astorga busz: 14.30 h \u2013 18.00 h \u00a0 \u00a0 \u00a0 2. nap, j\u00fanius 2., kedd: Astorga \u2013 Foncebad\u00f3n \u00a0\u00a0\u00a0\u00a0\u00a0\u00a0\u00a0\u00a0\u00a0\u00a0\u00a0\u00a0\u00a0\u00a0\u00a0\u00a0\u00a0\u00a0\u00a0\u00a0\u00a0\u00a0\u00a0\u00a0\u00a0\u00a0\u00a0\u00a0\u00a0\u00a0\u00a0\u00a0\u00a0\u00a0\u00a0\u00a0\u00a0\u00a0\u00a0\u00a0\u00a0 25,3 km\u00a0\u00a0\u00a0\u00a0\u00a0\u00a0\u00a0\u00a0\u00a0\u00a0\u00a0\u00a0\u00a0 6.30 h Sz\u00e1ll\u00e1s Astorga: helyfoglal\u00e1s Iroda Sz\u00e1ll\u00e1s Foncebad\u00f3n: helyfoglal\u00e1s Iroda \u00a0 \u00a0 \u00a0 \u00a03.nap, j\u00fanius 3., szerda: Foncebad\u00f3n \u2013 Ponferrada \u00a0\u00a0\u00a0\u00a0\u00a0\u00a0\u00a0\u00a0\u00a0\u00a0\u00a0\u00a0\u00a0\u00a0\u00a0\u00a0\u00a0\u00a0\u00a0\u00a0\u00a0\u00a0\u00a0\u00a0\u00a0\u00a0\u00a0\u00a0\u00a0 27,1 km\u00a0\u00a0\u00a0\u00a0\u00a0\u00a0\u00a0\u00a0\u00a0\u00a0\u00a0\u00a0\u00a0\u00a0\u00a0\u00a0 7.15 h Sz\u00e1ll\u00e1s Ponferrada: helyfoglal\u00e1s Iroda \u00a0 \u00a0 \u00a0 \u00a04. nap, j\u00fanius 4., cs\u00fct\u00f6rt\u00f6k: Ponferrada \u2013 V. del Bierzo\u00a0\u00a0\u00a0\u00a0\u00a0\u00a0\u00a0\u00a0\u00a0\u00a0\u00a0\u00a0\u00a0\u00a0\u00a0\u00a0\u00a0\u00a0\u00a0\u00a0\u00a0\u00a0 24,7 km\u00a0\u00a0\u00a0\u00a0\u00a0\u00a0\u00a0\u00a0\u00a0\u00a0\u00a0\u00a0\u00a0\u00a0\u00a0\u00a0 6.00 h Sz\u00e1ll\u00e1s Villafranca: helyfoglal\u00e1s Iroda \u00a0 \u00a0 \u00a0 \u00a05. nap, j\u00fanius 5., p\u00e9ntek: Villafranca \u2013 La Faba \u00a0 \u00a0 \u00a0 \u00a0 \u00a0 \u00a0 \u00a0 \u00a0 \u00a0 \u00a0 \u00a0 \u00a0 \u00a0 \u00a0 \u00a0 \u00a0 \u00a0 \u00a0 \u00a0 22,9 km\u00a0\u00a0\u00a0\u00a0\u00a0\u00a0\u00a0\u00a0\u00a0\u00a0\u00a0\u00a0\u00a0\u00a0\u00a0\u00a0 6.15 h Sz\u00e1ll\u00e1s La Faba: helyfoglal\u00e1s Iroda \u00a0 \u00a0 \u00a0... R\u00e9szletek"}