{"version":"1.0","provider_name":"Stuttgarti Katolikusok","provider_url":"https:\/\/stuttgarti-katolikusok.de","title":"Zar\u00e1ndoklat 2019-ben - Stuttgarti Katolikusok","type":"rich","width":600,"height":338,"html":"<blockquote class=\"wp-embedded-content\" data-secret=\"tHFv9ZPYVv\"><a href=\"https:\/\/stuttgarti-katolikusok.de\/index.php\/zarandoklat-2019-ben\/\">Zar\u00e1ndoklat 2019-ben<\/a><\/blockquote><iframe sandbox=\"allow-scripts\" security=\"restricted\" src=\"https:\/\/stuttgarti-katolikusok.de\/index.php\/zarandoklat-2019-ben\/embed\/#?secret=tHFv9ZPYVv\" width=\"600\" height=\"338\" title=\"&#8220;Zar\u00e1ndoklat 2019-ben&#8221; &#8212; Stuttgarti Katolikusok\" data-secret=\"tHFv9ZPYVv\" frameborder=\"0\" marginwidth=\"0\" marginheight=\"0\" scrolling=\"no\" class=\"wp-embedded-content\"><\/iframe><script type=\"text\/javascript\">\n\/* <![CDATA[ *\/\n\/*! This file is auto-generated *\/\n!function(d,l){\"use strict\";l.querySelector&&d.addEventListener&&\"undefined\"!=typeof URL&&(d.wp=d.wp||{},d.wp.receiveEmbedMessage||(d.wp.receiveEmbedMessage=function(e){var t=e.data;if((t||t.secret||t.message||t.value)&&!\/[^a-zA-Z0-9]\/.test(t.secret)){for(var s,r,n,a=l.querySelectorAll('iframe[data-secret=\"'+t.secret+'\"]'),o=l.querySelectorAll('blockquote[data-secret=\"'+t.secret+'\"]'),c=new RegExp(\"^https?:$\",\"i\"),i=0;i<o.length;i++)o[i].style.display=\"none\";for(i=0;i<a.length;i++)s=a[i],e.source===s.contentWindow&&(s.removeAttribute(\"style\"),\"height\"===t.message?(1e3<(r=parseInt(t.value,10))?r=1e3:~~r<200&&(r=200),s.height=r):\"link\"===t.message&&(r=new URL(s.getAttribute(\"src\")),n=new URL(t.value),c.test(n.protocol))&&n.host===r.host&&l.activeElement===s&&(d.top.location.href=t.value))}},d.addEventListener(\"message\",d.wp.receiveEmbedMessage,!1),l.addEventListener(\"DOMContentLoaded\",function(){for(var e,t,s=l.querySelectorAll(\"iframe.wp-embedded-content\"),r=0;r<s.length;r++)(t=(e=s[r]).getAttribute(\"data-secret\"))||(t=Math.random().toString(36).substring(2,12),e.src+=\"#?secret=\"+t,e.setAttribute(\"data-secret\",t)),e.contentWindow.postMessage({message:\"ready\",secret:t},\"*\")},!1)))}(window,document);\n\/\/# sourceURL=https:\/\/stuttgarti-katolikusok.de\/wp-includes\/js\/wp-embed.min.js\n\/* ]]> *\/\n<\/script>\n","description":"&nbsp; EGYH\u00c1ZK\u00d6ZS\u00c9GI ZAR\u00c1NDOKLAT 2019-BEN.\u00a0 Kedves H\u00edveink! Isten \u00fagy teremtette az embert, hogy az mindig magasabbra t\u00f6rekedj\u00e9k! Egyre jobb \u00e9s nemesebb lelk\u00fclet\u0171 legyen! A k\u00f6z\u00e9pkorban szok\u00e1sos latin nyelven ezt \u00edgy mondt\u00e1k: \u201eAd astra nati sumus! \u2013 A csillagokra sz\u00fclett\u00fcnk!\u201d \u00c9s az a teljes \u00e9rtek\u0171 ember, aki ezt soha nem t\u00e9veszti szem el\u0151l \u00e9s mindig a csillagokra n\u00e9z. Gyakorlatilag a zar\u00e1ndoklat is egy \u201ecsillagn\u00e9z\u00e9s\u201d. Kiszakadunk a h\u00e9tk\u00f6znapok f\u00f6ldh\u00f6zragadotts\u00e1g\u00e1b\u00f3l \u00e9s a lelki dolgok ut\u00e1n ered\u00fcnk. Felegyenesed\u00fcnk a mindennapi munk\u00e1b\u00f3l, \u00e9s tekintet\u00fcnket az \u00e9g fel\u00e9 emelj\u00fck, hogy ism\u00e9t tudatosuljon benn\u00fcnk: Isten gyermekei vagyunk! A csillagokra sz\u00fclett\u00fcnk! Ezen a \u201ef\u00f6lfel\u00e9\u201d vezet\u0151 \u00faton p\u00e9ldak\u00e9pekre van sz\u00fcks\u00e9g\u00fcnk. Olyanokra, akik a \u201ecsillagvil\u00e1got\u201d m\u00e1r megj\u00e1rt\u00e1k. Olyanokra, akik ismerik az oda vezet\u0151 utakat. Az els\u0151 \u00e9s legfontosabb p\u00e9ldak\u00e9p \u2013 k\u00fcl\u00f6n\u00f6sen a h\u00edv\u0151 emberek sz\u00e1m\u00e1ra \u2013 az \u00dar J\u00e9zus Krisztus. \u0150 az Aty\u00e1t\u00f3l j\u00f6tt, hogy tudtul adja nek\u00fcnk mindazt, amit T\u0151le hallott (Jn 15,15), azaz, amit tudnunk kell az \u00fcdv\u00f6ss\u00e9ghez. De m\u00e1s p\u00e9ldak\u00e9peink is vannak, a szentek, akiknek az \u00e9lete ir\u00e1nyt\u0171, \u201eelektronikus t\u00e9rk\u00e9pkeres\u0151\u201d (GPS) Istenhez, az Aty\u00e1hoz. Egyh\u00e1zk\u00f6zs\u00e9g\u00fcnk \u2013 a fentiek tudat\u00e1ban \u2013 a k\u00f6vetkez\u0151 esztend\u0151ben, 2019. j\u00fanius 10-e \u00e9s j\u00fanius 16-a k\u00f6z\u00f6tt \u00e9szak-olaszorsz\u00e1gi zar\u00e1ndokutat szervez. El\u0151sz\u00f6r is az\u00e9rt, hogy Torin\u00f3ban az \u00dar J\u00e9zus halotti lepl\u00e9n belen\u00e9zhessen az \u0150 felt\u00e1madott isteni arc\u00e1ba. Ut\u00e1na, hogy Muran\u00f3ban v\u00e9d\u0151szentj\u00e9nek, Szent Gell\u00e9rtnek (979\/80-1046) a s\u00edrj\u00e1n\u00e1l elm\u00e9lkedhess\u00e9k az \u0151 emberszeretet\u00e9n, amellyel \u00f6nmag\u00e1t h\u00e1tt\u00e9rbe szor\u00edtva egy sz\u00e1m\u00e1ra idegen nemzetnek lett lelki atyja \u00e9s p\u00e9ldak\u00e9ppe. De P\u00e1duai Szent Antal (1195-1231) istenszeretet\u00e9t is el akarjuk saj\u00e1t\u00edtani, aki nem sz\u0171nt meg f\u00e1radozni tan\u00edtani embert\u00e1rsait az istenire, a sz\u00e9pre \u00e9s a j\u00f3ra. Mint ahogyan Mil\u00e1n\u00f3ban a reform\u00e1ci\u00f3 kor\u00e1nak egyik legnagyobb alakj\u00e1t\u00f3l, Borromeo Szent K\u00e1roly b\u00edborost\u00f3l (1538-1584) azt akarjuk eltanulni, hogyan\u00a0 tud az ember el\u0151kel\u0151 sz\u00e1rmaz\u00e1sa \u00e9s tiszts\u00e9ge ellen\u00e9re lehajolni minden testi-lelki bajbajutotthoz. Term\u00e9szetesen mindek\u00f6zben \u00c9szak-Olaszorsz\u00e1g term\u00e9szeti sz\u00e9ps\u00e9geire, kult\u00far\u00e1lis \u00e9rt\u00e9keire \u00e9s kincseire is szak\u00edtunk id\u0151t, hogy szellem\u00fcnk is gazdagodj\u00e9k. Hogy m\u00e9gis l\u00e1ss\u00e1tok,... R\u00e9szletek"}