{"version":"1.0","provider_name":"Stuttgarti Katolikusok","provider_url":"https:\/\/stuttgarti-katolikusok.de","title":"Wettstein Andrea \u00e9s Benedek Annik\u00f3: Kis-zar\u00e1ndoklat - Stuttgarti Katolikusok","type":"rich","width":600,"height":338,"html":"<blockquote class=\"wp-embedded-content\" data-secret=\"IXVgS97dIv\"><a href=\"https:\/\/stuttgarti-katolikusok.de\/index.php\/wettstein-andrea-es-benedek-anniko-kis-zarandoklat\/\">Wettstein Andrea \u00e9s Benedek Annik\u00f3: Kis-zar\u00e1ndoklat<\/a><\/blockquote><iframe sandbox=\"allow-scripts\" security=\"restricted\" src=\"https:\/\/stuttgarti-katolikusok.de\/index.php\/wettstein-andrea-es-benedek-anniko-kis-zarandoklat\/embed\/#?secret=IXVgS97dIv\" width=\"600\" height=\"338\" title=\"&#8220;Wettstein Andrea \u00e9s Benedek Annik\u00f3: Kis-zar\u00e1ndoklat&#8221; &#8212; Stuttgarti Katolikusok\" data-secret=\"IXVgS97dIv\" frameborder=\"0\" marginwidth=\"0\" marginheight=\"0\" scrolling=\"no\" class=\"wp-embedded-content\"><\/iframe><script type=\"text\/javascript\">\n\/* <![CDATA[ *\/\n\/*! This file is auto-generated *\/\n!function(d,l){\"use strict\";l.querySelector&&d.addEventListener&&\"undefined\"!=typeof URL&&(d.wp=d.wp||{},d.wp.receiveEmbedMessage||(d.wp.receiveEmbedMessage=function(e){var t=e.data;if((t||t.secret||t.message||t.value)&&!\/[^a-zA-Z0-9]\/.test(t.secret)){for(var s,r,n,a=l.querySelectorAll('iframe[data-secret=\"'+t.secret+'\"]'),o=l.querySelectorAll('blockquote[data-secret=\"'+t.secret+'\"]'),c=new RegExp(\"^https?:$\",\"i\"),i=0;i<o.length;i++)o[i].style.display=\"none\";for(i=0;i<a.length;i++)s=a[i],e.source===s.contentWindow&&(s.removeAttribute(\"style\"),\"height\"===t.message?(1e3<(r=parseInt(t.value,10))?r=1e3:~~r<200&&(r=200),s.height=r):\"link\"===t.message&&(r=new URL(s.getAttribute(\"src\")),n=new URL(t.value),c.test(n.protocol))&&n.host===r.host&&l.activeElement===s&&(d.top.location.href=t.value))}},d.addEventListener(\"message\",d.wp.receiveEmbedMessage,!1),l.addEventListener(\"DOMContentLoaded\",function(){for(var e,t,s=l.querySelectorAll(\"iframe.wp-embedded-content\"),r=0;r<s.length;r++)(t=(e=s[r]).getAttribute(\"data-secret\"))||(t=Math.random().toString(36).substring(2,12),e.src+=\"#?secret=\"+t,e.setAttribute(\"data-secret\",t)),e.contentWindow.postMessage({message:\"ready\",secret:t},\"*\")},!1)))}(window,document);\n\/\/# sourceURL=https:\/\/stuttgarti-katolikusok.de\/wp-includes\/js\/wp-embed.min.js\n\/* ]]> *\/\n<\/script>\n","description":"Kis-zar\u00e1ndoklat\u00a0 &#8211; \u201eEgy k\u00fcl\u00f6nleges nap marg\u00f3j\u00e1ra \u2026. \u201e Ebben az \u00e9vben is el\u00e9rkezett az a reggel, amikor a Szent Gell\u00e9rt Egyh\u00e1zk\u00f6zs\u00e9g tagjaival az \u00e9ves \u00fan. \u201ekis-zar\u00e1ndoklatra\u201c indultunk. M\u00e1r az utaz\u00e1s el\u0151est\u00e9j\u00e9n k\u00e9sz\u00fcl\u0151dt\u00fcnk l\u00e9lekben, sz\u00edv\u00fcnkben, gondolatainkban \u2026 Zar\u00e1ndoklatunk c\u00e9lja Kloster Heiligenbronn, egy M\u00e1ria kegyhely, ahol sz\u00e1mos csoda \u00e9s gy\u00f3gyul\u00e1s t\u00f6rt\u00e9nik. Imre atya reggeli \u00e1ld\u00e1s\u00e1val, azut\u00e1n k\u00f6z\u00f6s im\u00e1val \u00e9s buzg\u00f3s\u00e1ggal v\u00e1gtunk neki a napnak. A buszon alkalmunk ny\u00edlt besz\u00e9lgetni egym\u00e1ssal, ismerkedni, megny\u00edlni egym\u00e1s ir\u00e1nt. Sz\u00e1munkra ez k\u00f6nnyen ment, k\u00e9t j\u00f3 bar\u00e1tn\u0151, mint \u00fatit\u00e1rs, akiknek v\u00e9\u00e9\u00e9gre picit t\u00f6bb idej\u00fck jut egym\u00e1sra, egy k\u00f6z\u00f6s spiritu\u00e1lis \u00e9lm\u00e9ny meg\u00e9l\u00e9s\u00e9re. A j\u00f3 hangulat, a vid\u00e1ms\u00e1g, az egy\u00fcttl\u00e9t \u00f6r\u00f6me \u00e9s a h\u00e1la j\u00e1rta \u00e1t a sz\u00edv\u00fcnket, mik\u00f6zben saj\u00e1t gondolataink is intez\u00edven foglalkoztattak ben\u00fcnnket\u2026 Az els\u0151 \u00e1llom\u00e1sunk Kloster Alpirsbach volt, ahol a benc\u00e9s kolostort l\u00e1togattuk meg. Imre atya vezet\u00e9se r\u00e9v\u00e9n megelevenedett a k\u00f6z\u00e9pkori t\u00f6rt\u00e9nelem egy pici szelete, gy\u00f6ny\u00f6rk\u00f6dt\u00fcnk a kolostor \u00e9p\u00edt\u00e9szeti st\u00edlus\u00e1ban \u00e9s egyszer\u0171s\u00e9g\u00e9ben, a k\u00fcl\u00f6nleges 13. sz\u00e1zadi fresk\u00f3kban \u00e9s a csod\u00e1latos, hatalmas, festett \u00fcvegablakokban. A padokban \u00fclve meg\u00e9rintett minket a kolostor saj\u00e1tos hangulata, lehet\u0151s\u00e9get k\u00edn\u00e1lva egy r\u00f6vid medit\u00e1l\u00e1sra, elcsendesed\u00e9sre. Maradtunk volna m\u00e9g sz\u00edvesen, de \u00fatunkat folytatnunk kellett. Ezut\u00e1n az \u00e9lm\u00e9ny \u00fat\u00e1n j\u00f3lesett a friss fekete-erdei leveg\u0151 Heiligenbronnban, a vir\u00e1gszed\u00e9s a r\u00e9ten, a kereszt \u00fcnnepi feld\u00edsz\u00edt\u00e9se. A saj\u00e1t kez\u0171leg k\u00e9sz\u00edtett zar\u00e1ndok gyertya is el\u0151ker\u00fclt v\u00e9gre a batyub\u00f3l, v\u00e1rva hogy az olt\u00e1ron meggy\u00fajts\u00e1k. Imre atya a kolostor kapuj\u00e1ban v\u00e1rta zra\u00e1ndokjait, benn\u00fcnket, akik izgatottan, nyitott sz\u00edvvel \u00e9s b\u00fcszkess\u00e9ggel vonultunk be nemzeti z\u00e1szl\u00f3nk alatt. A templom kedvesn\u0151v\u00e9rei, a ferences n\u0151v\u00e9rek meleg szav\u00fa fogadtat\u00e1sa ut\u00e1n magyar nyelven, saj\u00e1t anyanyelv\u00fcnk\u00f6n \u00fcnnepelhett\u00fck a szentmis\u00e9t, im\u00e1dkozhattunk \u00e9s \u00e9nkelt\u00fck a m\u00e1ra m\u00e1r szinte feled\u00e9sbe mer\u00fclt r\u00e9gi M\u00e1ria-\u00e9nekeket. Felemel\u0151 pillanatok voltak\u2026. Sz\u00e1munkra ez volt a nap cs\u00facspontja, a pillanat amire v\u00e1gytunk. A szentmise keret\u00e9ben letett\u00fck terheinket, Isten gondvisel\u00e9s\u00e9re b\u00edzva magunkat, \u00e9let\u00fcnket. A Sz\u0171zany\u00e1hoz k\u00f6ny\u00f6r\u00f6gt\u00fcnk, \u00e1ld\u00e1s\u00e1\u00e9rt, v\u00e9delm\u00e9\u00e9rt. A gy\u00f3gy\u00edt\u00f3 szent v\u00edz csod\u00e1ja meger\u0151s\u00edtette rem\u00e9nyeinket \u00e9s hit\u00fcnket. Azon a k\u00fcl\u00f6nleges... R\u00e9szletek"}