{"version":"1.0","provider_name":"Stuttgarti Katolikusok","provider_url":"https:\/\/stuttgarti-katolikusok.de","title":"Weingarteni Csendes Napok - 2018 Nagyb\u00f6jtje - Stuttgarti Katolikusok","type":"rich","width":600,"height":338,"html":"<blockquote class=\"wp-embedded-content\" data-secret=\"KmNRFC4Nkx\"><a href=\"https:\/\/stuttgarti-katolikusok.de\/index.php\/weingarteni-csendes-napok-2018-nagybojtje\/\">Weingarteni Csendes Napok &#8211; 2018 Nagyb\u00f6jtje<\/a><\/blockquote><iframe sandbox=\"allow-scripts\" security=\"restricted\" src=\"https:\/\/stuttgarti-katolikusok.de\/index.php\/weingarteni-csendes-napok-2018-nagybojtje\/embed\/#?secret=KmNRFC4Nkx\" width=\"600\" height=\"338\" title=\"&#8220;Weingarteni Csendes Napok &#8211; 2018 Nagyb\u00f6jtje&#8221; &#8212; Stuttgarti Katolikusok\" data-secret=\"KmNRFC4Nkx\" frameborder=\"0\" marginwidth=\"0\" marginheight=\"0\" scrolling=\"no\" class=\"wp-embedded-content\"><\/iframe><script type=\"text\/javascript\">\n\/* <![CDATA[ *\/\n\/*! This file is auto-generated *\/\n!function(d,l){\"use strict\";l.querySelector&&d.addEventListener&&\"undefined\"!=typeof URL&&(d.wp=d.wp||{},d.wp.receiveEmbedMessage||(d.wp.receiveEmbedMessage=function(e){var t=e.data;if((t||t.secret||t.message||t.value)&&!\/[^a-zA-Z0-9]\/.test(t.secret)){for(var s,r,n,a=l.querySelectorAll('iframe[data-secret=\"'+t.secret+'\"]'),o=l.querySelectorAll('blockquote[data-secret=\"'+t.secret+'\"]'),c=new RegExp(\"^https?:$\",\"i\"),i=0;i<o.length;i++)o[i].style.display=\"none\";for(i=0;i<a.length;i++)s=a[i],e.source===s.contentWindow&&(s.removeAttribute(\"style\"),\"height\"===t.message?(1e3<(r=parseInt(t.value,10))?r=1e3:~~r<200&&(r=200),s.height=r):\"link\"===t.message&&(r=new URL(s.getAttribute(\"src\")),n=new URL(t.value),c.test(n.protocol))&&n.host===r.host&&l.activeElement===s&&(d.top.location.href=t.value))}},d.addEventListener(\"message\",d.wp.receiveEmbedMessage,!1),l.addEventListener(\"DOMContentLoaded\",function(){for(var e,t,s=l.querySelectorAll(\"iframe.wp-embedded-content\"),r=0;r<s.length;r++)(t=(e=s[r]).getAttribute(\"data-secret\"))||(t=Math.random().toString(36).substring(2,12),e.src+=\"#?secret=\"+t,e.setAttribute(\"data-secret\",t)),e.contentWindow.postMessage({message:\"ready\",secret:t},\"*\")},!1)))}(window,document);\n\/\/# sourceURL=https:\/\/stuttgarti-katolikusok.de\/wp-includes\/js\/wp-embed.min.js\n\/* ]]> *\/\n<\/script>\n","description":"Az idei esztend\u0151ben Hamvaz\u00f3szerd\u00e1t k\u00f6vet\u0151 h\u00e9tv\u00e9g\u00e9n, azaz febru\u00e1r 16 \u00e9s 18-a k\u00f6z\u00f6tt ker\u00fclt sor a Weingarteni Csendes Napokra. A p\u00e9ntek esti szentmis\u00e9t \u00e9s nyit\u00f3 elm\u00e9lked\u00e9st a szombati nap k\u00f6vette. A szombati k\u00e9t d\u00e9lel\u0151tti elm\u00e9lked\u00e9st eb\u00e9d k\u00f6vette, azt\u00e1n pedig a harmadik elm\u00e9lked\u00e9s. Ut\u00e1na a M\u00e1ria templom k\u00f6z\u00f6ss\u00e9gi term\u00e9b\u0151l \u00e1tvonultunk a templomba, ahol el\u0151sz\u00f6r kereszt\u00fati \u00e1jtatoss\u00e1got v\u00e9gezt\u00fcnk, majd szentmise \u00e9s r\u00f6vid elm\u00e9lked\u00e9s z\u00e1rta napunkat. Vas\u00e1rnap a 14 Nothelfer Kapelle-ben k\u00f6z\u00f6ss\u00e9gi szentmise keret\u00e9ben fejezt\u00fck be a Weingarteni Csendes Napokat. K\u00f6sz\u00f6net Ft. Reszler Mih\u00e1ly, m\u00e1ramarosszigeti f\u0151esperes aty\u00e1nak, jelenl\u00e9t\u00e9\u00e9rt, elm\u00e9lked\u00e9sei\u00e9rt. Term\u00e9szetesen az elm\u00e9lked\u00e9seket k\u00f6vet\u0151en lehet\u0151s\u00e9g volt besz\u00e9lget\u00e9sre, gondolatok megoszt\u00e1s\u00e1ra, szentgy\u00f3n\u00e1s elv\u00e9gz\u00e9s\u00e9re. T\u00f6bbek k\u00e9r\u00e9s\u00e9nek tesz\u00fcnk eleget azzal, hogy az elhangzott elm\u00e9lked\u00e9sek hanganyag\u00e1t az al\u00e1bbi linkeken kereszt\u00fcl el\u00e9rhet\u0151v\u00e9 tessz\u00fck: Bevezet\u0151 elm\u00e9lked\u00e9s Els\u0151 elm\u00e9lked\u00e9s M\u00e1sodik elm\u00e9lked\u00e9s Harmadik elm\u00e9lked\u00e9s Negyedik elm\u00e9lked\u00e9s Befejez\u0151 elm\u00e9lked\u00e9s &nbsp;"}