{"version":"1.0","provider_name":"Stuttgarti Katolikusok","provider_url":"https:\/\/stuttgarti-katolikusok.de","title":"Vigy\u00e1zz a sz\u00edvedre... - Stuttgarti Katolikusok","type":"rich","width":600,"height":338,"html":"<blockquote class=\"wp-embedded-content\" data-secret=\"nKb8x2nzse\"><a href=\"https:\/\/stuttgarti-katolikusok.de\/index.php\/vigyazz-a-szivedre\/\">Vigy\u00e1zz a sz\u00edvedre&#8230;<\/a><\/blockquote><iframe sandbox=\"allow-scripts\" security=\"restricted\" src=\"https:\/\/stuttgarti-katolikusok.de\/index.php\/vigyazz-a-szivedre\/embed\/#?secret=nKb8x2nzse\" width=\"600\" height=\"338\" title=\"&#8220;Vigy\u00e1zz a sz\u00edvedre&#8230;&#8221; &#8212; Stuttgarti Katolikusok\" data-secret=\"nKb8x2nzse\" frameborder=\"0\" marginwidth=\"0\" marginheight=\"0\" scrolling=\"no\" class=\"wp-embedded-content\"><\/iframe><script type=\"text\/javascript\">\n\/* <![CDATA[ *\/\n\/*! This file is auto-generated *\/\n!function(d,l){\"use strict\";l.querySelector&&d.addEventListener&&\"undefined\"!=typeof URL&&(d.wp=d.wp||{},d.wp.receiveEmbedMessage||(d.wp.receiveEmbedMessage=function(e){var t=e.data;if((t||t.secret||t.message||t.value)&&!\/[^a-zA-Z0-9]\/.test(t.secret)){for(var s,r,n,a=l.querySelectorAll('iframe[data-secret=\"'+t.secret+'\"]'),o=l.querySelectorAll('blockquote[data-secret=\"'+t.secret+'\"]'),c=new RegExp(\"^https?:$\",\"i\"),i=0;i<o.length;i++)o[i].style.display=\"none\";for(i=0;i<a.length;i++)s=a[i],e.source===s.contentWindow&&(s.removeAttribute(\"style\"),\"height\"===t.message?(1e3<(r=parseInt(t.value,10))?r=1e3:~~r<200&&(r=200),s.height=r):\"link\"===t.message&&(r=new URL(s.getAttribute(\"src\")),n=new URL(t.value),c.test(n.protocol))&&n.host===r.host&&l.activeElement===s&&(d.top.location.href=t.value))}},d.addEventListener(\"message\",d.wp.receiveEmbedMessage,!1),l.addEventListener(\"DOMContentLoaded\",function(){for(var e,t,s=l.querySelectorAll(\"iframe.wp-embedded-content\"),r=0;r<s.length;r++)(t=(e=s[r]).getAttribute(\"data-secret\"))||(t=Math.random().toString(36).substring(2,12),e.src+=\"#?secret=\"+t,e.setAttribute(\"data-secret\",t)),e.contentWindow.postMessage({message:\"ready\",secret:t},\"*\")},!1)))}(window,document);\n\/\/# sourceURL=https:\/\/stuttgarti-katolikusok.de\/wp-includes\/js\/wp-embed.min.js\n\/* ]]> *\/\n<\/script>\n","description":"&nbsp; Vigy\u00e1zz a sz\u00edvedre! &nbsp; M\u00e1r hetek \u00f3ta l\u00e1tom rajtad, hogy f\u00e1radt \u00e9s cs\u00fcggedt vagy&#8230; Mintha a szemedb\u0151l kiveszett volna a t\u0171z&#8230; Teszed ugyan a dolgaidat, de minden lelkesed\u00e9s n\u00e9lk\u00fcl&#8230; \u00c9s l\u00e1tom rajtad, hogy Neked is f\u00e1j ez a v\u00e1ltoz\u00e1s&#8230; Boldogtalann\u00e1 tesz&#8230; &nbsp; Tegnap azt\u00e1n megmondtad, hogy tan\u00e1cstalan vagy: nem tudod, hogyan tal\u00e1lhatn\u00e1l vissza r\u00e9gi \u00f6nmagadhoz? Hogyan t\u00e9rhetne vissza szemedbe a r\u00e9gi t\u0171z, sz\u00edvedbe a r\u00e9gi lelkesed\u00e9s \u00e9s a boldogs\u00e1g? &nbsp; Mivel sok id\u0151nk nem volt a besz\u00e9lget\u00e9sre, ma v\u00e1laszolok Neked&#8230; &nbsp; N\u00e9zd, a vil\u00e1g tele van kicsinek \u00e9s jelent\u00e9ktelennek l\u00e1tsz\u00f3 dologokkal, amelyek n\u00e9lk\u00fcl azonban az \u00e9let sokkal sz\u00edntelenebb \u00e9s szeg\u00e9nyebb volna. \u00c9s hidd el nekem, hogy egyed\u00fcl az boldog, aki ezeket az apr\u00f3 csod\u00e1kat \u00e9szreveszi. &nbsp; \u00c9leted egy pontj\u00e1n azonban, ha nem figyelsz, bek\u00f6vetkezik egy t\u00f6r\u00e9s: ezek a kis \u00e9s jelent\u00e9ktelennek l\u00e1tsz\u00f3 dolgok, amelyek n\u00e9lk\u00fcl azonban az \u00e9let sz\u00edntelenebb \u00e9s szeg\u00e9nyebb volna, magukt\u00f3l \u00e9rtet\u0151d\u0151kk\u00e9 v\u00e1lnak sz\u00e1modra, m\u00e1r nem t\u0171nnek fel Neked, nem veszed \u00e9szre \u0151ket, nem sz\u00f3l\u00edtanak meg T\u00e9ged. Amit azel\u0151tt sz\u00e9pnek \u00e9s csod\u00e1latosnak l\u00e1tt\u00e1l, megszokott\u00e1 v\u00e1lnak. Ami azel\u0151tt f\u00f6lt\u0171nt Neked, hirtelen elveszt\u00edti csillog\u00e1s\u00e1t. A kis csod\u00e1k ir\u00e1nt \u00e9rzett \u201eels\u0151 szerelem f\u00e9nye\u201d valamik\u00e9pp elhalv\u00e1nyul benned, szemed egyre \u00e9rz\u00e9ketlenebb\u00e9 v\u00e1lik, \u00e9s egyszer csak azt k\u00e9rdezed magadt\u00f3l \u2013 ha egy\u00e1ltal\u00e1n \u00e9szreveszed a v\u00e1ltoz\u00e1st! \u2013, hogy mi\u00e9rt van ez \u00edgy? &nbsp; Fontos tudnod, hogy, nem a szemed a ludas abban, ha a sz\u00e9p ir\u00e1nti \u00e9rz\u00e9kedet elvesz\u00edtetted! Nem a szemed, hanem a sz\u00edved. Mert b\u00e1r a szemed n\u00e9z, de igaz\u00e1b\u00f3l a sz\u00edved az, ami l\u00e1t! Mert b\u00e1r a szemed \u00e9rz\u00e9keli a sz\u00edneket, a szem\u00e9lyeket, az esem\u00e9nyeket \u00e9s a dolgokat, de a sz\u00edved az, amelybe mind elrakt\u00e1rozod \u0151ket. Mert b\u00e1r a szem az, amely minden f\u00e1jdalmast, megterhel\u0151t, megal\u00e1z\u00f3t, megrend\u00edt\u0151t, megd\u00f6bbent\u0151t \u00e9szlel, de mindez a sz\u00edvedet terheli meg. Tetej\u00e9ben m\u00e9g mi is annyi mindennel megterhelj\u00fck a sz\u00edv\u00fcnket&#8230; &nbsp; Mindig arra gondolj, hogy sz\u00edved egy v\u00e9gtelen... R\u00e9szletek"}