{"version":"1.0","provider_name":"Stuttgarti Katolikusok","provider_url":"https:\/\/stuttgarti-katolikusok.de","title":"V\u00e1logatott \u00edr\u00e1sok - Karinthy Frigyes: Barabb\u00e1s - Stuttgarti Katolikusok","type":"rich","width":600,"height":338,"html":"<blockquote class=\"wp-embedded-content\" data-secret=\"1sV6mm68Rk\"><a href=\"https:\/\/stuttgarti-katolikusok.de\/index.php\/valogatott-irasok-karinthy-frigyes-barabbas\/\">V\u00e1logatott \u00edr\u00e1sok &#8211; Karinthy Frigyes: Barabb\u00e1s<\/a><\/blockquote><iframe sandbox=\"allow-scripts\" security=\"restricted\" src=\"https:\/\/stuttgarti-katolikusok.de\/index.php\/valogatott-irasok-karinthy-frigyes-barabbas\/embed\/#?secret=1sV6mm68Rk\" width=\"600\" height=\"338\" title=\"&#8220;V\u00e1logatott \u00edr\u00e1sok &#8211; Karinthy Frigyes: Barabb\u00e1s&#8221; &#8212; Stuttgarti Katolikusok\" data-secret=\"1sV6mm68Rk\" frameborder=\"0\" marginwidth=\"0\" marginheight=\"0\" scrolling=\"no\" class=\"wp-embedded-content\"><\/iframe><script type=\"text\/javascript\">\n\/* <![CDATA[ *\/\n\/*! This file is auto-generated *\/\n!function(d,l){\"use strict\";l.querySelector&&d.addEventListener&&\"undefined\"!=typeof URL&&(d.wp=d.wp||{},d.wp.receiveEmbedMessage||(d.wp.receiveEmbedMessage=function(e){var t=e.data;if((t||t.secret||t.message||t.value)&&!\/[^a-zA-Z0-9]\/.test(t.secret)){for(var s,r,n,a=l.querySelectorAll('iframe[data-secret=\"'+t.secret+'\"]'),o=l.querySelectorAll('blockquote[data-secret=\"'+t.secret+'\"]'),c=new RegExp(\"^https?:$\",\"i\"),i=0;i<o.length;i++)o[i].style.display=\"none\";for(i=0;i<a.length;i++)s=a[i],e.source===s.contentWindow&&(s.removeAttribute(\"style\"),\"height\"===t.message?(1e3<(r=parseInt(t.value,10))?r=1e3:~~r<200&&(r=200),s.height=r):\"link\"===t.message&&(r=new URL(s.getAttribute(\"src\")),n=new URL(t.value),c.test(n.protocol))&&n.host===r.host&&l.activeElement===s&&(d.top.location.href=t.value))}},d.addEventListener(\"message\",d.wp.receiveEmbedMessage,!1),l.addEventListener(\"DOMContentLoaded\",function(){for(var e,t,s=l.querySelectorAll(\"iframe.wp-embedded-content\"),r=0;r<s.length;r++)(t=(e=s[r]).getAttribute(\"data-secret\"))||(t=Math.random().toString(36).substring(2,12),e.src+=\"#?secret=\"+t,e.setAttribute(\"data-secret\",t)),e.contentWindow.postMessage({message:\"ready\",secret:t},\"*\")},!1)))}(window,document);\n\/\/# sourceURL=https:\/\/stuttgarti-katolikusok.de\/wp-includes\/js\/wp-embed.min.js\n\/* ]]> *\/\n<\/script>\n","description":"Karinthy Frigyes: Barabb\u00e1s A harmadik nap alkony\u00e1n pedig kil\u00e9pett a bolt keskeny kapuj\u00e1n, \u00e9s csendesen megindult az \u00faton. K\u00e9t oldalt f\u00fcst\u00f6l\u00f6gtek a romok. Lent a kisz\u00e1radt \u00e1rok fenek\u00e9n tal\u00e1lta az els\u0151t azok k\u00f6z\u00fcl, akik Pil\u00e1tus h\u00e1za el\u0151tt ki\u00e1ltozt\u00e1k Barabb\u00e1s nev\u00e9t. Elfeket\u00fclt nyelvvel von\u00edtott a v\u00f6r\u00f6s felh\u0151k fel\u00e9. Meg\u00e1llt el\u0151tte, \u00e9s \u00edgy sz\u00f3lt: \u2013 Itt vagyok! Az pedig feln\u00e9zett r\u00e1, \u00e9s zokogni kezdett. \u2013 Rabbi, rabbi! \u2013 zokogott. \u00c9s a mester szel\u00edden folytatta. \u2013 Ne s\u00edrj! \u00c1llj fel \u00e9s j\u00f6jj velem! Mert visszamegyek Jeruzs\u00e1lembe, Pil\u00e1tus h\u00e1za el\u00e9 \u00e9s \u00faj t\u00f6rv\u00e9nyt k\u00e9rek magamra \u00e9s re\u00e1tok, akik Barabb\u00e1st v\u00e1lasztott\u00e1tok, s akikkel ezt m\u00edvelte Barabb\u00e1s. A nyomorult pedig felt\u00e1p\u00e1szkodott \u00e9s az \u0151 \u00f6lt\u00f6ny\u00e9t megragadta. \u2013 Mester! \u2013 ki\u00e1ltott elfulladva \u00e9s k\u00f6nnyek k\u00f6z\u00f6tt \u2013 \u00f3 mester, j\u00f6v\u00f6k! Mondd meg, hogy mentsem meg magam! Mondd meg, mit tegyek! Mondd meg, mit mondjak! \u2013 Semmit, mondta \u0151 szel\u00edden \u2013 csak azt, amit h\u00e1rom nap el\u0151tt kellett volna mondanod, mikor Pil\u00e1tus meg\u00e1llt a torn\u00e1con \u00e9s megk\u00e9rdezett titeket: \u201eKit engedjek el h\u00e1t k\u00f6z\u00fcl\u00fck, Barabb\u00e1st, a gyilkost, vagy a n\u00e1z\u00e1retit?\u201d \u2013 \u00d3, \u00e9n bolond! \u2013 ki\u00e1ltott a nyomorult fej\u00e9t \u00f6kl\u00e9vel verve, \u2013 \u00f3, \u00e9n bolond, aki Barabb\u00e1st ki\u00e1ltottam! Barabb\u00e1st, aki ide juttatott! \u2013 J\u00f3l van \u2013 folytatta szel\u00edden a mester \u2013 most j\u00f6jj h\u00e1t velem Pil\u00e1tus h\u00e1za el\u00e9, ne t\u00f6r\u0151dj semmivel, ne figyelj semmire, csak r\u00e1m, \u00e9s amikor \u00e9n intek neked, ki\u00e1ltsd eg\u00e9sz sz\u00edvedb\u0151l \u00e9s eg\u00e9sz t\u00fcd\u0151db\u0151l: \u201eA n\u00e1z\u00e1retit!\u201d; mintha azt ki\u00e1ltan\u00e1d: \u201eAz \u00e9letemet!\u201d Az pedig k\u00f6vette \u0151t. \u00c9s tal\u00e1lnak \u00fatk\u00f6zben egy m\u00e1sik nyavaly\u00e1st, akinek Barabb\u00e1s elvette h\u00e1z\u00e1t, feles\u00e9g\u00e9t, gyermek\u00e9t \u00e9s szemeit kisz\u00faratta. \u00c9s \u0151 homlokon \u00e9rint\u00e9 csendesen kez\u00e9vel \u00e9s \u00edgy sz\u00f3lt: \u2013 \u00c9n vagyok az. J\u00f6jj velem Jeruzs\u00e1lembe, \u00e9s amikor \u00e9n kezemmel \u00e9rintelek, ki\u00e1ltsad: \u201eA n\u00e1z\u00e1retit!\u201d; mintha azt ki\u00e1ltan\u00e1d: \u201eA h\u00e1zamat! A gyermekemet! A szemem vil\u00e1g\u00e1t!\u201d Az pedig felzokogott \u00e9s k\u00f6vette \u0151t. \u00c9s tal\u00e1ltak m\u00e9g m\u00e1sikat is, kinek l\u00e1bai... R\u00e9szletek"}