{"version":"1.0","provider_name":"Stuttgarti Katolikusok","provider_url":"https:\/\/stuttgarti-katolikusok.de","title":"Urunk mennybemenetele - Stuttgarti Katolikusok","type":"rich","width":600,"height":338,"html":"<blockquote class=\"wp-embedded-content\" data-secret=\"5Vls27BC2l\"><a href=\"https:\/\/stuttgarti-katolikusok.de\/index.php\/urunk-mennybemenetele-2\/\">Urunk mennybemenetele<\/a><\/blockquote><iframe sandbox=\"allow-scripts\" security=\"restricted\" src=\"https:\/\/stuttgarti-katolikusok.de\/index.php\/urunk-mennybemenetele-2\/embed\/#?secret=5Vls27BC2l\" width=\"600\" height=\"338\" title=\"&#8220;Urunk mennybemenetele&#8221; &#8212; Stuttgarti Katolikusok\" data-secret=\"5Vls27BC2l\" frameborder=\"0\" marginwidth=\"0\" marginheight=\"0\" scrolling=\"no\" class=\"wp-embedded-content\"><\/iframe><script type=\"text\/javascript\">\n\/* <![CDATA[ *\/\n\/*! This file is auto-generated *\/\n!function(d,l){\"use strict\";l.querySelector&&d.addEventListener&&\"undefined\"!=typeof URL&&(d.wp=d.wp||{},d.wp.receiveEmbedMessage||(d.wp.receiveEmbedMessage=function(e){var t=e.data;if((t||t.secret||t.message||t.value)&&!\/[^a-zA-Z0-9]\/.test(t.secret)){for(var s,r,n,a=l.querySelectorAll('iframe[data-secret=\"'+t.secret+'\"]'),o=l.querySelectorAll('blockquote[data-secret=\"'+t.secret+'\"]'),c=new RegExp(\"^https?:$\",\"i\"),i=0;i<o.length;i++)o[i].style.display=\"none\";for(i=0;i<a.length;i++)s=a[i],e.source===s.contentWindow&&(s.removeAttribute(\"style\"),\"height\"===t.message?(1e3<(r=parseInt(t.value,10))?r=1e3:~~r<200&&(r=200),s.height=r):\"link\"===t.message&&(r=new URL(s.getAttribute(\"src\")),n=new URL(t.value),c.test(n.protocol))&&n.host===r.host&&l.activeElement===s&&(d.top.location.href=t.value))}},d.addEventListener(\"message\",d.wp.receiveEmbedMessage,!1),l.addEventListener(\"DOMContentLoaded\",function(){for(var e,t,s=l.querySelectorAll(\"iframe.wp-embedded-content\"),r=0;r<s.length;r++)(t=(e=s[r]).getAttribute(\"data-secret\"))||(t=Math.random().toString(36).substring(2,12),e.src+=\"#?secret=\"+t,e.setAttribute(\"data-secret\",t)),e.contentWindow.postMessage({message:\"ready\",secret:t},\"*\")},!1)))}(window,document);\n\/\/# sourceURL=https:\/\/stuttgarti-katolikusok.de\/wp-includes\/js\/wp-embed.min.js\n\/* ]]> *\/\n<\/script>\n","thumbnail_url":"https:\/\/stuttgarti-katolikusok.de\/wp-content\/uploads\/2021\/05\/jesus-christ-898330-640.jpg","thumbnail_width":640,"thumbnail_height":426,"description":"Kezd\u0151\u00e9nek: Galileai f\u00e9rfiak! Mit n\u00e9ztek csod\u00e1lkozva az \u00e9gre? Ahogyan szemetek l\u00e1tt\u00e1ra J\u00e9zus a mennybe ment, \u00fagy j\u00f6n el egykor ism\u00e9t, alleluja. (ApCsel 1,11) K\u00f6ny\u00f6rg\u00e9s: Mindenhat\u00f3 Isten\u00fcnk, hadd ujjongjunk szent \u00f6r\u00f6mmel \u00e9s hadd vigadjunk gyermeki h\u00e1laad\u00e1ssal, mert szent Fiadnak, Krisztusnak mennybemenetele a mi f\u00f6lemelked\u00e9s\u00fcnk: ahov\u00e1 ugyanis a F\u0151 eljutott dics\u0151s\u00e9gben, oda kapott megh\u00edv\u00e1st az eg\u00e9sz test, az Egyh\u00e1z, rem\u00e9nys\u00e9gben. A mi Urunk, J\u00e9zus Krisztus, a te Fiad \u00e1ltal, aki veled \u00e9l \u00e9s uralkodik a Szentl\u00e9lekkel egys\u00e9gben, Isten mind\u00f6r\u00f6kk\u00f6n \u00f6r\u00f6kk\u00e9. OLVASM\u00c1NY az Apostolok Cselekedeteib\u0151l (ApCsel 1,1-11) A szem\u00fck l\u00e1tt\u00e1ra f\u00f6lemelkedett. Els\u0151 k\u00f6nyvemben, kedves Teofil, elbesz\u00e9ltem, mi mindent tett \u00e9s tan\u00edtott J\u00e9zus eg\u00e9szen addig a napig, amelyen megb\u00edz\u00e1st adott a Szentl\u00e9lek \u00e1ltal kiv\u00e1lasztott apostoloknak, \u00e9s f\u00f6lv\u00e9tetett a mennybe. Szenved\u00e9se ut\u00e1n sokf\u00e9lek\u00e9ppen bebizony\u00edtotta, hogy \u00e9l: negyven napon \u00e1t ism\u00e9telten megjelent nekik, \u00e9s besz\u00e9lt az Isten orsz\u00e1g\u00e1r\u00f3l. Amikor egy alkalommal egy\u00fctt \u00e9tkezett vel\u00fck, megparancsolta nekik, hogy ne hagyj\u00e1k el Jeruzs\u00e1lemet, hanem v\u00e1rjanak az Atya \u00edg\u00e9ret\u00e9re, amelyr\u0151l, mint mondta, t\u0151lem hallottatok: ,J\u00e1nos csak v\u00edzzel keresztelt, de ti n\u00e9h\u00e1ny nap m\u00falva a Szentl\u00e9lekkel fogtok megkeresztelkedni.\u201d Az egybegy\u0171ltek erre megk\u00e9rdezt\u00e9k: \u201eUram, most fogod helyre\u00e1ll\u00edtani Izrael orsz\u00e1g\u00e1t?\u201d \u0150 azt felelte: \u201eNem a ti dolgotok, hogy ismerj\u00e9tek az id\u0151pontokat \u00e9s az alkalmakat. Ezeket az Atya szabta meg a saj\u00e1t tetsz\u00e9se szerint. De amikor lesz\u00e1ll r\u00e1tok a Szentl\u00e9lek, er\u0151 t\u00f6lt el benneteket, \u00e9s tan\u00faim lesztek Jeruzs\u00e1lemben, eg\u00e9sz J\u00fade\u00e1ban \u00e9s Szamari\u00e1ban, s\u0151t eg\u00e9szen a f\u00f6ld v\u00e9gs\u0151 hat\u00e1r\u00e1ig.\u201d Miut\u00e1n ezeket elmondta, a szem\u00fck l\u00e1tt\u00e1ra f\u00f6lemelkedett, \u00e9s egy felh\u0151 elfedte, \u00fagy hogy tov\u00e1bb m\u00e1r nem l\u00e1thatt\u00e1k. Mik\u00f6zben fesz\u00fclten figyelt\u00e9k, hogyan emelkedik az \u00e9gbe, egyszerre k\u00e9t f\u00e9rfi \u00e1llt meg mellett\u00fck feh\u00e9r ruh\u00e1ba \u00f6lt\u00f6zve, \u00e9s megsz\u00f3l\u00edtotta \u0151ket: \u201eGalileai f\u00e9rfiak! Mi\u00e9rt \u00e1lltok itt \u00e9gre emelt tekintettel? Ez a J\u00e9zus, aki k\u00f6z\u00fcletek az \u00e9gbe emelkedett, \u00fagy j\u00f6n el ism\u00e9t, ahogyan most szemetek l\u00e1tt\u00e1ra a mennybe ment.\u201d Ez az Isten ig\u00e9je. V\u00c1LASZOS ZSOLT\u00c1R (Zsolt 46,2-3.6-7.8-9) V\u00e1lasz:\u00a0Ujjong\u00e1s k\u00f6zt ment f\u00f6l... R\u00e9szletek"}