{"version":"1.0","provider_name":"Stuttgarti Katolikusok","provider_url":"https:\/\/stuttgarti-katolikusok.de","title":"Urunk mennybemenetele - Stuttgarti Katolikusok","type":"rich","width":600,"height":338,"html":"<blockquote class=\"wp-embedded-content\" data-secret=\"u5FUdmYDTf\"><a href=\"https:\/\/stuttgarti-katolikusok.de\/index.php\/urunk-mennybemenetele\/\">Urunk mennybemenetele<\/a><\/blockquote><iframe sandbox=\"allow-scripts\" security=\"restricted\" src=\"https:\/\/stuttgarti-katolikusok.de\/index.php\/urunk-mennybemenetele\/embed\/#?secret=u5FUdmYDTf\" width=\"600\" height=\"338\" title=\"&#8220;Urunk mennybemenetele&#8221; &#8212; Stuttgarti Katolikusok\" data-secret=\"u5FUdmYDTf\" frameborder=\"0\" marginwidth=\"0\" marginheight=\"0\" scrolling=\"no\" class=\"wp-embedded-content\"><\/iframe><script type=\"text\/javascript\">\n\/* <![CDATA[ *\/\n\/*! This file is auto-generated *\/\n!function(d,l){\"use strict\";l.querySelector&&d.addEventListener&&\"undefined\"!=typeof URL&&(d.wp=d.wp||{},d.wp.receiveEmbedMessage||(d.wp.receiveEmbedMessage=function(e){var t=e.data;if((t||t.secret||t.message||t.value)&&!\/[^a-zA-Z0-9]\/.test(t.secret)){for(var s,r,n,a=l.querySelectorAll('iframe[data-secret=\"'+t.secret+'\"]'),o=l.querySelectorAll('blockquote[data-secret=\"'+t.secret+'\"]'),c=new RegExp(\"^https?:$\",\"i\"),i=0;i<o.length;i++)o[i].style.display=\"none\";for(i=0;i<a.length;i++)s=a[i],e.source===s.contentWindow&&(s.removeAttribute(\"style\"),\"height\"===t.message?(1e3<(r=parseInt(t.value,10))?r=1e3:~~r<200&&(r=200),s.height=r):\"link\"===t.message&&(r=new URL(s.getAttribute(\"src\")),n=new URL(t.value),c.test(n.protocol))&&n.host===r.host&&l.activeElement===s&&(d.top.location.href=t.value))}},d.addEventListener(\"message\",d.wp.receiveEmbedMessage,!1),l.addEventListener(\"DOMContentLoaded\",function(){for(var e,t,s=l.querySelectorAll(\"iframe.wp-embedded-content\"),r=0;r<s.length;r++)(t=(e=s[r]).getAttribute(\"data-secret\"))||(t=Math.random().toString(36).substring(2,12),e.src+=\"#?secret=\"+t,e.setAttribute(\"data-secret\",t)),e.contentWindow.postMessage({message:\"ready\",secret:t},\"*\")},!1)))}(window,document);\n\/\/# sourceURL=https:\/\/stuttgarti-katolikusok.de\/wp-includes\/js\/wp-embed.min.js\n\/* ]]> *\/\n<\/script>\n","thumbnail_url":"https:\/\/stuttgarti-katolikusok.de\/wp-content\/uploads\/2021\/05\/ascension-4770112-1280.jpg","thumbnail_width":1280,"thumbnail_height":853,"description":"Nagycs\u00fct\u00f6rt\u00f6k est\u00e9j\u00e9t\u0151l J\u00e9zus \u00e1lland\u00f3 mozg\u00e1sban van. F\u00f6lkelt a vacsor\u00e1t\u00f3l (surrexit), leereszkedett, majd ism\u00e9t f\u00f6lkelt (resurrexit), \u00e9s f\u00f6lment a mennybe. Az \u00f5 megal\u00e1ztat\u00e1sa \u00e9s felemeltet\u00e9se a mi felemelked\u00e9s\u00fcnk. Tal\u00e1n \u00e9ppen ezt \u00e9rthett\u00e9k meg az apostolok az utols\u00f3 tal\u00e1lkoz\u00e1sban, hiszen leborulva im\u00e1dt\u00e1k, majd nem azon keseregtek, hogy elment, hanem nagy \u00f6r\u00f6mmel visszat\u00e9rtek Jeruzs\u00e1lembe, mert meg\u00edg\u00e9rte, hogy visszaj\u00f6n, \u0151k pedig v\u00e1rt\u00e1k. T\u00f6bb szerzetesrendben a szentmise \u00e9s a zsolozsma kiemelt pontjain\u00e1l a k\u00f6z\u00f6ss\u00e9g tagjai, kil\u00e9pve \u00fcl\u0151hely\u00fckr\u0151l, egyenesen \u00e1llva, a szent\u00e9ly \u2013 vagyis kelet \u2013 fel\u00e9 fordulnak. Az Olajf\u00e1k hegy\u00e9nek tan\u00edtv\u00e1nyi \u00e1llapot\u00e1t, a fesz\u00fclt figyelmet id\u00e9zi f\u00f6l ez a mozdulat, a bizalomteljes odafordul\u00e1st \u201ea kegyelem tr\u00f3nus\u00e1hoz, hogy irgalmat nyerj\u00fcnk\u201d (Zsid 4,16); annak test\u00fcnk-lelk\u00fcnk \u00e1tir\u00e1ny\u00edt\u00e1s\u00e1val val\u00f3 v\u00e1r\u00e1s\u00e1t, aki az elmenetel \u00e9s a v\u00e9gs\u00f5 visszat\u00e9r\u00e9s k\u00f6z\u00f6tti Idolen \u00fajb\u00f3l \u00e9s \u00fajb\u00f3l visszat\u00e9r az Euchariszti\u00e1ban. Ez\u00e9rt is im\u00e1dkozt\u00e1k az els\u0151 kereszt\u00e9nyek a szentmise z\u00e1r\u00e1sakor: \u201eMarana tha\u201d (j\u00f6jj el, Uram) vagy \u201eMaran atha\u201d (az \u00dar elj\u00f6tt). Fontos teh\u00e1t tudatos\u00edtanunk, hogy a szentmise nem bar\u00e1ti lakoma, hanem fesz\u00fclt figyelem, Istenre ir\u00e1nyults\u00e1g Krisztus felaj\u00e1nl\u00e1s\u00e1ban \u00e9s befogad\u00e1s\u00e1ban. A k\u00f6z\u00e9pkori liturgikus k\u00f6nyvek inici\u00e1l\u00e9in e nap jelenet\u00e9n\u00e9l gyakran \u00e1br\u00e1zolj\u00e1k J\u00e9zust \u00fagy, mint akinek m\u00e1r csak k\u00e9t l\u00e1bfej\u00e9t nem takarj\u00e1k az \u00e9g felh\u0151i, a hegy tetej\u00e9n pedig, ahonnan felemelkedett, k\u00e9t l\u00e1bnyom marad, ami egyszerre jelzi f\u00f6lemelked\u00e9s\u00e9nek hely\u00e9t \u00e9s valamik\u00e9ppeni itt marad\u00e1s\u00e1t. Ezt a k\u00e9pi mot\u00edvumot nyugodtan azonos\u00edthatjuk a tan\u00edtv\u00e1nny\u00e1 form\u00e1l\u00e1snak a mai evang\u00e9liumban hallott k\u00e9t feladat\u00e1val: kereszteljetek \u00e9s tan\u00edtsatok, hogy hatalmam megnyilv\u00e1nuljon a vil\u00e1gban. A mennybe men\u00f5 Krisztus v\u00e9gs\u00f5 parancsa teh\u00e1t tan\u00edtv\u00e1nyai sz\u00e1m\u00e1ra: tan\u00edt\u00e1s \u00e9s szents\u00e9gkiszolg\u00e1ltat\u00e1s.Szent M\u00e1t\u00e9 evang\u00e9lium\u00e1ban a tan\u00edt\u00e1s foglalata a hegyi besz\u00e9d, ami alapj\u00e1n az Egyh\u00e1z tan\u00edt\u00f3munk\u00e1j\u00e1nak legfontosabb elemeit a k\u00f6vetkez\u00f5kben hat\u00e1rozhatjuk meg: elvezetni a vil\u00e1got arra, hogy Isten nem ellens\u00e9g, szemben \u00e1ll\u00f3 f\u00e9l, hanem Atya, bar\u00e1t, akinek elsaj\u00e1t\u00edthatjuk sz\u00edve gondolat\u00e1t. Megmutatni a nyolc boldogs\u00e1g er\u00e9nyeit mint \u00e9rtelmes \u00e9letform\u00e1t; \u00fagy v\u00e9gezni a szeretet cselekedeteit, hogy azok, akik abban r\u00e9szesednek, val\u00f3ban boldogg\u00e1 v\u00e1ljanak; \u00e9s elfogad(tat)ni:... R\u00e9szletek"}