{"version":"1.0","provider_name":"Stuttgarti Katolikusok","provider_url":"https:\/\/stuttgarti-katolikusok.de","title":"Urunk megkeresztelked\u00e9s\u00e9nek \u00fcnnepe - Stuttgarti Katolikusok","type":"rich","width":600,"height":338,"html":"<blockquote class=\"wp-embedded-content\" data-secret=\"ReUV2Y68HP\"><a href=\"https:\/\/stuttgarti-katolikusok.de\/index.php\/urunk-megkeresztelkedesenek-unnepe\/\">Urunk megkeresztelked\u00e9s\u00e9nek \u00fcnnepe<\/a><\/blockquote><iframe sandbox=\"allow-scripts\" security=\"restricted\" src=\"https:\/\/stuttgarti-katolikusok.de\/index.php\/urunk-megkeresztelkedesenek-unnepe\/embed\/#?secret=ReUV2Y68HP\" width=\"600\" height=\"338\" title=\"&#8220;Urunk megkeresztelked\u00e9s\u00e9nek \u00fcnnepe&#8221; &#8212; Stuttgarti Katolikusok\" data-secret=\"ReUV2Y68HP\" frameborder=\"0\" marginwidth=\"0\" marginheight=\"0\" scrolling=\"no\" class=\"wp-embedded-content\"><\/iframe><script type=\"text\/javascript\">\n\/* <![CDATA[ *\/\n\/*! This file is auto-generated *\/\n!function(d,l){\"use strict\";l.querySelector&&d.addEventListener&&\"undefined\"!=typeof URL&&(d.wp=d.wp||{},d.wp.receiveEmbedMessage||(d.wp.receiveEmbedMessage=function(e){var t=e.data;if((t||t.secret||t.message||t.value)&&!\/[^a-zA-Z0-9]\/.test(t.secret)){for(var s,r,n,a=l.querySelectorAll('iframe[data-secret=\"'+t.secret+'\"]'),o=l.querySelectorAll('blockquote[data-secret=\"'+t.secret+'\"]'),c=new RegExp(\"^https?:$\",\"i\"),i=0;i<o.length;i++)o[i].style.display=\"none\";for(i=0;i<a.length;i++)s=a[i],e.source===s.contentWindow&&(s.removeAttribute(\"style\"),\"height\"===t.message?(1e3<(r=parseInt(t.value,10))?r=1e3:~~r<200&&(r=200),s.height=r):\"link\"===t.message&&(r=new URL(s.getAttribute(\"src\")),n=new URL(t.value),c.test(n.protocol))&&n.host===r.host&&l.activeElement===s&&(d.top.location.href=t.value))}},d.addEventListener(\"message\",d.wp.receiveEmbedMessage,!1),l.addEventListener(\"DOMContentLoaded\",function(){for(var e,t,s=l.querySelectorAll(\"iframe.wp-embedded-content\"),r=0;r<s.length;r++)(t=(e=s[r]).getAttribute(\"data-secret\"))||(t=Math.random().toString(36).substring(2,12),e.src+=\"#?secret=\"+t,e.setAttribute(\"data-secret\",t)),e.contentWindow.postMessage({message:\"ready\",secret:t},\"*\")},!1)))}(window,document);\n\/\/# sourceURL=https:\/\/stuttgarti-katolikusok.de\/wp-includes\/js\/wp-embed.min.js\n\/* ]]> *\/\n<\/script>\n","thumbnail_url":"https:\/\/stuttgarti-katolikusok.de\/wp-content\/uploads\/2021\/01\/the-baptism-of-the-lord.jpg","thumbnail_width":640,"thumbnail_height":282,"description":"Mind V\u00edzkereszt \u00fcnnepe, mind Urunk megkeresztelked\u00e9s\u00e9nek \u00fcnnepe Isten nagys\u00e1g\u00e1nak kinyilatkoztat\u00e1sa. A mennyei Atya &#8222;szeretett &#8221; Fi\u00e1nak nevezi. Az \u00dar Lelke sz\u00e1ll r\u00e1, \u00e9s vezeti Galile\u00e1ban, Jeruzs\u00e1lemben \u00e9s a Golgot\u00e1n. A L\u00e9lek erej\u00e9ben \u00e1ldozza fel \u00f6nmag\u00e1t a vil\u00e1g \u00e9let\u00e9\u00e9rt. A szentmise k\u00f6ny\u00f6rg\u00e9s\u00e9ben azt k\u00e9rj\u00fck mennyei Aty\u00e1nkt\u00f3l, hogy benn\u00fcnk, fogadott gyermekeiben mindig kedve telj\u00e9k. A kereszts\u00e9g szents\u00e9g\u00e9ben nyert\u00fck el ezt a kegyelmet. \u00c9ppen ez\u00e9rt a mai szentmise alkalom sz\u00e1munkra a kereszts\u00e9gi fogad\u00e1s meg\u00faj\u00edt\u00e1s\u00e1ra. \u00c9lj\u00fcnk ezzel a lehet\u0151s\u00e9ggel! Izaj\u00e1s, mint a rem\u00e9ny pr\u00f3f\u00e9t\u00e1ja, er\u0151s\u00edti a v\u00e1lasztott n\u00e9pet. Hiszen a neh\u00e9zs\u00e9gek s\u00falya alatt \u00f6ssze lehet roppanni, olykor lelkesed\u00e9s\u00fcnk is pisl\u00e1kolhat. Isten azonban olyan megv\u00e1lt\u00f3t k\u00fcld, aki nem engedi \u00f6sszet\u00f6rni az embert, hit\u00e9nek f\u00e9ny\u00e9t nem engedi kialudni, hanem \u00fajj\u00e1\u00e9leszti azt. &#8222;Isten nem szem\u00e9lyv\u00e1logat\u00f3. Mindenki kedves el\u0151tte.&#8221; &#8211; az Apostolok cselekedeteinek elhangz\u00f3 tan\u00edt\u00e1s\u00e1b\u00f3l egy\u00e9nileg er\u0151t mer\u00edthetek. Csod\u00e1latos lehet\u0151s\u00e9g ez! A Szentl\u00e9lek vezet arra, hogy min\u00e9l t\u00f6bb j\u00f3t tegyek, szeretettel legyek m\u00e1sok ir\u00e1nt. Keresztel\u0151 J\u00e1nos a b\u0171nb\u00e1nat kereszts\u00e9g\u00e9t hirdette. Amikor J\u00e9zus megjelenik a Jord\u00e1n foly\u00f3n\u00e1l, l\u00e9nyeg\u00e9ben sorsk\u00f6z\u00f6ss\u00e9get v\u00e1llal vel\u00fcnk, b\u0171n\u00f6s emberekkel. Mindenben hasonl\u00f3v\u00e1 lett hozz\u00e1nk, a b\u0171nt kiv\u00e9ve. Lehet\u0151s\u00e9get k\u00edn\u00e1l \u00edgy sz\u00e1munkra,\u00a0 hogy mi magunk is a mennyei Atya szeretett gyermekeiv\u00e9 v\u00e1ljunk. Kezd\u0151\u00e9nek: Az \u00dar megkeresztelked\u00e9sekor megny\u00edlt az \u00e9g, a Szentl\u00e9lek mint galamb lebegett az \u00dar f\u00f6l\u00f6tt, \u00e9s a mennyei Atya szava hallatszott: Ez az \u00e9n szeretett Fiam, akiben kedvem telik. (V\u00f6. Mt 3,16-17) K\u00f6ny\u00f6rg\u00e9s: Mindenhat\u00f3, \u00f6r\u00f6k Isten, te \u00fcnnep\u00e9lyesen kinyilatkoztattad nek\u00fcnk Krisztust mint szeretett Fiadat, amikor megkeresztelkedett a Jord\u00e1n foly\u00f3ban \u00e9s lesz\u00e1llt r\u00e1 a Szentl\u00e9lek. Add, hogy mindig kedved telj\u00e9k benn\u00fcnk, fogadott gyermekeidben, akik \u00fajj\u00e1sz\u00fclett\u00fcnk v\u00edzb\u0151l \u00e9s Szentl\u00e9lekb\u0151l. A mi Urunk, J\u00e9zus Krisztus, a te Fiad \u00e1ltal, aki veled \u00e9l \u00e9s uralkodik a Szentl\u00e9lekkel egys\u00e9gben, Isten mind\u00f6r\u00f6kk\u00f6n \u00f6r\u00f6kk\u00e9. vagy Isten\u00fcnk, egysz\u00fcl\u00f6tt Fiad hozz\u00e1nk hasonl\u00f3 emberi testben jelent meg k\u00f6zt\u00fcnk. Add, k\u00e9r\u00fcnk, hogy bens\u0151leg alak\u00edtson \u00fajj\u00e1 minket J\u00e9zus, aki k\u00fclsej\u00e9t tekintve hasonl\u00f3 lett hozz\u00e1nk. Aki veled \u00e9l... R\u00e9szletek"}