{"version":"1.0","provider_name":"Stuttgarti Katolikusok","provider_url":"https:\/\/stuttgarti-katolikusok.de","title":"Urunk megkeresztelked\u00e9se - Stuttgarti Katolikusok","type":"rich","width":600,"height":338,"html":"<blockquote class=\"wp-embedded-content\" data-secret=\"MqXR6GdhuJ\"><a href=\"https:\/\/stuttgarti-katolikusok.de\/index.php\/urunk-megkeresztelkedese-2\/\">Urunk megkeresztelked\u00e9se<\/a><\/blockquote><iframe sandbox=\"allow-scripts\" security=\"restricted\" src=\"https:\/\/stuttgarti-katolikusok.de\/index.php\/urunk-megkeresztelkedese-2\/embed\/#?secret=MqXR6GdhuJ\" width=\"600\" height=\"338\" title=\"&#8220;Urunk megkeresztelked\u00e9se&#8221; &#8212; Stuttgarti Katolikusok\" data-secret=\"MqXR6GdhuJ\" frameborder=\"0\" marginwidth=\"0\" marginheight=\"0\" scrolling=\"no\" class=\"wp-embedded-content\"><\/iframe><script type=\"text\/javascript\">\n\/* <![CDATA[ *\/\n\/*! This file is auto-generated *\/\n!function(d,l){\"use strict\";l.querySelector&&d.addEventListener&&\"undefined\"!=typeof URL&&(d.wp=d.wp||{},d.wp.receiveEmbedMessage||(d.wp.receiveEmbedMessage=function(e){var t=e.data;if((t||t.secret||t.message||t.value)&&!\/[^a-zA-Z0-9]\/.test(t.secret)){for(var s,r,n,a=l.querySelectorAll('iframe[data-secret=\"'+t.secret+'\"]'),o=l.querySelectorAll('blockquote[data-secret=\"'+t.secret+'\"]'),c=new RegExp(\"^https?:$\",\"i\"),i=0;i<o.length;i++)o[i].style.display=\"none\";for(i=0;i<a.length;i++)s=a[i],e.source===s.contentWindow&&(s.removeAttribute(\"style\"),\"height\"===t.message?(1e3<(r=parseInt(t.value,10))?r=1e3:~~r<200&&(r=200),s.height=r):\"link\"===t.message&&(r=new URL(s.getAttribute(\"src\")),n=new URL(t.value),c.test(n.protocol))&&n.host===r.host&&l.activeElement===s&&(d.top.location.href=t.value))}},d.addEventListener(\"message\",d.wp.receiveEmbedMessage,!1),l.addEventListener(\"DOMContentLoaded\",function(){for(var e,t,s=l.querySelectorAll(\"iframe.wp-embedded-content\"),r=0;r<s.length;r++)(t=(e=s[r]).getAttribute(\"data-secret\"))||(t=Math.random().toString(36).substring(2,12),e.src+=\"#?secret=\"+t,e.setAttribute(\"data-secret\",t)),e.contentWindow.postMessage({message:\"ready\",secret:t},\"*\")},!1)))}(window,document);\n\/\/# sourceURL=https:\/\/stuttgarti-katolikusok.de\/wp-includes\/js\/wp-embed.min.js\n\/* ]]> *\/\n<\/script>\n","thumbnail_url":"https:\/\/stuttgarti-katolikusok.de\/wp-content\/uploads\/2021\/01\/the-baptism-of-the-lord.jpg","thumbnail_width":640,"thumbnail_height":282,"description":"Urunk megkeresztelked\u00e9s\u00e9nek \u00fcnnepe egyfajta felh\u00edv\u00e1s a Krisztus-h\u00edv\u0151 ember sz\u00e1m\u00e1ra. Ezt alapozza meg a szentmise k\u00f6ny\u00f6rg\u00e9se. &#8222;Add, hogy mindig kedved telj\u00e9k benn\u00fcnk, fogadott gyermekeidben, akik \u00fajj\u00e1sz\u00fclett\u00fcnk v\u00edzb\u0151l \u00e9s Szentl\u00e9lekb\u0151l.&#8221; A sz\u00fcl\u0151 \u00f6r\u00f6k \u00e1lma \u00e9s v\u00e1gya, hogy gyermeke tov\u00e1bb tudja vinni azt, amit \u0151 is k\u00e9pvisel, amiben hisz. A sport vil\u00e1g\u00e1ban sz\u00e1mtalan olyan sz\u00fcl\u0151r\u0151l tudunk, aki mindent megtesz az\u00e9rt, hogy gyermeke tov\u00e1bb \u00e1lmodja az \u0151 \u00e1lm\u00e1t. Amikor pedig mindez teljes\u00fcl, nincs is n\u00e1la boldogabb sz\u00fcl\u0151. \u00c9ppen a napokban l\u00e1ttam egy podcast-ot, ahol h\u00edres magyar focista \u00e9desany\u00e1k vallottak \u00e9let\u00fckr\u0151l \u00e9s arr\u00f3l az \u00e1ldozatr\u00f3l, amelyet gyermekeik \u00e1lm\u00e1nak val\u00f3ra v\u00e1l\u00e1s\u00e1\u00e9rt megtettek. Boldogan tett\u00e9k, mert kedv\u00fck telt gyermek\u00fckben. \u00c9ljek \u00fagy Isten gyermek\u00e9nt, hogy mennyei Aty\u00e1mnak kedve telj\u00e9k bennem!\u00a0 \u00c9letre sz\u00f3l\u00f3 kih\u00edv\u00e1s ez! Hogyan lehets\u00e9ges? Csakis \u00fagy, hogy \u00fajj\u00e1sz\u00fclet\u00fcnk v\u00edzb\u0151l \u00e9s Szentl\u00e9lekb\u0151l. Hagyjuk, hogy mennyei Aty\u00e1nk el\u00e1rasszon v\u00e9gtelen szeretet\u00e9vel.\u00a0 Tegyem magam m\u00e9lt\u00f3v\u00e1 erre a szeretetre! Kezd\u0151\u00e9nek: Az \u00dar megkeresztelked\u00e9se ut\u00e1n megny\u00edlt az \u00e9g, a Szentl\u00e9lek galamb k\u00e9p\u00e9ben r\u00e1sz\u00e1llott, \u00e9s az Atya szava hallatszott: \u201eEz az \u00e9n szeretett Fiam, akiben kedvem telik!\u201d (V\u00f6. Mt 3,16-17) K\u00f6ny\u00f6rg\u00e9s: Mindenhat\u00f3, \u00f6r\u00f6k Isten, te \u00fcnnep\u00e9lyesen kinyilatkoztattad nek\u00fcnk Krisztust mint szeretett Fiadat, amikor megkeresztelkedett a Jord\u00e1n foly\u00f3ban \u00e9s lesz\u00e1llt r\u00e1 a Szentl\u00e9lek. Add, hogy mindig kedved telj\u00e9k benn\u00fcnk, fogadott gyermekeidben, akik \u00fajj\u00e1sz\u00fclett\u00fcnk v\u00edzb\u0151l \u00e9s Szentl\u00e9lekb\u0151l. A mi Urunk, J\u00e9zus Krisztus, a te Fiad \u00e1ltal, aki veled \u00e9l \u00e9s uralkodik a Szentl\u00e9lekkel egys\u00e9gben, Isten mind\u00f6r\u00f6kk\u00f6n \u00f6r\u00f6kk\u00e9. Vagy Isten\u00fcnk, egysz\u00fcl\u00f6tt Fiad hozz\u00e1nk hasonl\u00f3 emberi testben jelent meg. Add, k\u00e9r\u00fcnk, hogy bens\u0151leg alak\u00edtson \u00fajj\u00e1 minket J\u00e9zus, aki k\u00fclsej\u00e9t tekintve hasonl\u00f3 lett hozz\u00e1nk. Aki veled \u00e9l \u00e9s uralkodik a Szentl\u00e9lekkel egys\u00e9gben, Isten mind\u00f6r\u00f6kk\u00f6n \u00f6r\u00f6kk\u00e9. OLVASM\u00c1NY Izaj\u00e1s pr\u00f3f\u00e9ta k\u00f6nyv\u00e9b\u0151l (Iz 42,1-4.6-7) \u00cdme az \u00e9n szolg\u00e1m, akiben kedvem telik. Ezt mondja az \u00dar: \u00cdme, az \u00e9n szolg\u00e1m, akit t\u00e1mogatok, v\u00e1lasztottam, akiben kedvem telik. Ki\u00e1rasztom r\u00e1 lelkemet, \u00e9s igazs\u00e1got visz a nemzeteknek. Nem ki\u00e1lt majd, nem emeli f\u00f6l a hangj\u00e1t,... R\u00e9szletek"}