{"version":"1.0","provider_name":"Stuttgarti Katolikusok","provider_url":"https:\/\/stuttgarti-katolikusok.de","title":"Urunk megkeresztelked\u00e9se - 1. \u00e9vk\u00f6zi vas\u00e1rnap - Stuttgarti Katolikusok","type":"rich","width":600,"height":338,"html":"<blockquote class=\"wp-embedded-content\" data-secret=\"pEFFw9i0Cs\"><a href=\"https:\/\/stuttgarti-katolikusok.de\/index.php\/urunk-megkeresztelkedese-1-evkozi-vasarnap\/\">Urunk megkeresztelked\u00e9se &#8211; 1. \u00e9vk\u00f6zi vas\u00e1rnap<\/a><\/blockquote><iframe sandbox=\"allow-scripts\" security=\"restricted\" src=\"https:\/\/stuttgarti-katolikusok.de\/index.php\/urunk-megkeresztelkedese-1-evkozi-vasarnap\/embed\/#?secret=pEFFw9i0Cs\" width=\"600\" height=\"338\" title=\"&#8220;Urunk megkeresztelked\u00e9se &#8211; 1. \u00e9vk\u00f6zi vas\u00e1rnap&#8221; &#8212; Stuttgarti Katolikusok\" data-secret=\"pEFFw9i0Cs\" frameborder=\"0\" marginwidth=\"0\" marginheight=\"0\" scrolling=\"no\" class=\"wp-embedded-content\"><\/iframe><script type=\"text\/javascript\">\n\/* <![CDATA[ *\/\n\/*! This file is auto-generated *\/\n!function(d,l){\"use strict\";l.querySelector&&d.addEventListener&&\"undefined\"!=typeof URL&&(d.wp=d.wp||{},d.wp.receiveEmbedMessage||(d.wp.receiveEmbedMessage=function(e){var t=e.data;if((t||t.secret||t.message||t.value)&&!\/[^a-zA-Z0-9]\/.test(t.secret)){for(var s,r,n,a=l.querySelectorAll('iframe[data-secret=\"'+t.secret+'\"]'),o=l.querySelectorAll('blockquote[data-secret=\"'+t.secret+'\"]'),c=new RegExp(\"^https?:$\",\"i\"),i=0;i<o.length;i++)o[i].style.display=\"none\";for(i=0;i<a.length;i++)s=a[i],e.source===s.contentWindow&&(s.removeAttribute(\"style\"),\"height\"===t.message?(1e3<(r=parseInt(t.value,10))?r=1e3:~~r<200&&(r=200),s.height=r):\"link\"===t.message&&(r=new URL(s.getAttribute(\"src\")),n=new URL(t.value),c.test(n.protocol))&&n.host===r.host&&l.activeElement===s&&(d.top.location.href=t.value))}},d.addEventListener(\"message\",d.wp.receiveEmbedMessage,!1),l.addEventListener(\"DOMContentLoaded\",function(){for(var e,t,s=l.querySelectorAll(\"iframe.wp-embedded-content\"),r=0;r<s.length;r++)(t=(e=s[r]).getAttribute(\"data-secret\"))||(t=Math.random().toString(36).substring(2,12),e.src+=\"#?secret=\"+t,e.setAttribute(\"data-secret\",t)),e.contentWindow.postMessage({message:\"ready\",secret:t},\"*\")},!1)))}(window,document);\n\/\/# sourceURL=https:\/\/stuttgarti-katolikusok.de\/wp-includes\/js\/wp-embed.min.js\n\/* ]]> *\/\n<\/script>\n","thumbnail_url":"https:\/\/stuttgarti-katolikusok.de\/wp-content\/uploads\/2024\/01\/schw-gmund.jpg","thumbnail_width":1600,"thumbnail_height":1200,"description":"OLVASM\u00c1NY Izaj\u00e1s pr\u00f3f\u00e9ta k\u00f6nyv\u00e9b\u0151l (Iz 42,1-4.6-7) Ezt mondja az \u00dar: \u00cdme, az \u00e9n szolg\u00e1m, akit t\u00e1mogatok, v\u00e1lasztottam, akiben kedvem telik. Ki\u00e1rasztom r\u00e1 lelkemet, \u00e9s igazs\u00e1got visz a nemzeteknek. Nem ki\u00e1lt majd, nem emeli f\u00f6l a hangj\u00e1t, \u00e9s szava se hallatszik az utc\u00e1kon. A megt\u00f6rt n\u00e1dsz\u00e1lat nem t\u00f6ri \u00f6ssze, a pisl\u00e1kol\u00f3 m\u00e9csbelet nem oltja ki. H\u0171s\u00e9gesen tan\u00edtja az igazs\u00e1got, nem lankad el, sem kedv\u00e9t el nem veszti, m\u00edg az igazs\u00e1got meg nem szil\u00e1rd\u00edtja a f\u00f6ld\u00f6n. Az \u0151 tan\u00edt\u00e1s\u00e1ra v\u00e1rnak a nemzetek. \u00c9n, az \u00dar h\u00edvtalak meg igazs\u00e1gban, \u00e9n fogtam meg a kezed \u00e9s \u00e9n form\u00e1ltalak. \u00c1ltalad k\u00f6t\u00f6k sz\u00f6vets\u00e9get n\u00e9pemmel, \u00e9s adok vil\u00e1goss\u00e1got a nemzeteknek, hogy nyisd meg a vakok szem\u00e9t, \u00e9s szabad\u00edtsd ki a b\u00f6rt\u00f6nb\u0151l a foglyokat, \u00e9s a t\u00f6ml\u00f6cb\u0151l azokat, akik a s\u00f6t\u00e9tben \u00fclnek. Ez az Isten ig\u00e9je. vagy OLVASM\u00c1NY Izaj\u00e1s pr\u00f3f\u00e9ta k\u00f6nyv\u00e9b\u0151l (Iz 55,1-11) \u00cdgy sz\u00f3l az \u00dar: Ti szomjaz\u00f3k, gyertek a v\u00edzhez mind, \u00e9s b\u00e1r nincsen p\u00e9nzetek, siessetek ide! Vegyetek ingyen gabon\u00e1t \u00e9s egyetek, vegyetek p\u00e9nz n\u00e9lk\u00fcl bort \u00e9s tejet. Mi\u00e9rt k\u00f6ltitek a p\u00e9nzt arra, ami nem keny\u00e9r, \u00e9s a keresetet arra, ami nem lakat j\u00f3l? Hallgassatok ide, figyeljetek r\u00e1m, akkor j\u00f3 \u00e9telt esztek, \u00e9s k\u00f6v\u00e9r falatokban lesz r\u00e9szetek. Ford\u00edts\u00e1tok fel\u00e9m f\u00fcleteket \u00e9s gyertek ide hozz\u00e1m; hallgassatok r\u00e1m, \u00e9s \u00e9lni fog lelketek. \u00d6r\u00f6k sz\u00f6vets\u00e9get k\u00f6t\u00f6k veletek a D\u00e1vidnak meg\u00edg\u00e9rt irgalom jegy\u00e9ben. \u00cdme, tan\u00fav\u00e1 tettelek a n\u00e9pek el\u0151tt, vez\u00e9rr\u00e9 \u00e9s parancsol\u00f3v\u00e1 a nemzetek f\u00f6l\u00f6tt. Olyan nemzeteket h\u00edvsz majd meg, amelyeket nem ismert\u00e9l, \u00e9s olyanok sietnek hozz\u00e1d, akik nem ismertek, az \u00dar\u00e9rt, a te Istened\u00e9rt, Izrael Szentj\u00e9\u00e9rt, aki majd megdics\u0151\u00edt. Keress\u00e9tek az Urat, am\u00edg megtal\u00e1lj\u00e1tok, h\u00edvj\u00e1tok seg\u00edts\u00e9g\u00fcl, am\u00edg k\u00f6zel van! Hagyja el \u00fatj\u00e1t a gonosz, \u00e9s gondolatait a b\u0171n\u00f6s, t\u00e9rjen vissza az \u00darhoz, mert megk\u00f6ny\u00f6r\u00fcl rajta, Isten\u00fcnkh\u00f6z, mert b\u0151kez\u0171 a megbocs\u00e1t\u00e1sban. Hiszen az \u00e9n gondolataim nem a ti gondolataitok, az \u00e9n utaim nem a ti utaitok \u2013 mondja az \u00dar.... R\u00e9szletek"}