{"version":"1.0","provider_name":"Stuttgarti Katolikusok","provider_url":"https:\/\/stuttgarti-katolikusok.de","title":"Urunk bemutat\u00e1sa - Gyertyaszentel\u0151 Boldogasszony \u00fcnnepe - Stuttgarti Katolikusok","type":"rich","width":600,"height":338,"html":"<blockquote class=\"wp-embedded-content\" data-secret=\"IlEuX9QK14\"><a href=\"https:\/\/stuttgarti-katolikusok.de\/index.php\/urunk-bemutatasa-gyertyaszentelo-boldogasszony-unnepe\/\">Urunk bemutat\u00e1sa &#8211; Gyertyaszentel\u0151 Boldogasszony \u00fcnnepe<\/a><\/blockquote><iframe sandbox=\"allow-scripts\" security=\"restricted\" src=\"https:\/\/stuttgarti-katolikusok.de\/index.php\/urunk-bemutatasa-gyertyaszentelo-boldogasszony-unnepe\/embed\/#?secret=IlEuX9QK14\" width=\"600\" height=\"338\" title=\"&#8220;Urunk bemutat\u00e1sa &#8211; Gyertyaszentel\u0151 Boldogasszony \u00fcnnepe&#8221; &#8212; Stuttgarti Katolikusok\" data-secret=\"IlEuX9QK14\" frameborder=\"0\" marginwidth=\"0\" marginheight=\"0\" scrolling=\"no\" class=\"wp-embedded-content\"><\/iframe><script type=\"text\/javascript\">\n\/* <![CDATA[ *\/\n\/*! This file is auto-generated *\/\n!function(d,l){\"use strict\";l.querySelector&&d.addEventListener&&\"undefined\"!=typeof URL&&(d.wp=d.wp||{},d.wp.receiveEmbedMessage||(d.wp.receiveEmbedMessage=function(e){var t=e.data;if((t||t.secret||t.message||t.value)&&!\/[^a-zA-Z0-9]\/.test(t.secret)){for(var s,r,n,a=l.querySelectorAll('iframe[data-secret=\"'+t.secret+'\"]'),o=l.querySelectorAll('blockquote[data-secret=\"'+t.secret+'\"]'),c=new RegExp(\"^https?:$\",\"i\"),i=0;i<o.length;i++)o[i].style.display=\"none\";for(i=0;i<a.length;i++)s=a[i],e.source===s.contentWindow&&(s.removeAttribute(\"style\"),\"height\"===t.message?(1e3<(r=parseInt(t.value,10))?r=1e3:~~r<200&&(r=200),s.height=r):\"link\"===t.message&&(r=new URL(s.getAttribute(\"src\")),n=new URL(t.value),c.test(n.protocol))&&n.host===r.host&&l.activeElement===s&&(d.top.location.href=t.value))}},d.addEventListener(\"message\",d.wp.receiveEmbedMessage,!1),l.addEventListener(\"DOMContentLoaded\",function(){for(var e,t,s=l.querySelectorAll(\"iframe.wp-embedded-content\"),r=0;r<s.length;r++)(t=(e=s[r]).getAttribute(\"data-secret\"))||(t=Math.random().toString(36).substring(2,12),e.src+=\"#?secret=\"+t,e.setAttribute(\"data-secret\",t)),e.contentWindow.postMessage({message:\"ready\",secret:t},\"*\")},!1)))}(window,document);\n\/\/# sourceURL=https:\/\/stuttgarti-katolikusok.de\/wp-includes\/js\/wp-embed.min.js\n\/* ]]> *\/\n<\/script>\n","thumbnail_url":"https:\/\/stuttgarti-katolikusok.de\/wp-content\/uploads\/2025\/02\/ludovico-carracci.jpg","thumbnail_width":537,"thumbnail_height":691,"description":"Kett\u0151s elnevez\u00e9se van a mai \u00fcnnepnek. A teol\u00f3giai elnevez\u00e9s, Urunk bemutat\u00e1sa, kifejezi, J\u00e9zus \u00e9let\u00e9ben elkezd\u0151dik az \u00e1ldozat. Sz\u00fclei helyette visznek \u00e1ldozatot a jeruzs\u00e1lemi templomba, majd \u0151 maga lesz \u00e1ldozatt\u00e1. Ezzel mintegy kifejezi, hogy a kereszt\u00e9ny ember sz\u00e1m\u00e1ra is ez a k\u00f6vetend\u0151 \u00fat. \u00c9letem \u00f6r\u00f6k\u00f6s jelenl\u00e9t Isten sz\u00edne el\u0151tt, m\u00e9gpedig \u00fagy bemutatom azt a mennyei Aty\u00e1nak nap mint nap. K\u00f6zben arr\u00f3l sem feledkezhetem meg, hogy az \u00e1ldozatv\u00e1llal\u00e1s l\u00e9nyeges r\u00e9sze emberi \u00e9letemnek, b\u00e1rmely ter\u00fclet\u00e9t n\u00e9zzem is. Nevezhetem nyugodtan \u00e9letemet proegzisztenci\u00e1nak (m\u00e1sok\u00e9rt \u00e9lni), az \u00e1ldozatv\u00e1llal\u00e1s szellem\u00e9ben. Ez pedig az egy\u00e9ni \u00e9lethivat\u00e1s megszentel\u00e9s\u00e9t is mag\u00e1ba foglalja.\u00a0 A n\u00e9pi elnevez\u00e9s, Gyertyaszentel\u0151 Boldogasszony \u00fcnnepe, pedig arra utal, hogy az Egyh\u00e1z ezen a napon gyerty\u00e1t szentel, s a megszentelt gyety\u00e1val egy\u00fctt annak gazdag \u00e9s m\u00e9ly\u00e9rtelm\u0171 jelrendszer\u00e9vel is megaj\u00e1nd\u00e9koz. \u00c9ppen csak felsorolom ezeket a szimbolumokat: m\u00e9hek szorgos munk\u00e1j\u00e1nak gy\u00fcm\u00f6lcse a viasz, f\u00e9nyt ad, a gyertya h\u00f3feh\u00e9r sz\u00edne, mint a tisztas\u00e1g jelk\u00e9pe, \u00f6nmag\u00e1t em\u00e9szti el, elfogy, az \u00e1ldozatv\u00e1llal\u00e1s, f\u00e9ny\u00e9t nem tartja meg mag\u00e1nak, neh\u00e9z id\u0151ben gyerty\u00e1t gy\u00fajtunk&#8230; L\u00e9nyeg\u00e9ben a megszentelt gyertya bekeretezi a h\u00edv\u0151 ember \u00e9let\u00e9t a sz\u00fclet\u00e9st\u0151l, keresztel\u0151i gyertya, eg\u00e9szen a hal\u00e1lig, temet\u00e9s alkalm\u00e1val a meggy\u00fajtott gyertya. Az \u00fcnnep ugyanakkor a tal\u00e1lkoz\u00e1sok \u00fcnnepe is, ahogyan arr\u00f3l az evang\u00e9liumi r\u00e9sz besz\u00e1mol. Legyen \u00e9letemben is minden tal\u00e1lkoz\u00e1s igazi \u00fcnnep! \u00c9ppen tal\u00e1lkoz\u00e1saink emelnek ki benn\u00fcnket a h\u00e9tk\u00f6znapok megszokott ritmus\u00e1b\u00f3l. Ide k\u00edv\u00e1nkoznak Pilinszky J\u00e1nos gondolatai is, melyeket b\u00e1r az adventtel kapcsolatosan \u00edr, m\u00e9gis helyt\u00e1ll\u00f3ak: szerelmesek v\u00e1rakoz\u00e1sa a tal\u00e1lkoz\u00e1sra, gyermek v\u00e1rakoz\u00e1sa az els\u0151 h\u00f3es\u00e9sre&#8230;\u00a0 Tibor atya Kezd\u0151\u00e9nek: Befogadtuk, Isten\u00fcnk, irgalmass\u00e1godat templomod belsej\u00e9ben. Mik\u00e9nt neved, Isten\u00fcnk, \u00fagy dics\u00e9reted is bet\u00f6lti a f\u00f6ld hat\u00e1rait, jobbod telve igazs\u00e1ggal. (V\u00f6. Zsolt 47,10-11) K\u00f6ny\u00f6rg\u00e9s: Mindenhat\u00f3, \u00f6r\u00f6k Isten, egysz\u00fcl\u00f6tt Fiadat ma emberi test\u00fcnk val\u00f3s\u00e1g\u00e1ban mutatt\u00e1k be templomodban. Tiszt\u00edtsd meg sz\u00edv\u00fcnket, hogy m\u00e9lt\u00f3k legy\u00fcnk egykor mi is megjelenni el\u0151tted. A mi Urunk, J\u00e9zus Krisztus, a te Fiad \u00e1ltal, aki veled \u00e9l \u00e9s uralkodik a Szentl\u00e9lekkel egys\u00e9gben, Isten mind\u00f6r\u00f6kk\u00f6n \u00f6r\u00f6kk\u00e9. OLVASM\u00c1NY... R\u00e9szletek"}