{"version":"1.0","provider_name":"Stuttgarti Katolikusok","provider_url":"https:\/\/stuttgarti-katolikusok.de","title":"\u00daj\u00e9vi j\u00f3felt\u00e9teleink... - Stuttgarti Katolikusok","type":"rich","width":600,"height":338,"html":"<blockquote class=\"wp-embedded-content\" data-secret=\"rLCXa8CmJT\"><a href=\"https:\/\/stuttgarti-katolikusok.de\/index.php\/ujevi-jofelteteleink\/\">\u00daj\u00e9vi j\u00f3felt\u00e9teleink&#8230;<\/a><\/blockquote><iframe sandbox=\"allow-scripts\" security=\"restricted\" src=\"https:\/\/stuttgarti-katolikusok.de\/index.php\/ujevi-jofelteteleink\/embed\/#?secret=rLCXa8CmJT\" width=\"600\" height=\"338\" title=\"&#8220;\u00daj\u00e9vi j\u00f3felt\u00e9teleink&#8230;&#8221; &#8212; Stuttgarti Katolikusok\" data-secret=\"rLCXa8CmJT\" frameborder=\"0\" marginwidth=\"0\" marginheight=\"0\" scrolling=\"no\" class=\"wp-embedded-content\"><\/iframe><script type=\"text\/javascript\">\n\/* <![CDATA[ *\/\n\/*! This file is auto-generated *\/\n!function(d,l){\"use strict\";l.querySelector&&d.addEventListener&&\"undefined\"!=typeof URL&&(d.wp=d.wp||{},d.wp.receiveEmbedMessage||(d.wp.receiveEmbedMessage=function(e){var t=e.data;if((t||t.secret||t.message||t.value)&&!\/[^a-zA-Z0-9]\/.test(t.secret)){for(var s,r,n,a=l.querySelectorAll('iframe[data-secret=\"'+t.secret+'\"]'),o=l.querySelectorAll('blockquote[data-secret=\"'+t.secret+'\"]'),c=new RegExp(\"^https?:$\",\"i\"),i=0;i<o.length;i++)o[i].style.display=\"none\";for(i=0;i<a.length;i++)s=a[i],e.source===s.contentWindow&&(s.removeAttribute(\"style\"),\"height\"===t.message?(1e3<(r=parseInt(t.value,10))?r=1e3:~~r<200&&(r=200),s.height=r):\"link\"===t.message&&(r=new URL(s.getAttribute(\"src\")),n=new URL(t.value),c.test(n.protocol))&&n.host===r.host&&l.activeElement===s&&(d.top.location.href=t.value))}},d.addEventListener(\"message\",d.wp.receiveEmbedMessage,!1),l.addEventListener(\"DOMContentLoaded\",function(){for(var e,t,s=l.querySelectorAll(\"iframe.wp-embedded-content\"),r=0;r<s.length;r++)(t=(e=s[r]).getAttribute(\"data-secret\"))||(t=Math.random().toString(36).substring(2,12),e.src+=\"#?secret=\"+t,e.setAttribute(\"data-secret\",t)),e.contentWindow.postMessage({message:\"ready\",secret:t},\"*\")},!1)))}(window,document);\n\/\/# sourceURL=https:\/\/stuttgarti-katolikusok.de\/wp-includes\/js\/wp-embed.min.js\n\/* ]]> *\/\n<\/script>\n","description":"Egy id\u0151s indi\u00e1n az \u00e9letr\u0151l mes\u00e9lt az unok\u00e1j\u00e1nak. &#8222;K\u00fczdelem zajlik a bens\u0151mben,&#8221; mondta a fi\u00fanak. &#8222;Rettent\u0151 harc ez, egy farkas \u00e9s egy angyal v\u00edvja egym\u00e1ssal. A farkas gonosz &#8211; \u0151 a harag, irigys\u00e9g, b\u00e1nat, moh\u00f3s\u00e1g, arrogancia, \u00f6nsajn\u00e1lat, b\u0171ntudat, s\u00e9rt\u0151d\u00f6tts\u00e9g, kisebbrend\u0171s\u00e9g, hazugs\u00e1gok, \u00f6ntelts\u00e9g, fels\u0151bbrend\u0171s\u00e9g \u00e9s ego. Az angyal j\u00f3 &#8211; \u0151 az \u00f6r\u00f6m, b\u00e9ke, szeretet, rem\u00e9ny, der\u0171s nyugalom, al\u00e1zat, kedvess\u00e9g, j\u00f3akarat, emp\u00e1tia, nagylelk\u0171s\u00e9g, igazs\u00e1g, egy\u00fctt\u00e9rz\u00e9s \u00e9s hit. Ugyanez a harc benned is zajlik &#8211; \u00e9s mindenki m\u00e1sban is. Az unoka elgondolkozott egy percre majd megk\u00e9rdezte a nagyapj\u00e1t: &#8222;Ki fog gy\u0151zni?\u201d &#8222;Amelyiket t\u00e1pl\u00e1lod.&#8221; &#8211; v\u00e1laszolta az id\u0151s indi\u00e1n. &nbsp; Az \u00faj esztend\u0151 els\u0151 napjaiban t\u00f6bb interj\u00fam\u0171sorban l\u00e1ttam, hogy a riporterek \u00e1ltal megk\u00e9rdezettek nagy t\u00f6bbs\u00e9ge k\u00fcl\u00f6nb\u00f6z\u0151 fogadalmakat tett: eg\u00e9szs\u00e9gesebben fog \u00e9lni, t\u00f6bbet fog sportolni, ker\u00fclni fogja a stresszt. P\u00e9ld\u00e1jukra bennem is megfogalmaz\u00f3dott egy sereg j\u00f3felt\u00e9tel, noha arra is eml\u00e9keztem, hogy ezekb\u0151l a j\u00f3felt\u00e9telekb\u0151l p\u00e1r nap m\u00falva alig marad valami&#8230; &nbsp; Erre hirtelen bel\u00e9m nyilallott a gondolat: Meg tudja-e \u00f6nmag\u00e1t v\u00e1ltoztatni az ember? Ijedten kellett beismernem, hogy: nem. Alapstrukt\u00far\u00e1j\u00e1t senki nem tudja megv\u00e1ltoztatni. Hogyan is tudn\u00e1 \u00f6nmag\u00e1t megv\u00e1ltoztatni egy olyan l\u00e9ny, aki nem \u00f6nmag\u00e1nak, hanem m\u00e1snak k\u00f6sz\u00f6nheti l\u00e9t\u00e9t? Aki csak elfogadta az \u00e9letet&#8230; Aki csak aj\u00e1nd\u00e9kba kapta tehets\u00e9g\u00e9t&#8230; Akinek a term\u00e9szete \u0151sei g\u00e9njeib\u0151l sz\u00f6v\u0151d\u00f6tt \u00f6ssze&#8230; Aki behat\u00e1rolts\u00e1g\u00e1t is gyakran csak elszenvedi&#8230; &nbsp; Term\u00e9szet\u00e9t senki nem tudja \u00f6nmaga erej\u00e9b\u0151l megv\u00e1ltoztatni! &nbsp; De igenis meg tudja v\u00e1ltoztatni be\u00e1ll\u00edtotts\u00e1g\u00e1t, viselked\u00e9s\u00e9t, magatart\u00e1s\u00e1t. Istenhez, m\u00e1sokhoz, \u00f6nmag\u00e1hoz \u00e9s az \u00e9lethez val\u00f3 viszonyul\u00e1s\u00e1n k\u00e9pes v\u00e1ltoztatni! Fontos dolgoknak ut\u00e1naj\u00e1rni&#8230; L\u00e9nyegesebbekre t\u00f6bb id\u0151t szentelni&#8230; Az \u00e9letbev\u00e1g\u00f3kra jobban odafigyelni&#8230; &nbsp; Mi teh\u00e1t boldogs\u00e1g szempontj\u00e1b\u00f3l az \u00faj esztend\u0151ben a fontos? &nbsp; Szerintem, hogy el\u0151sz\u00f6r is megismerd a benned \u00e9l\u0151 \u201efarkasokat\u201d. Nev\u00e9n kell nevezned \u0151ket, k\u00fcl\u00f6nben \u00f6nmagadnak \u00e9s m\u00e1soknak is f\u00e1jdalmat okoznak. El kell z\u00e1rnod \u0151ket&#8230; Nem szabad eloldanod l\u00e1ncaikr\u00f3l a haragot, irigys\u00e9get, moh\u00f3s\u00e1got, arroganci\u00e1t, \u00f6nsajn\u00e1latot, b\u0171ntudatot, s\u00e9rt\u0151d\u00f6tts\u00e9get, kisebbrend\u0171s\u00e9get, hazugs\u00e1got, \u00f6ntelts\u00e9get, fels\u0151bbrend\u0171s\u00e9get! \u00c9s ne t\u00e1pl\u00e1ld ezeket... R\u00e9szletek"}