{"version":"1.0","provider_name":"Stuttgarti Katolikusok","provider_url":"https:\/\/stuttgarti-katolikusok.de","title":"T\u00f3th T\u00edmea: \u00dajrakezd\u00e9s... - Stuttgarti Katolikusok","type":"rich","width":600,"height":338,"html":"<blockquote class=\"wp-embedded-content\" data-secret=\"Gnn0islsIP\"><a href=\"https:\/\/stuttgarti-katolikusok.de\/index.php\/toth-timea-ujrakezdes\/\">T\u00f3th T\u00edmea: \u00dajrakezd\u00e9s&#8230;<\/a><\/blockquote><iframe sandbox=\"allow-scripts\" security=\"restricted\" src=\"https:\/\/stuttgarti-katolikusok.de\/index.php\/toth-timea-ujrakezdes\/embed\/#?secret=Gnn0islsIP\" width=\"600\" height=\"338\" title=\"&#8220;T\u00f3th T\u00edmea: \u00dajrakezd\u00e9s&#8230;&#8221; &#8212; Stuttgarti Katolikusok\" data-secret=\"Gnn0islsIP\" frameborder=\"0\" marginwidth=\"0\" marginheight=\"0\" scrolling=\"no\" class=\"wp-embedded-content\"><\/iframe><script type=\"text\/javascript\">\n\/* <![CDATA[ *\/\n\/*! This file is auto-generated *\/\n!function(d,l){\"use strict\";l.querySelector&&d.addEventListener&&\"undefined\"!=typeof URL&&(d.wp=d.wp||{},d.wp.receiveEmbedMessage||(d.wp.receiveEmbedMessage=function(e){var t=e.data;if((t||t.secret||t.message||t.value)&&!\/[^a-zA-Z0-9]\/.test(t.secret)){for(var s,r,n,a=l.querySelectorAll('iframe[data-secret=\"'+t.secret+'\"]'),o=l.querySelectorAll('blockquote[data-secret=\"'+t.secret+'\"]'),c=new RegExp(\"^https?:$\",\"i\"),i=0;i<o.length;i++)o[i].style.display=\"none\";for(i=0;i<a.length;i++)s=a[i],e.source===s.contentWindow&&(s.removeAttribute(\"style\"),\"height\"===t.message?(1e3<(r=parseInt(t.value,10))?r=1e3:~~r<200&&(r=200),s.height=r):\"link\"===t.message&&(r=new URL(s.getAttribute(\"src\")),n=new URL(t.value),c.test(n.protocol))&&n.host===r.host&&l.activeElement===s&&(d.top.location.href=t.value))}},d.addEventListener(\"message\",d.wp.receiveEmbedMessage,!1),l.addEventListener(\"DOMContentLoaded\",function(){for(var e,t,s=l.querySelectorAll(\"iframe.wp-embedded-content\"),r=0;r<s.length;r++)(t=(e=s[r]).getAttribute(\"data-secret\"))||(t=Math.random().toString(36).substring(2,12),e.src+=\"#?secret=\"+t,e.setAttribute(\"data-secret\",t)),e.contentWindow.postMessage({message:\"ready\",secret:t},\"*\")},!1)))}(window,document);\n\/\/# sourceURL=https:\/\/stuttgarti-katolikusok.de\/wp-includes\/js\/wp-embed.min.js\n\/* ]]> *\/\n<\/script>\n","thumbnail_url":"https:\/\/stuttgarti-katolikusok.de\/wp-content\/uploads\/2020\/05\/weingarten-templom.jpg","thumbnail_width":3003,"thumbnail_height":2033,"description":"Vas\u00e1rnap, 2020. m\u00e1jus 10-\u00e9n els\u0151 alkalommal tarthattunk szentmis\u00e9t Weingartenben. V\u00e1rakoz\u00e1s \u00e9s sok el\u0151k\u00e9sz\u00fclet el\u0151zte meg a szentmis\u00e9t. Err\u0151l, s az ehhez az \u00fathoz vezet\u0151 \u00e9lm\u00e9nyeir\u0151l sz\u00f3l T\u00edmea \u00edr\u00e1s\u00e1ban. Fogadj\u00e1tok szeretettel gondolatait! Tibor atya \u00dajrakezd\u00e9s&#8230; Weingarten, 2020. m\u00e1jus 10., vas\u00e1rnap. A templomok \u00fajra megnyithatt\u00e1k kapuikat a vas\u00e1rnapi szentmis\u00e9kre. \u00dajra \u00e1t\u00e9lhett\u00fck az Eucharisztia var\u00e1zs\u00e1t, k\u00f6z\u00f6ss\u00e9g teremt\u0151 erej\u00e9t. Most azonban m\u00e1s volt. M\u00e1s, mint ahogy az elm\u00falt id\u0151szak is mindenki sz\u00e1m\u00e1ra. 2020 mindenki \u00e9let\u00e9ben egy k\u00fcl\u00f6nleges \u00e9v marad \u00f6r\u00f6kre, nekem k\u00fcl\u00f6n\u00f6sk\u00e9ppen. Ennek az \u00e9vnek minden neh\u00e9zs\u00e9ge ellen\u00e9re m\u00e1r most k\u00f6sz\u00f6nettel tartozom. Az egyik legnagyobb \u00e9s leg\u00e9rt\u00e9kesebb aj\u00e1nd\u00e9kot kaptam 2020-t\u00f3l, ez pedig az Id\u0151! Id\u0151t kaptam hitemben val\u00f3 elm\u00e9ly\u00fcl\u00e9sre! Id\u0151t kaptam \u00f6nmagam megismer\u00e9s\u00e9re! Id\u0151t kaptam m\u00e9ly, lelki fejl\u0151d\u00e9semhez! Id\u0151t kaptam a befel\u00e9 fordul\u00e1sra! Id\u0151t kaptam, hogy a p\u00e1rommal egy m\u00e9g m\u00e9lyebb, bens\u0151s\u00e9gesebb, \u0151szint\u00e9bb kapcsolatot teremtsek! Mindezt k\u00f6sz\u00f6n\u00f6m, de m\u00e9gis a legnagyobb aj\u00e1nd\u00e9k a sz\u00e1momra, a lelki \u00fajj\u00e1sz\u00fclet\u00e9semnek \u00fatja, k\u00fcl\u00f6n\u00f6s t\u00f6rt\u00e9nete. A janu\u00e1rban t\u00f6rt\u00e9nt s\u00falyos aut\u00f3balesetem k\u00f6vetkezt\u00e9ben a lelki munk\u00e1m m\u00e1r akkor elkezd\u0151d\u00f6tt, a Koronav\u00edrus betoppan\u00e1s\u00e1val pedig csak m\u00e9ly\u00fclt. Mindkett\u0151 hat\u00e1s\u00e1ra egy m\u00e9ly lelki v\u00e1ltoz\u00e1son mentem kereszt\u00fcl, mely a mai napig tart. Az aut\u00f3balesetem k\u00f6vetkezt\u00e9ben a m\u00e1r bennem l\u00e9v\u0151 hit Isten fel\u00e9 csak m\u00e9g jobban feler\u0151s\u00f6d\u00f6tt. Hiszem, hogy Istennek k\u00f6sz\u00f6nhetem, hogy testileg mondhatni \u00e9ps\u00e9gben t\u00fal\u00e9ltem a balesetet. Az \u0150 seg\u00edts\u00e9gemre siet\u00e9se ok\u00e1n ker\u00fcltem biztons\u00e1gosabbnak mondhat\u00f3 helyzetbe a baleset sor\u00e1n, hiszen m\u00edg a p\u00f6rd\u00fcl\u00e9sek v\u00e9g\u00e9n az aut\u00f3m fejjel lefel\u00e9 \u00e1llt meg, addig m\u00e9gis p\u00e1r m\u00e1sodperc ut\u00e1n az aut\u00f3m visszalend\u00fclt mind a 4 kerek\u00e9re. \u00c9reztem akkor Isten jelenl\u00e9t\u00e9t k\u00fcls\u0151 megval\u00f3sul\u00e1s\u00e1ban is. Mert eddig is tudtam, Isten bennem, velem van, de ez volt a v\u00e9gs\u0151 bizony\u00edt\u00e9k arra, hogy \u0151 engem szeret annak ellen\u00e9re, hogy nem vagyok megkeresztelve. Ez sz\u00e1momra egy m\u00e9ly megnyugv\u00e1st, de egyben egy igazi lelki munk\u00e1t is hozott a lelkembe. A lelki munk\u00e1m r\u00e9sze a megkeresztelked\u00e9s ir\u00e1nti v\u00e1gyam feler\u0151s\u00f6d\u00e9se. Ennek k\u00f6vetkezt\u00e9ben 2 nappal a balesetem ut\u00e1n... R\u00e9szletek"}