{"version":"1.0","provider_name":"Stuttgarti Katolikusok","provider_url":"https:\/\/stuttgarti-katolikusok.de","title":"T\u00f3th M\u00e1rti: K\u00e9zen fogott - Stuttgarti Katolikusok","type":"rich","width":600,"height":338,"html":"<blockquote class=\"wp-embedded-content\" data-secret=\"fESx8zr4F7\"><a href=\"https:\/\/stuttgarti-katolikusok.de\/index.php\/toth-marti-kezen-fogott\/\">T\u00f3th M\u00e1rti: K\u00e9zen fogott<\/a><\/blockquote><iframe sandbox=\"allow-scripts\" security=\"restricted\" src=\"https:\/\/stuttgarti-katolikusok.de\/index.php\/toth-marti-kezen-fogott\/embed\/#?secret=fESx8zr4F7\" width=\"600\" height=\"338\" title=\"&#8220;T\u00f3th M\u00e1rti: K\u00e9zen fogott&#8221; &#8212; Stuttgarti Katolikusok\" data-secret=\"fESx8zr4F7\" frameborder=\"0\" marginwidth=\"0\" marginheight=\"0\" scrolling=\"no\" class=\"wp-embedded-content\"><\/iframe><script type=\"text\/javascript\">\n\/* <![CDATA[ *\/\n\/*! This file is auto-generated *\/\n!function(d,l){\"use strict\";l.querySelector&&d.addEventListener&&\"undefined\"!=typeof URL&&(d.wp=d.wp||{},d.wp.receiveEmbedMessage||(d.wp.receiveEmbedMessage=function(e){var t=e.data;if((t||t.secret||t.message||t.value)&&!\/[^a-zA-Z0-9]\/.test(t.secret)){for(var s,r,n,a=l.querySelectorAll('iframe[data-secret=\"'+t.secret+'\"]'),o=l.querySelectorAll('blockquote[data-secret=\"'+t.secret+'\"]'),c=new RegExp(\"^https?:$\",\"i\"),i=0;i<o.length;i++)o[i].style.display=\"none\";for(i=0;i<a.length;i++)s=a[i],e.source===s.contentWindow&&(s.removeAttribute(\"style\"),\"height\"===t.message?(1e3<(r=parseInt(t.value,10))?r=1e3:~~r<200&&(r=200),s.height=r):\"link\"===t.message&&(r=new URL(s.getAttribute(\"src\")),n=new URL(t.value),c.test(n.protocol))&&n.host===r.host&&l.activeElement===s&&(d.top.location.href=t.value))}},d.addEventListener(\"message\",d.wp.receiveEmbedMessage,!1),l.addEventListener(\"DOMContentLoaded\",function(){for(var e,t,s=l.querySelectorAll(\"iframe.wp-embedded-content\"),r=0;r<s.length;r++)(t=(e=s[r]).getAttribute(\"data-secret\"))||(t=Math.random().toString(36).substring(2,12),e.src+=\"#?secret=\"+t,e.setAttribute(\"data-secret\",t)),e.contentWindow.postMessage({message:\"ready\",secret:t},\"*\")},!1)))}(window,document);\n\/\/# sourceURL=https:\/\/stuttgarti-katolikusok.de\/wp-includes\/js\/wp-embed.min.js\n\/* ]]> *\/\n<\/script>\n","thumbnail_url":"https:\/\/stuttgarti-katolikusok.de\/wp-content\/uploads\/2020\/05\/marti-1.jpg","thumbnail_width":522,"thumbnail_height":361,"description":"+! Sorozatunk \u00fajabb \u201egy\u00f6ngyszem\u00e9t\u201d olvashatja a kedves Olvas\u00f3! Bel\u0151le kider\u00fcl, hogy amikor azt hitt\u00fck, hogy a bez\u00e1rt templomaink, szokatlanul ler\u00f6vid\u00edtett h\u00fasv\u00e9ti szertart\u00e1saink miatt szomor\u00fa \u00e9s sz\u00e1raz lesz a Szent H\u00e1romnap, \u0150 akkor is felt\u00e1madt \u00e9s k\u00e9zen fogva vezetett\u00a0 benn\u00fcnket, mint valamikor emmauszi tan\u00edtv\u00e1nyait. \u00c9s kell-e enn\u00e9l fontosabb? J\u00f3 olvas\u00e1st! Lelkip\u00e1sztori szeretettel, Imre atya \u00a0 K\u00e9zen fogott A nagyb\u0151jt kezdet\u00e9n m\u00e9g sz\u00e1molgattuk a kicsikkel, hogy h\u00e1nyat kell m\u00e9g aludni, m\u00edg indulhatunk haza. Haza Magyarorsz\u00e1gra, ahol szeret\u0151 nagy csal\u00e1d v\u00e1r benn\u00fcnket. Mi ugyanis minden nagy \u00fcnnepet egy\u00fctt \u00fcl\u00fcnk meg. Hamarosan k\u00f6rvonalaz\u00f3dni kezdett azonban, hogy rendhagy\u00f3 \u00fcnnep el\u00e9 n\u00e9z\u00fcnk. Rendhagy\u00f3s\u00e1ga lelkis\u00e9g\u00e9ben k\u00fcl\u00f6nb\u00f6ztette meg az eddigi H\u00fasv\u00e9tokt\u00f3l. Van \u00fagy, hogy valami nagyon m\u00e9lyen leh\u00faz, tal\u00e1n meg sem tudjuk nevezni, hogy mi, de ott van \u00e9s nyomaszt, \u00e9s f\u00e1j, mikor az \u00e9rz\u00e9st J\u00f3zsef Attila sorai fejezik ki legink\u00e1bb: &#8222;A semmi \u00e1g\u00e1n \u00fcl szivem, kis teste hangtalan vacog&#8221;&#8230; Megfogadtam, hogy a megold\u00e1st ez\u00fattal kiz\u00e1r\u00f3lag Istenre b\u00edzom. Azt hiszem, mondanom sem kell, hogy a legt\u00f6k\u00e9letesebb gondolat volt. Megsz\u00f3l\u00edtani azt, aki testet \u00e9s lelket adott nekem, aki sz\u00fclet\u00e9semt\u0151l fogva b\u00edzik bennem. Tombolhat h\u00e1t a tenger, s\u00fcv\u00edthet a sz\u00e9l, \u0150 felemel a vihar f\u00f6l\u00e9. Nem egy csap\u00e1sra ugyan, de m\u00e1r\u00f3l holnapra, h\u00e9tr\u0151l h\u00e9tre vezetett. Nem a vil\u00e1got barangoltuk be, hanem befele haladtunk, be a sz\u00edvem k\u00f6zep\u00e9be, ahol n\u00e9m\u00e1n kucorgott \u00e9s v\u00e1rta, hogy kinyissam az ajt\u00f3t. \u0150 pedig kil\u00e9phetett. Adott id\u0151t, lehet\u0151s\u00e9geket, lelki vezet\u0151ket, bar\u00e1tokat mell\u00e9m. \u00c1t\u00e9ltem a keresztutak f\u00e1j\u00f3 sz\u00e9ps\u00e9g\u00e9t, a lelki gyakorlatok, a gy\u00f3n\u00e1s erej\u00e9t, a tekintetek meghitts\u00e9g\u00e9t, az \u00f6lel\u00e9sek gy\u00f3gy\u00edt\u00f3 k\u00e9pess\u00e9g\u00e9t. Vir\u00e1gvas\u00e1rnap a nappali asztalunk olt\u00e1rr\u00e1 m\u00f3dosult. Imre atya \u00fatmutat\u00e1sait k\u00f6vetve \u00e9lt\u00fck meg a szent napokat. Szentmise k\u00f6zvet\u00edt\u00e9seket n\u00e9zt\u00fcnk, vagy magunk v\u00e9gezt\u00fck el a csal\u00e1di liturgi\u00e1t. Az utols\u00f3 vacsora est\u00e9j\u00e9re lapos kenyeret s\u00fct\u00f6tt\u00fcnk, kehelybe bort \u00f6nt\u00f6tt\u00fcnk. L\u00e9lekemel\u0151 volt, mikor a csal\u00e1df\u0151 megt\u00f6rte a kenyeret \u00e9s a darabokat a csal\u00e1dtagoknak a k\u00f6vetkez\u0151\u00a0 szavakkal ny\u00fajtotta \u00e1t: &#8222;Szeretet az Isten,... R\u00e9szletek"}