{"version":"1.0","provider_name":"Stuttgarti Katolikusok","provider_url":"https:\/\/stuttgarti-katolikusok.de","title":"Ludwigsburgi templomb\u00facs\u00fa - Stuttgarti Katolikusok","type":"rich","width":600,"height":338,"html":"<blockquote class=\"wp-embedded-content\" data-secret=\"gFtcuJdIWm\"><a href=\"https:\/\/stuttgarti-katolikusok.de\/index.php\/templombucsu-ludwigsburgban-2\/\">Ludwigsburgi templomb\u00facs\u00fa<\/a><\/blockquote><iframe sandbox=\"allow-scripts\" security=\"restricted\" src=\"https:\/\/stuttgarti-katolikusok.de\/index.php\/templombucsu-ludwigsburgban-2\/embed\/#?secret=gFtcuJdIWm\" width=\"600\" height=\"338\" title=\"&#8220;Ludwigsburgi templomb\u00facs\u00fa&#8221; &#8212; Stuttgarti Katolikusok\" data-secret=\"gFtcuJdIWm\" frameborder=\"0\" marginwidth=\"0\" marginheight=\"0\" scrolling=\"no\" class=\"wp-embedded-content\"><\/iframe><script type=\"text\/javascript\">\n\/* <![CDATA[ *\/\n\/*! This file is auto-generated *\/\n!function(d,l){\"use strict\";l.querySelector&&d.addEventListener&&\"undefined\"!=typeof URL&&(d.wp=d.wp||{},d.wp.receiveEmbedMessage||(d.wp.receiveEmbedMessage=function(e){var t=e.data;if((t||t.secret||t.message||t.value)&&!\/[^a-zA-Z0-9]\/.test(t.secret)){for(var s,r,n,a=l.querySelectorAll('iframe[data-secret=\"'+t.secret+'\"]'),o=l.querySelectorAll('blockquote[data-secret=\"'+t.secret+'\"]'),c=new RegExp(\"^https?:$\",\"i\"),i=0;i<o.length;i++)o[i].style.display=\"none\";for(i=0;i<a.length;i++)s=a[i],e.source===s.contentWindow&&(s.removeAttribute(\"style\"),\"height\"===t.message?(1e3<(r=parseInt(t.value,10))?r=1e3:~~r<200&&(r=200),s.height=r):\"link\"===t.message&&(r=new URL(s.getAttribute(\"src\")),n=new URL(t.value),c.test(n.protocol))&&n.host===r.host&&l.activeElement===s&&(d.top.location.href=t.value))}},d.addEventListener(\"message\",d.wp.receiveEmbedMessage,!1),l.addEventListener(\"DOMContentLoaded\",function(){for(var e,t,s=l.querySelectorAll(\"iframe.wp-embedded-content\"),r=0;r<s.length;r++)(t=(e=s[r]).getAttribute(\"data-secret\"))||(t=Math.random().toString(36).substring(2,12),e.src+=\"#?secret=\"+t,e.setAttribute(\"data-secret\",t)),e.contentWindow.postMessage({message:\"ready\",secret:t},\"*\")},!1)))}(window,document);\n\/\/# sourceURL=https:\/\/stuttgarti-katolikusok.de\/wp-includes\/js\/wp-embed.min.js\n\/* ]]> *\/\n<\/script>\n","thumbnail_url":"https:\/\/stuttgarti-katolikusok.de\/wp-content\/uploads\/2016\/06\/27163627453_c67d57909d_c.jpg","thumbnail_width":800,"thumbnail_height":533,"description":"Az al\u00e1bbiakban Fischer J\u00f3zsef \u00e9s Zsuzsanna \u00edr\u00e1sait olvashatj\u00e1tok: Templomb\u00facs\u00fa Ludwigsburgban \u00a02016. j\u00fanius 17-\u00e9n, p\u00e9nteken, k\u00e9t nappal a Szent L\u00e1szl\u00f3 kir\u00e1ly tisztelet\u00e9re tartott\u00a0 b\u00facs\u00fank el\u0151tt vagyunk Ludwigsburgban. Az id\u0151j\u00e1r\u00e1s rossz, v\u00e1ltoz\u00e9kony \u00e9s az el\u0151rejelz\u00e9s vas\u00e1rnapra sem biztat semmi j\u00f3val. Ha esni fog, beszorulunk a kis k\u00f6z\u00f6ss\u00e9gi terembe, ami nem igaz\u00e1n lenne j\u00f3. Ugyanis sok vend\u00e9gre sz\u00e1m\u00edtunk, sok kedves hitt\u00e1rsunkra \u00e9s bar\u00e1tunkra. 2016. j\u00fanius 19-e, \u00a0vas\u00e1rnap. Reggel 8 \u00f3rakor m\u00e9g mindig bizonytalan volt az id\u0151. Geiger Erika azonban megingathatatlan biztons\u00e1ggal \u00e1ll\u00edtotta, hogy: &#8222;megl\u00e1tj\u00e1tok, a j\u00f3 Isten megseg\u00edt benn\u00fcnket! Nem fog esni!&#8221; Igaza lett. M\u00e9g a nap is kis\u00fct\u00f6tt. A szentmise ut\u00e1n azt\u00e1n, a szabad \u00e9g alatt, megter\u00edtett asztalok mellett vid\u00e1m, felszabadult besz\u00e9lget\u00e9ssel t\u00f6lt\u00f6tt\u00fcnk el\u00a0 egy nagyon sz\u00e9p d\u00e9lel\u0151tt\u00f6t. Elmondhatatlanul sokat ad \u00e9s tesz boldogg\u00e1 egy ilyen bar\u00e1ti egy\u00fcttl\u00e9t. \u00daj er\u0151re kapsz! Term\u00e9szetesen a testi javakr\u00f3l sem feledkezhett\u00fcnk meg. (A minap hallottam a j\u00e1tsz\u00f3t\u00e9ren, amint a gyerekek j\u00e1t\u00e9k k\u00f6zben (\u0151k akkor egy csal\u00e1d voltak) besz\u00e9lgettek. Az egyik kisfi\u00fa megk\u00e9rdezte a t\u00e1rs\u00e1t, aki akkor az anyuk\u00e1ja volt: anya, mit f\u0151z\u00f6l ma eb\u00e9dre? Az &#8222;anyuka&#8221; v\u00e1lasza a k\u00f6vetkez\u0151 volt: szal\u00e1mit \u00e9s kolb\u00e1szt.) Na, mi tradicion\u00e1lisan zs\u00edros kenyeret f\u0151zt\u00fcnk. Nagy \u00f6r\u00f6m\u00fcnkre szinte az utols\u00f3 darabig el is elfogyott. (Ezzel is bizony\u00edtv\u00e1n f\u0151z\u00e9si m\u0171v\u00e9szet\u00fcnk magas fok\u00e1t.) Nagy sikere volt a k\u00fcl\u00f6nb\u00f6z\u0151 finoms\u00e1goknak is, amit magatokkal hoztatok \u00e9s amit nagyon k\u00f6sz\u00f6n\u00fcnk. K\u00f6sz\u00f6net azoknak, akik megtiszteltek benn\u00fcnket \u00e9s elj\u00f6ttek hozz\u00e1nk. Akik nem voltak ott, azoknak \u00fczenem, hogy j\u00f6v\u0151re is meg\u00fcnnepelj\u00fck Szent L\u00e1szl\u00f3 kir\u00e1lyt!\u00a0Szeretettel v\u00e1rjuk \u0151ket is! A k\u00f6vetkez\u0151 \u00f6r\u00f6mteli tal\u00e1lkoz\u00e1sig!\u00a0Isten veletek! Fischer Zsuzsanna &nbsp; Egy \u00fcnnep, azaz eml\u00e9kez\u00e9s, megeml\u00e9kez\u00e9s. Az egyik legszebb\u00a0 aj\u00e1nd\u00e9k, amit kapunk Istent\u0151l \u00e9s felebar\u00e1tainkt\u00f3l az a szeretet. Ez a leny\u0171g\u00f6z\u0151 \u00e9rz\u00e9s \u00e1rasztja el a ludwigsburgi testv\u00e9reket, ha szentmis\u00e9t \u00fcnnepelnek a kis templomukban. Minden \u00fcnnep egy eml\u00e9kez\u00e9s, megeml\u00e9kez\u00e9s. Azonban van egy nap, ami a ludwigsburgi egyh\u00e1zk\u00f6zs\u00e9gnek k\u00fcl\u00f6n\u00f6sen sz\u00e9p \u00fcnnepnap \u00e9s fontos. Ez a nap\u00a0 j\u00fanius 27-... R\u00e9szletek"}