{"version":"1.0","provider_name":"Stuttgarti Katolikusok","provider_url":"https:\/\/stuttgarti-katolikusok.de","title":"Teli kezekkel... - Stuttgarti Katolikusok","type":"rich","width":600,"height":338,"html":"<blockquote class=\"wp-embedded-content\" data-secret=\"BcsuUq7y1q\"><a href=\"https:\/\/stuttgarti-katolikusok.de\/index.php\/teli-kezekkel\/\">Teli kezekkel&#8230;<\/a><\/blockquote><iframe sandbox=\"allow-scripts\" security=\"restricted\" src=\"https:\/\/stuttgarti-katolikusok.de\/index.php\/teli-kezekkel\/embed\/#?secret=BcsuUq7y1q\" width=\"600\" height=\"338\" title=\"&#8220;Teli kezekkel&#8230;&#8221; &#8212; Stuttgarti Katolikusok\" data-secret=\"BcsuUq7y1q\" frameborder=\"0\" marginwidth=\"0\" marginheight=\"0\" scrolling=\"no\" class=\"wp-embedded-content\"><\/iframe><script type=\"text\/javascript\">\n\/* <![CDATA[ *\/\n\/*! This file is auto-generated *\/\n!function(d,l){\"use strict\";l.querySelector&&d.addEventListener&&\"undefined\"!=typeof URL&&(d.wp=d.wp||{},d.wp.receiveEmbedMessage||(d.wp.receiveEmbedMessage=function(e){var t=e.data;if((t||t.secret||t.message||t.value)&&!\/[^a-zA-Z0-9]\/.test(t.secret)){for(var s,r,n,a=l.querySelectorAll('iframe[data-secret=\"'+t.secret+'\"]'),o=l.querySelectorAll('blockquote[data-secret=\"'+t.secret+'\"]'),c=new RegExp(\"^https?:$\",\"i\"),i=0;i<o.length;i++)o[i].style.display=\"none\";for(i=0;i<a.length;i++)s=a[i],e.source===s.contentWindow&&(s.removeAttribute(\"style\"),\"height\"===t.message?(1e3<(r=parseInt(t.value,10))?r=1e3:~~r<200&&(r=200),s.height=r):\"link\"===t.message&&(r=new URL(s.getAttribute(\"src\")),n=new URL(t.value),c.test(n.protocol))&&n.host===r.host&&l.activeElement===s&&(d.top.location.href=t.value))}},d.addEventListener(\"message\",d.wp.receiveEmbedMessage,!1),l.addEventListener(\"DOMContentLoaded\",function(){for(var e,t,s=l.querySelectorAll(\"iframe.wp-embedded-content\"),r=0;r<s.length;r++)(t=(e=s[r]).getAttribute(\"data-secret\"))||(t=Math.random().toString(36).substring(2,12),e.src+=\"#?secret=\"+t,e.setAttribute(\"data-secret\",t)),e.contentWindow.postMessage({message:\"ready\",secret:t},\"*\")},!1)))}(window,document);\n\/\/# sourceURL=https:\/\/stuttgarti-katolikusok.de\/wp-includes\/js\/wp-embed.min.js\n\/* ]]> *\/\n<\/script>\n","description":"Teli kezekkel\u2026 &nbsp; Amikor gyermek volt\u00e1l \u00e9s azt k\u00e9rdezt\u00e9k t\u0151led: \u201eHova m\u00e9sz?\u201d, \u00e1ltal\u00e1ban azt mondtad, hogy: \u201eHaza\u201d. Amikor feln\u0151tt fiatal volt\u00e1l \u00e9s azt k\u00e9rdezt\u00e9k t\u0151led: \u201eHova m\u00e9sz?\u201d, a k\u00e9rd\u00e9st m\u00e1r m\u00e9lyebb val\u00f3s\u00e1gokra \u00e9rtetted, ez\u00e9rt m\u00e1r nem tudt\u00e1l r\u00e1 olyan egy\u00e9rtelm\u0171en v\u00e1laszolni. Abban a korban volt\u00e1l, amikor \u00e9pp felfedezted a nagyvil\u00e1got. Bar\u00e1tokat kerest\u00e9l, \u00faj embereket ismert\u00e9l meg, egy hivat\u00e1s vagy foglalkoz\u00e1s ut\u00e1n j\u00e1rt\u00e1l, \u00e9s az els\u0151 szerelemmel tal\u00e1lkozt\u00e1l. Amikor id\u0151s leszel \u00e9s majd azt k\u00e9rdezik t\u0151led: \u201eHova m\u00e9sz?\u201d, ism\u00e9t azt fogod majd v\u00e1laszolni: \u201eHaza\u201d, de ez\u00fattal nem a f\u00f6ldi, hanem az \u00e9gi haz\u00e1ra gondolsz majd, amely Istenn\u00e9l van. Ahova az el\u0151tted j\u00e1r\u00f3k m\u00e1r meg\u00e9rkeztek. A gyermekkori \u201ehaza\u201d \u00e9s az \u00f6regkori \u201ehaza\u201d k\u00f6z\u00f6tt egy v\u00e1ltakoz\u00f3, \u00e9lm\u00e9nyd\u00fas, n\u00e9ha \u00f6r\u00f6mteli, m\u00e1skor f\u00e1jdalmas vil\u00e1g fesz\u00fcl, amely tele van keres\u00e9ssel \u00e9s megtal\u00e1l\u00e1ssal, szenved\u00e9ssel \u00e9s \u00f6r\u00f6mmel, s\u00f6t\u00e9ts\u00e9ggel \u00e9s vil\u00e1goss\u00e1ggal. &nbsp; Tudnod kell, hogy c\u00e9lba \u00e9rni szeg\u00e9nyen \u00e9s gazdagon is lehet. Szeg\u00e9nyen \u00e9rsz majd c\u00e9lba, ha mindent meg akart\u00e1l nyerni, csak \u00e9pp a lelkeddel nem foglalkozt\u00e1l eleget. Szeg\u00e9nyen \u00e9rsz majd c\u00e9lba, ha mindig a k\u00e9nyelmet kerested, nehogy a megszokottat \u00e9s a megnyertet elvesz\u00edtsd. Szeg\u00e9nyen \u00e9rsz majd c\u00e9lba, ha mindig csak magaddal t\u00f6r\u0151dt\u00e9l, \u00e9s m\u00e1snak nem vagy alig ny\u00fajtott\u00e1l \u00f6r\u00f6met. Szeg\u00e9nyen \u00e9rsz majd c\u00e9lba, ha kezeid tiszt\u00e1k lesznek ugyan, de \u00fcresek! Gazdagon \u00e9rsz majd c\u00e9lba, ha volt b\u00e1tors\u00e1god szembesz\u00e1llni az \u00e9let neh\u00e9zs\u00e9geivel \u00e9s nem adtad fel soha. Gazdagon \u00e9rsz majd c\u00e9lba, ha talentumaidat haszn\u00e1ltad \u00e9s m\u00e1soknak is juttatt\u00e1l bel\u0151l\u00fck. Gazdagon \u00e9rsz majd c\u00e9lba, ha a szeretet magvait gazdagon sz\u00f3rtad k\u00f6r\u00fcl\u00f6tted, m\u00e9g akkor is, ha sok szem az \u00fatsz\u00e9lre esett. \u00c9leted term\u00e9se mindezek ellen\u00e9re b\u0151s\u00e9ges lesz. Gazdagon \u00e9rsz majd c\u00e9lba, ha kezeid \u2013 b\u00e1r n\u00e9ha nem voltak a legtiszt\u00e1bbak, de \u2013 tele lesznek! F\u00e1radtan ugyan, de boldogan fogsz majd \u201ehaza\u201d \u00e9rkezni. Ma ezt k\u00edv\u00e1nom magamnak \u2013 \u00e9s neked is! Imre atya Stuttgart, 2018-11-01."}