{"version":"1.0","provider_name":"Stuttgarti Katolikusok","provider_url":"https:\/\/stuttgarti-katolikusok.de","title":"Tak\u00e1cs Gabriella: Stuttgarti Magyar Csal\u00e1di Nap - 2019 - Stuttgarti Katolikusok","type":"rich","width":600,"height":338,"html":"<blockquote class=\"wp-embedded-content\" data-secret=\"ktywypvXXC\"><a href=\"https:\/\/stuttgarti-katolikusok.de\/index.php\/takacs-gabriella-stuttgarti-magyar-csaladi-nap-2019\/\">Tak\u00e1cs Gabriella: Stuttgarti Magyar Csal\u00e1di Nap &#8211; 2019<\/a><\/blockquote><iframe sandbox=\"allow-scripts\" security=\"restricted\" src=\"https:\/\/stuttgarti-katolikusok.de\/index.php\/takacs-gabriella-stuttgarti-magyar-csaladi-nap-2019\/embed\/#?secret=ktywypvXXC\" width=\"600\" height=\"338\" title=\"&#8220;Tak\u00e1cs Gabriella: Stuttgarti Magyar Csal\u00e1di Nap &#8211; 2019&#8221; &#8212; Stuttgarti Katolikusok\" data-secret=\"ktywypvXXC\" frameborder=\"0\" marginwidth=\"0\" marginheight=\"0\" scrolling=\"no\" class=\"wp-embedded-content\"><\/iframe><script type=\"text\/javascript\">\n\/* <![CDATA[ *\/\n\/*! This file is auto-generated *\/\n!function(d,l){\"use strict\";l.querySelector&&d.addEventListener&&\"undefined\"!=typeof URL&&(d.wp=d.wp||{},d.wp.receiveEmbedMessage||(d.wp.receiveEmbedMessage=function(e){var t=e.data;if((t||t.secret||t.message||t.value)&&!\/[^a-zA-Z0-9]\/.test(t.secret)){for(var s,r,n,a=l.querySelectorAll('iframe[data-secret=\"'+t.secret+'\"]'),o=l.querySelectorAll('blockquote[data-secret=\"'+t.secret+'\"]'),c=new RegExp(\"^https?:$\",\"i\"),i=0;i<o.length;i++)o[i].style.display=\"none\";for(i=0;i<a.length;i++)s=a[i],e.source===s.contentWindow&&(s.removeAttribute(\"style\"),\"height\"===t.message?(1e3<(r=parseInt(t.value,10))?r=1e3:~~r<200&&(r=200),s.height=r):\"link\"===t.message&&(r=new URL(s.getAttribute(\"src\")),n=new URL(t.value),c.test(n.protocol))&&n.host===r.host&&l.activeElement===s&&(d.top.location.href=t.value))}},d.addEventListener(\"message\",d.wp.receiveEmbedMessage,!1),l.addEventListener(\"DOMContentLoaded\",function(){for(var e,t,s=l.querySelectorAll(\"iframe.wp-embedded-content\"),r=0;r<s.length;r++)(t=(e=s[r]).getAttribute(\"data-secret\"))||(t=Math.random().toString(36).substring(2,12),e.src+=\"#?secret=\"+t,e.setAttribute(\"data-secret\",t)),e.contentWindow.postMessage({message:\"ready\",secret:t},\"*\")},!1)))}(window,document);\n\/\/# sourceURL=https:\/\/stuttgarti-katolikusok.de\/wp-includes\/js\/wp-embed.min.js\n\/* ]]> *\/\n<\/script>\n","thumbnail_url":"https:\/\/stuttgarti-katolikusok.de\/wp-content\/uploads\/2019\/07\/csaladinap2-1.jpg","thumbnail_width":640,"thumbnail_height":426,"description":"Tak\u00e1cs Gabriella: Stuttgarti Magyar Csal\u00e1di Nap \u2013 2019 \u00a0 2019. j\u00falius 7-\u00e9n ker\u00fclt megrendez\u00e9sre az idei Stuttgarti Magyar Csal\u00e1di Nap a Stuttgarthoz k\u00f6zel fekv\u0151 B\u00e4rensee-n\u00e9l. Id\u00e9n \u00fagy hozta a sors, hogy \u00e9n is r\u00e9szt vehettem a rendezv\u00e9nyen, \u00edgy szombat este \u00f6r\u00f6mteli izgalomban csomagoltam a piknik-kosaramat. De micsoda csal\u00f3d\u00e1s \u2013 vas\u00e1rnap reggel nemcsak hogy zuhogott az es\u0151, de a balkont jeges pityk\u00f6vek d\u00edsz\u00edtett\u00e9k. K\u00e9ts\u00e9gbeesetten h\u00edvom Imre aty\u00e1t \u2013 Ilyenkor mi van? N\u00e1lunk zuhog az es\u0151\u2026 Mire Imre atya (a sz\u00e1m\u00e1ra oly tipikus nyugalommal) \u2013 Nem baj, mi megy\u00fcnk. Hm\u2026 m\u00e9ly l\u00e9legzetet vettem, \u00e9s lassan elindultam. Mint k\u00e9s\u0151bb kider\u00fclt, \u00e9n voltam az egyetlen b\u00e1tor-b\u00e1tortalan, aki felh\u00edvta Imre aty\u00e1t \u2013 ugye mert mindenki tudja, hogy ha valami meg van hirdetve, az megrendez\u00e9sre ker\u00fcl! Ha valaki most hall el\u0151sz\u00f6r err\u0151l a rendezv\u00e9nyr\u0151l, akkor ez itt a rekl\u00e1m helye: a B\u00e4rensee melletti Stuttgarti Magyar Csal\u00e1di Nap minden \u00e9vben a ny\u00e1r elej\u00e9n ker\u00fcl megrendez\u00e9sre. A c\u00e9lja az, hogy itt a diaszp\u00f3r\u00e1ban el\u0151 magyarok megismerj\u00fck egym\u00e1st, \u00e9s k\u00f6zelebb ker\u00fclj\u00fcnk egym\u00e1shoz. A k\u00f6z\u00f6ss\u00e9g megtart\u00f3 \u00e9s gy\u00f3gy\u00edt\u00f3 erej\u00e9t itt a k\u00fclhonban is sokan megtapasztal(hat)j\u00e1k. Ide minden magyart, legyen az reform\u00e1tus, katolikus, evang\u00e9likus vagy nem h\u00edv\u0151, szeretettel v\u00e1r \u00e9s h\u00edv a rendez\u0151s\u00e9g. Sz\u00f3val a B\u00e4rensee melletti r\u00e9ten lassacsk\u00e1n gy\u00fclekezett a t\u00e1rsas\u00e1g. A t\u00f6bbs\u00e9g gyalog tette meg az utat a parkol\u00f3t\u00f3l a \u201er\u00e9t\u00fcnkig\u201d, de volt aki hagyom\u00e1nyosan biciklin j\u00f6tt, ill. a cs\u00f6pps\u00e9gek a gyermek-sportkocsik meleg\u00e9b\u0151l szeml\u00e9lt\u00e9k az \u00e9bredez\u0151 erd\u0151t. A szentmise el\u0151tt k\u00e9t fontos teend\u0151 ad\u00f3dott. Az egyik a t\u0171zifa beszerz\u00e9se a t\u00e1bort\u0171zre, a m\u00e1sik pedig az asztalok \u00e9s padok igazgat\u00e1sa a szentmis\u00e9re. B\u00e1r az \u00f6sszej\u00f6vetel \u00f6kumenikus, a nap t\u00e1bori szentmis\u00e9vel indul. (megj.: nem kell megijedni, itt senkit sem t\u00e9r\u00edtenek \u2013 pld. az egyik kutyus a gazdij\u00e1val tisztes t\u00e1vols\u00e1gb\u00f3l figyelte a t\u00f6rt\u00e9n\u00e9st) Ami a szentmis\u00e9t illeti, az olt\u00e1rr\u00f3l maga Imre atya gondoskodott. Itt az olt\u00e1r k\u00f6r\u00fcl kaptak helyet a gyermekek, akik... R\u00e9szletek"}