{"version":"1.0","provider_name":"Stuttgarti Katolikusok","provider_url":"https:\/\/stuttgarti-katolikusok.de","title":"Schultheis \u00c9va: Sz\u00edv - Stuttgarti Katolikusok","type":"rich","width":600,"height":338,"html":"<blockquote class=\"wp-embedded-content\" data-secret=\"ulEcUDDPRD\"><a href=\"https:\/\/stuttgarti-katolikusok.de\/index.php\/sziv\/\">Schultheis \u00c9va: Sz\u00edv<\/a><\/blockquote><iframe sandbox=\"allow-scripts\" security=\"restricted\" src=\"https:\/\/stuttgarti-katolikusok.de\/index.php\/sziv\/embed\/#?secret=ulEcUDDPRD\" width=\"600\" height=\"338\" title=\"&#8220;Schultheis \u00c9va: Sz\u00edv&#8221; &#8212; Stuttgarti Katolikusok\" data-secret=\"ulEcUDDPRD\" frameborder=\"0\" marginwidth=\"0\" marginheight=\"0\" scrolling=\"no\" class=\"wp-embedded-content\"><\/iframe><script type=\"text\/javascript\">\n\/* <![CDATA[ *\/\n\/*! This file is auto-generated *\/\n!function(d,l){\"use strict\";l.querySelector&&d.addEventListener&&\"undefined\"!=typeof URL&&(d.wp=d.wp||{},d.wp.receiveEmbedMessage||(d.wp.receiveEmbedMessage=function(e){var t=e.data;if((t||t.secret||t.message||t.value)&&!\/[^a-zA-Z0-9]\/.test(t.secret)){for(var s,r,n,a=l.querySelectorAll('iframe[data-secret=\"'+t.secret+'\"]'),o=l.querySelectorAll('blockquote[data-secret=\"'+t.secret+'\"]'),c=new RegExp(\"^https?:$\",\"i\"),i=0;i<o.length;i++)o[i].style.display=\"none\";for(i=0;i<a.length;i++)s=a[i],e.source===s.contentWindow&&(s.removeAttribute(\"style\"),\"height\"===t.message?(1e3<(r=parseInt(t.value,10))?r=1e3:~~r<200&&(r=200),s.height=r):\"link\"===t.message&&(r=new URL(s.getAttribute(\"src\")),n=new URL(t.value),c.test(n.protocol))&&n.host===r.host&&l.activeElement===s&&(d.top.location.href=t.value))}},d.addEventListener(\"message\",d.wp.receiveEmbedMessage,!1),l.addEventListener(\"DOMContentLoaded\",function(){for(var e,t,s=l.querySelectorAll(\"iframe.wp-embedded-content\"),r=0;r<s.length;r++)(t=(e=s[r]).getAttribute(\"data-secret\"))||(t=Math.random().toString(36).substring(2,12),e.src+=\"#?secret=\"+t,e.setAttribute(\"data-secret\",t)),e.contentWindow.postMessage({message:\"ready\",secret:t},\"*\")},!1)))}(window,document);\n\/\/# sourceURL=https:\/\/stuttgarti-katolikusok.de\/wp-includes\/js\/wp-embed.min.js\n\/* ]]> *\/\n<\/script>\n","description":"Sz\u00edv -Emelj\u00fck f\u00f6l sz\u00edv\u00fcnket! -F\u00f6lemelt\u00fck az \u00darhoz! Az egyetemes liturgia e sokat ism\u00e9telt, n\u00e9ha m\u00e1r \u00e1t sem gondolt, pap \u00e9s h\u00edvek \u00e1ltal t\u00f6rt\u00e9n\u0151 dial\u00f3gus\u00e1ban\u00a0megfogalmaz\u00f3dik\u00a0egy sz\u00e1nd\u00e9k, amely, ha val\u00f3s\u00e1gg\u00e1 \u00e9rne, val\u00f3ban az egekig r\u00f6p\u00edthetn\u00e9 a vil\u00e1got. Egy kijelent\u00e9s, amely m\u00e9lys\u00e9gb\u0151l t\u00e1pl\u00e1lkozik, hiszen ezt az \u00edg\u00e9retet k\u00f6zvetlen m\u00f3don maga az \u00dar k\u00e9rhetn\u00e9 t\u0151l\u00fcnk sz\u00e1mon &#8230; joggal k\u00e9rhetn\u00e9&#8230; Advent els\u0151 h\u00e9tf\u0151je fagyos t\u00e1jba pillant. Megn\u00e9zi mag\u00e1t a f\u00e9ny t\u00fckr\u00e9ben. A k\u00f6d\u00f6s \u0151szi sz\u00fcrk\u00e9t v\u00e9gre felv\u00e1ltja egy bels\u0151 ragyog\u00e1s. L\u00e1tsz\u00f3lag minden a legnagyobb rendben, mintha t\u00f6k\u00e9letes csendben \u00e9s szeretetben k\u00e9sz\u00fcl\u0151dne a vil\u00e1g. L\u00e1tsz\u00f3lag csillog\u00f3 f\u00e9ny\u0171 d\u00e9rrel hintett a p\u00e1zsit, csillog\u00f3 f\u00e9ny\u0171\u00a0h\u00e1ztet\u0151k\u00a0alatt csillog\u00f3 f\u00e9ny\u0171 lelkek gy\u0151zik le a h\u00e9tk\u00f6znapok \u00e1lnok tr\u00fckkjeit, l\u00e1tsz\u00f3lag nincs mag\u00e1ny, nincs\u00a0szeretetlens\u00e9g, h\u00e1bor\u00fa, elidegened\u00e9s, t\u00e9kozl\u00e1s, gy\u0171l\u00f6let. L\u00e1tsz\u00f3lag minden csupa sz\u00edv. L\u00e1tsz\u00f3lag. Mert minden\u00a0l\u00e1tsz\u00f3lagoss\u00e1g\u00a0m\u00f6g\u00f6tt ott h\u00faz\u00f3dik valami ki nem mondott, v\u00e1rakoz\u00e1sba vegy\u00fcl\u0151, ideges f\u00e9lelem, agg\u00f3d\u00e1s. Mert b\u00e1r igen, akarjuk a j\u00f3t, a v\u00e1gyakoz\u00e1s szintj\u00e9n megtorpan\u00f3 \u00e9rzelem, nem el\u00e9g ahhoz, hogy megteremje mag\u00e1ban a v\u00e1ltoz\u00e1s\u00a0l\u00e1nglelk\u0171\u00a0val\u00f3s\u00e1g\u00e1t. Mert a vil\u00e1g, amelyr\u0151l mindig is azt hitt\u00fck,\u00a0l\u00e9t\u00e9be\u00a0pillantva meg\u00e9rthetj\u00fck, sz\u00e9tsz\u00f3rta mag\u00e1b\u00f3l a lelk\u00e9t. A vil\u00e1g amelyr\u0151l azt hitt\u00fck, fel\u00e9nk is fordul, t\u00e1volod\u00f3ban van. A vil\u00e1g, amelyr\u0151l \u00fagy hitt\u00fck, kiny\u00fajtja \u00e9rt\u00fcnk a kez\u00e9t, leeresztett karokkal \u00e1ll, tan\u00e1cstalanabb mint\u00a0j\u00f3magunk, nem \u00e9rti, mit v\u00e1runk t\u0151le. A vil\u00e1g, amelyr\u0151l elhitt\u00fck, n\u00e9hanapj\u00e1n r\u00e1nk emeli tekintet\u00e9t, elfordul, hogy ne kelljen t\u00f6bb\u00e9 a szem\u00e9be n\u00e9zn\u00fcnk. Mert a vil\u00e1g mi magunk vagyunk. A l\u00e1tsz\u00f3lagos csillog\u00e1s \u00e9s\u00a0magamutogat\u00e1s\u00a0m\u00f6g\u00fcl elfogyott a l\u00e9lek. A vil\u00e1g vil\u00e1goss\u00e1g helyett s\u00f6t\u00e9ts\u00e9get lopott a sz\u00edvek hely\u00e9re. Mintha elt\u0171nt volna a gondolatok m\u00f6g\u00fcl, m\u00e1r sajn\u00e1lkozni sem k\u00e9pes, r\u00e9szv\u00e9tet nem \u00e9rez, elszeg\u0151d\u00f6tt igaz cselekedetek mell\u0151l. A sz\u00edv, amelyr\u0151l mindig is azt hitt\u00fck itt van benn\u00fcnk, mintha m\u00e1r nem is l\u00e9tezne. Tal\u00e1n ez\u00e9rt a sok f\u00e9nyl\u0151\u00a0\u00e1ld\u00edsz,\u00a0vil\u00e1g\u00edt\u00f3eszk\u00f6z, kacif\u00e1nt,\u00a0csodav\u00e1r\u00f3\u00a0kirakat, zsibv\u00e1s\u00e1ros hangulat. Nem m\u00e1s ez mint v\u00e9szjel, egy, a maga m\u00f3dj\u00e1n, \u00e9letk\u00e9ptelen k\u00f6z\u00f6ss\u00e9g, k\u00e9k f\u00e9nybe vegy\u00fcl\u0151 szir\u00e9n\u00e1ja, seg\u00edts\u00e9g ut\u00e1ni ki\u00e1lt\u00e1sa&#8230; Vegy\u00fck \u00e9szre a bels\u0151 f\u00e9nyt, emelj\u00fck ki magunkat a s\u00f6t\u00e9ts\u00e9g vil\u00e1g\u00e1b\u00f3l,... R\u00e9szletek"}