{"version":"1.0","provider_name":"Stuttgarti Katolikusok","provider_url":"https:\/\/stuttgarti-katolikusok.de","title":"Szeptember 7 \u00e9s 13 k\u00f6z\u00f6tt - Stuttgarti Katolikusok","type":"rich","width":600,"height":338,"html":"<blockquote class=\"wp-embedded-content\" data-secret=\"Es5zyChIkt\"><a href=\"https:\/\/stuttgarti-katolikusok.de\/index.php\/szeptember-7-es-13-kozott\/\">Szeptember 7 \u00e9s 13 k\u00f6z\u00f6tt<\/a><\/blockquote><iframe sandbox=\"allow-scripts\" security=\"restricted\" src=\"https:\/\/stuttgarti-katolikusok.de\/index.php\/szeptember-7-es-13-kozott\/embed\/#?secret=Es5zyChIkt\" width=\"600\" height=\"338\" title=\"&#8220;Szeptember 7 \u00e9s 13 k\u00f6z\u00f6tt&#8221; &#8212; Stuttgarti Katolikusok\" data-secret=\"Es5zyChIkt\" frameborder=\"0\" marginwidth=\"0\" marginheight=\"0\" scrolling=\"no\" class=\"wp-embedded-content\"><\/iframe><script type=\"text\/javascript\">\n\/* <![CDATA[ *\/\n\/*! This file is auto-generated *\/\n!function(d,l){\"use strict\";l.querySelector&&d.addEventListener&&\"undefined\"!=typeof URL&&(d.wp=d.wp||{},d.wp.receiveEmbedMessage||(d.wp.receiveEmbedMessage=function(e){var t=e.data;if((t||t.secret||t.message||t.value)&&!\/[^a-zA-Z0-9]\/.test(t.secret)){for(var s,r,n,a=l.querySelectorAll('iframe[data-secret=\"'+t.secret+'\"]'),o=l.querySelectorAll('blockquote[data-secret=\"'+t.secret+'\"]'),c=new RegExp(\"^https?:$\",\"i\"),i=0;i<o.length;i++)o[i].style.display=\"none\";for(i=0;i<a.length;i++)s=a[i],e.source===s.contentWindow&&(s.removeAttribute(\"style\"),\"height\"===t.message?(1e3<(r=parseInt(t.value,10))?r=1e3:~~r<200&&(r=200),s.height=r):\"link\"===t.message&&(r=new URL(s.getAttribute(\"src\")),n=new URL(t.value),c.test(n.protocol))&&n.host===r.host&&l.activeElement===s&&(d.top.location.href=t.value))}},d.addEventListener(\"message\",d.wp.receiveEmbedMessage,!1),l.addEventListener(\"DOMContentLoaded\",function(){for(var e,t,s=l.querySelectorAll(\"iframe.wp-embedded-content\"),r=0;r<s.length;r++)(t=(e=s[r]).getAttribute(\"data-secret\"))||(t=Math.random().toString(36).substring(2,12),e.src+=\"#?secret=\"+t,e.setAttribute(\"data-secret\",t)),e.contentWindow.postMessage({message:\"ready\",secret:t},\"*\")},!1)))}(window,document);\n\/\/# sourceURL=https:\/\/stuttgarti-katolikusok.de\/wp-includes\/js\/wp-embed.min.js\n\/* ]]> *\/\n<\/script>\n","thumbnail_url":"https:\/\/stuttgarti-katolikusok.de\/wp-content\/uploads\/2020\/09\/evk-23.jpeg","thumbnail_width":1568,"thumbnail_height":1058,"description":"Programel\u0151zetes A jelenlegi egyh\u00e1zi rendelkez\u00e9sek \u00e9rtelm\u00e9ben a szentmise ut\u00e1ni \u00e1g\u00e1p\u00e9 valamint egy\u00e9b rendezv\u00e9nyek elmaradnak! Csak a szentmis\u00e9ket tarthatjuk meg! * Szeptember 10-\u00e9n, cs\u00fct\u00f6rt\u00f6k\u00f6n, Weingarteni d\u00e9lut\u00e1n. 18.00 \u00f3rakor szentmise, el\u0151tte r\u00f3zsaf\u00fcz\u00e9rt im\u00e1dkozunk. Ezt k\u00f6vet\u0151en pedig a jelenl\u00e9v\u0151kkel egy\u00fctt visszatekint\u00fcnk az elm\u00falt h\u00f3napok t\u00f6rt\u00e9n\u00e9seire. * Szeptember 11-\u00e9n,\u00a0p\u00e9nteken, Stuttgartban\u00a018.00 \u00f3rakor\u00a0J\u00e9zus Sz\u00edve \u00e1jtatoss\u00e1g,\u00a0majd\u00a0szentmise. * Szeptember 12-\u00e9n, szombaton, Biberachban 16.00 \u00f3rakor szentmise. \u00a0* \u00a0Szeptember 13-\u00e1n, \u00e9vk\u00f6zi 24. vas\u00e1rnap, Weingartenben 11.00 \u00f3rakor szentmise a Heilig Geist Kirche-ben, Ulmban 15.00 \u00f3rakor szentmise. * Minden helyen mindenkit szeretettel v\u00e1r a k\u00f6z\u00f6ss\u00e9g \u00e9s Tibor atya! * \u201eArra figyelmeztet az \u00dar, hogy k\u00f6lcs\u00f6n\u00f6sen ne hanyagoljuk el egym\u00e1s b\u0171neit, de nem \u00fagy, hogy arra figyel\u00fcnk, mit mi is k\u00e1rhoztatunk, hanem \u00fagy, hogy arra \u00fcgyel\u00fcnk, amit jav\u00edtani tudunk.\u201d (Szent \u00c1goston) * Bens\u0151s\u00e9ges \u0151szi napokat, j\u00f3 munk\u00e1t, tartalmas besz\u00e9lget\u00e9seket \u00e9s \u00f6r\u00f6mteli tal\u00e1lkoz\u00e1sokat k\u00edv\u00e1nunk minden Kedves H\u00edv\u00fcnknek! &nbsp;"}