{"version":"1.0","provider_name":"Stuttgarti Katolikusok","provider_url":"https:\/\/stuttgarti-katolikusok.de","title":"Szeptember 28 \u00e9s okt\u00f3ber 4 k\u00f6z\u00f6tt - Stuttgarti Katolikusok","type":"rich","width":600,"height":338,"html":"<blockquote class=\"wp-embedded-content\" data-secret=\"bGfKyN6IIe\"><a href=\"https:\/\/stuttgarti-katolikusok.de\/index.php\/szeptember-28-es-oktober-4-kozott\/\">Szeptember 28 \u00e9s okt\u00f3ber 4 k\u00f6z\u00f6tt<\/a><\/blockquote><iframe sandbox=\"allow-scripts\" security=\"restricted\" src=\"https:\/\/stuttgarti-katolikusok.de\/index.php\/szeptember-28-es-oktober-4-kozott\/embed\/#?secret=bGfKyN6IIe\" width=\"600\" height=\"338\" title=\"&#8220;Szeptember 28 \u00e9s okt\u00f3ber 4 k\u00f6z\u00f6tt&#8221; &#8212; Stuttgarti Katolikusok\" data-secret=\"bGfKyN6IIe\" frameborder=\"0\" marginwidth=\"0\" marginheight=\"0\" scrolling=\"no\" class=\"wp-embedded-content\"><\/iframe><script type=\"text\/javascript\">\n\/* <![CDATA[ *\/\n\/*! This file is auto-generated *\/\n!function(d,l){\"use strict\";l.querySelector&&d.addEventListener&&\"undefined\"!=typeof URL&&(d.wp=d.wp||{},d.wp.receiveEmbedMessage||(d.wp.receiveEmbedMessage=function(e){var t=e.data;if((t||t.secret||t.message||t.value)&&!\/[^a-zA-Z0-9]\/.test(t.secret)){for(var s,r,n,a=l.querySelectorAll('iframe[data-secret=\"'+t.secret+'\"]'),o=l.querySelectorAll('blockquote[data-secret=\"'+t.secret+'\"]'),c=new RegExp(\"^https?:$\",\"i\"),i=0;i<o.length;i++)o[i].style.display=\"none\";for(i=0;i<a.length;i++)s=a[i],e.source===s.contentWindow&&(s.removeAttribute(\"style\"),\"height\"===t.message?(1e3<(r=parseInt(t.value,10))?r=1e3:~~r<200&&(r=200),s.height=r):\"link\"===t.message&&(r=new URL(s.getAttribute(\"src\")),n=new URL(t.value),c.test(n.protocol))&&n.host===r.host&&l.activeElement===s&&(d.top.location.href=t.value))}},d.addEventListener(\"message\",d.wp.receiveEmbedMessage,!1),l.addEventListener(\"DOMContentLoaded\",function(){for(var e,t,s=l.querySelectorAll(\"iframe.wp-embedded-content\"),r=0;r<s.length;r++)(t=(e=s[r]).getAttribute(\"data-secret\"))||(t=Math.random().toString(36).substring(2,12),e.src+=\"#?secret=\"+t,e.setAttribute(\"data-secret\",t)),e.contentWindow.postMessage({message:\"ready\",secret:t},\"*\")},!1)))}(window,document);\n\/\/# sourceURL=https:\/\/stuttgarti-katolikusok.de\/wp-includes\/js\/wp-embed.min.js\n\/* ]]> *\/\n<\/script>\n","thumbnail_url":"https:\/\/stuttgarti-katolikusok.de\/wp-content\/uploads\/2020\/09\/evk-26.jpg","thumbnail_width":640,"thumbnail_height":427,"description":"Programel\u0151zetes A jelenlegi egyh\u00e1zi rendelkez\u00e9sek \u00e9rtelm\u00e9ben a szentmise ut\u00e1ni \u00e1g\u00e1p\u00e9 elmarad! * Szeptember 30-\u00e1n, szerd\u00e1n, Weingarteni d\u00e9lut\u00e1n. A 14 Nothelfer Kapelle-ben18 \u00f3rakor szentmise, el\u0151tte r\u00f3zsaf\u00fcz\u00e9rt im\u00e1dkozunk. Szentmise keret\u00e9ben Besz\u00e9lget\u00e9sek a Katekizmusr\u00f3l. * Okt\u00f3ber 1-j\u00e9n, cs\u00fct\u00f6rt\u00f6k\u00f6n, Ulmi d\u00e9lut\u00e1n. 18.00 \u00f3rakor szentmise, el\u0151tte r\u00f3zsaf\u00fcz\u00e9rt im\u00e1dkozunk. Szentmise keret\u00e9ben Besz\u00e9lget\u00e9sek a Katekizmusr\u00f3l. * Okt\u00f3ber 2-\u00e1n,\u00a0p\u00e9nteken, Stuttgartban 16.00 \u00f3rakor Bar\u00e1ts\u00e1gklub. Sajnos a k\u00f6z\u00f6ss\u00e9gi terem konyh\u00e1j\u00e1t egyel\u0151re m\u00e9g nem tudjuk haszn\u00e1lni, 18.00 \u00f3rakor\u00a0okt\u00f3beri \u00e1jtatoss\u00e1g,\u00a0majd\u00a0szentmise, ut\u00e1na imak\u00f6r. * Okt\u00f3ber 3-\u00e1n, szombaton, Balingenben 16.00 \u00f3rakor szentmise. \u00a0* \u00a0Okt\u00f3ber 4-\u00e9n, \u00e9vk\u00f6zi 27. vas\u00e1rnap, Schw\u00e4bisch-Gm\u00fcndben 9.30 \u00f3rakor szentmise, Stuttgartban 15.00 \u00f3rakor szentmise.\u00a0Els\u0151vas\u00e1rnap l\u00e9v\u00e9n, v\u00e1rjuk nagy szeretettel a gyermekeket is! * Minden helyen mindenkit szeretettel v\u00e1r a k\u00f6z\u00f6ss\u00e9g \u00e9s Tibor atya! Bens\u0151s\u00e9ges \u0151szi napokat, j\u00f3 munk\u00e1t, tartalmas besz\u00e9lget\u00e9seket \u00e9s \u00f6r\u00f6mteli tal\u00e1lkoz\u00e1sokat k\u00edv\u00e1nunk minden Kedves H\u00edv\u00fcnknek! * &#8222;Az igazi szeretet ott kezd\u0151dik, ahol m\u00e1r nem v\u00e1rsz \u00e9rte viszonz\u00e1st.&#8221; (Antoine de Saint-Exup\u00e9ry) (Fot\u00f3: Pixabay)"}