{"version":"1.0","provider_name":"Stuttgarti Katolikusok","provider_url":"https:\/\/stuttgarti-katolikusok.de","title":"Szeptember 16 \u00e9s 22 k\u00f6z\u00f6tt - Stuttgarti Katolikusok","type":"rich","width":600,"height":338,"html":"<blockquote class=\"wp-embedded-content\" data-secret=\"GjIAeNRIJi\"><a href=\"https:\/\/stuttgarti-katolikusok.de\/index.php\/szeptember-16-es-22-kozott\/\">Szeptember 16 \u00e9s 22 k\u00f6z\u00f6tt<\/a><\/blockquote><iframe sandbox=\"allow-scripts\" security=\"restricted\" src=\"https:\/\/stuttgarti-katolikusok.de\/index.php\/szeptember-16-es-22-kozott\/embed\/#?secret=GjIAeNRIJi\" width=\"600\" height=\"338\" title=\"&#8220;Szeptember 16 \u00e9s 22 k\u00f6z\u00f6tt&#8221; &#8212; Stuttgarti Katolikusok\" data-secret=\"GjIAeNRIJi\" frameborder=\"0\" marginwidth=\"0\" marginheight=\"0\" scrolling=\"no\" class=\"wp-embedded-content\"><\/iframe><script type=\"text\/javascript\">\n\/* <![CDATA[ *\/\n\/*! This file is auto-generated *\/\n!function(d,l){\"use strict\";l.querySelector&&d.addEventListener&&\"undefined\"!=typeof URL&&(d.wp=d.wp||{},d.wp.receiveEmbedMessage||(d.wp.receiveEmbedMessage=function(e){var t=e.data;if((t||t.secret||t.message||t.value)&&!\/[^a-zA-Z0-9]\/.test(t.secret)){for(var s,r,n,a=l.querySelectorAll('iframe[data-secret=\"'+t.secret+'\"]'),o=l.querySelectorAll('blockquote[data-secret=\"'+t.secret+'\"]'),c=new RegExp(\"^https?:$\",\"i\"),i=0;i<o.length;i++)o[i].style.display=\"none\";for(i=0;i<a.length;i++)s=a[i],e.source===s.contentWindow&&(s.removeAttribute(\"style\"),\"height\"===t.message?(1e3<(r=parseInt(t.value,10))?r=1e3:~~r<200&&(r=200),s.height=r):\"link\"===t.message&&(r=new URL(s.getAttribute(\"src\")),n=new URL(t.value),c.test(n.protocol))&&n.host===r.host&&l.activeElement===s&&(d.top.location.href=t.value))}},d.addEventListener(\"message\",d.wp.receiveEmbedMessage,!1),l.addEventListener(\"DOMContentLoaded\",function(){for(var e,t,s=l.querySelectorAll(\"iframe.wp-embedded-content\"),r=0;r<s.length;r++)(t=(e=s[r]).getAttribute(\"data-secret\"))||(t=Math.random().toString(36).substring(2,12),e.src+=\"#?secret=\"+t,e.setAttribute(\"data-secret\",t)),e.contentWindow.postMessage({message:\"ready\",secret:t},\"*\")},!1)))}(window,document);\n\/\/# sourceURL=https:\/\/stuttgarti-katolikusok.de\/wp-includes\/js\/wp-embed.min.js\n\/* ]]> *\/\n<\/script>\n","description":"Programel\u0151zetes &nbsp; Szeptember 19-\u00e9n, cs\u00fct\u00f6rt\u00f6k\u00f6n, Ulmi d\u00e9lut\u00e1n, 18.30 \u00f3rakor r\u00f3zsaf\u00fcz\u00e9r im\u00e1ds\u00e1g, ut\u00e1na szentmise. Keret\u00e9ben besz\u00e9lget\u00e9sek a Katekizmusr\u00f3l. * Szeptember 20-\u00e1n, p\u00e9nteken, Stuttgartban 17.55 \u00f3rakor r\u00f3zsaf\u00fcz\u00e9r \u00e1jtatoss\u00e1g, majd szentmise. Keret\u00e9ben P\u00e9nteki Egyetem, azaz: Besz\u00e9lget\u00e9sek a Katekizmusr\u00f3l. Ut\u00e1na Bibliak\u00f6r. Weingarteni d\u00e9lut\u00e1n a Marien-Kirche-ben. 18.30 \u00f3rakor r\u00f3zsaf\u00fcz\u00e9r im\u00e1ds\u00e1g, ut\u00e1na\u00a0 szentmise. Keret\u00e9ben besz\u00e9lget\u00e9sek a Katekizmusr\u00f3l. * Szeptember 21-\u00e9n, szombaton, Reutlingenben 16.30 \u00f3rakor szentmise, majd \u00e1g\u00e1p\u00e9. * Szeptember 22-\u00e9n, \u00e9vk\u00f6zi 25. vas\u00e1rnap, Biberachban 8.45 \u00f3rakor szentmise, ut\u00e1na \u00e1g\u00e1p\u00e9. B\u00f6blingenben 9.30 \u00f3rakor szentmise, ut\u00e1na \u00e1g\u00e1p\u00e9. Ulmban 12.00 \u00f3rakor szentmise. Eislingenben 15.00 \u00f3rakor szentmise, ut\u00e1na \u00e1g\u00e1p\u00e9. Heilbronnban 15.30 \u00f3rakor szentmise, ut\u00e1na \u00e1g\u00e1p\u00e9. * Minden helyen mindenkit szeretettel v\u00e1r a k\u00f6z\u00f6ss\u00e9g, Imre atya \u00e9s Tibor atya! \u201eHa hallgatsz, hallgass szeretetb\u0151l. Ha besz\u00e9lsz, besz\u00e9lj szeretetb\u0151l. Ha figyelmeztetsz, figyelmeztess szeretetb\u0151l. Ha megbocs\u00e1tasz, bocs\u00e1ss meg szeretetb\u0151l.\u201d (Szent \u00c1goston \u2013 354-430 \u2013 egyh\u00e1zatya, teol\u00f3gus, filoz\u00f3fus) \u00a0 Kellemes napokat, j\u00f3 tal\u00e1lkoz\u00e1sokat \u00e9s sok \u00f6r\u00f6met k\u00edv\u00e1nunk minden Kedves H\u00edv\u00fcnknek!"}