{"version":"1.0","provider_name":"Stuttgarti Katolikusok","provider_url":"https:\/\/stuttgarti-katolikusok.de","title":"Szeptember 1 \u00e9s 6 k\u00f6z\u00f6tt - Stuttgarti Katolikusok","type":"rich","width":600,"height":338,"html":"<blockquote class=\"wp-embedded-content\" data-secret=\"qyurpZq6V5\"><a href=\"https:\/\/stuttgarti-katolikusok.de\/index.php\/szeptember-1-es-6-kozott\/\">Szeptember 1 \u00e9s 6 k\u00f6z\u00f6tt<\/a><\/blockquote><iframe sandbox=\"allow-scripts\" security=\"restricted\" src=\"https:\/\/stuttgarti-katolikusok.de\/index.php\/szeptember-1-es-6-kozott\/embed\/#?secret=qyurpZq6V5\" width=\"600\" height=\"338\" title=\"&#8220;Szeptember 1 \u00e9s 6 k\u00f6z\u00f6tt&#8221; &#8212; Stuttgarti Katolikusok\" data-secret=\"qyurpZq6V5\" frameborder=\"0\" marginwidth=\"0\" marginheight=\"0\" scrolling=\"no\" class=\"wp-embedded-content\"><\/iframe><script type=\"text\/javascript\">\n\/* <![CDATA[ *\/\n\/*! This file is auto-generated *\/\n!function(d,l){\"use strict\";l.querySelector&&d.addEventListener&&\"undefined\"!=typeof URL&&(d.wp=d.wp||{},d.wp.receiveEmbedMessage||(d.wp.receiveEmbedMessage=function(e){var t=e.data;if((t||t.secret||t.message||t.value)&&!\/[^a-zA-Z0-9]\/.test(t.secret)){for(var s,r,n,a=l.querySelectorAll('iframe[data-secret=\"'+t.secret+'\"]'),o=l.querySelectorAll('blockquote[data-secret=\"'+t.secret+'\"]'),c=new RegExp(\"^https?:$\",\"i\"),i=0;i<o.length;i++)o[i].style.display=\"none\";for(i=0;i<a.length;i++)s=a[i],e.source===s.contentWindow&&(s.removeAttribute(\"style\"),\"height\"===t.message?(1e3<(r=parseInt(t.value,10))?r=1e3:~~r<200&&(r=200),s.height=r):\"link\"===t.message&&(r=new URL(s.getAttribute(\"src\")),n=new URL(t.value),c.test(n.protocol))&&n.host===r.host&&l.activeElement===s&&(d.top.location.href=t.value))}},d.addEventListener(\"message\",d.wp.receiveEmbedMessage,!1),l.addEventListener(\"DOMContentLoaded\",function(){for(var e,t,s=l.querySelectorAll(\"iframe.wp-embedded-content\"),r=0;r<s.length;r++)(t=(e=s[r]).getAttribute(\"data-secret\"))||(t=Math.random().toString(36).substring(2,12),e.src+=\"#?secret=\"+t,e.setAttribute(\"data-secret\",t)),e.contentWindow.postMessage({message:\"ready\",secret:t},\"*\")},!1)))}(window,document);\n\/\/# sourceURL=https:\/\/stuttgarti-katolikusok.de\/wp-includes\/js\/wp-embed.min.js\n\/* ]]> *\/\n<\/script>\n","thumbnail_url":"https:\/\/stuttgarti-katolikusok.de\/wp-content\/uploads\/2020\/09\/szentlelek.jpg","thumbnail_width":1205,"thumbnail_height":904,"description":"Programel\u0151zetes A jelenlegi egyh\u00e1zi rendelkez\u00e9sek \u00e9rtelm\u00e9ben a szentmise ut\u00e1ni \u00e1g\u00e1p\u00e9 valamint egy\u00e9b rendezv\u00e9nyek elmaradnak! Csak a szentmis\u00e9ket tarthatjuk meg! Szeptember 3-\u00e1n, cs\u00fct\u00f6rt\u00f6k\u00f6n, Ulmi d\u00e9lut\u00e1n. 18.00 \u00f3rakor szentmise, el\u0151tte r\u00f3zsaf\u00fcz\u00e9rt im\u00e1dkozunk. Ezt k\u00f6vet\u0151en pedig a jelenl\u00e9v\u0151kkel egy\u00fctt visszatekint\u00fcnk az elm\u00falt h\u00f3napok t\u00f6rt\u00e9n\u00e9seire. * Szeptember 4-\u00e9n,\u00a0p\u00e9nteken, Stuttgartban\u00a018.00 \u00f3rakor\u00a0J\u00e9zus Sz\u00edve \u00e1jtatoss\u00e1g,\u00a0majd\u00a0szentmise. Ezt k\u00f6vet\u0151en pedig a jelenl\u00e9v\u0151kkel egy\u00fctt visszatekint\u00fcnk az elm\u00falt h\u00f3napok t\u00f6rt\u00e9n\u00e9seire. \u00a0* \u00a0Szeptember 5-\u00e9n, szombaton, Balingenben 17.00 \u00f3rakor szentmise. \u00a0* Szeptember 6-\u00e1n, \u00e9vk\u00f6zi 23. vas\u00e1rnap, Schw\u00e4bisch-Gm\u00fcndben 9.30 \u00f3rakor szentmise, Stuttgartban 15.00 \u00f3rakor szentmise. * Minden helyen mindenkit szeretettel v\u00e1r a k\u00f6z\u00f6ss\u00e9g \u00e9s Tibor atya! * \u00d3, alkot\u00f3 L\u00e9lek, j\u00f6vel, \u00e9s sz\u00edv\u00fcnk, lelk\u00fcnk t\u00f6ltsed el! Te alkot\u00e1d a sz\u00edveket, hozd nekik b\u0151 kegyelmedet! Kit \u00fagy h\u00edvunk, V\u00edgasztal\u00f3, kit \u00e1d nek\u00fcnk az Alkot\u00f3, te, \u00e9l\u0151 forr\u00e1s, \u00e9gi l\u00e1ng, szent kenet, \u00e9gb\u0151l sz\u00e1llj le r\u00e1nk! Te, h\u00e9t aj\u00e1ndok k\u00fatfeje, Aty\u00e1nk kegyelmes jobb keze, az \u00dar er\u0151s \u00edg\u00e9rete, sugalmas ajkak ihlete. Gy\u00fajtsd meg szem\u00fcnknek f\u00e9nyedet, \u00e9s sz\u00e1llj sz\u00edv\u00fcnkbe, Szeretet! Ha test\u00fcnk gyarl\u00f3, s lankadunk, l\u00e9gy mindig \u00e9ber gy\u00e1molunk! \u0170zd messze t\u0151l\u00fcnk ellen\u00fcnk, Szent b\u00e9kess\u00e9ged add nek\u00fcnk! Te j\u00e1rj, Vez\u00e9r, utunk el\u0151tt, vesz\u00e9lyt\u0151l v\u00e9djen szent er\u0151d! Add, ismerj\u00fck meg az Aty\u00e1t te\u00e1ltalad, \u00e9s egy Fi\u00e1t, \u00e9s kettej\u00fcknek Lelke, te, \u00f6r\u00f6kre l\u00e9gy lelk\u00fcnk hite! Az Istent \u00e1ldjuk, j\u00f3 Aty\u00e1t, s ki felkelt s\u00edrb\u00f3l, szent Fi\u00e1t, s a Lelket, sz\u00edv\u00fcnk vigasz\u00e1t, most \u00e9s \u00f6r\u00f6k id\u0151k\u00f6n \u00e1t! &nbsp;"}