{"version":"1.0","provider_name":"Stuttgarti Katolikusok","provider_url":"https:\/\/stuttgarti-katolikusok.de","title":"Szent P\u00e9ter \u00e9s Szent P\u00e1l apostolok f\u0151\u00fcnnepe - Stuttgarti Katolikusok","type":"rich","width":600,"height":338,"html":"<blockquote class=\"wp-embedded-content\" data-secret=\"u4qcvnN3Gj\"><a href=\"https:\/\/stuttgarti-katolikusok.de\/index.php\/szent-peter-es-szent-pal-apostolok-founnepe\/\">Szent P\u00e9ter \u00e9s Szent P\u00e1l apostolok f\u0151\u00fcnnepe<\/a><\/blockquote><iframe sandbox=\"allow-scripts\" security=\"restricted\" src=\"https:\/\/stuttgarti-katolikusok.de\/index.php\/szent-peter-es-szent-pal-apostolok-founnepe\/embed\/#?secret=u4qcvnN3Gj\" width=\"600\" height=\"338\" title=\"&#8220;Szent P\u00e9ter \u00e9s Szent P\u00e1l apostolok f\u0151\u00fcnnepe&#8221; &#8212; Stuttgarti Katolikusok\" data-secret=\"u4qcvnN3Gj\" frameborder=\"0\" marginwidth=\"0\" marginheight=\"0\" scrolling=\"no\" class=\"wp-embedded-content\"><\/iframe><script type=\"text\/javascript\">\n\/* <![CDATA[ *\/\n\/*! This file is auto-generated *\/\n!function(d,l){\"use strict\";l.querySelector&&d.addEventListener&&\"undefined\"!=typeof URL&&(d.wp=d.wp||{},d.wp.receiveEmbedMessage||(d.wp.receiveEmbedMessage=function(e){var t=e.data;if((t||t.secret||t.message||t.value)&&!\/[^a-zA-Z0-9]\/.test(t.secret)){for(var s,r,n,a=l.querySelectorAll('iframe[data-secret=\"'+t.secret+'\"]'),o=l.querySelectorAll('blockquote[data-secret=\"'+t.secret+'\"]'),c=new RegExp(\"^https?:$\",\"i\"),i=0;i<o.length;i++)o[i].style.display=\"none\";for(i=0;i<a.length;i++)s=a[i],e.source===s.contentWindow&&(s.removeAttribute(\"style\"),\"height\"===t.message?(1e3<(r=parseInt(t.value,10))?r=1e3:~~r<200&&(r=200),s.height=r):\"link\"===t.message&&(r=new URL(s.getAttribute(\"src\")),n=new URL(t.value),c.test(n.protocol))&&n.host===r.host&&l.activeElement===s&&(d.top.location.href=t.value))}},d.addEventListener(\"message\",d.wp.receiveEmbedMessage,!1),l.addEventListener(\"DOMContentLoaded\",function(){for(var e,t,s=l.querySelectorAll(\"iframe.wp-embedded-content\"),r=0;r<s.length;r++)(t=(e=s[r]).getAttribute(\"data-secret\"))||(t=Math.random().toString(36).substring(2,12),e.src+=\"#?secret=\"+t,e.setAttribute(\"data-secret\",t)),e.contentWindow.postMessage({message:\"ready\",secret:t},\"*\")},!1)))}(window,document);\n\/\/# sourceURL=https:\/\/stuttgarti-katolikusok.de\/wp-includes\/js\/wp-embed.min.js\n\/* ]]> *\/\n<\/script>\n","thumbnail_url":"https:\/\/stuttgarti-katolikusok.de\/wp-content\/uploads\/2025\/06\/whatsapp-kep-2025-06-29-022349-26231030.jpg","thumbnail_width":936,"thumbnail_height":962,"description":"&nbsp; Isten v\u00e9gtelen kegyelme, hogy J\u00e9zus Krisztus Egyh\u00e1zat aap\u00edtott. Ehhez pedig egyszer\u0171, gyarl\u00f3 embereket v\u00e1lasztott ki munkat\u00e1rsaiv\u00e1. Egyben pedig r\u00e1juk b\u00edzta a kegyelem tov\u00e1bbad\u00e1s\u00e1t. P\u00e9ter apostolban \u00e9s P\u00e1l apostolban is az Isten kegyelme m\u0171k\u00f6d\u00f6tt, de benn\u00fck a kegyelem nem volt hat\u00e1stalan (v\u00f6. 1 Kor 15,10). Buzg\u00f3s\u00e1gukra v\u00e9rtan\u00fas\u00e1guk tette fel a koron\u00e1t N\u00e9r\u00f3 cs\u00e1sz\u00e1r idej\u00e9n, 64-67 k\u00f6z\u00f6tt. OLVASM\u00c1NY az Apostolok Cselekedeteib\u0151l (ApCsel 12,1-11) Most m\u00e1r val\u00f3ban tudom, hogy az \u00dar kiragadott Her\u00f3des kir\u00e1ly hatalm\u00e1b\u00f3l. Amikor Jeruzs\u00e1lemben kit\u00f6rt az els\u0151 kereszt\u00e9ny\u00fcld\u00f6z\u00e9s, Her\u00f3des kir\u00e1ly elfogatta az Egyh\u00e1z n\u00e9h\u00e1ny vezet\u0151j\u00e9t, hogy \u00e1rtson nekik. J\u00e1nos testv\u00e9r\u00e9t, Jakabot karddal kiv\u00e9geztette. Amikor l\u00e1tta, hogy ezzel megnyerheti a zsid\u00f3k tetsz\u00e9s\u00e9t, elhat\u00e1rozta, hogy P\u00e9tert is elfogatja. A kov\u00e1sztalan keny\u00e9r \u00fcnnep\u00e9t \u00fclt\u00e9k. Elfogatta, b\u00f6rt\u00f6nbe z\u00e1ratta \u00e9s r\u00e1b\u00edzta n\u00e9gy, egyenk\u00e9nt n\u00e9gy katon\u00e1b\u00f3l \u00e1ll\u00f3 csapatra, hogy \u0151rizz\u00e9k. Az volt a sz\u00e1nd\u00e9ka, hogy h\u00fasv\u00e9t ut\u00e1n a n\u00e9p el\u00e9 vezetteti. M\u00edg P\u00e9tert fogva tartott\u00e1k a b\u00f6rt\u00f6nben, az Egyh\u00e1z sz\u00fcntelen im\u00e1dkozott \u00e9rte Istenhez. Azon az \u00e9jszak\u00e1n, amikor Her\u00f3des el\u0151 akarta \u0151t vezettetni, P\u00e9ter k\u00e9t katona k\u00f6z\u00f6tt aludt, kett\u0151s l\u00e1nccal megbilincselve. A bej\u00e1ratn\u00e1l pedig \u0151r\u00f6k vigy\u00e1zt\u00e1k a b\u00f6rt\u00f6nt. Egyszerre megjelent az \u00dar angyala, \u00e9s a helyis\u00e9get f\u00e9ny \u00e1rasztotta el. Az angyal meg\u00fct\u00f6tte P\u00e9ter oldal\u00e1t, \u00e9s fel\u00e9bresztette: \u201eKelj fel, gyorsan!\u201d Erre a l\u00e1ncok lehulltak a kez\u00e9r\u0151l. Azut\u00e1n az angyal \u00edgy folytatta: \u201eCsatold fel \u00f6vedet, \u00e9s vedd fel saruidat!\u201d Amikor megtette, az angyal ezt mondta: \u201eVedd magadra k\u00f6penyedet, \u00e9s k\u00f6vess!\u201d P\u00e9ter elindult \u00e9s k\u00f6vette, de nem tudta, hogy val\u00f3s\u00e1g-e az, amit az angyal tesz vele. Azt gondolta, hogy l\u00e1tom\u00e1sa van. \u00c1tmentek az els\u0151 \u0151rs\u00e9gen, majd a m\u00e1sodikon is, azt\u00e1n eljutottak a v\u00e1ros fel\u00e9 ny\u00edl\u00f3 vaskapuhoz. Az mag\u00e1t\u00f3l kiny\u00edlt el\u0151tt\u00fck. Kint m\u00e9g v\u00e9gigmentek az egyik utc\u00e1n, \u00e9s ott az angyal hirtelen elt\u0171nt mell\u0151le. Amikor P\u00e9ter f\u00f6leszm\u00e9lt, \u00edgy sz\u00f3lt: \u201eMost m\u00e1r biztosan tudom, hogy az \u00dar elk\u00fcldte angyal\u00e1t, \u00e9s kiszabad\u00edtott Her\u00f3des kir\u00e1ly kez\u00e9b\u0151l \u00e9s mindabb\u00f3l, amiben a zsid\u00f3 n\u00e9p rem\u00e9nykedett.\u201d... R\u00e9szletek"}