{"version":"1.0","provider_name":"Stuttgarti Katolikusok","provider_url":"https:\/\/stuttgarti-katolikusok.de","title":"Szent Istv\u00e1n b\u00facs\u00fa Heidenheimban - Stuttgarti Katolikusok","type":"rich","width":600,"height":338,"html":"<blockquote class=\"wp-embedded-content\" data-secret=\"fRNAlvNrN0\"><a href=\"https:\/\/stuttgarti-katolikusok.de\/index.php\/szent-istvan-bucsu-heidenheimban-2\/\">Szent Istv\u00e1n b\u00facs\u00fa Heidenheimban<\/a><\/blockquote><iframe sandbox=\"allow-scripts\" security=\"restricted\" src=\"https:\/\/stuttgarti-katolikusok.de\/index.php\/szent-istvan-bucsu-heidenheimban-2\/embed\/#?secret=fRNAlvNrN0\" width=\"600\" height=\"338\" title=\"&#8220;Szent Istv\u00e1n b\u00facs\u00fa Heidenheimban&#8221; &#8212; Stuttgarti Katolikusok\" data-secret=\"fRNAlvNrN0\" frameborder=\"0\" marginwidth=\"0\" marginheight=\"0\" scrolling=\"no\" class=\"wp-embedded-content\"><\/iframe><script type=\"text\/javascript\">\n\/* <![CDATA[ *\/\n\/*! This file is auto-generated *\/\n!function(d,l){\"use strict\";l.querySelector&&d.addEventListener&&\"undefined\"!=typeof URL&&(d.wp=d.wp||{},d.wp.receiveEmbedMessage||(d.wp.receiveEmbedMessage=function(e){var t=e.data;if((t||t.secret||t.message||t.value)&&!\/[^a-zA-Z0-9]\/.test(t.secret)){for(var s,r,n,a=l.querySelectorAll('iframe[data-secret=\"'+t.secret+'\"]'),o=l.querySelectorAll('blockquote[data-secret=\"'+t.secret+'\"]'),c=new RegExp(\"^https?:$\",\"i\"),i=0;i<o.length;i++)o[i].style.display=\"none\";for(i=0;i<a.length;i++)s=a[i],e.source===s.contentWindow&&(s.removeAttribute(\"style\"),\"height\"===t.message?(1e3<(r=parseInt(t.value,10))?r=1e3:~~r<200&&(r=200),s.height=r):\"link\"===t.message&&(r=new URL(s.getAttribute(\"src\")),n=new URL(t.value),c.test(n.protocol))&&n.host===r.host&&l.activeElement===s&&(d.top.location.href=t.value))}},d.addEventListener(\"message\",d.wp.receiveEmbedMessage,!1),l.addEventListener(\"DOMContentLoaded\",function(){for(var e,t,s=l.querySelectorAll(\"iframe.wp-embedded-content\"),r=0;r<s.length;r++)(t=(e=s[r]).getAttribute(\"data-secret\"))||(t=Math.random().toString(36).substring(2,12),e.src+=\"#?secret=\"+t,e.setAttribute(\"data-secret\",t)),e.contentWindow.postMessage({message:\"ready\",secret:t},\"*\")},!1)))}(window,document);\n\/\/# sourceURL=https:\/\/stuttgarti-katolikusok.de\/wp-includes\/js\/wp-embed.min.js\n\/* ]]> *\/\n<\/script>\n","thumbnail_url":"https:\/\/stuttgarti-katolikusok.de\/wp-content\/uploads\/2021\/09\/szent-istvan-1.jpg","thumbnail_width":800,"thumbnail_height":602,"description":"2021.szeptember 18-\u00e1n \u00fcnnep\u00e9lyes keretek k\u00f6z\u00f6tt k\u00f6z\u00f6s\u00e9g\u00fcnk tisztelgett v\u00e9d\u0151szent\u00fcnk Szent Istv\u00e1n kir\u00e1ly eml\u00e9k\u00e9nek. A szentmis\u00e9t vezette f\u0151tisztelend\u0151 Ily\u00e9s Csaba nagyk\u00e1rolyi esperes ( Szatm\u00e1r megye) \u00e9s Tibor atya. Az esperes \u00far p\u00e9ldabesz\u00e9d\u00e9ben besz\u00e9lt arr\u00f3l, hogy milyen fontos \u00e9let\u00fcnkben a szem\u00e9lyes, csal\u00e1di \u00e9s egyh\u00e1zk\u00f6zs\u00e9gi alapok lerak\u00e1sa. P\u00e9ld\u00e1nak \u00e1ll\u00edtotta el\u00e9nk Szent Istv\u00e1nt aki J\u00e9zus tan\u00edt\u00e1sa alapj\u00e1n, szikl\u00e1ra \u00e9p\u00edtve \u00e9let\u00e9t el\u00e9rhette, hogy egy nemzet is hely \u00e1lljon az \u00e9let viszontags\u00e1gaiban. Egyh\u00e1z k\u00f6z\u00f6ss\u00e9g\u00fcnket az a megtiszteltet\u00e9s \u00e9rte, hogy aj\u00e1nd\u00e9kba kapott egy Szent Istv\u00e1n erekly\u00e9t, valamint vend\u00e9g\u00fcl l\u00e1thatott egy Szent Gell\u00e9rt erekly\u00e9t, amelyeket Dr. Tothp\u00e1l Tam\u00e1s \u00e9s Kov\u00e1cs G\u00e1bor, a Szent Gy\u00f6rgy Lovagrend budav\u00e1ri prior\u00e1tus k\u00e9pvisel\u0151i hoztak el k\u00f6r\u00fcnkbe. Tibor atya meglepet\u00e9s aj\u00e1nd\u00e9ka egy egyedi miseruha, amelyet Trifu Cristina egyh\u00e1z-m\u0171v\u00e9szn\u0151 tervezett Szatm\u00e1rn\u00e9metiben. Ezent\u00fal a Szatm\u00e1rn\u00e9metib\u0151l \u00e9rkezett miseruha emeli \u00fcnnepeink f\u00e9ny\u00e9t. Ez\u00faton mondunk neki k\u00f6sz\u00f6netet, ami\u00e9rt gondoskodik k\u00f6z\u00f6s\u00e9g\u00fcnk hitbeli meger\u0151s\u00edt\u00e9s\u00e9n, egybekov\u00e1csol\u00e1s\u00e1n. A szentmise keretein bel\u00fcl sor ker\u00fclt Zs\u00e1mboki Barbara megkeresztel\u00e9s\u00e9re. Szeretettel fogadjuk k\u00f6r\u00fcnkben \u00e9s k\u00edv\u00e1nunk neki Istent\u0151l \u00e1ldott, boldog \u00e9letet. Konkoly Jutka Ezt k\u00f6vet\u0151en pedig a templom el\u0151tti t\u00e9ren hossz\u00fa id\u0151 ut\u00e1n \u00e1g\u00e1p\u00e9t tarthattunk. Megyeri Andrea megszegte a szentmis\u00e9n meg\u00e1ldott kenyeret \u00e9s erre az alkalomra k\u00e9sz\u00edtett k\u00fcl\u00f6nleges d\u00edsz\u00edt\u00e9s\u0171 tort\u00e1t. K\u00f6sz\u00f6net a szentmis\u00e9n seg\u00e9dkez\u0151\u00a0 minden kedves h\u00edvemnek, k\u00fcl\u00f6n\u00f6sen a Megyeri csal\u00e1d minden tagj\u00e1nak. Tibor atya"}