{"version":"1.0","provider_name":"Stuttgarti Katolikusok","provider_url":"https:\/\/stuttgarti-katolikusok.de","title":"Szent Imre templomb\u00facs\u00fa Weingartenben - Stuttgarti Katolikusok","type":"rich","width":600,"height":338,"html":"<blockquote class=\"wp-embedded-content\" data-secret=\"cJB8IblcZr\"><a href=\"https:\/\/stuttgarti-katolikusok.de\/index.php\/szent-imre-templombucsu-weingartenben-2\/\">Szent Imre templomb\u00facs\u00fa Weingartenben<\/a><\/blockquote><iframe sandbox=\"allow-scripts\" security=\"restricted\" src=\"https:\/\/stuttgarti-katolikusok.de\/index.php\/szent-imre-templombucsu-weingartenben-2\/embed\/#?secret=cJB8IblcZr\" width=\"600\" height=\"338\" title=\"&#8220;Szent Imre templomb\u00facs\u00fa Weingartenben&#8221; &#8212; Stuttgarti Katolikusok\" data-secret=\"cJB8IblcZr\" frameborder=\"0\" marginwidth=\"0\" marginheight=\"0\" scrolling=\"no\" class=\"wp-embedded-content\"><\/iframe><script type=\"text\/javascript\">\n\/* <![CDATA[ *\/\n\/*! This file is auto-generated *\/\n!function(d,l){\"use strict\";l.querySelector&&d.addEventListener&&\"undefined\"!=typeof URL&&(d.wp=d.wp||{},d.wp.receiveEmbedMessage||(d.wp.receiveEmbedMessage=function(e){var t=e.data;if((t||t.secret||t.message||t.value)&&!\/[^a-zA-Z0-9]\/.test(t.secret)){for(var s,r,n,a=l.querySelectorAll('iframe[data-secret=\"'+t.secret+'\"]'),o=l.querySelectorAll('blockquote[data-secret=\"'+t.secret+'\"]'),c=new RegExp(\"^https?:$\",\"i\"),i=0;i<o.length;i++)o[i].style.display=\"none\";for(i=0;i<a.length;i++)s=a[i],e.source===s.contentWindow&&(s.removeAttribute(\"style\"),\"height\"===t.message?(1e3<(r=parseInt(t.value,10))?r=1e3:~~r<200&&(r=200),s.height=r):\"link\"===t.message&&(r=new URL(s.getAttribute(\"src\")),n=new URL(t.value),c.test(n.protocol))&&n.host===r.host&&l.activeElement===s&&(d.top.location.href=t.value))}},d.addEventListener(\"message\",d.wp.receiveEmbedMessage,!1),l.addEventListener(\"DOMContentLoaded\",function(){for(var e,t,s=l.querySelectorAll(\"iframe.wp-embedded-content\"),r=0;r<s.length;r++)(t=(e=s[r]).getAttribute(\"data-secret\"))||(t=Math.random().toString(36).substring(2,12),e.src+=\"#?secret=\"+t,e.setAttribute(\"data-secret\",t)),e.contentWindow.postMessage({message:\"ready\",secret:t},\"*\")},!1)))}(window,document);\n\/\/# sourceURL=https:\/\/stuttgarti-katolikusok.de\/wp-includes\/js\/wp-embed.min.js\n\/* ]]> *\/\n<\/script>\n","thumbnail_url":"https:\/\/stuttgarti-katolikusok.de\/wp-content\/uploads\/2019\/11\/wg2019.jpg","thumbnail_width":799,"thumbnail_height":533,"description":"A stuttgarti magyar egyh\u00e1zk\u00f6zs\u00e9g egyik k\u00fcl\u00f6nlegess\u00e9ge, hogy 15 kis k\u00f6z\u00f6ss\u00e9gb\u0151l \u00e1ll \u00e9s ezek egym\u00e1st l\u00e1togatj\u00e1k k\u00fcl\u00f6nleges alkalmakkor. Egy ilyen alkalom volt a Szent Imre b\u00facs\u00fa Weingartenben. A b\u00facs\u00fa, amelyet ideigtart\u00f3 b\u00fcntet\u00e9seink eleneg\u00e9s\u00e9\u00e9rt j\u00e1runk, kereszt\u00e9ny \u00e9let\u00fcnkben egy olyan alkalom is, amely \u00e1ltal hit\u00fcnket gyakorolhatjuk, \u00e1t\u00e9lhetj\u00fck \u00e9s p\u00e9ld\u00e1nkkal egy\u00fattal tov\u00e1bb is adhatjuk. Szombat d\u00e9lben zar\u00e1ndokt\u00e1rsaimmal gy\u00fclekezt\u00fcnk a templom el\u0151tti t\u00e9ren \u00e9s t\u00fcrelmesen v\u00e1rtuk buszunkat. \u00d6r\u00f6mmel indultunk el, mert nem csak a r\u00e9gebbi \u00e9s \u00fajabb ismer\u0151s\u00f6kkel tal\u00e1lkozhatunk, hanem enn\u00e9l ink\u00e1bb, lelki felt\u00f6lt\u0151d\u00e9sre v\u00e1gytunk. A buszban, T\u00f3th M\u00e1rta nagyon sok \u00e9rdekes dolgot mes\u00e9lt Szent Imr\u00e9r\u0151l. \u00c9let\u00e9r\u0151l m\u00e1r sokat halottunk az elm\u00falt \u00e9vekben, \u00edgy h\u00e1t egy m\u00e1sik szemsz\u00f6gb\u0151l mutatta be nek\u00fcnk Szent Imr\u00e9t. R\u00f3la keveset jegyeztek fel a kr\u00f3nik\u00e1k.\u00a0 Ami nekem k\u00fcl\u00f6nlegesnek t\u0171nt, az Szent Imre sz\u00fczess\u00e9gi fogadalma. Els\u0151 benyom\u00e1sra \u00e9rthetetlen az \u0151 fogadalma. Fiatal h\u00e1zas volt, az orsz\u00e1ga \u00e9s csal\u00e1dja is t\u00f6bb mind val\u00f3sz\u00edn\u0171, hogy \u00f6r\u00f6k\u00f6sre v\u00e1rtak. De \u0151 valami nagyobbra \u00e9s t\u00f6bbre v\u00e1gyott, akart. Nek\u00fcnk is lehet p\u00e9ldak\u00e9p\u00fcnk, abban hogy tanuljuk meg a lemond\u00e1s \u00e9rt\u00e9k\u00e9t, a \u201eh\u0151sies\u201c szolg\u00e1lat ott, ahov\u00e1 a J\u00f3isten rendelt minket. Meg\u00e9rkezve Weingartenbe nagy szeretettel fogadtak minket Tibor atya \u00e9s Laci atya. \u00c9nekelve, z\u00e1szl\u00f3 k\u00eds\u00e9ret\u00e9ben bevonultunk a templomba. Az \u00fcnnepi szentmise kezdet\u00e9n egy gy\u00f6ny\u00f6r\u0171 verset halhattunk, Dux Emericus \u2013 felolvasta T\u00f3th M\u00e1rta. Sok t\u00f6rt\u00e9nelmi esem\u00e9nyt eleven\u00edt meg. Biztos mindannyiunkat m\u00e1s \u00e9s m\u00e1s id\u00e9zet ragadott meg. Nekem l\u00e9lekhez sz\u00f3l\u00f3 volt a k\u00f6vetkez\u0151: \u201eA faragott J\u00e9zus az olt\u00e1rr\u00f3l lel\u00e9p, k\u00e9t kez\u00e9be fogja az ifj\u00fa fej\u00e9t\u201c. Magam el\u00e9 tudom k\u00e9pzelni, \u00e9s ez annyira csod\u00e1latos lehet\u2026 A szentbesz\u00e9dben Laci atya szent Imre \u00e9let\u00e9b\u0151l, de szem\u00e9lyes tapasztalatokb\u00f3l is pr\u00f3b\u00e1lt egy p\u00e1r gondolatot megosztani vel\u00fcnk. Szent Imre \u00e9let\u00e9ben nagyon fontos szerepet j\u00e1tszott a sz\u00fcl\u0151i nevel\u00e9s, a sz\u00fcl\u0151k p\u00e9ldak\u00e9pe. Kihangs\u00falyozta, mennyire fontos a p\u00e9ldak\u00e9p \u00e9s k\u00fcl\u00f6n\u00f6sen az, hogy a csal\u00e1d egy\u00fctt im\u00e1dkozzon. Ez sajnos a mai t\u00e1rsadalomban egyre ritk\u00e1bb csal\u00e1di esem\u00e9ny. Szent Imre az ifj\u00fas\u00e1g v\u00e9d\u0151szentje, azonban... R\u00e9szletek"}