{"version":"1.0","provider_name":"Stuttgarti Katolikusok","provider_url":"https:\/\/stuttgarti-katolikusok.de","title":"Szent Imre herceg Magyarorsz\u00e1g \u00e9ke - Stuttgarti Katolikusok","type":"rich","width":600,"height":338,"html":"<blockquote class=\"wp-embedded-content\" data-secret=\"1DNpTNxYS9\"><a href=\"https:\/\/stuttgarti-katolikusok.de\/index.php\/szent-imre-herceg-magyarorszag-eke\/\">Szent Imre herceg Magyarorsz\u00e1g \u00e9ke<\/a><\/blockquote><iframe sandbox=\"allow-scripts\" security=\"restricted\" src=\"https:\/\/stuttgarti-katolikusok.de\/index.php\/szent-imre-herceg-magyarorszag-eke\/embed\/#?secret=1DNpTNxYS9\" width=\"600\" height=\"338\" title=\"&#8220;Szent Imre herceg Magyarorsz\u00e1g \u00e9ke&#8221; &#8212; Stuttgarti Katolikusok\" data-secret=\"1DNpTNxYS9\" frameborder=\"0\" marginwidth=\"0\" marginheight=\"0\" scrolling=\"no\" class=\"wp-embedded-content\"><\/iframe><script type=\"text\/javascript\">\n\/* <![CDATA[ *\/\n\/*! This file is auto-generated *\/\n!function(d,l){\"use strict\";l.querySelector&&d.addEventListener&&\"undefined\"!=typeof URL&&(d.wp=d.wp||{},d.wp.receiveEmbedMessage||(d.wp.receiveEmbedMessage=function(e){var t=e.data;if((t||t.secret||t.message||t.value)&&!\/[^a-zA-Z0-9]\/.test(t.secret)){for(var s,r,n,a=l.querySelectorAll('iframe[data-secret=\"'+t.secret+'\"]'),o=l.querySelectorAll('blockquote[data-secret=\"'+t.secret+'\"]'),c=new RegExp(\"^https?:$\",\"i\"),i=0;i<o.length;i++)o[i].style.display=\"none\";for(i=0;i<a.length;i++)s=a[i],e.source===s.contentWindow&&(s.removeAttribute(\"style\"),\"height\"===t.message?(1e3<(r=parseInt(t.value,10))?r=1e3:~~r<200&&(r=200),s.height=r):\"link\"===t.message&&(r=new URL(s.getAttribute(\"src\")),n=new URL(t.value),c.test(n.protocol))&&n.host===r.host&&l.activeElement===s&&(d.top.location.href=t.value))}},d.addEventListener(\"message\",d.wp.receiveEmbedMessage,!1),l.addEventListener(\"DOMContentLoaded\",function(){for(var e,t,s=l.querySelectorAll(\"iframe.wp-embedded-content\"),r=0;r<s.length;r++)(t=(e=s[r]).getAttribute(\"data-secret\"))||(t=Math.random().toString(36).substring(2,12),e.src+=\"#?secret=\"+t,e.setAttribute(\"data-secret\",t)),e.contentWindow.postMessage({message:\"ready\",secret:t},\"*\")},!1)))}(window,document);\n\/\/# sourceURL=https:\/\/stuttgarti-katolikusok.de\/wp-includes\/js\/wp-embed.min.js\n\/* ]]> *\/\n<\/script>\n","description":"M\u00e1rai S\u00e1ndor \u00edrja: \u201eMinden igazi utaz\u00e1s \u00e9rtelme a hazajut\u00e1s, s az ember megkezdi a hazat\u00e9r\u00e9st abban a pillanatban, amikor \u00fatrakel\u201c Igen, a hazajut\u00e1s, de az m\u00e9g t\u00f6bb mint 12 \u00f3r\u00e1t v\u00e1ratott mag\u00e1ra. De miel\u0151tt \u00fatrakelt\u00fcnk volna, a templomz\u00e1szl\u00f3nk oltalma alatt bevonultunk a stuttgarti, kb. 45 f\u0151s kis csoportunkkal, a templomba, hogy zar\u00e1ndoklatunk megkezd\u00e9se el\u0151tt \u00e9neksz\u00f3val, \u00e9s im\u00e1val k\u00e9rj\u00fck az \u00c9g \u00e1ld\u00e1s\u00e1t, hogy azt, utunk folyam\u00e1n is magunkkal v\u00edgy\u00fck. K\u00e9r\u0151im\u00e1nk meghallgat\u00e1sra tal\u00e1lt, mert kellemes naps\u00fct\u00e9ses id\u0151ben, \u00e9s sz\u00e9p, \u00e9s gazdag\u00edt\u00f3 \u00e9lm\u00e9nyekben volt r\u00e9sz\u00fcnk, s a novemberi napf\u00e9ny is mindv\u00e9gig partner\u00fcnknek szeg\u0151d\u00f6tt utunkon. &nbsp; Imre atya m\u00e9g kezdetekkor azzal az \u00f6tlettel \u00e1llt el\u0151, hogy minden r\u00e9szegyh\u00e1z a magyar szentek k\u00f6z\u00fcl v\u00e1lasszon mag\u00e1nak egy v\u00e9d\u0151szentet. \u00cdgy esett Weingartenben a v\u00e1laszt\u00e1s Szent Imre hercegre. S mert a megosztott \u00f6r\u00f6m k\u00e9tszeres \u00f6r\u00f6m, \u00edgy patr\u00f3nusuk \u00e9gi sz\u00fclet\u00e9snapj\u00e1ra, vagyis b\u00facs\u00fa\u00fcnnep\u00fckre, az eg\u00e9sz stuttgarti magyar katolikus egyh\u00e1zk\u00f6zs\u00e9get megh\u00edvt\u00e1k. Ez imm\u00e1r hagyom\u00e1nny\u00e1 nemes\u00fclt, s mi \u00e9vr\u0151l \u00e9vre sz\u00edvesen \u00e9l\u00fcnk megh\u00edv\u00e1sukkal. &nbsp; \u00cdgy kis zar\u00e1ndokcsoportunk 2015. november 7-\u00e9n d\u00e9li 12 \u00f3rakor a templom el\u0151tt engedelmesen re\u00e1 v\u00e1rakoz\u00f3 busszal \u00fatnak indult. Mivel Melinda m\u00e1r j\u00f3 el\u0151re elk\u00e9sz\u00edtette a buszra sz\u00f3l\u00f3 \u00fcltet\u00e9srendet, \u00edgy a szerencse engem Mezei \u00c9va mell\u00e9 sodort, s ez m\u00f3dot ny\u00fajtott arra, hogy egy j\u00f3 nagyot besz\u00e9lgessek \u00c9v\u00e1val, akivel a Stuttgart \u00e9s Pforzheim k\u00f6z\u00f6tti nagy t\u00e1vols\u00e1g miatt ritk\u00e1bban tal\u00e1lkozom. Mivel a buszon nemcsak besz\u00e9lgetni lehet, hanem a zar\u00e1ndoklatra lelkiekben felk\u00e9sz\u00fclni, \u00edgy \u00f6r\u00f6mmel vett\u00fck, hogy Imre atya el\u0151bb a weingarteni k\u00f6z\u00f6ss\u00e9gr\u0151l, \u00e9s a k\u00f6rnyez\u0151 telep\u00fcl\u00e9sekr\u0151l sz\u00f3l\u00f3 tudnival\u00f3kat t\u00e1rta el\u00e9nk, majd r\u00e1t\u00e9rt arra is, hogy mit is jelent a b\u00facs\u00fa fogalma, \u00e9s h\u00e1nyf\u00e9le b\u00facs\u00fa l\u00e9tezik egy adott k\u00f6z\u00f6ss\u00e9g \u00e9let\u00e9ben . A k\u00f6vetkez\u0151ket tudhattuk meg: egy templom nagyb\u00facs\u00faj\u00e1nak \u00fcnnepe egybeesik a v\u00e9d\u0151szentj\u00e9nek holtanapj\u00e1val, m\u00e1s sz\u00f3val a v\u00e9d\u0151szentnek a nevenapj\u00e1val. Ilyenkor t\u00e1vol \u00e9s k\u00f6zelr\u0151l \u00f6sszegy\u00fclik az eg\u00e9sz rokons\u00e1g, mivel ez a nap a csal\u00e1di \u00f6sszetartoz\u00e1snak is a napja. Ilyenkor a megter\u00edtett vend\u00e9gv\u00e1r\u00f3 \u00fcnnepi... R\u00e9szletek"}