{"version":"1.0","provider_name":"Stuttgarti Katolikusok","provider_url":"https:\/\/stuttgarti-katolikusok.de","title":"Szent Gell\u00e9rt b\u00facs\u00fa\u00fcnnep Stuttgartban - Stuttgarti Katolikusok","type":"rich","width":600,"height":338,"html":"<blockquote class=\"wp-embedded-content\" data-secret=\"G1ijHAmKO2\"><a href=\"https:\/\/stuttgarti-katolikusok.de\/index.php\/szent-gellert-bucsuunnep-stuttgartban\/\">Szent Gell\u00e9rt b\u00facs\u00fa\u00fcnnep Stuttgartban<\/a><\/blockquote><iframe sandbox=\"allow-scripts\" security=\"restricted\" src=\"https:\/\/stuttgarti-katolikusok.de\/index.php\/szent-gellert-bucsuunnep-stuttgartban\/embed\/#?secret=G1ijHAmKO2\" width=\"600\" height=\"338\" title=\"&#8220;Szent Gell\u00e9rt b\u00facs\u00fa\u00fcnnep Stuttgartban&#8221; &#8212; Stuttgarti Katolikusok\" data-secret=\"G1ijHAmKO2\" frameborder=\"0\" marginwidth=\"0\" marginheight=\"0\" scrolling=\"no\" class=\"wp-embedded-content\"><\/iframe><script type=\"text\/javascript\">\n\/* <![CDATA[ *\/\n\/*! This file is auto-generated *\/\n!function(d,l){\"use strict\";l.querySelector&&d.addEventListener&&\"undefined\"!=typeof URL&&(d.wp=d.wp||{},d.wp.receiveEmbedMessage||(d.wp.receiveEmbedMessage=function(e){var t=e.data;if((t||t.secret||t.message||t.value)&&!\/[^a-zA-Z0-9]\/.test(t.secret)){for(var s,r,n,a=l.querySelectorAll('iframe[data-secret=\"'+t.secret+'\"]'),o=l.querySelectorAll('blockquote[data-secret=\"'+t.secret+'\"]'),c=new RegExp(\"^https?:$\",\"i\"),i=0;i<o.length;i++)o[i].style.display=\"none\";for(i=0;i<a.length;i++)s=a[i],e.source===s.contentWindow&&(s.removeAttribute(\"style\"),\"height\"===t.message?(1e3<(r=parseInt(t.value,10))?r=1e3:~~r<200&&(r=200),s.height=r):\"link\"===t.message&&(r=new URL(s.getAttribute(\"src\")),n=new URL(t.value),c.test(n.protocol))&&n.host===r.host&&l.activeElement===s&&(d.top.location.href=t.value))}},d.addEventListener(\"message\",d.wp.receiveEmbedMessage,!1),l.addEventListener(\"DOMContentLoaded\",function(){for(var e,t,s=l.querySelectorAll(\"iframe.wp-embedded-content\"),r=0;r<s.length;r++)(t=(e=s[r]).getAttribute(\"data-secret\"))||(t=Math.random().toString(36).substring(2,12),e.src+=\"#?secret=\"+t,e.setAttribute(\"data-secret\",t)),e.contentWindow.postMessage({message:\"ready\",secret:t},\"*\")},!1)))}(window,document);\n\/\/# sourceURL=https:\/\/stuttgarti-katolikusok.de\/wp-includes\/js\/wp-embed.min.js\n\/* ]]> *\/\n<\/script>\n","thumbnail_url":"https:\/\/stuttgarti-katolikusok.de\/wp-content\/uploads\/2017\/09\/img_2516.jpg","thumbnail_width":2592,"thumbnail_height":1936,"description":"2017. szeptember 17-\u00e9n a Stuttgarti Magyar Katolikus Egyh\u00e1zk\u00f6zs\u00e9g temploma v\u00e9d\u0151szentj\u00e9nek &#8211; Szent Gell\u00e9rt p\u00fcsp\u00f6k \u00e9s v\u00e9rtan\u00fa &#8211; \u00fcnnep\u00e9t \u00fclte. A n\u00e9gynapos jubileumi \u00fcnneps\u00e9g cs\u00facspontja volt a h\u00e1laad\u00f3 szentmise. Benne k\u00f6sz\u00f6netet \u00e9s h\u00e1l\u00e1t adtunk a hetven esztend\u0151\u00e9rt. Ez alkalommal az \u00fcnnepi szentmise celebr\u00e1nsa \u00e9s igehirdet\u0151je Ft. Urb\u00e1n Erik, ferences atya, a Cs\u00edksomly\u00f3-i kegytemplom igazgat\u00f3ja, \u00e9rseki helyn\u00f6k volt. Az al\u00e1bbi helyen az \u00fcnnepi szentmise elm\u00e9lked\u00e9se hallhat\u00f3. Fogadj\u00e1tok szeretettel! Itt olvashat\u00f3 az \u00edrott v\u00e1ltozata is az elhangzott elm\u00e9lked\u00e9snek: Kedves Imre \u00e9s Tibor atya, Krisztusban szeretett \u00fcnnepl\u0151 testv\u00e9reim! Tal\u00e1n nem mondok \u00fajdons\u00e1got azzal, ha kijelentem, hogy a ma embere egyre ink\u00e1bb hajlamos arra, hogy sz\u00e9tv\u00e1lassza az \u00e9let\u00e9ben a szakr\u00e1list \u00e9s a prof\u00e1nt, az istenit \u00e9s az emberit; \u00e9s a kett\u0151t k\u00fcl\u00f6n is kezelje\u2026 A h\u00edv\u0151 ember e kett\u0151t, a kett\u0151ss\u00e9geket egy\u00fctt \u00e9li meg; az isteni \u00e9s az emberi \u00f6sszefon\u00f3dik az \u0151 \u00e9let\u00e9ben \u00fagy, ahogy a sz\u00f6vetsz\u00e1lak fon\u00f3dnak \u00f6ssze anyagg\u00e1. A kett\u0151 k\u00fcl\u00f6n\u00f6s k\u00f6lcs\u00f6nhat\u00e1sban van egym\u00e1ssal: az isteni kihat az emberire, az emberi az istenire, \u00e9s \u00edgy \u00e9li egyens\u00falyban az \u00e9let\u00e9t, \u00fcnnepeli a hit\u00e9t \u2013 \u00e9s az \u00fcnnepelt hit\u00e9t a gyakorlatban is meg\u00e9li, a h\u00e9tk\u00f6znapokban. Ilyen szempontb\u00f3l nem kell csod\u00e1lkoznunk a szenteken, nem kell azt gondolnunk, hogy a szentek k\u00fcl\u00f6nleges csodabogarak, akik el\u00e9rhetetlen messzes\u00e9gben vannak t\u0151l\u00fcnk, hiszen \u0151k val\u00f3ban \u00e9lt\u00e9k azt, amit tanultak Krisztusr\u00f3l, amire Krisztus ig\u00e9je, a J\u00f3istennek az \u00fczenete hivat\u00e1sk\u00e9nt meghat\u00e1rozta az \u0151 \u00e9let\u00fcket. \u00c9s teljes \u00e9letet \u00e9ltek, az egyh\u00e1z pedig szentk\u00e9nt, p\u00e9ldak\u00e9pk\u00e9nt, k\u00f6zbenj\u00e1r\u00f3k\u00e9nt gondol r\u00e1juk \u00e9s tiszteli \u0151ket. Ha v\u00e9giggondolunk a csal\u00e1di, bar\u00e1ti k\u00f6r\u00fcnk\u00f6n, akkor bizony\u00e1ra ott is tal\u00e1lunk olyan embereket, akik val\u00f3ban b\u00e9k\u00e9ben, \u00f6r\u00f6mben \u00e9s \u00f6r\u00f6mmel, szeretettel tudt\u00e1k \u00e9lni az \u00e9let\u00fcket \u2013 az egyh\u00e1z r\u00f3luk nem mondja ki, hogy szentek, azonban \u00e9rezz\u00fck, hogy ott vannak a J\u00f3istenn\u00e9l \u00e9s k\u00f6zbenj\u00e1rnak \u00e9rt\u00fcnk. V\u00e9rtan\u00fas\u00e1ga eml\u00e9knapj\u00e1n Szent Gell\u00e9rtre, az egyh\u00e1zk\u00f6zs\u00e9g v\u00e9d\u0151szentj\u00e9re eml\u00e9kez\u00fcnk, \u00e9s az \u0151 k\u00f6zbenj\u00e1r\u00e1s\u00e1t k\u00e9rj\u00fck. Feleleven\u00edtve \u00e9letrajz\u00e1nak ismert r\u00e9szleteit, tal\u00e1n sok mindent ki... R\u00e9szletek"}