{"version":"1.0","provider_name":"Stuttgarti Katolikusok","provider_url":"https:\/\/stuttgarti-katolikusok.de","title":"Szent Gell\u00e9rt b\u00facs\u00fa Stuttgartban - Stuttgarti Katolikusok","type":"rich","width":600,"height":338,"html":"<blockquote class=\"wp-embedded-content\" data-secret=\"NQ4pu8IkkO\"><a href=\"https:\/\/stuttgarti-katolikusok.de\/index.php\/szent-gellert-bucsu-stuttgartban-2\/\">Szent Gell\u00e9rt b\u00facs\u00fa Stuttgartban<\/a><\/blockquote><iframe sandbox=\"allow-scripts\" security=\"restricted\" src=\"https:\/\/stuttgarti-katolikusok.de\/index.php\/szent-gellert-bucsu-stuttgartban-2\/embed\/#?secret=NQ4pu8IkkO\" width=\"600\" height=\"338\" title=\"&#8220;Szent Gell\u00e9rt b\u00facs\u00fa Stuttgartban&#8221; &#8212; Stuttgarti Katolikusok\" data-secret=\"NQ4pu8IkkO\" frameborder=\"0\" marginwidth=\"0\" marginheight=\"0\" scrolling=\"no\" class=\"wp-embedded-content\"><\/iframe><script type=\"text\/javascript\">\n\/* <![CDATA[ *\/\n\/*! This file is auto-generated *\/\n!function(d,l){\"use strict\";l.querySelector&&d.addEventListener&&\"undefined\"!=typeof URL&&(d.wp=d.wp||{},d.wp.receiveEmbedMessage||(d.wp.receiveEmbedMessage=function(e){var t=e.data;if((t||t.secret||t.message||t.value)&&!\/[^a-zA-Z0-9]\/.test(t.secret)){for(var s,r,n,a=l.querySelectorAll('iframe[data-secret=\"'+t.secret+'\"]'),o=l.querySelectorAll('blockquote[data-secret=\"'+t.secret+'\"]'),c=new RegExp(\"^https?:$\",\"i\"),i=0;i<o.length;i++)o[i].style.display=\"none\";for(i=0;i<a.length;i++)s=a[i],e.source===s.contentWindow&&(s.removeAttribute(\"style\"),\"height\"===t.message?(1e3<(r=parseInt(t.value,10))?r=1e3:~~r<200&&(r=200),s.height=r):\"link\"===t.message&&(r=new URL(s.getAttribute(\"src\")),n=new URL(t.value),c.test(n.protocol))&&n.host===r.host&&l.activeElement===s&&(d.top.location.href=t.value))}},d.addEventListener(\"message\",d.wp.receiveEmbedMessage,!1),l.addEventListener(\"DOMContentLoaded\",function(){for(var e,t,s=l.querySelectorAll(\"iframe.wp-embedded-content\"),r=0;r<s.length;r++)(t=(e=s[r]).getAttribute(\"data-secret\"))||(t=Math.random().toString(36).substring(2,12),e.src+=\"#?secret=\"+t,e.setAttribute(\"data-secret\",t)),e.contentWindow.postMessage({message:\"ready\",secret:t},\"*\")},!1)))}(window,document);\n\/\/# sourceURL=https:\/\/stuttgarti-katolikusok.de\/wp-includes\/js\/wp-embed.min.js\n\/* ]]> *\/\n<\/script>\n","thumbnail_url":"https:\/\/stuttgarti-katolikusok.de\/wp-content\/uploads\/2021\/09\/szent-gellert.jpg","thumbnail_width":799,"thumbnail_height":533,"description":"2021. szeptember 19-\u00e9n, vas\u00e1rnap tartottuk meg egyh\u00e1zk\u00f6zs\u00e9gi b\u00facs\u00fa \u00fcnnep\u00fcnket Stuttgartban. A szentmise f\u0151celebr\u00e1nsa \u00e9s \u00fcnnepi sz\u00f3noka Ft. Ily\u00e9s Csaba, nagyk\u00e1rolyi esperes pl\u00e9b\u00e1nos atya volt. K\u00e9t \u00fcnnepi mozzanata is volt\u00a0 a szentmis\u00e9nek. A szentmise kezdet\u00e9n\u00a0 meg\u00e1ldottuk az erre az alkalomra k\u00e9sz\u00edtett Szent Gell\u00e9rt miseruh\u00e1t. Ezt k\u00f6vet\u0151en a Szent Gy\u00f6rgy Lovagrend\u00a0 Budav\u00e1ri prior\u00e1tus k\u00e9pviselet\u00e9ben Kaiser Ern\u0151, Kov\u00e1cs G\u00e1bor \u00e9s Dr. T\u00f3thp\u00e1l Tam\u00e1s lovagok Szent Gell\u00e9rt erekly\u00e9t adtak \u00e1t k\u00f6z\u00f6ss\u00e9g\u00fcnknek. Liturgi\u00e1nkat a Gloria Cantus k\u00f3rusunk \u00e9nekei, tov\u00e1bb\u00e1 Kozma-Plecsk\u00f3 Edina (heged\u0171) \u00e9s H\u00e4fner Geiger Ildik\u00f3 (zongora) \u00e1ltal el\u0151adott m\u0171vek tettek sz\u00e9pp\u00e9 \u00e9s felemel\u0151v\u00e9. K\u00f6sz\u00f6net Josef Laupheimer aty\u00e1nak, aki szint\u00e9n buzd\u00edt\u00f3 gondolatokkal aj\u00e1nd\u00e9kozott meg benn\u00fcnket. Az adott k\u00f6r\u00fclm\u00e9nyekhez \u00e9s lehet\u0151s\u00e9gekhez igazodva, szentmise v\u00e9g\u00e9n \u00e1g\u00e1p\u00e9t is tarthattunk. K\u00f6sz\u00f6net mindazoknak, akik seg\u00edt\u0151 kezet ny\u00fajtottak mind a szentmise, mind alkalm\u00e1val. Mint mindig, a k\u00e9peket most is D\u00e1vid Ferenc k\u00e9sz\u00edtette."}