{"version":"1.0","provider_name":"Stuttgarti Katolikusok","provider_url":"https:\/\/stuttgarti-katolikusok.de","title":"Szent Csal\u00e1d vas\u00e1rnapja - Stuttgarti Katolikusok","type":"rich","width":600,"height":338,"html":"<blockquote class=\"wp-embedded-content\" data-secret=\"dgTtPo1xck\"><a href=\"https:\/\/stuttgarti-katolikusok.de\/index.php\/szent-csalad-vasarnapja-2\/\">Szent Csal\u00e1d vas\u00e1rnapja<\/a><\/blockquote><iframe sandbox=\"allow-scripts\" security=\"restricted\" src=\"https:\/\/stuttgarti-katolikusok.de\/index.php\/szent-csalad-vasarnapja-2\/embed\/#?secret=dgTtPo1xck\" width=\"600\" height=\"338\" title=\"&#8220;Szent Csal\u00e1d vas\u00e1rnapja&#8221; &#8212; Stuttgarti Katolikusok\" data-secret=\"dgTtPo1xck\" frameborder=\"0\" marginwidth=\"0\" marginheight=\"0\" scrolling=\"no\" class=\"wp-embedded-content\"><\/iframe><script type=\"text\/javascript\">\n\/* <![CDATA[ *\/\n\/*! This file is auto-generated *\/\n!function(d,l){\"use strict\";l.querySelector&&d.addEventListener&&\"undefined\"!=typeof URL&&(d.wp=d.wp||{},d.wp.receiveEmbedMessage||(d.wp.receiveEmbedMessage=function(e){var t=e.data;if((t||t.secret||t.message||t.value)&&!\/[^a-zA-Z0-9]\/.test(t.secret)){for(var s,r,n,a=l.querySelectorAll('iframe[data-secret=\"'+t.secret+'\"]'),o=l.querySelectorAll('blockquote[data-secret=\"'+t.secret+'\"]'),c=new RegExp(\"^https?:$\",\"i\"),i=0;i<o.length;i++)o[i].style.display=\"none\";for(i=0;i<a.length;i++)s=a[i],e.source===s.contentWindow&&(s.removeAttribute(\"style\"),\"height\"===t.message?(1e3<(r=parseInt(t.value,10))?r=1e3:~~r<200&&(r=200),s.height=r):\"link\"===t.message&&(r=new URL(s.getAttribute(\"src\")),n=new URL(t.value),c.test(n.protocol))&&n.host===r.host&&l.activeElement===s&&(d.top.location.href=t.value))}},d.addEventListener(\"message\",d.wp.receiveEmbedMessage,!1),l.addEventListener(\"DOMContentLoaded\",function(){for(var e,t,s=l.querySelectorAll(\"iframe.wp-embedded-content\"),r=0;r<s.length;r++)(t=(e=s[r]).getAttribute(\"data-secret\"))||(t=Math.random().toString(36).substring(2,12),e.src+=\"#?secret=\"+t,e.setAttribute(\"data-secret\",t)),e.contentWindow.postMessage({message:\"ready\",secret:t},\"*\")},!1)))}(window,document);\n\/\/# sourceURL=https:\/\/stuttgarti-katolikusok.de\/wp-includes\/js\/wp-embed.min.js\n\/* ]]> *\/\n<\/script>\n","thumbnail_url":"https:\/\/stuttgarti-katolikusok.de\/wp-content\/uploads\/2022\/12\/whatsapp-kep-2022-12-30-200234.jpg","thumbnail_width":2000,"thumbnail_height":1125,"description":"A 2025. \u00e9v jubileumi szent\u00e9v. Ferenc p\u00e1pa a k\u00f6vetkez\u0151 m\u00f3don sz\u00f3l\u00edt meg mindannyiunkat: \u201eA szent\u00e9v mindig nagy lelki, egyh\u00e1zi \u00e9s t\u00e1rsadalmi jelent\u0151s\u00e9g\u0171 esem\u00e9ny volt az Egyh\u00e1z \u00e9let\u00e9ben. Ami\u00f3ta VIII. Bonif\u00e1c 1300-ban bevezette az els\u0151 szent\u00e9vet \u2013 sz\u00e1z\u00e9ves ism\u00e9tl\u0151d\u00e9ssel, amely azt\u00e1n a bibliai mint\u00e1ra \u00f6tven\u00e9vess\u00e9 v\u00e1lt, majd huszon\u00f6t \u00e9venk\u00e9nt ism\u00e9tl\u0151d\u0151k\u00e9nt \u00e1lland\u00f3sult \u2013, Isten h\u00edv\u0151 szent n\u00e9pe ezt az \u00fcnnepet a kegyelem k\u00fcl\u00f6nleges aj\u00e1nd\u00e9kak\u00e9nt \u00e9li meg, melyet a b\u0171n\u00f6k bocs\u00e1nata \u00e9s k\u00fcl\u00f6n\u00f6sen a b\u00facs\u00fa, Isten irgalm\u00e1nak teljes kifejez\u0151d\u00e9se jellemez.\u201d (A rem\u00e9ny zar\u00e1ndokai \u2013 Ferenc p\u00e1pa levele a 2025-\u00f6s szent\u00e9v el\u0151k\u00e9sz\u00edt\u00e9s\u00e9r\u0151l) A szent\u00e9v \u00edgy alapvet\u0151en aj\u00e1nd\u00e9k\u00a0 a kereszt\u00e9ny csal\u00e1dok sz\u00e1m\u00e1ra. Hiszen a visszatekint\u00e9sen t\u00fal sz\u00f3l a meg\u00fajul\u00e1sr\u00f3l, ism\u00e9telt megt\u00e9r\u00e9sr\u0151l, az \u00fajrakezd\u00e9s lehet\u0151s\u00e9g\u00e9r\u0151l, &#8222;kegyelmi \u00fajrakezd\u00e9sr\u0151l&#8221;. Rem\u00e9ny szerint a jubileumi szent\u00e9vben a kereszt\u00e9ny csal\u00e1dok ism\u00e9t visszanyerik m\u00e9lt\u00f3 hely\u00fcket \u00e9s meg\u00edt\u00e9l\u00e9s\u00fcket az emberi t\u00e1rsadalomban. Kezd\u0151\u00e9nek: A p\u00e1sztorok sietve \u00fatra keltek, s megtal\u00e1lt\u00e1k M\u00e1ri\u00e1t, J\u00f3zsefet, \u00e9s a j\u00e1szolban fekv\u0151 Kisdedet! (Lk 2,16) K\u00f6ny\u00f6rg\u00e9s: Isten\u00fcnk, te ragyog\u00f3 p\u00e9ldak\u00e9pnek \u00e1ll\u00edtod el\u00e9nk a Szent Csal\u00e1dot. Seg\u00edts, hogy nyomukban j\u00e1rjunk: gyakoroljuk a csal\u00e1di \u00e9let er\u00e9nyeit, mindig egyek maradjunk a szeretetben, \u00e9s \u00edgy atyai h\u00e1zadban \u00f6rvendezz\u00fcnk \u00f6r\u00f6k jutalmadnak. A mi Urunk, J\u00e9zus Krisztus, a te Fiad \u00e1ltal, aki veled \u00e9l \u00e9s uralkodik a Szentl\u00e9lekkel egys\u00e9gben, Isten mind\u00f6r\u00f6kk\u00f6n \u00f6r\u00f6kk\u00e9. OLVASM\u00c1NY Sir\u00e1k fia k\u00f6nyv\u00e9b\u0151l (Sir 3,3-7.14-17a) Aki f\u00e9li az Urat, tiszteli sz\u00fcleit. Isten tekint\u00e9lyt adott az ap\u00e1nak a gyermekek el\u0151tt, \u00e9s megszabta az anya jog\u00e1t a gyermekekkel szemben. Aki tiszteli apj\u00e1t, b\u0171neit engeszteli, megszabadul t\u0151l\u00fck, \u00e9s mindennapi im\u00e1ja meghallgat\u00e1sra tal\u00e1l. Kincset gy\u0171jt mag\u00e1nak, aki megbecs\u00fcli anyj\u00e1t, aki pedig tiszteli apj\u00e1t, \u00f6r\u00f6m\u00e9t leli gyermekeiben, s amikor im\u00e1dkozik, meghallgat\u00e1sra tal\u00e1l. Aki becs\u00fcli apj\u00e1t, hossz\u00fa \u00e9let\u0171 lesz, s aki sz\u00f3t fogad apj\u00e1nak, fel\u00fcd\u00edti anyj\u00e1t. Fiam! Legyen gondod ap\u00e1dra \u00f6regs\u00e9g\u00e9ben, \u00e9s ne keser\u00edtsd \u0151t \u00e9let\u00e9ben. Ha meg is fogyatkozik erej\u00e9ben, l\u00e9gy eln\u00e9z\u0151 ir\u00e1nta, \u00e9s ne vesd meg \u00e9let\u00e9nek egy napj\u00e1n se. Ap\u00e1d ir\u00e1nt tan\u00fas\u00edtott j\u00f3 cselekedeted nem megy... R\u00e9szletek"}