{"version":"1.0","provider_name":"Stuttgarti Katolikusok","provider_url":"https:\/\/stuttgarti-katolikusok.de","title":"Stuttgarti Magyar Csal\u00e1di Nap - Stuttgarti Katolikusok","type":"rich","width":600,"height":338,"html":"<blockquote class=\"wp-embedded-content\" data-secret=\"IiRqmJgEz1\"><a href=\"https:\/\/stuttgarti-katolikusok.de\/index.php\/stuttgarti-magyar-csaladi-nap\/\">Stuttgarti Magyar Csal\u00e1di Nap<\/a><\/blockquote><iframe sandbox=\"allow-scripts\" security=\"restricted\" src=\"https:\/\/stuttgarti-katolikusok.de\/index.php\/stuttgarti-magyar-csaladi-nap\/embed\/#?secret=IiRqmJgEz1\" width=\"600\" height=\"338\" title=\"&#8220;Stuttgarti Magyar Csal\u00e1di Nap&#8221; &#8212; Stuttgarti Katolikusok\" data-secret=\"IiRqmJgEz1\" frameborder=\"0\" marginwidth=\"0\" marginheight=\"0\" scrolling=\"no\" class=\"wp-embedded-content\"><\/iframe><script type=\"text\/javascript\">\n\/* <![CDATA[ *\/\n\/*! This file is auto-generated *\/\n!function(d,l){\"use strict\";l.querySelector&&d.addEventListener&&\"undefined\"!=typeof URL&&(d.wp=d.wp||{},d.wp.receiveEmbedMessage||(d.wp.receiveEmbedMessage=function(e){var t=e.data;if((t||t.secret||t.message||t.value)&&!\/[^a-zA-Z0-9]\/.test(t.secret)){for(var s,r,n,a=l.querySelectorAll('iframe[data-secret=\"'+t.secret+'\"]'),o=l.querySelectorAll('blockquote[data-secret=\"'+t.secret+'\"]'),c=new RegExp(\"^https?:$\",\"i\"),i=0;i<o.length;i++)o[i].style.display=\"none\";for(i=0;i<a.length;i++)s=a[i],e.source===s.contentWindow&&(s.removeAttribute(\"style\"),\"height\"===t.message?(1e3<(r=parseInt(t.value,10))?r=1e3:~~r<200&&(r=200),s.height=r):\"link\"===t.message&&(r=new URL(s.getAttribute(\"src\")),n=new URL(t.value),c.test(n.protocol))&&n.host===r.host&&l.activeElement===s&&(d.top.location.href=t.value))}},d.addEventListener(\"message\",d.wp.receiveEmbedMessage,!1),l.addEventListener(\"DOMContentLoaded\",function(){for(var e,t,s=l.querySelectorAll(\"iframe.wp-embedded-content\"),r=0;r<s.length;r++)(t=(e=s[r]).getAttribute(\"data-secret\"))||(t=Math.random().toString(36).substring(2,12),e.src+=\"#?secret=\"+t,e.setAttribute(\"data-secret\",t)),e.contentWindow.postMessage({message:\"ready\",secret:t},\"*\")},!1)))}(window,document);\n\/\/# sourceURL=https:\/\/stuttgarti-katolikusok.de\/wp-includes\/js\/wp-embed.min.js\n\/* ]]> *\/\n<\/script>\n","description":"Megh\u00edv\u00f3 a STUTTGARTI MAGYAR CSAL\u00c1DI NAPRA 2016. J\u00daLIUS 3-\u00c1N, VAS\u00c1RNAP, d\u00e9lel\u0151tt 9.30 \u00f3r\u00e1t\u00f3l\u00a0 Stuttgart \u2013 B\u00e4rensee Program 9.30 \u00f3rakor katolikus t\u00e1bori szentmise. Ut\u00e1na ismerked\u00e9s, j\u00e1t\u00e9kok, versenyek, f\u0151z\u00e9s, grillez\u00e9s, sport. Gyertek el, legy\u00fcnk egy\u00fctt, ismerj\u00fck meg egym\u00e1st, \u00e9s \u00e9rezz\u00fck j\u00f3l magunkat! Hozand\u00f3 Ki mit szeret enni-inni \u00e9s cipelni: sz\u00e9k, asztal, megfelel\u0151 ruh\u00e1zat \u00e9s l\u00e1bbeli. Grillez\u0151 nem sz\u00fcks\u00e9ges, mert nagy t\u0171zhely van. A parkol\u00f3t\u00f3l kb. 1 km-t kell gyalogolni. \u00datle\u00edr\u00e1s Stuttgart ir\u00e1ny\u00e1b\u00f3l a B14-es \u00faton &#8211; az alag\u00faton \u00e1t &#8211; a Schattenringn\u00e9l (2. kij\u00e1r\u00f3) Magstadt fel\u00e9 megy\u00fcnk a Marstadterstr-n. Ott mindj\u00e1rt a k\u00f6rforg\u00f3b\u00f3l kimegy\u00fcnk \u00e9s megpr\u00f3b\u00e1lunk parkolni. Mivel a parkol\u00f3hely kev\u00e9s, ez\u00e9rt lehet, hogy egy kicsit tov\u00e1bb kell menni. Innen kb 800m-t kell m\u00e9g gyalogolni a tiszt\u00e1sig, mik\u00f6zben a B\u00e4renschl\u00f6ssle-t elhagyjuk! A helysz\u00edn megk\u00f6zel\u00edthet\u0151 a Schloss Solitude fel\u0151l is, ahonnan a t\u00e1vols\u00e1g nagyj\u00e1b\u00f3l ugyan annyi. \u00a0https:\/\/www.google.de\/maps\/place\/B%C3%A4renschl%C3%B6ssle\/@48.760874,9.091352,15z\/data=!4m5!3m4!1s0x0:0xb4ac38150680575b!8m2!3d48.760874!4d9.091352 Mindenkit szeretettel v\u00e1r A STUTTGARTI \u00a0MAGYAROK \u00a0SZ\u00d6VETS\u00c9GE Hunnia Bar\u00e1ti K\u00f6r, Napvir\u00e1g Kult\u00faregyes\u00fclet, Magyar \u00d3voda Egyes\u00fclet, Stuttgarti Magyar Cserk\u00e9szek, Erasmus Akad\u00e9mia, Turul Baranta \u00e9s a Szent Gell\u00e9rtr\u0151l elnevezett Magyar Katolikus Egyh\u00e1zk\u00f6zs\u00e9g. www.stuttgarti-magyarok-szovetsege.de \u00a0"}