{"version":"1.0","provider_name":"Stuttgarti Katolikusok","provider_url":"https:\/\/stuttgarti-katolikusok.de","title":"Stuttgarti Farsang - K\u00e9pgal\u00e9ria - Stuttgarti Katolikusok","type":"rich","width":600,"height":338,"html":"<blockquote class=\"wp-embedded-content\" data-secret=\"GNvDCM5IbJ\"><a href=\"https:\/\/stuttgarti-katolikusok.de\/index.php\/stuttgarti-farsang\/\">Stuttgarti Farsang &#8211; K\u00e9pgal\u00e9ria<\/a><\/blockquote><iframe sandbox=\"allow-scripts\" security=\"restricted\" src=\"https:\/\/stuttgarti-katolikusok.de\/index.php\/stuttgarti-farsang\/embed\/#?secret=GNvDCM5IbJ\" width=\"600\" height=\"338\" title=\"&#8220;Stuttgarti Farsang &#8211; K\u00e9pgal\u00e9ria&#8221; &#8212; Stuttgarti Katolikusok\" data-secret=\"GNvDCM5IbJ\" frameborder=\"0\" marginwidth=\"0\" marginheight=\"0\" scrolling=\"no\" class=\"wp-embedded-content\"><\/iframe><script type=\"text\/javascript\">\n\/* <![CDATA[ *\/\n\/*! This file is auto-generated *\/\n!function(d,l){\"use strict\";l.querySelector&&d.addEventListener&&\"undefined\"!=typeof URL&&(d.wp=d.wp||{},d.wp.receiveEmbedMessage||(d.wp.receiveEmbedMessage=function(e){var t=e.data;if((t||t.secret||t.message||t.value)&&!\/[^a-zA-Z0-9]\/.test(t.secret)){for(var s,r,n,a=l.querySelectorAll('iframe[data-secret=\"'+t.secret+'\"]'),o=l.querySelectorAll('blockquote[data-secret=\"'+t.secret+'\"]'),c=new RegExp(\"^https?:$\",\"i\"),i=0;i<o.length;i++)o[i].style.display=\"none\";for(i=0;i<a.length;i++)s=a[i],e.source===s.contentWindow&&(s.removeAttribute(\"style\"),\"height\"===t.message?(1e3<(r=parseInt(t.value,10))?r=1e3:~~r<200&&(r=200),s.height=r):\"link\"===t.message&&(r=new URL(s.getAttribute(\"src\")),n=new URL(t.value),c.test(n.protocol))&&n.host===r.host&&l.activeElement===s&&(d.top.location.href=t.value))}},d.addEventListener(\"message\",d.wp.receiveEmbedMessage,!1),l.addEventListener(\"DOMContentLoaded\",function(){for(var e,t,s=l.querySelectorAll(\"iframe.wp-embedded-content\"),r=0;r<s.length;r++)(t=(e=s[r]).getAttribute(\"data-secret\"))||(t=Math.random().toString(36).substring(2,12),e.src+=\"#?secret=\"+t,e.setAttribute(\"data-secret\",t)),e.contentWindow.postMessage({message:\"ready\",secret:t},\"*\")},!1)))}(window,document);\n\/\/# sourceURL=https:\/\/stuttgarti-katolikusok.de\/wp-includes\/js\/wp-embed.min.js\n\/* ]]> *\/\n<\/script>\n","thumbnail_url":"https:\/\/stuttgarti-katolikusok.de\/wp-content\/uploads\/2016\/02\/24535098939_21c3950674_z.jpg","thumbnail_width":640,"thumbnail_height":427,"description":"[vc_row][vc_column][vc_column_text] Stutttg\u00e1rtban r\u00e9gi szok\u00e1sunk szerint id\u00e9n is hangulatos farsangi mulats\u00e1ggal z\u00e1rtuk le az idei b\u00e1li szezont. Szentmise ut\u00e1n a k\u00f6z\u00f6ss\u00e9gi teremben gy\u00fclekezett a n\u00e9pes sereg. Sz\u00e9pen ter\u00edtett asztal mellett, \u00edzletes f\u00e1nkot, finom borokat fogyasztgatva n\u00e9zt\u00fck v\u00e9gig a vid\u00e1m farsangi m\u0171sort. Az idei m\u0171sorban \u00edzel\u00edt\u0151t kaptunk a sz\u00e9kelyek \u00e9let\u00e9r\u0151l, mentalit\u00e1s\u00e1r\u00f3l, furfangos \u00e9szj\u00e1r\u00e1sukr\u00f3l. Szt\u00e1rvend\u00e9geink, Szegi Hajnalka \u00e9s Fischer M\u00e1ria el\u0151ad\u00e1s\u00e1ban megtudhattuk, hogyan \u00fcti el az id\u0151t k\u00e9t h\u00f6lgy a vonaton, ha unatkozik. Sok nevet\u00e9s, vid\u00e1m egy\u00fcttl\u00e9t, \u00e9nekl\u00e9s, viccel\u0151d\u00e9s,\u00e9s minden j\u00f3 ami a farsanghoz tartozik nem hi\u00e1nyzott\u00a0ezen a napon.\u00a0 Aki elj\u00f6tt, j\u00f3l j\u00e1rt, aki nem j\u00f6tt, b\u00e1nhatja, j\u00f6v\u0151re a lemarad\u00e1st behozhatja. FARSANG \u2013 2016 &nbsp; Moder\u00e1tor: Szeretettel k\u00f6sz\u00f6nt\u00fcnk Benneteket ezen a jeles napon. Ma ugyanis farsangot \u00fcnnepl\u00fcnk itt, a Stuttgarti Magyar Katolikus Egyh\u00e1zk\u00f6zs\u00e9gben. Mint tudj\u00e1tok, Egyh\u00e1zk\u00f6zs\u00e9g\u00fcnk ter\u00fclet\u00e9n minden magyarlakta vid\u00e9kr\u0151l vagyunk. A Stuttgarti Magyar Misszi\u00f3, r\u00e9gi nev\u00e9n, olyan, mint a valamikori Nagy-Magyarorsz\u00e1g: sokn\u00e9p\u0171, sz\u00ednes, gazdagkult\u00far\u00e1j\u00fa \u00e9s v\u00e1ltozatos. Term\u00e9szeti sz\u00e9ps\u00e9g\u00e9ben \u00e9pp\u00fagy, mint n\u00e9peiben \u00e9s hagyom\u00e1nyaiban. Hogy meg ne feledkezz\u00fcnk err\u0151l, \u00fagy gondoltuk, hogy v\u00e9gigvessz\u00fck Nagy-Magyarorsz\u00e1g n\u00e9peinek a saj\u00e1toss\u00e1gait. \u00c9s most, farsangkor, nem annyira a fenti dolgokra \u00f6sszpontos\u00edtunk, azt megtessz\u00fck minden j\u00fanius 1. vas\u00e1rnapj\u00e1n, a Magyar \u00d6sszefog\u00e1s Napj\u00e1n, hanem l\u00e1ssuk, milyen egy n\u00e9p humora? Mennyi \u00e9rz\u00e9ke van hozz\u00e1? Hogyan tud szembes\u00edteni \u00a0ember mivoltunkkal benn\u00fcnket, mert a humoron kereszt\u00fcl k\u00f6nnyebben meg\u00e9rthetj\u00fck, hogy az ember milyen sz\u00e1nalmas \u00e9s milyen fens\u00e9ges, milyen nagy \u00e9s milyen kicsi &#8211; egyszerre. Sorban az els\u0151k a sz\u00e9kelyek&#8230; \u00d6rvend ennek a Zumb\u00fchl Csilla, mert szerinte t\u00falont\u00fal keveset besz\u00e9l\u00fcnk r\u00f3luk&#8230; Mi most nem ez\u00e9rt vessz\u00fck els\u0151nek \u0151ket, hanem, mert az ember \u00faton-\u00fatf\u00e9len bel\u00e9j\u00fck botlik \u2013 itt, n\u00e1lunk \u00e9pp \u00fagy, mint a vil\u00e1gban minden\u00fctt&#8230; Azt mondja a f\u00e1ma, hogy amikor az \u00daristen megteremtette a vil\u00e1got, Eur\u00f3p\u00e1val kezdte. \u00c9s amikor d\u00e9lut\u00e1n D\u00e9l-Amerik\u00e1hoz \u00e9rt, ott m\u00e1r jav\u00e1ban kitermelt\u00e9k az \u0151serd\u0151t. D\u00f6rzs\u00f6li a szem\u00e9t az \u00dar, amikor l\u00e1tja, hogy egy tiszt\u00e1son a sz\u00e9kelyek szalonn\u00e1znak&#8230; \u201eH\u00e1t, ti hogy ker\u00fclt\u00f6k... R\u00e9szletek"}