{"version":"1.0","provider_name":"Stuttgarti Katolikusok","provider_url":"https:\/\/stuttgarti-katolikusok.de","title":"Stuttgarti Csendes Napok - 2024. m\u00e1rcius 1 - 3. - Stuttgarti Katolikusok","type":"rich","width":600,"height":338,"html":"<blockquote class=\"wp-embedded-content\" data-secret=\"OPRuNp7WE4\"><a href=\"https:\/\/stuttgarti-katolikusok.de\/index.php\/stuttgarti-csendes-napok-2024-marcius-1-3\/\">Stuttgarti Csendes Napok &#8211; 2024. m\u00e1rcius 1 &#8211; 3.<\/a><\/blockquote><iframe sandbox=\"allow-scripts\" security=\"restricted\" src=\"https:\/\/stuttgarti-katolikusok.de\/index.php\/stuttgarti-csendes-napok-2024-marcius-1-3\/embed\/#?secret=OPRuNp7WE4\" width=\"600\" height=\"338\" title=\"&#8220;Stuttgarti Csendes Napok &#8211; 2024. m\u00e1rcius 1 &#8211; 3.&#8221; &#8212; Stuttgarti Katolikusok\" data-secret=\"OPRuNp7WE4\" frameborder=\"0\" marginwidth=\"0\" marginheight=\"0\" scrolling=\"no\" class=\"wp-embedded-content\"><\/iframe><script type=\"text\/javascript\">\n\/* <![CDATA[ *\/\n\/*! This file is auto-generated *\/\n!function(d,l){\"use strict\";l.querySelector&&d.addEventListener&&\"undefined\"!=typeof URL&&(d.wp=d.wp||{},d.wp.receiveEmbedMessage||(d.wp.receiveEmbedMessage=function(e){var t=e.data;if((t||t.secret||t.message||t.value)&&!\/[^a-zA-Z0-9]\/.test(t.secret)){for(var s,r,n,a=l.querySelectorAll('iframe[data-secret=\"'+t.secret+'\"]'),o=l.querySelectorAll('blockquote[data-secret=\"'+t.secret+'\"]'),c=new RegExp(\"^https?:$\",\"i\"),i=0;i<o.length;i++)o[i].style.display=\"none\";for(i=0;i<a.length;i++)s=a[i],e.source===s.contentWindow&&(s.removeAttribute(\"style\"),\"height\"===t.message?(1e3<(r=parseInt(t.value,10))?r=1e3:~~r<200&&(r=200),s.height=r):\"link\"===t.message&&(r=new URL(s.getAttribute(\"src\")),n=new URL(t.value),c.test(n.protocol))&&n.host===r.host&&l.activeElement===s&&(d.top.location.href=t.value))}},d.addEventListener(\"message\",d.wp.receiveEmbedMessage,!1),l.addEventListener(\"DOMContentLoaded\",function(){for(var e,t,s=l.querySelectorAll(\"iframe.wp-embedded-content\"),r=0;r<s.length;r++)(t=(e=s[r]).getAttribute(\"data-secret\"))||(t=Math.random().toString(36).substring(2,12),e.src+=\"#?secret=\"+t,e.setAttribute(\"data-secret\",t)),e.contentWindow.postMessage({message:\"ready\",secret:t},\"*\")},!1)))}(window,document);\n\/\/# sourceURL=https:\/\/stuttgarti-katolikusok.de\/wp-includes\/js\/wp-embed.min.js\n\/* ]]> *\/\n<\/script>\n","thumbnail_url":"https:\/\/stuttgarti-katolikusok.de\/wp-content\/uploads\/2024\/02\/man-5907625-1280.jpg","thumbnail_width":1280,"thumbnail_height":545,"description":"&#8222;Uram, mutasd meg nekem \u00fatjaidat, tan\u00edts meg \u00f6sv\u00e9nyeidre!&#8221; (Zsolt 25,4) 2024. m\u00e1rcius 1 \u00e9s 3-a k\u00f6z\u00f6tt megtartjuk a hagyom\u00e1nyos Stuttgarti Csendes Napok-at. Kiv\u00e1l\u00f3 alkalom ez a lelki elcsendes\u00fcl\u00e9sre, az elhangz\u00f3 gondolatok befogad\u00e1s\u00e1ra, a bels\u0151 szabads\u00e1g megtal\u00e1l\u00e1s\u00e1ra. A lelkigyakorlat moder\u00e1tora Solomayer S\u00e1ndor pl\u00e9b\u00e1nos atya Nagyk\u00e1rolyb\u00f3l (Szatm\u00e1ri Egyh\u00e1zmegye). Am\u00fagy S\u00e1ndor atya ismer\u0151sk\u00e9nt t\u00e9r vissza hozz\u00e1nk. \u00a02002-2004 k\u00f6z\u00f6tt lelkigyakorlatos tov\u00e1bb\u00adk\u00e9pz\u0151n vett r\u00e9szt n\u00e9hai P. J\u00e1lics Ferenc SJ mellett a n\u00e9metorsz\u00e1gi Gries\u00adben.\u00a0Szem\u00e9ly szerint nagyon \u00f6r\u00fcl\u00f6k, hogy S\u00e1ndor atya elfogadta megh\u00edv\u00e1somat. Term\u00e9szetesen fogok majd sz\u00f3lni k\u00f6z\u00f6s utunkr\u00f3l is. Szombaton 9.00 &#8211; 10.00 \u00f3ra k\u00f6z\u00f6tt gy\u00fclekez\u0151. Pereccel, vajjal \u00e9s te\u00e1val, k\u00e1v\u00e9val v\u00e1runk benneteket. Amennyiben s\u00fctem\u00e9nyt is hoztok magatokkal, \u00fagy azt \u00f6r\u00f6mmel fogadjuk. Az eb\u00e9det 10 Eur\u00f3 ellen\u00e9ben, a k\u00f6z\u00f6s eb\u00e9dhez t\u00f6rt\u00e9n\u0151 r\u00e9szbeni hozz\u00e1j\u00e1rul\u00e1s, mi biztos\u00edtjuk. Ugyan\u00fagy, mint a tavalyi esztend\u0151ben. Az elm\u00e9lked\u00e9sek k\u00f6z\u00f6tt lehet\u0151s\u00e9g lesz a szentgy\u00f3n\u00e1s elv\u00e9gz\u00e9s\u00e9re, moder\u00e1tor aty\u00e1val t\u00f6rt\u00e9n\u0151 szem\u00e9lyes besz\u00e9lget\u00e9sre. Szeretettel v\u00e1runk mind t\u00e9ged, mind bar\u00e1taidat, ismer\u0151seidet. Add tov\u00e1bb az \u00fczenetet, sz\u00f3l\u00edts meg m\u00e1sokat is. Egyben pedig ne feledj\u00e9tek jelezni r\u00e9szv\u00e9teli sz\u00e1nd\u00e9kotokat irod\u00e1nkon, hogy a r\u00e9sztvev\u0151k sz\u00e1m\u00e1nak ismeret\u00e9ben gondoskodhassunk az eb\u00e9dr\u0151l. Tedd szabadd\u00e1 magad \u00e9s tarts vel\u00fcnk!!! S\u00e1ndor atya \u00e9s Tibor atya (Nyit\u00f3k\u00e9p forr\u00e1sa: Pixabay)"}