{"version":"1.0","provider_name":"Stuttgarti Katolikusok","provider_url":"https:\/\/stuttgarti-katolikusok.de","title":"Sebesty\u00e9n P\u00e9ter atya: M\u00e9g egy h\u00f3nap - Stuttgarti Katolikusok","type":"rich","width":600,"height":338,"html":"<blockquote class=\"wp-embedded-content\" data-secret=\"kpchkftsJx\"><a href=\"https:\/\/stuttgarti-katolikusok.de\/index.php\/sebestyen-peter-atya-meg-egy-honap\/\">Sebesty\u00e9n P\u00e9ter atya: M\u00e9g egy h\u00f3nap<\/a><\/blockquote><iframe sandbox=\"allow-scripts\" security=\"restricted\" src=\"https:\/\/stuttgarti-katolikusok.de\/index.php\/sebestyen-peter-atya-meg-egy-honap\/embed\/#?secret=kpchkftsJx\" width=\"600\" height=\"338\" title=\"&#8220;Sebesty\u00e9n P\u00e9ter atya: M\u00e9g egy h\u00f3nap&#8221; &#8212; Stuttgarti Katolikusok\" data-secret=\"kpchkftsJx\" frameborder=\"0\" marginwidth=\"0\" marginheight=\"0\" scrolling=\"no\" class=\"wp-embedded-content\"><\/iframe><script type=\"text\/javascript\">\n\/* <![CDATA[ *\/\n\/*! This file is auto-generated *\/\n!function(d,l){\"use strict\";l.querySelector&&d.addEventListener&&\"undefined\"!=typeof URL&&(d.wp=d.wp||{},d.wp.receiveEmbedMessage||(d.wp.receiveEmbedMessage=function(e){var t=e.data;if((t||t.secret||t.message||t.value)&&!\/[^a-zA-Z0-9]\/.test(t.secret)){for(var s,r,n,a=l.querySelectorAll('iframe[data-secret=\"'+t.secret+'\"]'),o=l.querySelectorAll('blockquote[data-secret=\"'+t.secret+'\"]'),c=new RegExp(\"^https?:$\",\"i\"),i=0;i<o.length;i++)o[i].style.display=\"none\";for(i=0;i<a.length;i++)s=a[i],e.source===s.contentWindow&&(s.removeAttribute(\"style\"),\"height\"===t.message?(1e3<(r=parseInt(t.value,10))?r=1e3:~~r<200&&(r=200),s.height=r):\"link\"===t.message&&(r=new URL(s.getAttribute(\"src\")),n=new URL(t.value),c.test(n.protocol))&&n.host===r.host&&l.activeElement===s&&(d.top.location.href=t.value))}},d.addEventListener(\"message\",d.wp.receiveEmbedMessage,!1),l.addEventListener(\"DOMContentLoaded\",function(){for(var e,t,s=l.querySelectorAll(\"iframe.wp-embedded-content\"),r=0;r<s.length;r++)(t=(e=s[r]).getAttribute(\"data-secret\"))||(t=Math.random().toString(36).substring(2,12),e.src+=\"#?secret=\"+t,e.setAttribute(\"data-secret\",t)),e.contentWindow.postMessage({message:\"ready\",secret:t},\"*\")},!1)))}(window,document);\n\/\/# sourceURL=https:\/\/stuttgarti-katolikusok.de\/wp-includes\/js\/wp-embed.min.js\n\/* ]]> *\/\n<\/script>\n","thumbnail_url":"https:\/\/stuttgarti-katolikusok.de\/wp-content\/uploads\/2020\/04\/mona.jpeg","thumbnail_width":429,"thumbnail_height":640,"description":"Sebesty\u00e9n P\u00e9ter atya cikk\u00e9t az\u00e9rt aj\u00e1nlom kedves H\u00edveimnek, mert nagyszer\u0171en felk\u00e9sz\u00edt benn\u00fcnket a mostani, \u00e9s a j\u00e1rv\u00e1ny ut\u00e1ni neh\u00e9z id\u0151k meg\u00e9l\u00e9s\u00e9re. Hogyan lehet a megszor\u00edt\u00f3 int\u00e9zked\u00e9sek ellen\u00e9re is \u201eeg\u00e9sz\u201d, teljes \u00e9letet \u00e9lni? Nem k\u00fcl\u00f6nb\u00f6z\u0151 lelki praktik\u00e1kkal, hanem az \u00fan. \u201elelki \u00e9let\u201d gyakorl\u00e1s\u00e1val \u2013 mondja P\u00e9ter atya. Mi a lelki \u00e9let? \u2013 teszi fel a k\u00e9rd\u00e9st. Majd \u00edgy v\u00e1laszolja meg: Isten \u00e9lete benn\u00fcnk. Ezekben a neh\u00e9z id\u0151kben teh\u00e1t ezt az isteni \u00e9letet kell magunkban felfedezn\u00fcnk \u00e9s meg\u00e9ln\u00fcnk. Hogyan? Fel kell emelkedn\u00fcnk Isten \u201eplatformj\u00e1ra\u201d. Minden nap \u201eonline\u201d\u2013kapcsolatot kell ki\u00e9p\u00edten\u00fcnk vele. Ezt tegy\u00fck! Lelkip\u00e1sztori szeretettel, Imre atya \u00a0 Stuttgart, 2020-04-23. \u00a0 M\u00e9g egy h\u00f3nap &nbsp; Tal\u00e1n kib\u00edrunk m\u00e9g ennyit. Fert\u0151z\u00e9s n\u00e9lk\u00fcl. Addigra t\u00fal lesz\u00fcnk majd a keleti h\u00fasv\u00e9ton. A g\u00f6rbe kezd lefel\u00e9 nyomulni. A g\u00f3cpontok megsz\u0171nnek. A v\u00edrus m\u00e1r nem tapad annyira. Vagy ellenkez\u0151leg: akkorra jut a cs\u00facsra \u00e9s csak temet\u00fcnk. Megritkulunk. Fogh\u00edjasak lesznek a templom padjai. A brit vagy k\u00ednai tud\u00f3sok akkorra m\u00e1r kider\u00edtik, hogy k\u00f6zel t\u00edzezer fajt\u00e1ra szaporodott a KOVID-19. Akkorra m\u00e1r nem biztos, hogy aki egyszer elkapta, az t\u00fal van rajta. Akkorra m\u00e1r a v\u00edrus is maszkot hord, hogy ne vegy\u00fclj\u00f6n a mut\u00e1ns rokon\u00e1val, akire nem sz\u00e1m\u00edtott a telefon hull\u00e1mok okozta zavar miatt. \u00c9s megmenek\u00fcl az eg\u00e9szs\u00e9g\u00fcgyi rendszer. Kider\u00fcl, hogy el\u00e9g volt a besp\u00e1jzolt sok l\u00e9legeztet\u0151 g\u00e9p. Akkor m\u00e1r az intenz\u00edv oszt\u00e1lyok folyos\u00f3j\u00e1n nem gy\u0171lnek fel az \u00f6r\u00f6kre elalv\u00f3 v\u00edrushordoz\u00f3k holttestei. Embert pr\u00f3b\u00e1l\u00f3 id\u0151ket \u00e9l\u00fcnk. Nagy csoda lesz, ha \u00e9p \u00e9sszel, pszich\u00e9vel s f\u0151leg er\u0151s l\u00e9lekkel kijuthatunk ebb\u0151l az alag\u00fatb\u00f3l. Ebben az \u00e9vben az eg\u00e9sz emberis\u00e9gnek hossz\u00fara ny\u00falt a l\u00e9lek s\u00f6t\u00e9t \u00e9jszak\u00e1ja. Van, akiknek a H\u00fasv\u00e9t f\u00e9nye sem szerzett vil\u00e1goss\u00e1got, nem csak sz\u00f3 szerint, hanem a l\u00e9lek m\u00e9ly\u00e9n sem. Sokan m\u00e1r megunt\u00e1k a bez\u00e1rts\u00e1ggal j\u00e1r\u00f3 kiszolg\u00e1ltatotts\u00e1got. Bizalmuk a vezet\u0151kben, a szakemberekben egyre cs\u00f6kken, halv\u00e1nyodik. Er\u0151tartal\u00e9kaik fogy\u00f3ban s ezzel egy\u00fctt rem\u00e9nyeik is, holott a rem\u00e9ny utols\u00f3nak sem hal meg, hanem beteljesedik.... R\u00e9szletek"}