{"version":"1.0","provider_name":"Stuttgarti Katolikusok","provider_url":"https:\/\/stuttgarti-katolikusok.de","title":"Sebesty\u00e9n P\u00e9ter: Apa csak egy van - Stuttgarti Katolikusok","type":"rich","width":600,"height":338,"html":"<blockquote class=\"wp-embedded-content\" data-secret=\"ZT0VswHGQB\"><a href=\"https:\/\/stuttgarti-katolikusok.de\/index.php\/sebestyen-peter-apa-csak-egy-van\/\">Sebesty\u00e9n P\u00e9ter: Apa csak egy van<\/a><\/blockquote><iframe sandbox=\"allow-scripts\" security=\"restricted\" src=\"https:\/\/stuttgarti-katolikusok.de\/index.php\/sebestyen-peter-apa-csak-egy-van\/embed\/#?secret=ZT0VswHGQB\" width=\"600\" height=\"338\" title=\"&#8220;Sebesty\u00e9n P\u00e9ter: Apa csak egy van&#8221; &#8212; Stuttgarti Katolikusok\" data-secret=\"ZT0VswHGQB\" frameborder=\"0\" marginwidth=\"0\" marginheight=\"0\" scrolling=\"no\" class=\"wp-embedded-content\"><\/iframe><script type=\"text\/javascript\">\n\/* <![CDATA[ *\/\n\/*! This file is auto-generated *\/\n!function(d,l){\"use strict\";l.querySelector&&d.addEventListener&&\"undefined\"!=typeof URL&&(d.wp=d.wp||{},d.wp.receiveEmbedMessage||(d.wp.receiveEmbedMessage=function(e){var t=e.data;if((t||t.secret||t.message||t.value)&&!\/[^a-zA-Z0-9]\/.test(t.secret)){for(var s,r,n,a=l.querySelectorAll('iframe[data-secret=\"'+t.secret+'\"]'),o=l.querySelectorAll('blockquote[data-secret=\"'+t.secret+'\"]'),c=new RegExp(\"^https?:$\",\"i\"),i=0;i<o.length;i++)o[i].style.display=\"none\";for(i=0;i<a.length;i++)s=a[i],e.source===s.contentWindow&&(s.removeAttribute(\"style\"),\"height\"===t.message?(1e3<(r=parseInt(t.value,10))?r=1e3:~~r<200&&(r=200),s.height=r):\"link\"===t.message&&(r=new URL(s.getAttribute(\"src\")),n=new URL(t.value),c.test(n.protocol))&&n.host===r.host&&l.activeElement===s&&(d.top.location.href=t.value))}},d.addEventListener(\"message\",d.wp.receiveEmbedMessage,!1),l.addEventListener(\"DOMContentLoaded\",function(){for(var e,t,s=l.querySelectorAll(\"iframe.wp-embedded-content\"),r=0;r<s.length;r++)(t=(e=s[r]).getAttribute(\"data-secret\"))||(t=Math.random().toString(36).substring(2,12),e.src+=\"#?secret=\"+t,e.setAttribute(\"data-secret\",t)),e.contentWindow.postMessage({message:\"ready\",secret:t},\"*\")},!1)))}(window,document);\n\/\/# sourceURL=https:\/\/stuttgarti-katolikusok.de\/wp-includes\/js\/wp-embed.min.js\n\/* ]]> *\/\n<\/script>\n","description":"Apa csak egy van Ap\u00e1tlan t\u00e1rsadalomban \u00e9l\u00fcnk. Eln\u0151iesed\u0151 szakm\u00e1kr\u00f3l sz\u00e1molnak be a statisztik\u00e1k, l\u00e1gy, finomlelk\u0171, gy\u00f6ng\u00e9d f\u00e9rfiakr\u00f3l \u00e1lmodoznak a szerelmes l\u00e1nyok, akiket m\u00e1r nem kell megh\u00f3d\u00edtani, hisz eleve \u0151k a kezdem\u00e9nyez\u0151k, a cs\u00e1b\u00edt\u00f3k. Az apas\u00e1g nem egy megbecs\u00fclt szakma. A leend\u0151 ara titkon v\u0151leg\u00e9ny\u00e9ben is apja jellemvon\u00e1sait v\u00e9li felfedezni. Akarja is, meg nem is. Legf\u00f6ljebb majd a saj\u00e1t k\u00e9p\u00e9re form\u00e1lja. Az egyre ritkul\u00f3 h\u00e1zass\u00e1gk\u00f6t\u00e9sek pedig hamar v\u00e1l\u00e1ssal v\u00e9gz\u0151dnek, mert az els\u0151 gyermek ut\u00e1n a n\u0151 m\u00e1r azt bizonygatja mag\u00e1nak, nem azt kapta, amit keresett, s m\u00e1r ki is \u00e1br\u00e1ndult a f\u00e9rfiakb\u00f3l. Mik\u00f6zben a sz\u00fcl\u00e9ssel az anya is megsz\u00fcletett, a f\u00e9rjet v\u00e1ratlanul \u00e9ri az apas\u00e1g, azt\u00e1n visszavonul vagy kisz\u00e1ll a kapcsolatb\u00f3l. Vagy az\u00e9rt, mert nem volt mint\u00e1ja, amibe kapszkodj\u00e9k, vagy, mert \u0151t is harminc \u00e9ves kor\u00e1ig csak anyja nevelte. Nem volt, aki megtan\u00edtsa, mit jelent gy\u0151zni \u00e9s veres\u00e9get szenvedni, k\u00fcldet\u00e9st teljes\u00edteni. Pedig l\u00e9tezik apai \u00f6szt\u00f6n is&#8230; Az ebben a t\u00e9m\u00e1ban sokasod\u00f3 rekl\u00e1mok, h\u00edrek, konferenci\u00e1k, rendezv\u00e9nyek, projektek is azt sugallj\u00e1k, hogy apa nincs \u00e9s nem is kell. A csal\u00e1don bel\u00fcli er\u0151szak, a n\u0151i egyenjog\u00fas\u00edt\u00e1si k\u00fczdelmek, a \u201em\u00ed\u00ed-t\u00fa\u00fa\u201d botr\u00e1nyok, az \u00e1rva gyermekek \u201eszaporod\u00e1sa\u201d, a v\u00e1l\u00e1s ut\u00e1ni \u201eegysz\u00fcl\u0151s\u201d, csonka csal\u00e1dok jogai, a fiatalkori b\u0171n\u00f6z\u00e9s, a k\u00e1b\u00edt\u00f3szeres band\u00e1k gar\u00e1zd\u00e1lkod\u00e1sainak h\u00e1tter\u00e9ben, de m\u00e9g az egyh\u00e1zon bel\u00fcli kiscsoportos besz\u00e9lget\u00e9sekben is javar\u00e9szt ezt \u00e9rj\u00fck tetten: mi n\u0151k oldjuk meg magunk a probl\u00e9m\u00e1t. Boldogulunk apa n\u00e9lk\u00fcl is. Mert a f\u00e9rfiakra nem lehet sz\u00e1m\u00edtani. R\u00e1juk m\u00e1r nincs is sz\u00fcks\u00e9g&#8230; Legfeljebb, mint p\u00e9nzkeres\u0151kre \u00e9s tart\u00e1sd\u00edjfizet\u0151kre. K\u00fcl\u00f6nben megb\u00edzhatatlanok, \u00e9retlenek, \u201eoffline\u201d vannak, nincs k\u00f6z\u00fck a gyermeknevel\u00e9shez, ezt am\u00fagyis mi jobban tudjuk. Jobban \u00e9rt\u00fcnk a kommunik\u00e1ci\u00f3hoz, a manipul\u00e1ci\u00f3hoz. Ehhez kifinomultabbak az \u00e9rz\u00e9keink. Van lak\u00e1s, aut\u00f3, munkahely, a gyermek is felh\u00e1ny\u00f3dik valahogy. Vagy ki tudja?&#8230; Hiszen a v\u00e1rand\u00f3ss\u00e1g els\u0151 pillanat\u00f3t\u00f3l az iskol\u00e1s kor v\u00e9g\u00e9ig a gyermek csak n\u0151kkel tal\u00e1lkozik. Sok esetben elv\u00e1lt vagy boldogtalan n\u0151kkel. Mit sz\u00e1m\u00edt, hogy a le\u00e1nyka ap\u00e1s, a fi\u00facska any\u00e1s. Az... R\u00e9szletek"}