{"version":"1.0","provider_name":"Stuttgarti Katolikusok","provider_url":"https:\/\/stuttgarti-katolikusok.de","title":"Schultheis \u00c9va: Sz\u00e9ljegyzet egy zar\u00e1ndoklat marg\u00f3j\u00e1ra - Stuttgarti Katolikusok","type":"rich","width":600,"height":338,"html":"<blockquote class=\"wp-embedded-content\" data-secret=\"9B6JYz4NmO\"><a href=\"https:\/\/stuttgarti-katolikusok.de\/index.php\/schultheis-eva-szeljegyzet-egy-zarandoklat-margojara\/\">Schultheis \u00c9va: Sz\u00e9ljegyzet egy zar\u00e1ndoklat marg\u00f3j\u00e1ra<\/a><\/blockquote><iframe sandbox=\"allow-scripts\" security=\"restricted\" src=\"https:\/\/stuttgarti-katolikusok.de\/index.php\/schultheis-eva-szeljegyzet-egy-zarandoklat-margojara\/embed\/#?secret=9B6JYz4NmO\" width=\"600\" height=\"338\" title=\"&#8220;Schultheis \u00c9va: Sz\u00e9ljegyzet egy zar\u00e1ndoklat marg\u00f3j\u00e1ra&#8221; &#8212; Stuttgarti Katolikusok\" data-secret=\"9B6JYz4NmO\" frameborder=\"0\" marginwidth=\"0\" marginheight=\"0\" scrolling=\"no\" class=\"wp-embedded-content\"><\/iframe><script type=\"text\/javascript\">\n\/* <![CDATA[ *\/\n\/*! This file is auto-generated *\/\n!function(d,l){\"use strict\";l.querySelector&&d.addEventListener&&\"undefined\"!=typeof URL&&(d.wp=d.wp||{},d.wp.receiveEmbedMessage||(d.wp.receiveEmbedMessage=function(e){var t=e.data;if((t||t.secret||t.message||t.value)&&!\/[^a-zA-Z0-9]\/.test(t.secret)){for(var s,r,n,a=l.querySelectorAll('iframe[data-secret=\"'+t.secret+'\"]'),o=l.querySelectorAll('blockquote[data-secret=\"'+t.secret+'\"]'),c=new RegExp(\"^https?:$\",\"i\"),i=0;i<o.length;i++)o[i].style.display=\"none\";for(i=0;i<a.length;i++)s=a[i],e.source===s.contentWindow&&(s.removeAttribute(\"style\"),\"height\"===t.message?(1e3<(r=parseInt(t.value,10))?r=1e3:~~r<200&&(r=200),s.height=r):\"link\"===t.message&&(r=new URL(s.getAttribute(\"src\")),n=new URL(t.value),c.test(n.protocol))&&n.host===r.host&&l.activeElement===s&&(d.top.location.href=t.value))}},d.addEventListener(\"message\",d.wp.receiveEmbedMessage,!1),l.addEventListener(\"DOMContentLoaded\",function(){for(var e,t,s=l.querySelectorAll(\"iframe.wp-embedded-content\"),r=0;r<s.length;r++)(t=(e=s[r]).getAttribute(\"data-secret\"))||(t=Math.random().toString(36).substring(2,12),e.src+=\"#?secret=\"+t,e.setAttribute(\"data-secret\",t)),e.contentWindow.postMessage({message:\"ready\",secret:t},\"*\")},!1)))}(window,document);\n\/\/# sourceURL=https:\/\/stuttgarti-katolikusok.de\/wp-includes\/js\/wp-embed.min.js\n\/* ]]> *\/\n<\/script>\n","thumbnail_url":"https:\/\/stuttgarti-katolikusok.de\/wp-content\/uploads\/2020\/07\/kollazs.jpg","thumbnail_width":1500,"thumbnail_height":1200,"description":"Sz\u00e9ljegyzet egy zar\u00e1ndoklat marg\u00f3j\u00e1ra &#8222;Mi indulunk \u00a0s eg\u00e9sz \u00faton zeng az \u00e9nek\u00fcnk...&#8221; Szombat reggeli pillanatk\u00e9p. K\u00fcl\u00f6n\u00f6s \u00e9rz\u00e9s, izgalom \u00e9s \u00f6r\u00f6m egyvelege. Ez az els\u0151 alkalom, hogy r\u00e1sz\u00e1nom magam egy eg\u00e9sznapos zar\u00e1ndoklatra.\u00a0 A vonat indul\u00e1sa el\u0151tt p\u00e1r perccel h\u00edrek \u00f6z\u00f6nlenek a telefonomra. A csoport tagjai folyamatosan azon \u00e9lcel\u0151dnek, hogy mennyi finoms\u00e1g nem ker\u00fcl be ez\u00fattal a tariszny\u00e1ba, nem lesz porl\u00f3s, ki tudja, tal\u00e1n pog\u00e1csa sem. A hat\u00e1rtalan\u00a0j\u00f3kedv m\u00e1ris mindent p\u00f3tolni l\u00e1tszik. J\u00f3 tudnom, r\u00e1m is nagyon v\u00e1r valaki. V\u00e9g\u00fcl egy kisv\u00e1ros \u00e1llom\u00e1s\u00e1n \u00f6sszefutnak nem csak az utak, de az \u00e9rkez\u0151k is. Mosolyg\u00f3s emberek, feln\u0151ttek \u00e9s gyerekek, a viszontl\u00e1t\u00e1s \u00f6r\u00f6m\u00e9t\u0151l\u00a0t\u00falcsordulva\u00a0legsz\u00edvesebben egym\u00e1s nyak\u00e1ba boruln\u00e1nak \u00fcdv\u00f6zl\u00e9sk\u00e9nt. Azonban az aktu\u00e1lis szab\u00e1lyokhoz igazodva egyed\u00fcl a nevet\u00e9s marad, a k\u00f6ny\u00f6k\u00f6k \u00f6sszed\u00f6rg\u00f6l\u00e9se. Egym\u00e1s tekintet\u00e9ben felfedezz\u00fck a r\u00e9gi j\u00f3bar\u00e1tot&#8230; Ver\u0151f\u00e9nyes naps\u00fct\u00e9sben l\u00e1mp\u00e1sok n\u00e9lk\u00fcl indulunk el Szent M\u00e1rton \u00fatj\u00e1n. K\u00f6vetj\u00fck a hit \u00f6sv\u00e9ny\u00e9nek kiakn\u00e1zatlan lehet\u0151s\u00e9geit. Az id\u0151 nem t\u0171nik el, \u00e1tl\u00e9nyeg\u00fcl, minden\u00a0megtett l\u00e9p\u00e9ssel k\u00f6zelebb ker\u00fcl ahhoz az elhat\u00e1roz\u00e1shoz, amely az els\u0151 peregrinusokat is elind\u00edtotta a szeretet \u00e9s a szenved\u00e9s \u00fatj\u00e1n. A k\u00f6zel 23 km-es \u00fatszakasz bevezet\u0151 gondolatait lelkiaty\u00e1nk t\u00f6bbs\u00edk\u00fa sz\u00e1nd\u00e9kban fogalmazza meg: az \u00dar J\u00e9zus\u00a0 nyom\u00e1n felfedezni ezt a csod\u00e1latos vil\u00e1got, felfedezni egym\u00e1st, hordozni egym\u00e1st besz\u00e9lget\u00e9sben, \u00e9rt\u00e9ssel, szavakkal, t\u00e1mogat\u00e1ssal. Sz\u00e1nd\u00e9kunk b\u00e1rmi lehet, egyetlen bels\u0151 k\u00e9r\u00e9s vagy k\u00edv\u00e1ns\u00e1g, amelyet mindenki saj\u00e1t mag\u00e1ban fogalmaz meg. A &#8222;csigacsapat&#8221; m\u00e9g dalra fakad, megny\u00edlik \u00e9s megszentel\u0151dik a t\u00e9r. L\u00e1tunk modern templomot, ahol a szent\u00e9lyben elhelyezett sz\u00ednes \u00fcvegt\u00e1bl\u00e1k giottoi finoms\u00e1ggal form\u00e1zz\u00e1k meg a szentek arcait. Meredek l\u00e9pcs\u0151k\u00f6n \u00e1t haladva r\u00e1csod\u00e1lkozunk Herrenberg k\u00f6z\u00e9pkori b\u00e1j\u00e1ra, a hely szelleme megnyitja\u00a0sz\u00e1mukra a t\u00f6rt\u00e9nelem kapuit. A kil\u00e1t\u00f3ban j\u00f3kedvvel b\u00e1m\u00e9szkodunk \u00e9s csever\u00e9sz\u00fcnk. Miel\u0151tt az erd\u0151 s\u0171r\u0171j\u00e9ben\u00a0az els\u0151 igaz\u00e1n hossz\u00fa szakasznak nekifogunk, uzsonn\u00e1sdobozok nyilnak, azt\u00e1n m\u00e1r csak a v\u00e9gtelen \u00fat&#8230; Emberi sorsok, r\u00e9gi\u00a0eml\u00e9kek, bar\u00e1ti sz\u00e1lak, meghitt besz\u00e9lget\u00e9sek, ismerked\u00e9s, gyerekzsivaj, kutyacsahol\u00e1s, megsz\u00e1ml\u00e1lhatatlan pillanatk\u00e9p, percek t\u00f6rt r\u00e9szei sz\u00ednes sziv\u00e1rv\u00e1ny\u00edvk\u00e9nt\u00a0fesz\u00fclnek, mint erd\u0151 m\u00e9ly\u00e9n a l\u00e1bunk alatt eltaposott tavalyi avar, az es\u0151 \u00e1ztatta meredek, t\u00f3cs\u00e1s \u00f6sv\u00e9nyek ingov\u00e1nyai,... R\u00e9szletek"}