{"version":"1.0","provider_name":"Stuttgarti Katolikusok","provider_url":"https:\/\/stuttgarti-katolikusok.de","title":"Roob Katalin: \u00dcres templomban, m\u00e9gsem mag\u00e1nyosan - Stuttgarti Katolikusok","type":"rich","width":600,"height":338,"html":"<blockquote class=\"wp-embedded-content\" data-secret=\"CtjS7F6jEt\"><a href=\"https:\/\/stuttgarti-katolikusok.de\/index.php\/roob-katalin-ures-templomban-megsem-maganyosan\/\">Roob Katalin: \u00dcres templomban, m\u00e9gsem mag\u00e1nyosan<\/a><\/blockquote><iframe sandbox=\"allow-scripts\" security=\"restricted\" src=\"https:\/\/stuttgarti-katolikusok.de\/index.php\/roob-katalin-ures-templomban-megsem-maganyosan\/embed\/#?secret=CtjS7F6jEt\" width=\"600\" height=\"338\" title=\"&#8220;Roob Katalin: \u00dcres templomban, m\u00e9gsem mag\u00e1nyosan&#8221; &#8212; Stuttgarti Katolikusok\" data-secret=\"CtjS7F6jEt\" frameborder=\"0\" marginwidth=\"0\" marginheight=\"0\" scrolling=\"no\" class=\"wp-embedded-content\"><\/iframe><script type=\"text\/javascript\">\n\/* <![CDATA[ *\/\n\/*! This file is auto-generated *\/\n!function(d,l){\"use strict\";l.querySelector&&d.addEventListener&&\"undefined\"!=typeof URL&&(d.wp=d.wp||{},d.wp.receiveEmbedMessage||(d.wp.receiveEmbedMessage=function(e){var t=e.data;if((t||t.secret||t.message||t.value)&&!\/[^a-zA-Z0-9]\/.test(t.secret)){for(var s,r,n,a=l.querySelectorAll('iframe[data-secret=\"'+t.secret+'\"]'),o=l.querySelectorAll('blockquote[data-secret=\"'+t.secret+'\"]'),c=new RegExp(\"^https?:$\",\"i\"),i=0;i<o.length;i++)o[i].style.display=\"none\";for(i=0;i<a.length;i++)s=a[i],e.source===s.contentWindow&&(s.removeAttribute(\"style\"),\"height\"===t.message?(1e3<(r=parseInt(t.value,10))?r=1e3:~~r<200&&(r=200),s.height=r):\"link\"===t.message&&(r=new URL(s.getAttribute(\"src\")),n=new URL(t.value),c.test(n.protocol))&&n.host===r.host&&l.activeElement===s&&(d.top.location.href=t.value))}},d.addEventListener(\"message\",d.wp.receiveEmbedMessage,!1),l.addEventListener(\"DOMContentLoaded\",function(){for(var e,t,s=l.querySelectorAll(\"iframe.wp-embedded-content\"),r=0;r<s.length;r++)(t=(e=s[r]).getAttribute(\"data-secret\"))||(t=Math.random().toString(36).substring(2,12),e.src+=\"#?secret=\"+t,e.setAttribute(\"data-secret\",t)),e.contentWindow.postMessage({message:\"ready\",secret:t},\"*\")},!1)))}(window,document);\n\/\/# sourceURL=https:\/\/stuttgarti-katolikusok.de\/wp-includes\/js\/wp-embed.min.js\n\/* ]]> *\/\n<\/script>\n","thumbnail_url":"https:\/\/stuttgarti-katolikusok.de\/wp-content\/uploads\/2020\/05\/roobkati.jpg","thumbnail_width":1959,"thumbnail_height":2612,"description":"Folytatjuk a &#8222;rendhagy\u00f3 H\u00fasv\u00e9t&#8221; sorozatunkat. Ez\u00fattal Roob Kati kiv\u00e1l\u00f3, gondolat\u00e9breszt\u0151 \u00edr\u00e1s\u00e1val. M\u00e9g sok ilyet! Lelkip\u00e1sztori szeretettel, Imre atya &nbsp; \u00dcres templomban, m\u00e9gsem mag\u00e1nyosan Igen, ez a H\u00fasv\u00e9t m\u00e1s volt, rendhagy\u00f3. Tudom\u00e1sul venni a jelenlegi helyzetet, belehajolni, hozz\u00e1 idomulni, de nem hagyni, hogy letagl\u00f3zzon, \u00e9s k\u00e9ts\u00e9gbe ejtsen. Lelassul\u00e1s &#8211; befel\u00e9 \u00e9s \u0150re\u00e1 figyel\u00e9s, v\u00e1rakoz\u00e1s \u00e9s v\u00e1gyakoz\u00e1s. Ami most nem val\u00f3sulhat meg\u2026 elfogad\u00e1s&#8230; lemond\u00e1s&#8230; felaj\u00e1nl\u00e1s. Valaki\u00e9rt vagy Valami\u00e9rt. \u00dajratervez\u00e9s, a, b \u00e9s c terv. De el\u0151 lehet hozni, h\u00fazni m\u00e1s terveket, \u00fajakat, vagy a r\u00e9gieket leporolni ebben a furcs\u00e1n kapott id\u0151ben. \u00c9s t\u00f6ltekezni&#8230; &#8211; Im\u00e1val, lelki t\u00e1pl\u00e1l\u00e9kkal, olvasm\u00e1nyokkal. \u00cdr\u00e1sokkal, amikr\u0151l lelkiaty\u00e1ink gondoskodtak, \u00e9s fogt\u00e1k a kez\u00fcnket. &#8211; Szentmis\u00e9kkel, amelyeket a technika seg\u00edts\u00e9g\u00e9vel l\u00e1thattunk \u00e9s hallhattunk. Nekem a \u201esaj\u00e1tjaink\u201c voltak a legkedvesebbek! &#8211; Az \u00e9nekekkel: \u201eA felt\u00e1madt \u00darnak &#8211; H\u00fasv\u00e9ti B\u00e1r\u00e1nynak Dics\u0151s\u00e9g, szent \u00e1ld\u00e1s, tisztess\u00e9g\u2026\u201c &#8211; Az egym\u00e1snak k\u00fcld\u00f6tt \u00fczenetekkel-telefonh\u00edv\u00e1sokkal, az otthoniak kedves hangj\u00e1val, a r\u00e1nk, \u201e\u0151rz\u0151angyalokra\u201d b\u00edzottak viszontszeretet\u00e9vel, a v\u00edgasztal\u00f3 gondolatokkal, az id\u0151vel, amivel egym\u00e1s fel\u00e9 fordultunk. &#8211; Az apr\u00f3 \u00f6r\u00f6m\u00f6kkel \u00e9s eredm\u00e9nyekkel, amiket \u00fajra \u00e9szrevett\u00fcnk, \u00e9s nem enged\u00fcnk. T\u00f6ltekezni att\u00f3l a gondolatt\u00f3l, milyen j\u00f3 lesz \u00fajra, \u00fagy igaz\u00e1b\u00f3l meg\u00f6lelni szeretteinket, bar\u00e1tainkat, \u00e9s kicsit az eg\u00e9sz vil\u00e1got. \u00c9s att\u00f3l az \u00e9rz\u00e9st\u0151l, hogy j\u00e1rhatunk b\u00e1rmerre, \u0150 ott van mindenhol. A f\u00e1ban, a vir\u00e1gban, a pillang\u00f3 r\u00f6pt\u00e9ben, a mad\u00e1rdalban. Mind\u00edg vel\u00fcnk, ahogy \u00edg\u00e9rte! &nbsp; Roob Katalin Stuttgart"}