{"version":"1.0","provider_name":"Stuttgarti Katolikusok","provider_url":"https:\/\/stuttgarti-katolikusok.de","title":"Programel\u0151zetes szeptember 3 \u00e9s 11 k\u00f6z\u00f6tt - Stuttgarti Katolikusok","type":"rich","width":600,"height":338,"html":"<blockquote class=\"wp-embedded-content\" data-secret=\"mQB4FGEEeb\"><a href=\"https:\/\/stuttgarti-katolikusok.de\/index.php\/programelozetes-szeptember-3-es-11-kozott\/\">Programel\u0151zetes szeptember 3 \u00e9s 11 k\u00f6z\u00f6tt<\/a><\/blockquote><iframe sandbox=\"allow-scripts\" security=\"restricted\" src=\"https:\/\/stuttgarti-katolikusok.de\/index.php\/programelozetes-szeptember-3-es-11-kozott\/embed\/#?secret=mQB4FGEEeb\" width=\"600\" height=\"338\" title=\"&#8220;Programel\u0151zetes szeptember 3 \u00e9s 11 k\u00f6z\u00f6tt&#8221; &#8212; Stuttgarti Katolikusok\" data-secret=\"mQB4FGEEeb\" frameborder=\"0\" marginwidth=\"0\" marginheight=\"0\" scrolling=\"no\" class=\"wp-embedded-content\"><\/iframe><script type=\"text\/javascript\">\n\/* <![CDATA[ *\/\n\/*! This file is auto-generated *\/\n!function(d,l){\"use strict\";l.querySelector&&d.addEventListener&&\"undefined\"!=typeof URL&&(d.wp=d.wp||{},d.wp.receiveEmbedMessage||(d.wp.receiveEmbedMessage=function(e){var t=e.data;if((t||t.secret||t.message||t.value)&&!\/[^a-zA-Z0-9]\/.test(t.secret)){for(var s,r,n,a=l.querySelectorAll('iframe[data-secret=\"'+t.secret+'\"]'),o=l.querySelectorAll('blockquote[data-secret=\"'+t.secret+'\"]'),c=new RegExp(\"^https?:$\",\"i\"),i=0;i<o.length;i++)o[i].style.display=\"none\";for(i=0;i<a.length;i++)s=a[i],e.source===s.contentWindow&&(s.removeAttribute(\"style\"),\"height\"===t.message?(1e3<(r=parseInt(t.value,10))?r=1e3:~~r<200&&(r=200),s.height=r):\"link\"===t.message&&(r=new URL(s.getAttribute(\"src\")),n=new URL(t.value),c.test(n.protocol))&&n.host===r.host&&l.activeElement===s&&(d.top.location.href=t.value))}},d.addEventListener(\"message\",d.wp.receiveEmbedMessage,!1),l.addEventListener(\"DOMContentLoaded\",function(){for(var e,t,s=l.querySelectorAll(\"iframe.wp-embedded-content\"),r=0;r<s.length;r++)(t=(e=s[r]).getAttribute(\"data-secret\"))||(t=Math.random().toString(36).substring(2,12),e.src+=\"#?secret=\"+t,e.setAttribute(\"data-secret\",t)),e.contentWindow.postMessage({message:\"ready\",secret:t},\"*\")},!1)))}(window,document);\n\/\/# sourceURL=https:\/\/stuttgarti-katolikusok.de\/wp-includes\/js\/wp-embed.min.js\n\/* ]]> *\/\n<\/script>\n","description":"Programel\u0151zetes Szeptember 3-\u00e1n, szombaton, 17.00 \u00f3rakor Balingenben szentmise. Ut\u00e1na \u00e1g\u00e1p\u00e9. * Szeptember 4-\u00e9n, vas\u00e1rnap, 9.00 \u00f3rakor Munderkingenben \u00a0szentmise. El\u0151tte gy\u00f3ntat\u00e1s. 9.30 \u00f3rakor Schw\u00e4bisch-Gm\u00fcndben szentmise. Ut\u00e1na \u00e1g\u00e1p\u00e9. 15.00 \u00f3rakor Stuttgartban szentmise. Ut\u00e1na \u00e1g\u00e1p\u00e9 \u00e9s Zar\u00e1ndokok tal\u00e1lkoz\u00f3ja. * Szeptember 8-\u00e1n, cs\u00fct\u00f6rt\u00f6k\u00f6n Ulmban szentmise 17.30 \u00f3rakor, el\u0151tte gy\u00f3ntat\u00e1s, ut\u00e1na pedig Besz\u00e9lget\u00e9sek a Bibli\u00e1r\u00f3l. * Szeptember 9-\u00e9n, p\u00e9nteken, Stuttgartban 17.50 \u00f3rakor r\u00f3zsaf\u0171z\u00e9r-\u00e1jtatoss\u00e1g, ut\u00e1na szentmise, keret\u00e9ben P\u00e9nteki Egyetem (Besz\u00e9lget\u00e9sek a katekizmusr\u00f3l). 19.00 \u00f3r\u00e1t\u00f3l tal\u00e1lkoznak a Sportklub tagjai. Egy r\u00e9sz\u00fck asztaliteniszezik, m\u00e1sik r\u00e9sz\u00fck pedig zumb\u00e1zik. Weingartenben, a St. Marien-templomban 18.30 \u00f3r\u00e1t\u00f3l szentmise, el\u0151tte gy\u00f3ntat\u00e1s, ut\u00e1na pedig Besz\u00e9lget\u00e9sek a Bibli\u00e1r\u00f3l. * Szeptember 10-\u00e9n, szombaton 17.00 \u00f3rakor Friedrichshafenben szentmise. Ut\u00e1na \u00e1g\u00e1p\u00e9. * Szeptember 11-\u00e9n, vas\u00e1rnap, Weingartenben 10.00 \u00f3r\u00e1t\u00f3l szentmise, majd \u00e1g\u00e1p\u00e9. 15.00 \u00f3rakor Ulmban szentmise, azut\u00e1n \u00e1g\u00e1p\u00e9. * Minden helyen mindenkit szeretettel v\u00e1r a k\u00f6z\u00f6ss\u00e9g, Imre atya \u00e9s Tibor atya! &nbsp; \u201eSenki sem f\u00f6l\u00f6sleges ezen a vil\u00e1gon, aki embert\u00e1rsa terh\u00e9t csak egy kicsit is seg\u00edt hordozni!\u201d \u00a0(Charles Dickens \u2013 1812-1870 \u2013\u00a0angol \u00edr\u00f3)\u00a0 Sz\u00e9p napokat, j\u00f3 munk\u00e1t, tartalmas besz\u00e9lget\u00e9seket \u00e9s kellemes tal\u00e1lkoz\u00e1sokat!"}