{"version":"1.0","provider_name":"Stuttgarti Katolikusok","provider_url":"https:\/\/stuttgarti-katolikusok.de","title":"Programel\u0151zetes szeptember 26 \u00e9s okt\u00f3ber 2 k\u00f6z\u00f6tt - Stuttgarti Katolikusok","type":"rich","width":600,"height":338,"html":"<blockquote class=\"wp-embedded-content\" data-secret=\"wVS58T3ofY\"><a href=\"https:\/\/stuttgarti-katolikusok.de\/index.php\/programelozetes-szeptember-26-es-oktober-2-kozott\/\">Programel\u0151zetes szeptember 26 \u00e9s okt\u00f3ber 2 k\u00f6z\u00f6tt<\/a><\/blockquote><iframe sandbox=\"allow-scripts\" security=\"restricted\" src=\"https:\/\/stuttgarti-katolikusok.de\/index.php\/programelozetes-szeptember-26-es-oktober-2-kozott\/embed\/#?secret=wVS58T3ofY\" width=\"600\" height=\"338\" title=\"&#8220;Programel\u0151zetes szeptember 26 \u00e9s okt\u00f3ber 2 k\u00f6z\u00f6tt&#8221; &#8212; Stuttgarti Katolikusok\" data-secret=\"wVS58T3ofY\" frameborder=\"0\" marginwidth=\"0\" marginheight=\"0\" scrolling=\"no\" class=\"wp-embedded-content\"><\/iframe><script type=\"text\/javascript\">\n\/* <![CDATA[ *\/\n\/*! This file is auto-generated *\/\n!function(d,l){\"use strict\";l.querySelector&&d.addEventListener&&\"undefined\"!=typeof URL&&(d.wp=d.wp||{},d.wp.receiveEmbedMessage||(d.wp.receiveEmbedMessage=function(e){var t=e.data;if((t||t.secret||t.message||t.value)&&!\/[^a-zA-Z0-9]\/.test(t.secret)){for(var s,r,n,a=l.querySelectorAll('iframe[data-secret=\"'+t.secret+'\"]'),o=l.querySelectorAll('blockquote[data-secret=\"'+t.secret+'\"]'),c=new RegExp(\"^https?:$\",\"i\"),i=0;i<o.length;i++)o[i].style.display=\"none\";for(i=0;i<a.length;i++)s=a[i],e.source===s.contentWindow&&(s.removeAttribute(\"style\"),\"height\"===t.message?(1e3<(r=parseInt(t.value,10))?r=1e3:~~r<200&&(r=200),s.height=r):\"link\"===t.message&&(r=new URL(s.getAttribute(\"src\")),n=new URL(t.value),c.test(n.protocol))&&n.host===r.host&&l.activeElement===s&&(d.top.location.href=t.value))}},d.addEventListener(\"message\",d.wp.receiveEmbedMessage,!1),l.addEventListener(\"DOMContentLoaded\",function(){for(var e,t,s=l.querySelectorAll(\"iframe.wp-embedded-content\"),r=0;r<s.length;r++)(t=(e=s[r]).getAttribute(\"data-secret\"))||(t=Math.random().toString(36).substring(2,12),e.src+=\"#?secret=\"+t,e.setAttribute(\"data-secret\",t)),e.contentWindow.postMessage({message:\"ready\",secret:t},\"*\")},!1)))}(window,document);\n\/\/# sourceURL=https:\/\/stuttgarti-katolikusok.de\/wp-includes\/js\/wp-embed.min.js\n\/* ]]> *\/\n<\/script>\n","description":"Programel\u0151zetes Szeptember 29-\u00e9n, cs\u00fct\u00f6rt\u00f6k\u00f6n, Ulmban 17.30 \u00f3rakor szentmise. El\u0151tte gy\u00f3n\u00e1si lehet\u0151s\u00e9g, ut\u00e1na Besz\u00e9lget\u00e9sek a Bibli\u00e1r\u00f3l. * Szeptember 30-\u00e1n, p\u00e9nteken, 15.30 \u00f3rakor Stuttgartban Bar\u00e1ts\u00e1gklub.\u00a0 Minden kellemes t\u00e1rsas\u00e1gra v\u00e1gy\u00f3 \u00e9rdekl\u0151d\u0151t szeretettel v\u00e1r a Tags\u00e1g! Este 17.55 \u00f3rakor r\u00f3zsaf\u00fcz\u00e9r-\u00e1jtatoss\u00e1g, ut\u00e1na szentmise. Ut\u00e1na bar\u00e1ti egy\u00fcttl\u00e9t az Irod\u00e1n. Mindenkit szeretettel v\u00e1runk! Weingartenben 18.30 \u00f3rakor szentmise a St.Marien-templomban. El\u0151tte gy\u00f3ntat\u00e1s, ut\u00e1na Besz\u00e9lget\u00e9sek a Bibli\u00e1r\u00f3l. * Okt\u00f3ber 1-\u00e9n, szombaton, 17.00 \u00f3rakor Balingenben szentmise. El\u0151tte gy\u00f3ntat\u00e1s, ut\u00e1na \u00e1g\u00e1p\u00e9. * Okt\u00f3ber 2-\u00e1n, vas\u00e1rnap, 9.00 \u00f3rakor Munderkingenben \u00a0szentmise. El\u0151tte gy\u00f3ntat\u00e1s. 9.30 \u00f3rakor Schw\u00e4bisch-Gm\u00fcndben szentmise. Ut\u00e1na \u00e1g\u00e1p\u00e9. 15.00 \u00f3rakor Stuttgartban szentmise. Szentmis\u00e9nket Isten Szolg\u00e1ja, M\u00e1rton \u00c1ron, gyulafeh\u00e9rv\u00e1ri p\u00fcsp\u00f6k tisztelet\u00e9re aj\u00e1nljuk fel. Ut\u00e1na, 16.00 \u00f3r\u00e1t\u00f3l, Nagy Zolt\u00e1n, sz\u00e9kelyudvarhelyi tan\u00e1r tart filmr\u00e9szletekkel gazdag\u00edtott el\u0151ad\u00e1st Erd\u00e9ly nagy f\u0151p\u00e1sztor\u00e1r\u00f3l. Minden helyen mindenkit szeretettel v\u00e1r a k\u00f6z\u00f6ss\u00e9g, Imre atya \u00e9s Tibor atya! \u201eAz elfecs\u00e9relt id\u0151 az egyed\u00fcli, amit az ember soha vissza nem v\u00e1s\u00e1rolhat.\u201d (Theodor Fontane \u2013 1819-1898 \u2013 n\u00e9met \u00edr\u00f3). Sz\u00e9p napokat, j\u00f3 munk\u00e1t, tartalmas besz\u00e9lget\u00e9seket \u00e9s kellemes tal\u00e1lkoz\u00e1sokat k\u00edv\u00e1nunk minden Kedves H\u00edv\u00fcnknek!"}