{"version":"1.0","provider_name":"Stuttgarti Katolikusok","provider_url":"https:\/\/stuttgarti-katolikusok.de","title":"Programel\u0151zetes szeptember 1 \u00e9s 8 k\u00f6z\u00f6tt - Stuttgarti Katolikusok","type":"rich","width":600,"height":338,"html":"<blockquote class=\"wp-embedded-content\" data-secret=\"lKMzdp7KLM\"><a href=\"https:\/\/stuttgarti-katolikusok.de\/index.php\/programelozetes-szeptember-1-es-8-kozott\/\">Programel\u0151zetes szeptember 1 \u00e9s 8 k\u00f6z\u00f6tt<\/a><\/blockquote><iframe sandbox=\"allow-scripts\" security=\"restricted\" src=\"https:\/\/stuttgarti-katolikusok.de\/index.php\/programelozetes-szeptember-1-es-8-kozott\/embed\/#?secret=lKMzdp7KLM\" width=\"600\" height=\"338\" title=\"&#8220;Programel\u0151zetes szeptember 1 \u00e9s 8 k\u00f6z\u00f6tt&#8221; &#8212; Stuttgarti Katolikusok\" data-secret=\"lKMzdp7KLM\" frameborder=\"0\" marginwidth=\"0\" marginheight=\"0\" scrolling=\"no\" class=\"wp-embedded-content\"><\/iframe><script type=\"text\/javascript\">\n\/* <![CDATA[ *\/\n\/*! This file is auto-generated *\/\n!function(d,l){\"use strict\";l.querySelector&&d.addEventListener&&\"undefined\"!=typeof URL&&(d.wp=d.wp||{},d.wp.receiveEmbedMessage||(d.wp.receiveEmbedMessage=function(e){var t=e.data;if((t||t.secret||t.message||t.value)&&!\/[^a-zA-Z0-9]\/.test(t.secret)){for(var s,r,n,a=l.querySelectorAll('iframe[data-secret=\"'+t.secret+'\"]'),o=l.querySelectorAll('blockquote[data-secret=\"'+t.secret+'\"]'),c=new RegExp(\"^https?:$\",\"i\"),i=0;i<o.length;i++)o[i].style.display=\"none\";for(i=0;i<a.length;i++)s=a[i],e.source===s.contentWindow&&(s.removeAttribute(\"style\"),\"height\"===t.message?(1e3<(r=parseInt(t.value,10))?r=1e3:~~r<200&&(r=200),s.height=r):\"link\"===t.message&&(r=new URL(s.getAttribute(\"src\")),n=new URL(t.value),c.test(n.protocol))&&n.host===r.host&&l.activeElement===s&&(d.top.location.href=t.value))}},d.addEventListener(\"message\",d.wp.receiveEmbedMessage,!1),l.addEventListener(\"DOMContentLoaded\",function(){for(var e,t,s=l.querySelectorAll(\"iframe.wp-embedded-content\"),r=0;r<s.length;r++)(t=(e=s[r]).getAttribute(\"data-secret\"))||(t=Math.random().toString(36).substring(2,12),e.src+=\"#?secret=\"+t,e.setAttribute(\"data-secret\",t)),e.contentWindow.postMessage({message:\"ready\",secret:t},\"*\")},!1)))}(window,document);\n\/\/# sourceURL=https:\/\/stuttgarti-katolikusok.de\/wp-includes\/js\/wp-embed.min.js\n\/* ]]> *\/\n<\/script>\n","description":"Programel\u0151zetes Szeptember 1-j\u00e9n, \u00e9vk\u00f6zi 22. vas\u00e1rnap, Munderkingenben 9.00 \u00f3rakor szentmise. Schw\u00e4bisch-Gm\u00fcndben 9.30 \u00f3rakor szentmise. Ut\u00e1na \u00e1g\u00e1p\u00e9. Stuttgartban Zar\u00e1ndokok Vas\u00e1rnapja. 15.00 \u00f3rakor szentmise. Ut\u00e1na \u00e1g\u00e1p\u00e9. Keret\u00e9ben a cs\u00edksomly\u00f3i \u00e9s az \u00e9szakolaszorsz\u00e1gi zar\u00e1ndoklatokon r\u00e9sztvev\u0151k sz\u00e1molnak be \u00e9lm\u00e9nyeikr\u0151l. * Szeptember 4-\u00e9n, szerd\u00e1n, Stuttgartban 10.15 \u00f3rakor n\u00e9met nyelv\u0171 szentmise. * Szeptember 5-\u00e9n, cs\u00fct\u00f6rt\u00f6k\u00f6n, Ulmi d\u00e9lut\u00e1n, 18.30 \u00f3rakor r\u00f3zsaf\u00fcz\u00e9r im\u00e1ds\u00e1g, ut\u00e1na szentmise. * Szeptember 6-\u00e1n, p\u00e9nteken, Stuttgartban 17.55 \u00f3rakor r\u00f3zsaf\u00fcz\u00e9r \u00e1jtatoss\u00e1g, majd szentmise. Keret\u00e9ben P\u00e9nteki Egyetem, azaz: Besz\u00e9lget\u00e9sek a Katekizmusr\u00f3l. Ut\u00e1na Imak\u00f6r &#8211; Szents\u00e9gim\u00e1d\u00e1s: dics\u0151\u00edt\u00e9s\u00fcnk \u00e9s k\u00e9r\u00e9seink felaj\u00e1nl\u00e1sa a szents\u00e9gi J\u00e9zusnak. Weingartenben, a Marien-Kirche-ben Weingarteni d\u00e9lut\u00e1n: 18.30 \u00f3rakor r\u00f3zsaf\u00fcz\u00e9r im\u00e1ds\u00e1g, ut\u00e1na szentmise. * Szeptember 7-\u00e9n, szombaton, Balingenben 17.00 \u00f3rakor szentmise, majd \u00e1g\u00e1p\u00e9. * Szeptember 8-\u00e1n, \u00e9vk\u00f6zi 23. vas\u00e1rnap, Weingartenben 10.00 \u00f3rakor szentmise, ut\u00e1na \u00e1g\u00e1p\u00e9. Ulmban 15.00 \u00f3rakor szentmise, ut\u00e1na \u00e1g\u00e1p\u00e9. &nbsp; Minden helyen mindenkit szeretettel v\u00e1r a k\u00f6z\u00f6ss\u00e9g, Imre atya \u00e9s Tibor atya! * \u201eNem az sz\u00e1m\u00edt, hogy mennyit adunk, hanem hogy mekkora szeretet fektet\u00fcnk az ad\u00e1sba.\u201d (Kalkuttai Szent\u00a0 Ter\u00e9z anya \u2013 1910-1997 \u2013 Nobel-b\u00e9ked\u00edjas, alb\u00e1n sz\u00e1rmaz\u00e1s\u00fa r\u00f3mai katolikus szerzetesn\u0151) \u00a0 Kellemes sz\u0171nid\u0151 ut\u00e1ni napokat, j\u00f3 munk\u00e1t, \u00e9s sz\u00e9p tal\u00e1lkoz\u00e1sokat k\u00edv\u00e1nunk minden Kedves H\u00edv\u00fcnknek!"}